{"id":18529,"date":"2025-06-16T15:07:16","date_gmt":"2025-06-16T14:07:16","guid":{"rendered":"https:\/\/www.fundacionnahuel.org\/verein-nahuel\/"},"modified":"2025-08-22T15:53:09","modified_gmt":"2025-08-22T14:53:09","slug":"verein-nahuel","status":"publish","type":"page","link":"https:\/\/www.fundacionnahuel.org\/de\/ueber-uns\/verein-nahuel\/","title":{"rendered":"Verein Nahuel"},"content":{"rendered":"\t\t<div data-elementor-type=\"wp-page\" data-elementor-id=\"18529\" class=\"elementor elementor-18529 elementor-18504\" data-elementor-post-type=\"page\">\n\t\t\t\t<div class=\"elementor-element elementor-element-8b3288b e-con-full e-flex e-con e-child\" data-id=\"8b3288b\" data-element_type=\"container\" data-settings=\"{&quot;background_background&quot;:&quot;classic&quot;}\">\n\t\t<div class=\"elementor-element elementor-element-66a08ea e-flex e-con-boxed e-con e-child\" data-id=\"66a08ea\" data-element_type=\"container\">\n\t\t\t\t\t<div class=\"e-con-inner\">\n\t\t\t\t<div class=\"elementor-element elementor-element-a2276d2 elementor-widget-tablet__width-initial elementor-widget__width-initial elementor-widget elementor-widget-heading\" data-id=\"a2276d2\" data-element_type=\"widget\" data-widget_type=\"heading.default\">\n\t\t\t\t<div class=\"elementor-widget-container\">\n\t\t\t<h2 class=\"elementor-heading-title elementor-size-default\">In den Wandel investieren, Leben inspirieren<\/h2>\t\t<\/div>\n\t\t\t\t<\/div>\n\t\t\t\t\t<\/div>\n\t\t\t\t<\/div>\n\t\t\t\t<\/div>\n\t\t\t\t<section class=\"elementor-section elementor-top-section elementor-element elementor-element-04f3b73 elementor-section-boxed elementor-section-height-default elementor-section-height-default\" data-id=\"04f3b73\" data-element_type=\"section\">\n\t\t\t\t\t\t<div class=\"elementor-container elementor-column-gap-default\">\n\t\t\t\t\t<div class=\"elementor-column elementor-col-100 elementor-top-column elementor-element elementor-element-f6ced66\" data-id=\"f6ced66\" data-element_type=\"column\">\n\t\t\t<div class=\"elementor-widget-wrap elementor-element-populated\">\n\t\t\t\t\t\t<div class=\"elementor-element elementor-element-39405d9 elementor-widget elementor-widget-spacer\" data-id=\"39405d9\" data-element_type=\"widget\" data-widget_type=\"spacer.default\">\n\t\t\t\t<div class=\"elementor-widget-container\">\n\t\t\t\t\t<div class=\"elementor-spacer\">\n\t\t\t<div class=\"elementor-spacer-inner\"><\/div>\n\t\t<\/div>\n\t\t\t\t<\/div>\n\t\t\t\t<\/div>\n\t\t\t\t<div class=\"elementor-element elementor-element-9ba8edb elementor-widget elementor-widget-menu-anchor\" data-id=\"9ba8edb\" data-element_type=\"widget\" data-widget_type=\"menu-anchor.default\">\n\t\t\t\t<div class=\"elementor-widget-container\">\n\t\t\t\t\t<div class=\"elementor-menu-anchor\" id=\"vision\"><\/div>\n\t\t\t\t<\/div>\n\t\t\t\t<\/div>\n\t\t\t\t\t<\/div>\n\t\t<\/div>\n\t\t\t\t\t<\/div>\n\t\t<\/section>\n\t\t\t\t<section class=\"elementor-section elementor-top-section elementor-element elementor-element-a490e06 elementor-section-boxed elementor-section-height-default elementor-section-height-default\" data-id=\"a490e06\" data-element_type=\"section\">\n\t\t\t\t\t\t<div class=\"elementor-container elementor-column-gap-default\">\n\t\t\t\t\t<div class=\"elementor-column elementor-col-100 elementor-top-column elementor-element elementor-element-6210322\" data-id=\"6210322\" data-element_type=\"column\">\n\t\t\t<div class=\"elementor-widget-wrap elementor-element-populated\">\n\t\t\t\t\t\t<div class=\"elementor-element elementor-element-07ec738 acenter elementor-widget elementor-widget-wgl-double-headings\" data-id=\"07ec738\" data-element_type=\"widget\" data-widget_type=\"wgl-double-headings.default\">\n\t\t\t\t<div class=\"elementor-widget-container\">\n\t\t\t        <div class=\"wgl-double_heading\"><h3 class=\"dbl__title-wrapper\"><span class=\"dbl__title dbl-title_1\">Verein Nahuel<\/span><\/h3>        <\/div>\t\t<\/div>\n\t\t\t\t<\/div>\n\t\t\t\t<div class=\"elementor-element elementor-element-cae1c15 elementor-widget__width-auto elementor-widget elementor-widget-text-editor\" data-id=\"cae1c15\" data-element_type=\"widget\" data-widget_type=\"text-editor.default\">\n\t\t\t\t<div class=\"elementor-widget-container\">\n\t\t\t\t\t\t\t<p data-renderer-start-pos=\"136\">Der <strong data-renderer-mark=\"true\">Verein Nahuel<\/strong> (VN) wurde 2024 in der Schweiz gegr\u00fcndet. Das Ziel des VN ist das Sicherstellen einer nachhaltigen Finanzierung der <strong data-renderer-mark=\"true\">Fundaci\u00f3n Nahuel<\/strong> (<span class=\"acronym-highlight\">FN<\/span>) in Quito, Ecuador, um somit die Kontinuit\u00e4t der langj\u00e4hrigen Wohlt\u00e4tigkeitsarbeit der FN zu gew\u00e4hrleisten.<\/p><p data-renderer-start-pos=\"400\">Die von VN gesammelten Spenden dienen ausnahmslos der Unterst\u00fctzung und Finanzierung gemeinn\u00fctziger Projekte, welche die FN betreibt und administriert. Diese Projekte engagieren sich in den Bereichen <strong data-renderer-mark=\"true\">Bildung, Gesundheit<\/strong> und <strong data-renderer-mark=\"true\">humanit\u00e4re Unterst\u00fctzung<\/strong>, wobei der Schwerpunkt jeweils auf die Verbesserung der Lebensbedingungen benachteiligter und bed\u00fcrftiger Menschen, insbesondere Kinder und Jugendliche, liegt.<\/p><p data-renderer-start-pos=\"810\">Alle Mitglieder der Vereinsorgane sind ehrenamtlich t\u00e4tig. Der Verein ist im Schweizerischen Handelsregisteramt unter der <span class=\"acronym-highlight\">UID<\/span> Nummer <a title=\"https:\/\/www.zefix.ch\/de\/search\/entity\/list\/firm\/1670871\" data-renderer-mark=\"true\" href=\"https:\/\/www.zefix.ch\/de\/search\/entity\/list\/firm\/1670871\" data-is-router-link=\"false\" class=\"_mizu194a _1ah31bk5 _ra3xnqa1 _128m1bk5 _1cvmnqa1 _4davt94y _4bfu18uv _1hms8stv _ajmmnqa1 _vchhusvi _kqswh2mm _syaz14q2 _ect41gqc _1a3b18uv _4fpr8stv _5goinqa1 _f8pj14q2 _9oik18uv _1bnxglyw _jf4cnqa1 _30l314q2 _1nrm18uv _c2waglyw _1iohnqa1 _9h8h16c2 _1053w7te _1ienw7te _n0fxw7te _1vhvg3x0\" data-testid=\"link-with-safety\" target=\"_blank\" rel=\"noopener\">CHE250.058.824<\/a> eintragen.<\/p><p data-renderer-start-pos=\"970\"><strong data-renderer-mark=\"true\">Wichtige Informationen f\u00fcr die Spender<\/strong><\/p><p data-renderer-start-pos=\"1010\">Jeder Spender kann bei der Einzahlung selbst entscheiden, in welchen Fonds seine\/ihre Spende einfliessen soll. Spendenbescheinigungen werden, soweit angefordert, nach der Einzahlung elektronisch versendet. Zudem k\u00f6nnen Schweizer Steuerzahler ihre Spende von den Steuern abziehen.<\/p>\t\t\t\t\t\t<\/div>\n\t\t\t\t<\/div>\n\t\t\t\t\t<\/div>\n\t\t<\/div>\n\t\t\t\t\t<\/div>\n\t\t<\/section>\n\t\t\t\t<section class=\"elementor-section elementor-top-section elementor-element elementor-element-3e2116e elementor-section-boxed elementor-section-height-default elementor-section-height-default\" data-id=\"3e2116e\" data-element_type=\"section\">\n\t\t\t\t\t\t<div class=\"elementor-container elementor-column-gap-default\">\n\t\t\t\t\t<div class=\"elementor-column elementor-col-100 elementor-top-column elementor-element elementor-element-a42ef94\" data-id=\"a42ef94\" data-element_type=\"column\">\n\t\t\t<div class=\"elementor-widget-wrap elementor-element-populated\">\n\t\t\t\t\t\t<div class=\"elementor-element elementor-element-c4646a7 elementor-widget elementor-widget-menu-anchor\" data-id=\"c4646a7\" data-element_type=\"widget\" data-widget_type=\"menu-anchor.default\">\n\t\t\t\t<div class=\"elementor-widget-container\">\n\t\t\t\t\t<div class=\"elementor-menu-anchor\" id=\"Team\"><\/div>\n\t\t\t\t<\/div>\n\t\t\t\t<\/div>\n\t\t\t\t<div class=\"elementor-element elementor-element-01e5692 acenter elementor-widget elementor-widget-wgl-double-headings\" data-id=\"01e5692\" data-element_type=\"widget\" data-widget_type=\"wgl-double-headings.default\">\n\t\t\t\t<div class=\"elementor-widget-container\">\n\t\t\t        <div class=\"wgl-double_heading\">                <div class=\"dbl__subtitle\"><span>Verein Nahuel Team<\/span>                <\/div><h3 class=\"dbl__title-wrapper\"><span class=\"dbl__title dbl-title_1\">Vorstand<\/span><\/h3>        <\/div>\t\t<\/div>\n\t\t\t\t<\/div>\n\t\t\t\t\t<\/div>\n\t\t<\/div>\n\t\t\t\t\t<\/div>\n\t\t<\/section>\n\t\t<div class=\"elementor-element elementor-element-b1e2664 e-flex e-con-boxed e-con e-parent\" data-id=\"b1e2664\" data-element_type=\"container\">\n\t\t\t\t\t<div class=\"e-con-inner\">\n\t\t<div class=\"elementor-element elementor-element-35603ac e-con-full e-grid e-con e-child\" data-id=\"35603ac\" data-element_type=\"container\">\n\t\t<div class=\"elementor-element elementor-element-9634037 e-con-full e-flex e-con e-child\" data-id=\"9634037\" data-element_type=\"container\">\n\t\t\t\t<div class=\"elementor-element elementor-element-fac98a2 elementor-widget elementor-widget-image\" data-id=\"fac98a2\" data-element_type=\"widget\" data-widget_type=\"image.default\">\n\t\t\t\t<div class=\"elementor-widget-container\">\n\t\t\t\t\t\t\t\t\t\t\t\t\t<img fetchpriority=\"high\" decoding=\"async\" width=\"768\" height=\"961\" src=\"https:\/\/www.fundacionnahuel.org\/wp-content\/uploads\/2024\/12\/christian-paredes-768x961.jpg\" class=\"attachment-medium_large size-medium_large wp-image-15026\" alt=\"\" srcset=\"https:\/\/www.fundacionnahuel.org\/wp-content\/uploads\/2024\/12\/christian-paredes-768x961.jpg 768w, https:\/\/www.fundacionnahuel.org\/wp-content\/uploads\/2024\/12\/christian-paredes-240x300.jpg 240w, https:\/\/www.fundacionnahuel.org\/wp-content\/uploads\/2024\/12\/christian-paredes-818x1024.jpg 818w, https:\/\/www.fundacionnahuel.org\/wp-content\/uploads\/2024\/12\/christian-paredes.jpg 1152w\" sizes=\"(max-width: 768px) 100vw, 768px\" \/>\t\t\t\t\t\t\t\t\t\t\t\t\t<\/div>\n\t\t\t\t<\/div>\n\t\t\t\t<div class=\"elementor-element elementor-element-d431297 elementor-widget__width-inherit elementor-widget elementor-widget-text-editor\" data-id=\"d431297\" data-element_type=\"widget\" data-widget_type=\"text-editor.default\">\n\t\t\t\t<div class=\"elementor-widget-container\">\n\t\t\t\t\t\t\t<p><strong><span>Christian Paredes<\/span><\/strong><\/p>\t\t\t\t\t\t<\/div>\n\t\t\t\t<\/div>\n\t\t\t\t<div class=\"elementor-element elementor-element-0c8bf44 elementor-widget elementor-widget-text-editor\" data-id=\"0c8bf44\" data-element_type=\"widget\" data-widget_type=\"text-editor.default\">\n\t\t\t\t<div class=\"elementor-widget-container\">\n\t\t\t\t\t\t\t<p><strong>Pr\u00e4sident <\/strong><\/p>\t\t\t\t\t\t<\/div>\n\t\t\t\t<\/div>\n\t\t\t\t<\/div>\n\t\t<div class=\"elementor-element elementor-element-1e68698 e-con-full e-flex e-con e-child\" data-id=\"1e68698\" data-element_type=\"container\">\n\t\t\t\t<div class=\"elementor-element elementor-element-31345d6 elementor-widget elementor-widget-image\" data-id=\"31345d6\" data-element_type=\"widget\" data-widget_type=\"image.default\">\n\t\t\t\t<div class=\"elementor-widget-container\">\n\t\t\t\t\t\t\t\t\t\t\t\t\t<img decoding=\"async\" width=\"818\" height=\"1024\" src=\"https:\/\/www.fundacionnahuel.org\/wp-content\/uploads\/2025\/06\/remy-de-brun-818x1024.jpg\" class=\"attachment-large size-large wp-image-18587\" alt=\"\" srcset=\"https:\/\/www.fundacionnahuel.org\/wp-content\/uploads\/2025\/06\/remy-de-brun-818x1024.jpg 818w, https:\/\/www.fundacionnahuel.org\/wp-content\/uploads\/2025\/06\/remy-de-brun-240x300.jpg 240w, https:\/\/www.fundacionnahuel.org\/wp-content\/uploads\/2025\/06\/remy-de-brun-768x961.jpg 768w, https:\/\/www.fundacionnahuel.org\/wp-content\/uploads\/2025\/06\/remy-de-brun.jpg 1152w\" sizes=\"(max-width: 818px) 100vw, 818px\" \/>\t\t\t\t\t\t\t\t\t\t\t\t\t<\/div>\n\t\t\t\t<\/div>\n\t\t\t\t<div class=\"elementor-element elementor-element-72b976b elementor-widget__width-inherit elementor-widget elementor-widget-text-editor\" data-id=\"72b976b\" data-element_type=\"widget\" data-widget_type=\"text-editor.default\">\n\t\t\t\t<div class=\"elementor-widget-container\">\n\t\t\t\t\t\t\t<p><strong><span>Remigius de Bruyn<\/span><\/strong><\/p>\t\t\t\t\t\t<\/div>\n\t\t\t\t<\/div>\n\t\t\t\t<div class=\"elementor-element elementor-element-e267e34 elementor-widget elementor-widget-text-editor\" data-id=\"e267e34\" data-element_type=\"widget\" data-widget_type=\"text-editor.default\">\n\t\t\t\t<div class=\"elementor-widget-container\">\n\t\t\t\t\t\t\t<p><strong>Mitglied<\/strong><br><br><\/p>\t\t\t\t\t\t<\/div>\n\t\t\t\t<\/div>\n\t\t\t\t<\/div>\n\t\t<div class=\"elementor-element elementor-element-849fe5b e-con-full e-flex e-con e-child\" data-id=\"849fe5b\" data-element_type=\"container\">\n\t\t\t\t<div class=\"elementor-element elementor-element-375df4b elementor-widget elementor-widget-image\" data-id=\"375df4b\" data-element_type=\"widget\" data-widget_type=\"image.default\">\n\t\t\t\t<div class=\"elementor-widget-container\">\n\t\t\t\t\t\t\t\t\t\t\t\t\t<img decoding=\"async\" width=\"1000\" height=\"1000\" src=\"https:\/\/www.fundacionnahuel.org\/wp-content\/uploads\/2025\/06\/Team-Member-Male-Placeholder.png\" class=\"attachment-full size-full wp-image-18509\" alt=\"\" srcset=\"https:\/\/www.fundacionnahuel.org\/wp-content\/uploads\/2025\/06\/Team-Member-Male-Placeholder.png 1000w, https:\/\/www.fundacionnahuel.org\/wp-content\/uploads\/2025\/06\/Team-Member-Male-Placeholder-300x300.png 300w, https:\/\/www.fundacionnahuel.org\/wp-content\/uploads\/2025\/06\/Team-Member-Male-Placeholder-150x150.png 150w, https:\/\/www.fundacionnahuel.org\/wp-content\/uploads\/2025\/06\/Team-Member-Male-Placeholder-768x768.png 768w\" sizes=\"(max-width: 1000px) 100vw, 1000px\" \/>\t\t\t\t\t\t\t\t\t\t\t\t\t<\/div>\n\t\t\t\t<\/div>\n\t\t\t\t<div class=\"elementor-element elementor-element-ee3d88d elementor-widget__width-inherit elementor-widget elementor-widget-text-editor\" data-id=\"ee3d88d\" data-element_type=\"widget\" data-widget_type=\"text-editor.default\">\n\t\t\t\t<div class=\"elementor-widget-container\">\n\t\t\t\t\t\t\t<p><strong><span>Filomeno Calabretto<\/span><\/strong><\/p>\t\t\t\t\t\t<\/div>\n\t\t\t\t<\/div>\n\t\t\t\t<div class=\"elementor-element elementor-element-5677d58 elementor-widget elementor-widget-text-editor\" data-id=\"5677d58\" data-element_type=\"widget\" data-widget_type=\"text-editor.default\">\n\t\t\t\t<div class=\"elementor-widget-container\">\n\t\t\t\t\t\t\t<p><strong>Mitglied<\/strong><\/p>\t\t\t\t\t\t<\/div>\n\t\t\t\t<\/div>\n\t\t\t\t<\/div>\n\t\t<div class=\"elementor-element elementor-element-dc1fdbd e-con-full e-flex e-con e-child\" data-id=\"dc1fdbd\" data-element_type=\"container\">\n\t\t\t\t<div class=\"elementor-element elementor-element-307fc64 elementor-widget elementor-widget-image\" data-id=\"307fc64\" data-element_type=\"widget\" data-widget_type=\"image.default\">\n\t\t\t\t<div class=\"elementor-widget-container\">\n\t\t\t\t\t\t\t\t\t\t\t\t\t<img loading=\"lazy\" decoding=\"async\" width=\"818\" height=\"1024\" src=\"https:\/\/www.fundacionnahuel.org\/wp-content\/uploads\/2025\/07\/marco-nauli-818x1024.jpg\" class=\"attachment-large size-large wp-image-19036\" alt=\"\" srcset=\"https:\/\/www.fundacionnahuel.org\/wp-content\/uploads\/2025\/07\/marco-nauli-818x1024.jpg 818w, https:\/\/www.fundacionnahuel.org\/wp-content\/uploads\/2025\/07\/marco-nauli-240x300.jpg 240w, https:\/\/www.fundacionnahuel.org\/wp-content\/uploads\/2025\/07\/marco-nauli-768x961.jpg 768w, https:\/\/www.fundacionnahuel.org\/wp-content\/uploads\/2025\/07\/marco-nauli.jpg 1152w\" sizes=\"(max-width: 818px) 100vw, 818px\" \/>\t\t\t\t\t\t\t\t\t\t\t\t\t<\/div>\n\t\t\t\t<\/div>\n\t\t\t\t<div class=\"elementor-element elementor-element-3c6679a elementor-widget__width-inherit elementor-widget elementor-widget-text-editor\" data-id=\"3c6679a\" data-element_type=\"widget\" data-widget_type=\"text-editor.default\">\n\t\t\t\t<div class=\"elementor-widget-container\">\n\t\t\t\t\t\t\t<p><strong><span>Marco Nauli <\/span><\/strong><\/p>\t\t\t\t\t\t<\/div>\n\t\t\t\t<\/div>\n\t\t\t\t<div class=\"elementor-element elementor-element-96c6833 elementor-widget elementor-widget-text-editor\" data-id=\"96c6833\" data-element_type=\"widget\" data-widget_type=\"text-editor.default\">\n\t\t\t\t<div class=\"elementor-widget-container\">\n\t\t\t\t\t\t\t<p><strong>Mitglied<\/strong><\/p>\t\t\t\t\t\t<\/div>\n\t\t\t\t<\/div>\n\t\t\t\t<\/div>\n\t\t<div class=\"elementor-element elementor-element-be5af6b e-con-full elementor-hidden-widescreen elementor-hidden-desktop elementor-hidden-tablet elementor-hidden-mobile e-flex e-con e-child\" data-id=\"be5af6b\" data-element_type=\"container\">\n\t\t\t\t<div class=\"elementor-element elementor-element-b975bf3 elementor-widget elementor-widget-image\" data-id=\"b975bf3\" data-element_type=\"widget\" data-widget_type=\"image.default\">\n\t\t\t\t<div class=\"elementor-widget-container\">\n\t\t\t\t\t\t\t\t\t\t\t\t\t<img loading=\"lazy\" decoding=\"async\" width=\"818\" height=\"1024\" src=\"https:\/\/www.fundacionnahuel.org\/wp-content\/uploads\/2024\/12\/vicky-troja-818x1024.jpg\" class=\"attachment-large size-large wp-image-15035\" alt=\"\" srcset=\"https:\/\/www.fundacionnahuel.org\/wp-content\/uploads\/2024\/12\/vicky-troja-818x1024.jpg 818w, https:\/\/www.fundacionnahuel.org\/wp-content\/uploads\/2024\/12\/vicky-troja-240x300.jpg 240w, https:\/\/www.fundacionnahuel.org\/wp-content\/uploads\/2024\/12\/vicky-troja-768x961.jpg 768w, https:\/\/www.fundacionnahuel.org\/wp-content\/uploads\/2024\/12\/vicky-troja.jpg 1152w\" sizes=\"(max-width: 818px) 100vw, 818px\" \/>\t\t\t\t\t\t\t\t\t\t\t\t\t<\/div>\n\t\t\t\t<\/div>\n\t\t\t\t<div class=\"elementor-element elementor-element-e83211d elementor-widget__width-inherit elementor-widget elementor-widget-text-editor\" data-id=\"e83211d\" data-element_type=\"widget\" data-widget_type=\"text-editor.default\">\n\t\t\t\t<div class=\"elementor-widget-container\">\n\t\t\t\t\t\t\t<p><strong>Vicky Troja<\/strong><\/p>\t\t\t\t\t\t<\/div>\n\t\t\t\t<\/div>\n\t\t\t\t<div class=\"elementor-element elementor-element-43e7fc2 elementor-widget elementor-widget-text-editor\" data-id=\"43e7fc2\" data-element_type=\"widget\" data-widget_type=\"text-editor.default\">\n\t\t\t\t<div class=\"elementor-widget-container\">\n\t\t\t\t\t\t\t<p><strong>Vorstandsmitglied<\/strong><br>Projektassistentin  <\/p>\t\t\t\t\t\t<\/div>\n\t\t\t\t<\/div>\n\t\t\t\t<\/div>\n\t\t\t\t<\/div>\n\t\t\t\t\t<\/div>\n\t\t\t\t<\/div>\n\t\t\t\t<\/div>\n\t\t","protected":false},"excerpt":{"rendered":"<p>Unser Hauptziel ist es, das Wohlergehen und die Lebensqualit\u00e4t dieser gef\u00e4hrdeten Gruppen zu verbessern und ihnen Unterst\u00fctzung und M\u00f6glichkeiten f\u00fcr ihr Wachstum und ihre Entwicklung in der Gesellschaft zu bieten.<\/p>\n","protected":false},"author":7,"featured_media":17778,"parent":17246,"menu_order":0,"comment_status":"closed","ping_status":"closed","template":"","meta":{"inline_featured_image":false,"footnotes":""},"class_list":["post-18529","page","type-page","status-publish","has-post-thumbnail","hentry"],"yoast_head":"<!-- This site is optimized with the Yoast SEO plugin v27.5 - https:\/\/yoast.com\/product\/yoast-seo-wordpress\/ -->\n<title>Verein Nahuel - Fundaci\u00f3n Nahuel<\/title>\n<meta name=\"description\" content=\"Unser Hauptziel ist es, das Wohlergehen und die Lebensqualit\u00e4t dieser gef\u00e4hrdeten Gruppen zu verbessern und ihnen Unterst\u00fctzung und M\u00f6glichkeiten f\u00fcr ihr Wachstum und ihre Entwicklung in der Gesellschaft zu bieten.\" \/>\n<meta name=\"robots\" content=\"index, follow, max-snippet:-1, max-image-preview:large, max-video-preview:-1\" \/>\n<link rel=\"canonical\" href=\"https:\/\/www.fundacionnahuel.org\/de\/ueber-uns\/verein-nahuel\/\" \/>\n<meta property=\"og:locale\" content=\"de_DE\" \/>\n<meta property=\"og:type\" content=\"article\" \/>\n<meta property=\"og:title\" content=\"Verein Nahuel - Fundaci\u00f3n Nahuel\" \/>\n<meta property=\"og:description\" content=\"Unser Hauptziel ist es, das Wohlergehen und die Lebensqualit\u00e4t dieser gef\u00e4hrdeten Gruppen zu verbessern und ihnen Unterst\u00fctzung und M\u00f6glichkeiten f\u00fcr ihr Wachstum und ihre Entwicklung in der Gesellschaft zu bieten.\" \/>\n<meta property=\"og:url\" content=\"https:\/\/www.fundacionnahuel.org\/de\/ueber-uns\/verein-nahuel\/\" \/>\n<meta property=\"og:site_name\" content=\"Fundaci\u00f3n Nahuel\" \/>\n<meta property=\"article:modified_time\" content=\"2025-08-22T14:53:09+00:00\" \/>\n<meta property=\"og:image\" content=\"https:\/\/www.fundacionnahuel.org\/wp-content\/uploads\/2025\/03\/Nahuel_Logo_1200.jpg\" \/>\n\t<meta property=\"og:image:width\" content=\"1200\" \/>\n\t<meta property=\"og:image:height\" content=\"675\" \/>\n\t<meta property=\"og:image:type\" content=\"image\/jpeg\" \/>\n<meta name=\"twitter:card\" content=\"summary_large_image\" \/>\n<meta name=\"twitter:label1\" content=\"Gesch\u00e4tzte Lesezeit\" \/>\n\t<meta name=\"twitter:data1\" content=\"2\u00a0Minuten\" \/>\n<script type=\"application\/ld+json\" class=\"yoast-schema-graph\">{\"@context\":\"https:\\\/\\\/schema.org\",\"@graph\":[{\"@type\":\"WebPage\",\"@id\":\"https:\\\/\\\/www.fundacionnahuel.org\\\/de\\\/ueber-uns\\\/verein-nahuel\\\/\",\"url\":\"https:\\\/\\\/www.fundacionnahuel.org\\\/de\\\/ueber-uns\\\/verein-nahuel\\\/\",\"name\":\"Verein Nahuel - Fundaci\u00f3n Nahuel\",\"isPartOf\":{\"@id\":\"https:\\\/\\\/www.fundacionnahuel.org\\\/de\\\/#website\"},\"primaryImageOfPage\":{\"@id\":\"https:\\\/\\\/www.fundacionnahuel.org\\\/de\\\/ueber-uns\\\/verein-nahuel\\\/#primaryimage\"},\"image\":{\"@id\":\"https:\\\/\\\/www.fundacionnahuel.org\\\/de\\\/ueber-uns\\\/verein-nahuel\\\/#primaryimage\"},\"thumbnailUrl\":\"https:\\\/\\\/www.fundacionnahuel.org\\\/wp-content\\\/uploads\\\/2025\\\/03\\\/Nahuel_Logo_1200.jpg\",\"datePublished\":\"2025-06-16T14:07:16+00:00\",\"dateModified\":\"2025-08-22T14:53:09+00:00\",\"description\":\"Unser Hauptziel ist es, das Wohlergehen und die Lebensqualit\u00e4t dieser gef\u00e4hrdeten Gruppen zu verbessern und ihnen Unterst\u00fctzung und M\u00f6glichkeiten f\u00fcr ihr Wachstum und ihre Entwicklung in der Gesellschaft zu bieten.\",\"breadcrumb\":{\"@id\":\"https:\\\/\\\/www.fundacionnahuel.org\\\/de\\\/ueber-uns\\\/verein-nahuel\\\/#breadcrumb\"},\"inLanguage\":\"de\",\"potentialAction\":[{\"@type\":\"ReadAction\",\"target\":[\"https:\\\/\\\/www.fundacionnahuel.org\\\/de\\\/ueber-uns\\\/verein-nahuel\\\/\"]}]},{\"@type\":\"ImageObject\",\"inLanguage\":\"de\",\"@id\":\"https:\\\/\\\/www.fundacionnahuel.org\\\/de\\\/ueber-uns\\\/verein-nahuel\\\/#primaryimage\",\"url\":\"https:\\\/\\\/www.fundacionnahuel.org\\\/wp-content\\\/uploads\\\/2025\\\/03\\\/Nahuel_Logo_1200.jpg\",\"contentUrl\":\"https:\\\/\\\/www.fundacionnahuel.org\\\/wp-content\\\/uploads\\\/2025\\\/03\\\/Nahuel_Logo_1200.jpg\",\"width\":1200,\"height\":675,\"caption\":\"Fundacion Nahuel - Logo\"},{\"@type\":\"BreadcrumbList\",\"@id\":\"https:\\\/\\\/www.fundacionnahuel.org\\\/de\\\/ueber-uns\\\/verein-nahuel\\\/#breadcrumb\",\"itemListElement\":[{\"@type\":\"ListItem\",\"position\":1,\"name\":\"Home\",\"item\":\"https:\\\/\\\/www.fundacionnahuel.org\\\/de\\\/\"},{\"@type\":\"ListItem\",\"position\":2,\"name\":\"\u00dcber uns\",\"item\":\"https:\\\/\\\/www.fundacionnahuel.org\\\/de\\\/about-us\\\/\"},{\"@type\":\"ListItem\",\"position\":3,\"name\":\"Verein Nahuel\"}]},{\"@type\":\"WebSite\",\"@id\":\"https:\\\/\\\/www.fundacionnahuel.org\\\/de\\\/#website\",\"url\":\"https:\\\/\\\/www.fundacionnahuel.org\\\/de\\\/\",\"name\":\"Fundaci\u00f3n Nahuel\",\"description\":\"Transforming Lives Through Education and Care\",\"publisher\":{\"@id\":\"https:\\\/\\\/www.fundacionnahuel.org\\\/de\\\/#organization\"},\"alternateName\":\"Nahuel\",\"inLanguage\":\"de\"},{\"@type\":\"Organization\",\"@id\":\"https:\\\/\\\/www.fundacionnahuel.org\\\/de\\\/#organization\",\"name\":\"Fundaci\u00f3n Nahuel\",\"alternateName\":\"Nahuel\",\"url\":\"https:\\\/\\\/www.fundacionnahuel.org\\\/de\\\/\",\"logo\":{\"@type\":\"ImageObject\",\"inLanguage\":\"de\",\"@id\":\"https:\\\/\\\/www.fundacionnahuel.org\\\/de\\\/#\\\/schema\\\/logo\\\/image\\\/\",\"url\":\"https:\\\/\\\/www.fundacionnahuel.org\\\/wp-content\\\/uploads\\\/2025\\\/03\\\/Nahuel_Logo.jpg\",\"contentUrl\":\"https:\\\/\\\/www.fundacionnahuel.org\\\/wp-content\\\/uploads\\\/2025\\\/03\\\/Nahuel_Logo.jpg\",\"width\":696,\"height\":696,\"caption\":\"Fundaci\u00f3n Nahuel\"},\"image\":{\"@id\":\"https:\\\/\\\/www.fundacionnahuel.org\\\/de\\\/#\\\/schema\\\/logo\\\/image\\\/\"}}]}<\/script>\n<!-- \/ Yoast SEO plugin. -->","yoast_head_json":{"title":"Verein Nahuel - Fundaci\u00f3n Nahuel","description":"Unser Hauptziel ist es, das Wohlergehen und die Lebensqualit\u00e4t dieser gef\u00e4hrdeten Gruppen zu verbessern und ihnen Unterst\u00fctzung und M\u00f6glichkeiten f\u00fcr ihr Wachstum und ihre Entwicklung in der Gesellschaft zu bieten.","robots":{"index":"index","follow":"follow","max-snippet":"max-snippet:-1","max-image-preview":"max-image-preview:large","max-video-preview":"max-video-preview:-1"},"canonical":"https:\/\/www.fundacionnahuel.org\/de\/ueber-uns\/verein-nahuel\/","og_locale":"de_DE","og_type":"article","og_title":"Verein Nahuel - Fundaci\u00f3n Nahuel","og_description":"Unser Hauptziel ist es, das Wohlergehen und die Lebensqualit\u00e4t dieser gef\u00e4hrdeten Gruppen zu verbessern und ihnen Unterst\u00fctzung und M\u00f6glichkeiten f\u00fcr ihr Wachstum und ihre Entwicklung in der Gesellschaft zu bieten.","og_url":"https:\/\/www.fundacionnahuel.org\/de\/ueber-uns\/verein-nahuel\/","og_site_name":"Fundaci\u00f3n Nahuel","article_modified_time":"2025-08-22T14:53:09+00:00","og_image":[{"width":1200,"height":675,"url":"https:\/\/www.fundacionnahuel.org\/wp-content\/uploads\/2025\/03\/Nahuel_Logo_1200.jpg","type":"image\/jpeg"}],"twitter_card":"summary_large_image","twitter_misc":{"Gesch\u00e4tzte Lesezeit":"2\u00a0Minuten"},"schema":{"@context":"https:\/\/schema.org","@graph":[{"@type":"WebPage","@id":"https:\/\/www.fundacionnahuel.org\/de\/ueber-uns\/verein-nahuel\/","url":"https:\/\/www.fundacionnahuel.org\/de\/ueber-uns\/verein-nahuel\/","name":"Verein Nahuel - Fundaci\u00f3n Nahuel","isPartOf":{"@id":"https:\/\/www.fundacionnahuel.org\/de\/#website"},"primaryImageOfPage":{"@id":"https:\/\/www.fundacionnahuel.org\/de\/ueber-uns\/verein-nahuel\/#primaryimage"},"image":{"@id":"https:\/\/www.fundacionnahuel.org\/de\/ueber-uns\/verein-nahuel\/#primaryimage"},"thumbnailUrl":"https:\/\/www.fundacionnahuel.org\/wp-content\/uploads\/2025\/03\/Nahuel_Logo_1200.jpg","datePublished":"2025-06-16T14:07:16+00:00","dateModified":"2025-08-22T14:53:09+00:00","description":"Unser Hauptziel ist es, das Wohlergehen und die Lebensqualit\u00e4t dieser gef\u00e4hrdeten Gruppen zu verbessern und ihnen Unterst\u00fctzung und M\u00f6glichkeiten f\u00fcr ihr Wachstum und ihre Entwicklung in der Gesellschaft zu bieten.","breadcrumb":{"@id":"https:\/\/www.fundacionnahuel.org\/de\/ueber-uns\/verein-nahuel\/#breadcrumb"},"inLanguage":"de","potentialAction":[{"@type":"ReadAction","target":["https:\/\/www.fundacionnahuel.org\/de\/ueber-uns\/verein-nahuel\/"]}]},{"@type":"ImageObject","inLanguage":"de","@id":"https:\/\/www.fundacionnahuel.org\/de\/ueber-uns\/verein-nahuel\/#primaryimage","url":"https:\/\/www.fundacionnahuel.org\/wp-content\/uploads\/2025\/03\/Nahuel_Logo_1200.jpg","contentUrl":"https:\/\/www.fundacionnahuel.org\/wp-content\/uploads\/2025\/03\/Nahuel_Logo_1200.jpg","width":1200,"height":675,"caption":"Fundacion Nahuel - Logo"},{"@type":"BreadcrumbList","@id":"https:\/\/www.fundacionnahuel.org\/de\/ueber-uns\/verein-nahuel\/#breadcrumb","itemListElement":[{"@type":"ListItem","position":1,"name":"Home","item":"https:\/\/www.fundacionnahuel.org\/de\/"},{"@type":"ListItem","position":2,"name":"\u00dcber uns","item":"https:\/\/www.fundacionnahuel.org\/de\/about-us\/"},{"@type":"ListItem","position":3,"name":"Verein Nahuel"}]},{"@type":"WebSite","@id":"https:\/\/www.fundacionnahuel.org\/de\/#website","url":"https:\/\/www.fundacionnahuel.org\/de\/","name":"Fundaci\u00f3n Nahuel","description":"Transforming Lives Through Education and Care","publisher":{"@id":"https:\/\/www.fundacionnahuel.org\/de\/#organization"},"alternateName":"Nahuel","inLanguage":"de"},{"@type":"Organization","@id":"https:\/\/www.fundacionnahuel.org\/de\/#organization","name":"Fundaci\u00f3n Nahuel","alternateName":"Nahuel","url":"https:\/\/www.fundacionnahuel.org\/de\/","logo":{"@type":"ImageObject","inLanguage":"de","@id":"https:\/\/www.fundacionnahuel.org\/de\/#\/schema\/logo\/image\/","url":"https:\/\/www.fundacionnahuel.org\/wp-content\/uploads\/2025\/03\/Nahuel_Logo.jpg","contentUrl":"https:\/\/www.fundacionnahuel.org\/wp-content\/uploads\/2025\/03\/Nahuel_Logo.jpg","width":696,"height":696,"caption":"Fundaci\u00f3n Nahuel"},"image":{"@id":"https:\/\/www.fundacionnahuel.org\/de\/#\/schema\/logo\/image\/"}}]}},"_links":{"self":[{"href":"https:\/\/www.fundacionnahuel.org\/de\/wp-json\/wp\/v2\/pages\/18529","targetHints":{"allow":["GET"]}}],"collection":[{"href":"https:\/\/www.fundacionnahuel.org\/de\/wp-json\/wp\/v2\/pages"}],"about":[{"href":"https:\/\/www.fundacionnahuel.org\/de\/wp-json\/wp\/v2\/types\/page"}],"author":[{"embeddable":true,"href":"https:\/\/www.fundacionnahuel.org\/de\/wp-json\/wp\/v2\/users\/7"}],"replies":[{"embeddable":true,"href":"https:\/\/www.fundacionnahuel.org\/de\/wp-json\/wp\/v2\/comments?post=18529"}],"version-history":[{"count":14,"href":"https:\/\/www.fundacionnahuel.org\/de\/wp-json\/wp\/v2\/pages\/18529\/revisions"}],"predecessor-version":[{"id":19084,"href":"https:\/\/www.fundacionnahuel.org\/de\/wp-json\/wp\/v2\/pages\/18529\/revisions\/19084"}],"up":[{"embeddable":true,"href":"https:\/\/www.fundacionnahuel.org\/de\/wp-json\/wp\/v2\/pages\/17246"}],"wp:featuredmedia":[{"embeddable":true,"href":"https:\/\/www.fundacionnahuel.org\/de\/wp-json\/wp\/v2\/media\/17778"}],"wp:attachment":[{"href":"https:\/\/www.fundacionnahuel.org\/de\/wp-json\/wp\/v2\/media?parent=18529"}],"curies":[{"name":"wp","href":"https:\/\/api.w.org\/{rel}","templated":true}]}}