{"id":16790,"date":"2024-11-13T10:43:47","date_gmt":"2024-11-13T09:43:47","guid":{"rendered":"https:\/\/fundacionnahuel.org\/stage2\/portfolio\/planchaloma-kindergarten\/"},"modified":"2025-06-25T09:21:21","modified_gmt":"2025-06-25T08:21:21","slug":"planchaloma-kindergarten","status":"publish","type":"portfolio","link":"https:\/\/www.fundacionnahuel.org\/de\/portfolio\/planchaloma-kindergarten\/","title":{"rendered":"Planchaloma-Kindergarten"},"content":{"rendered":"\t\t<div data-elementor-type=\"wp-post\" data-elementor-id=\"16790\" class=\"elementor elementor-16790 elementor-16788\" data-elementor-post-type=\"portfolio\">\n\t\t\t\t<div class=\"elementor-element elementor-element-31606ab7 e-con-full e-flex e-con e-parent\" data-id=\"31606ab7\" data-element_type=\"container\">\n\t\t<div class=\"elementor-element elementor-element-9601a36 e-con-full e-flex e-con e-child\" data-id=\"9601a36\" data-element_type=\"container\" data-settings=\"{&quot;background_background&quot;:&quot;classic&quot;}\">\n\t\t<div class=\"elementor-element elementor-element-ec2d514 e-flex e-con-boxed e-con e-child\" data-id=\"ec2d514\" data-element_type=\"container\">\n\t\t\t\t\t<div class=\"e-con-inner\">\n\t\t\t\t<div class=\"elementor-element elementor-element-731b701 elementor-widget__width-initial elementor-widget-tablet__width-initial elementor-widget elementor-widget-heading\" data-id=\"731b701\" data-element_type=\"widget\" data-widget_type=\"heading.default\">\n\t\t\t\t<div class=\"elementor-widget-container\">\n\t\t\t<h2 class=\"elementor-heading-title elementor-size-default\">Planchaloma-Kindergarten<\/h2>\t\t<\/div>\n\t\t\t\t<\/div>\n\t\t\t\t\t<\/div>\n\t\t\t\t<\/div>\n\t\t\t\t<\/div>\n\t\t<div class=\"elementor-element elementor-element-de1e7be e-flex e-con-boxed e-con e-child\" data-id=\"de1e7be\" data-element_type=\"container\">\n\t\t\t\t\t<div class=\"e-con-inner\">\n\t\t<div class=\"elementor-element elementor-element-6ef4f767 e-con-full e-flex e-con e-child\" data-id=\"6ef4f767\" data-element_type=\"container\">\n\t\t<div class=\"elementor-element elementor-element-7e3b5888 e-transform e-con-full e-flex e-con e-child\" data-id=\"7e3b5888\" data-element_type=\"container\" data-settings=\"{&quot;_transform_scaleX_effect&quot;:{&quot;unit&quot;:&quot;px&quot;,&quot;size&quot;:&quot;&quot;,&quot;sizes&quot;:[]},&quot;_transform_scaleX_effect_widescreen&quot;:{&quot;unit&quot;:&quot;px&quot;,&quot;size&quot;:&quot;&quot;,&quot;sizes&quot;:[]},&quot;_transform_scaleX_effect_tablet&quot;:{&quot;unit&quot;:&quot;px&quot;,&quot;size&quot;:&quot;&quot;,&quot;sizes&quot;:[]},&quot;_transform_scaleX_effect_mobile&quot;:{&quot;unit&quot;:&quot;px&quot;,&quot;size&quot;:&quot;&quot;,&quot;sizes&quot;:[]},&quot;_transform_scaleY_effect&quot;:{&quot;unit&quot;:&quot;px&quot;,&quot;size&quot;:&quot;&quot;,&quot;sizes&quot;:[]},&quot;_transform_scaleY_effect_widescreen&quot;:{&quot;unit&quot;:&quot;px&quot;,&quot;size&quot;:&quot;&quot;,&quot;sizes&quot;:[]},&quot;_transform_scaleY_effect_tablet&quot;:{&quot;unit&quot;:&quot;px&quot;,&quot;size&quot;:&quot;&quot;,&quot;sizes&quot;:[]},&quot;_transform_scaleY_effect_mobile&quot;:{&quot;unit&quot;:&quot;px&quot;,&quot;size&quot;:&quot;&quot;,&quot;sizes&quot;:[]}}\">\n\t\t\t\t<div class=\"elementor-element elementor-element-b11f035 elementor-widget elementor-widget-heading\" data-id=\"b11f035\" data-element_type=\"widget\" data-widget_type=\"heading.default\">\n\t\t\t\t<div class=\"elementor-widget-container\">\n\t\t\t<h4 class=\"elementor-heading-title elementor-size-default\">Allgemeines Ziel:  <\/h4>\t\t<\/div>\n\t\t\t\t<\/div>\n\t\t\t\t<div class=\"elementor-element elementor-element-44b1f456 elementor-widget elementor-widget-text-editor\" data-id=\"44b1f456\" data-element_type=\"widget\" data-widget_type=\"text-editor.default\">\n\t\t\t\t<div class=\"elementor-widget-container\">\n\t\t\t\t\t\t\t<p data-renderer-start-pos=\"1\"><strong>Lage: Planchaloma, Cotopaxi, Ecuador<br><\/strong>98 km von Latacunga entfernt, auf 3.000 m \u00fcber dem Meeresspiegel.<strong><br><\/strong><\/p><p>Versorgung von Kindern im Alter von 0-4 Jahren in diesem Gebiet mit angemessener Infrastruktur und Ern\u00e4hrung.<\/p>\t\t\t\t\t\t<\/div>\n\t\t\t\t<\/div>\n\t\t\t\t<\/div>\n\t\t<div class=\"elementor-element elementor-element-31ae0da e-transform e-con-full e-flex e-con e-child\" data-id=\"31ae0da\" data-element_type=\"container\" data-settings=\"{&quot;_transform_scaleX_effect&quot;:{&quot;unit&quot;:&quot;px&quot;,&quot;size&quot;:&quot;&quot;,&quot;sizes&quot;:[]},&quot;_transform_scaleX_effect_widescreen&quot;:{&quot;unit&quot;:&quot;px&quot;,&quot;size&quot;:&quot;&quot;,&quot;sizes&quot;:[]},&quot;_transform_scaleX_effect_tablet&quot;:{&quot;unit&quot;:&quot;px&quot;,&quot;size&quot;:&quot;&quot;,&quot;sizes&quot;:[]},&quot;_transform_scaleX_effect_mobile&quot;:{&quot;unit&quot;:&quot;px&quot;,&quot;size&quot;:&quot;&quot;,&quot;sizes&quot;:[]},&quot;_transform_scaleY_effect&quot;:{&quot;unit&quot;:&quot;px&quot;,&quot;size&quot;:&quot;&quot;,&quot;sizes&quot;:[]},&quot;_transform_scaleY_effect_widescreen&quot;:{&quot;unit&quot;:&quot;px&quot;,&quot;size&quot;:&quot;&quot;,&quot;sizes&quot;:[]},&quot;_transform_scaleY_effect_tablet&quot;:{&quot;unit&quot;:&quot;px&quot;,&quot;size&quot;:&quot;&quot;,&quot;sizes&quot;:[]},&quot;_transform_scaleY_effect_mobile&quot;:{&quot;unit&quot;:&quot;px&quot;,&quot;size&quot;:&quot;&quot;,&quot;sizes&quot;:[]}}\">\n\t\t\t\t<div class=\"elementor-element elementor-element-24f9930 elementor-widget elementor-widget-heading\" data-id=\"24f9930\" data-element_type=\"widget\" data-widget_type=\"heading.default\">\n\t\t\t\t<div class=\"elementor-widget-container\">\n\t\t\t<h4 class=\"elementor-heading-title elementor-size-default\">Spezifisches Ziel:  <\/h4>\t\t<\/div>\n\t\t\t\t<\/div>\n\t\t\t\t<div class=\"elementor-element elementor-element-472c83d8 elementor-widget elementor-widget-text-editor\" data-id=\"472c83d8\" data-element_type=\"widget\" data-widget_type=\"text-editor.default\">\n\t\t\t\t<div class=\"elementor-widget-container\">\n\t\t\t\t\t\t\t<ul><li>Sicherheit und spezialisierte Betreuung<\/li><li>Verbesserung der Gesundheit und der Unterern\u00e4hrung sowie Vorbeugung von Krankheiten bei Kindern.<\/li><li>Ausstattung des Kindergartens<\/li><li>Bereitstellung von Lehrmaterial<\/li><\/ul>\t\t\t\t\t\t<\/div>\n\t\t\t\t<\/div>\n\t\t\t\t<\/div>\n\t\t<div class=\"elementor-element elementor-element-6865c3e4 e-con-full e-flex e-con e-child\" data-id=\"6865c3e4\" data-element_type=\"container\">\n\t\t\t\t<div class=\"elementor-element elementor-element-73c59b8d elementor-widget elementor-widget-heading\" data-id=\"73c59b8d\" data-element_type=\"widget\" data-widget_type=\"heading.default\">\n\t\t\t\t<div class=\"elementor-widget-container\">\n\t\t\t<h4 class=\"elementor-heading-title elementor-size-default\">Beschreibung des Projekts:<\/h4>\t\t<\/div>\n\t\t\t\t<\/div>\n\t\t\t\t<div class=\"elementor-element elementor-element-2f5b1405 elementor-widget elementor-widget-text-editor\" data-id=\"2f5b1405\" data-element_type=\"widget\" data-widget_type=\"text-editor.default\">\n\t\t\t\t<div class=\"elementor-widget-container\">\n\t\t\t\t\t\t\t<p>Mit diesem Projekt wird ein sicherer Raum f\u00fcr Kinder, eine bioklimatische Architektur mit alternativen Technologien und die Verwendung von lokalen Materialien geschaffen.<\/p><p>In diesem Gebiet gibt es keine geeigneten Kinderbetreuungseinrichtungen, und die M\u00fctter sind gezwungen, ihre Kinder auf dem R\u00fccken zu tragen, w\u00e4hrend sie arbeiten, oder sie bei \u00e4lteren Geschwistern zu lassen.<br \/>Die Kinder sind dem rauen Klima des P\u00e1ramo, der \u00dcberbelegung, dem niedrigen Bildungsniveau und der Armut der Eltern ausgesetzt, was aufgrund der schlechten Ern\u00e4hrung zu Ern\u00e4hrungsdefiziten f\u00fchrt, die die Gesundheit und das Wachstum der Kinder beeintr\u00e4chtigen. Dies sind auch Ursachen, die die k\u00f6rperliche, intellektuelle und emotionale Entwicklung von Kindern behindern.<\/p><p>Der bestehende Kindergarten hat keine Toiletten, die B\u00f6den sind schmutzig, die Klassenzimmer sind in schlechtem Zustand, das Dach l\u00e4sst Regen durch und die M\u00f6bel sind alt und in schlechtem Zustand. Sie haben kein Lehrmaterial.<\/p><p>Bei diesem Projekt wird die Nahuel-Stiftung spezialisierte Arbeitskr\u00e4fte und externe Materialien finanzieren. Der Beitrag der Gemeinschaft besteht in ungelernter Arbeit in Form von Mingas. <br \/>Die Gemeinde hat ein 300 m2 grosses Grundst\u00fcck f\u00fcr die dauerhafte und unbefristete Nutzung der Kindertagesst\u00e4tte zur Verf\u00fcgung gestellt, einschliesslich einer \u00f6ffentlichen Urkunde, die bei der Gemeindeverwaltung legalisiert und registriert wurde.<\/p><p>Sie werden vom Ministerium f\u00fcr wirtschaftliche und soziale Eingliederung f\u00fcr den Betrieb und die Bezahlung des Personals der Kindertagesst\u00e4tten finanziell unterst\u00fctzt.<\/p>\t\t\t\t\t\t<\/div>\n\t\t\t\t<\/div>\n\t\t\t\t<\/div>\n\t\t<div class=\"elementor-element elementor-element-d0b4755 e-con-full e-flex e-con e-child\" data-id=\"d0b4755\" data-element_type=\"container\">\n\t\t\t\t<div class=\"elementor-element elementor-element-14016f3 elementor-widget elementor-widget-heading\" data-id=\"14016f3\" data-element_type=\"widget\" data-widget_type=\"heading.default\">\n\t\t\t\t<div class=\"elementor-widget-container\">\n\t\t\t<h4 class=\"elementor-heading-title elementor-size-default\">Ergebnisse des Projekts:<\/h4>\t\t<\/div>\n\t\t\t\t<\/div>\n\t\t\t\t<div class=\"elementor-element elementor-element-361f297 elementor-widget elementor-widget-text-editor\" data-id=\"361f297\" data-element_type=\"widget\" data-widget_type=\"text-editor.default\">\n\t\t\t\t<div class=\"elementor-widget-container\">\n\t\t\t\t\t\t\t<p>Dass die Kinder einen sicheren Ort mit altersgerechter Betreuung haben, damit die Eltern in dem Wissen zur Arbeit gehen k\u00f6nnen, dass ihre Kinder in Sicherheit sind.<\/p>\t\t\t\t\t\t<\/div>\n\t\t\t\t<\/div>\n\t\t\t\t<\/div>\n\t\t\t\t<\/div>\n\t\t<div class=\"elementor-element elementor-element-3bfb179b e-con-full e-flex e-con e-child\" data-id=\"3bfb179b\" data-element_type=\"container\">\n\t\t<div class=\"elementor-element elementor-element-105d1dd8 e-flex e-con-boxed e-con e-child\" data-id=\"105d1dd8\" data-element_type=\"container\">\n\t\t\t\t\t<div class=\"e-con-inner\">\n\t\t\t\t<div class=\"elementor-element elementor-element-2a5faeb0 acenter elementor-widget elementor-widget-wgl-double-headings\" data-id=\"2a5faeb0\" data-element_type=\"widget\" data-widget_type=\"wgl-double-headings.default\">\n\t\t\t\t<div class=\"elementor-widget-container\">\n\t\t\t        <div class=\"wgl-double_heading\">                <div class=\"dbl__subtitle\"><span>Projektzusch\u00fcsse:<\/span>                <\/div>        <\/div>\t\t<\/div>\n\t\t\t\t<\/div>\n\t\t\t\t<div class=\"elementor-element elementor-element-9a95637 acenter elementor-widget-image-box wgl-image-box elementor-widget elementor-widget-wgl-info-box\" data-id=\"9a95637\" data-element_type=\"widget\" data-widget_type=\"wgl-info-box.default\">\n\t\t\t\t<div class=\"elementor-widget-container\">\n\t\t\t<a class=\"wgl-infobox__link\" href=\"https:\/\/www.fundacionnahuel.org\/de\/bildung\/allgemeiner-bildungsfonds\/\"><\/a><div class=\"wgl-infobox\"><div class=\"wgl-infobox_wrapper wgl-layout-top\"><div class=\"media-wrapper img-wrapper\"><figure class=\"wgl-image-box_img\"><span ><img decoding=\"async\" width=\"186\" height=\"186\" src=\"https:\/\/www.fundacionnahuel.org\/wp-content\/uploads\/2024\/12\/education_fund-1.png\" class=\"attachment-full size-full wp-image-15177\" alt=\"\" srcset=\"https:\/\/www.fundacionnahuel.org\/wp-content\/uploads\/2024\/12\/education_fund-1.png 186w, https:\/\/www.fundacionnahuel.org\/wp-content\/uploads\/2024\/12\/education_fund-1-150x150.png 150w\" sizes=\"(max-width: 186px) 100vw, 186px\" \/><\/span><\/figure><\/div><div class=\"content_wrapper\"><div class=\"wgl-infobox-title_wrapper\"><h3 class=\"wgl-infobox_title\"><span class=\"wgl-infobox_title-idle\">Allgemeiner Bildungsfonds<\/span><\/h3><\/div><div class=\"wgl-infobox_content\"><p><span>Wir f\u00f6rdern Bildungsstipendien f\u00fcr Kinder vom Kindergarten bis zur High School \u2013 um Kinderarbeit zu reduzieren und ihnen den Weg in eine bessere Zukunft zu ebnen.<\/span><\/p><\/div><\/div><\/div><\/div>\t\t<\/div>\n\t\t\t\t<\/div>\n\t\t\t\t<div class=\"elementor-element elementor-element-4d0fea1 e-transform elementor-widget elementor-widget-html\" data-id=\"4d0fea1\" data-element_type=\"widget\" data-settings=\"{&quot;_transform_rotateZ_effect&quot;:{&quot;unit&quot;:&quot;px&quot;,&quot;size&quot;:0,&quot;sizes&quot;:[]},&quot;_transform_rotateZ_effect_widescreen&quot;:{&quot;unit&quot;:&quot;deg&quot;,&quot;size&quot;:&quot;&quot;,&quot;sizes&quot;:[]},&quot;_transform_rotateZ_effect_tablet&quot;:{&quot;unit&quot;:&quot;deg&quot;,&quot;size&quot;:&quot;&quot;,&quot;sizes&quot;:[]},&quot;_transform_rotateZ_effect_mobile&quot;:{&quot;unit&quot;:&quot;deg&quot;,&quot;size&quot;:&quot;&quot;,&quot;sizes&quot;:[]}}\" data-widget_type=\"html.default\">\n\t\t\t\t<div class=\"elementor-widget-container\">\n\t\t\t<a class=\"btn-payrexx btn-payrexx-modal\" href=\"https:\/\/fundacionnahuel.payrexx.com\/de\/pay?cid=0afc8660&amp;hide_description=1&amp;donation%5Bpreselect_interval%5D=one_time\">\n<span>Jetzt spenden<\/span>\n<\/a>\n<script src=\"https:\/\/cdnjs.cloudflare.com\/ajax\/libs\/jquery\/3.5.1\/jquery.min.js\" integrity=\"sha512-bLT0Qm9VnAYZDflyKcBaQ2gg0hSYNQrJ8RilYldYQ1FxQYoCLtUjuuRuZo+fjqhx\/qtq\/1itJ0C2ejDxltZVFg==\" crossorigin=\"anonymous\"><\/script>\n<script type=\"text\/javascript\" src=\"https:\/\/media.payrexx.com\/modal\/v1\/modal.min.js\"><\/script>\n<script type=\"text\/javascript\">\n    jQuery(\".btn-payrexx-modal\").payrexxModal();\n<\/script>\n\t\t<\/div>\n\t\t\t\t<\/div>\n\t\t\t\t\t<\/div>\n\t\t\t\t<\/div>\n\t\t\t\t<div class=\"elementor-element elementor-element-310cb296 elementor-widget elementor-widget-spacer\" data-id=\"310cb296\" data-element_type=\"widget\" data-widget_type=\"spacer.default\">\n\t\t\t\t<div class=\"elementor-widget-container\">\n\t\t\t\t\t<div class=\"elementor-spacer\">\n\t\t\t<div class=\"elementor-spacer-inner\"><\/div>\n\t\t<\/div>\n\t\t\t\t<\/div>\n\t\t\t\t<\/div>\n\t\t\t\t<div class=\"elementor-element elementor-element-52ef02e9 acenter elementor-widget elementor-widget-wgl-double-headings\" data-id=\"52ef02e9\" data-element_type=\"widget\" data-widget_type=\"wgl-double-headings.default\">\n\t\t\t\t<div class=\"elementor-widget-container\">\n\t\t\t        <div class=\"wgl-double_heading\">                <div class=\"dbl__subtitle\"><span>Standort des Projekts:<\/span>                <\/div>        <\/div>\t\t<\/div>\n\t\t\t\t<\/div>\n\t\t\t\t<div class=\"elementor-element elementor-element-49e386e6 elementor-widget elementor-widget-google_maps\" data-id=\"49e386e6\" data-element_type=\"widget\" data-widget_type=\"google_maps.default\">\n\t\t\t\t<div class=\"elementor-widget-container\">\n\t\t\t\t\t<div class=\"elementor-custom-embed\">\n\t\t\t<iframe loading=\"lazy\"\n\t\t\t\t\tsrc=\"https:\/\/www.google.com\/maps\/embed\/v1\/place?key=AIzaSyBnCErbNirBcjMlSG7QXDWh4yna9ijxAJE&#038;q=-0.7480443%2C-78.7234355&#038;zoom=6\"\n\t\t\t\t\ttitle=\"-0.7480443,-78.7234355\"\n\t\t\t\t\taria-label=\"-0.7480443,-78.7234355\"\n\t\t\t><\/iframe>\n\t\t<\/div>\n\t\t\t\t<\/div>\n\t\t\t\t<\/div>\n\t\t\t\t<div class=\"elementor-element elementor-element-4b3e0247 elementor-widget elementor-widget-spacer\" data-id=\"4b3e0247\" data-element_type=\"widget\" data-widget_type=\"spacer.default\">\n\t\t\t\t<div class=\"elementor-widget-container\">\n\t\t\t\t\t<div class=\"elementor-spacer\">\n\t\t\t<div class=\"elementor-spacer-inner\"><\/div>\n\t\t<\/div>\n\t\t\t\t<\/div>\n\t\t\t\t<\/div>\n\t\t<div class=\"elementor-element elementor-element-1e02b503 e-flex e-con-boxed e-con e-child\" data-id=\"1e02b503\" data-element_type=\"container\">\n\t\t\t\t\t<div class=\"e-con-inner\">\n\t\t\t\t<div class=\"elementor-element elementor-element-4267a186 aleft elementor-widget elementor-widget-wgl-double-headings\" data-id=\"4267a186\" data-element_type=\"widget\" data-widget_type=\"wgl-double-headings.default\">\n\t\t\t\t<div class=\"elementor-widget-container\">\n\t\t\t        <div class=\"wgl-double_heading\">                <div class=\"dbl__subtitle\"><span>Video:<\/span>                <\/div>        <\/div>\t\t<\/div>\n\t\t\t\t<\/div>\n\t\t<div class=\"elementor-element elementor-element-132df3eb e-con-full e-flex e-con e-child\" data-id=\"132df3eb\" data-element_type=\"container\" data-settings=\"{&quot;background_background&quot;:&quot;classic&quot;}\">\n\t\t\t\t<div class=\"elementor-element elementor-element-698e7d19 align-left elementor-widget elementor-widget-wgl-video-popup\" data-id=\"698e7d19\" data-element_type=\"widget\" data-widget_type=\"wgl-video-popup.default\">\n\t\t\t\t<div class=\"elementor-widget-container\">\n\t\t\t<div class=\"wgl-video_popup  title_pos-right  \"><div class=\"videobox_content\"><h3 class=\"title\">Video ansehen<\/h3><div class=\"videobox_link videobox\" data-elementor-open-lightbox=\"yes\" data-elementor-lightbox=\"{&quot;type&quot;:&quot;video&quot;,&quot;url&quot;:&quot;https:\\\/\\\/player.vimeo.com\\\/video\\\/1065611162?loop=0#t=&quot;,&quot;modalOptions&quot;:{&quot;id&quot;:&quot;elementor-lightbox-698e7d19&quot;}}\"><svg class=\"videobox_icon\" viewBox=\"0 0 10 10\"><polygon points=\"1,0 1,10 8.5,5\"\/><\/svg><\/div><\/div><\/div>\t\t<\/div>\n\t\t\t\t<\/div>\n\t\t\t\t<\/div>\n\t\t\t\t\t<\/div>\n\t\t\t\t<\/div>\n\t\t<div class=\"elementor-element elementor-element-109e8b78 e-flex e-con-boxed e-con e-child\" data-id=\"109e8b78\" data-element_type=\"container\">\n\t\t\t\t\t<div class=\"e-con-inner\">\n\t\t\t\t<div class=\"elementor-element elementor-element-c966e93 e-transform elementor-widget elementor-widget-html\" data-id=\"c966e93\" data-element_type=\"widget\" data-settings=\"{&quot;_transform_rotateZ_effect&quot;:{&quot;unit&quot;:&quot;px&quot;,&quot;size&quot;:0,&quot;sizes&quot;:[]},&quot;_transform_rotateZ_effect_widescreen&quot;:{&quot;unit&quot;:&quot;deg&quot;,&quot;size&quot;:&quot;&quot;,&quot;sizes&quot;:[]},&quot;_transform_rotateZ_effect_tablet&quot;:{&quot;unit&quot;:&quot;deg&quot;,&quot;size&quot;:&quot;&quot;,&quot;sizes&quot;:[]},&quot;_transform_rotateZ_effect_mobile&quot;:{&quot;unit&quot;:&quot;deg&quot;,&quot;size&quot;:&quot;&quot;,&quot;sizes&quot;:[]}}\" data-widget_type=\"html.default\">\n\t\t\t\t<div class=\"elementor-widget-container\">\n\t\t\t<a class=\"btn-payrexx btn-payrexx-modal\" href=\"https:\/\/fundacionnahuel.payrexx.com\/es\/pay?cid=0afc8660&amp;hide_description=1&amp;donation%5Bpreselect_interval%5D=one_time\">\n<span>Jetzt spenden<\/span>\n<\/a>\n<script src=\"https:\/\/cdnjs.cloudflare.com\/ajax\/libs\/jquery\/3.5.1\/jquery.min.js\" integrity=\"sha512-bLT0Qm9VnAYZDflyKcBaQ2gg0hSYNQrJ8RilYldYQ1FxQYoCLtUjuuRuZo+fjqhx\/qtq\/1itJ0C2ejDxltZVFg==\" crossorigin=\"anonymous\"><\/script>\n<script type=\"text\/javascript\" src=\"https:\/\/media.payrexx.com\/modal\/v1\/modal.min.js\"><\/script>\n<script type=\"text\/javascript\">\n    jQuery(\".btn-payrexx-modal\").payrexxModal();\n<\/script>\n\t\t<\/div>\n\t\t\t\t<\/div>\n\t\t\t\t\t<\/div>\n\t\t\t\t<\/div>\n\t\t\t\t<\/div>\n\t\t\t\t\t<\/div>\n\t\t\t\t<\/div>\n\t\t\t\t<\/div>\n\t\t<div class=\"elementor-element elementor-element-7bfa8de e-flex e-con-boxed e-con e-parent\" data-id=\"7bfa8de\" data-element_type=\"container\">\n\t\t\t\t\t<div class=\"e-con-inner\">\n\t\t<div class=\"elementor-element elementor-element-23a9b97 e-con-full e-flex e-con e-child\" data-id=\"23a9b97\" data-element_type=\"container\">\n\t\t<div class=\"elementor-element elementor-element-5756241 e-con-full e-flex e-con e-child\" data-id=\"5756241\" data-element_type=\"container\">\n\t\t<div class=\"elementor-element elementor-element-b469538 e-con-full e-flex e-con e-child\" data-id=\"b469538\" data-element_type=\"container\">\n\t\t\t\t<div class=\"elementor-element elementor-element-6aa2af1 acenter elementor-widget-image-box wgl-image-box elementor-widget elementor-widget-wgl-info-box\" data-id=\"6aa2af1\" data-element_type=\"widget\" data-widget_type=\"wgl-info-box.default\">\n\t\t\t\t<div class=\"elementor-widget-container\">\n\t\t\t<div class=\"wgl-infobox\"><div class=\"wgl-infobox_wrapper wgl-layout-top\"><div class=\"media-wrapper img-wrapper\"><figure class=\"wgl-image-box_img\"><span ><img decoding=\"async\" width=\"186\" height=\"186\" src=\"https:\/\/www.fundacionnahuel.org\/wp-content\/uploads\/2024\/11\/year-of-completion.png\" class=\"attachment-full size-full wp-image-15499\" alt=\"\" srcset=\"https:\/\/www.fundacionnahuel.org\/wp-content\/uploads\/2024\/11\/year-of-completion.png 186w, https:\/\/www.fundacionnahuel.org\/wp-content\/uploads\/2024\/11\/year-of-completion-150x150.png 150w\" sizes=\"(max-width: 186px) 100vw, 186px\" \/><\/span><\/figure><\/div><div class=\"content_wrapper\"><div class=\"wgl-infobox-title_wrapper\"><h2 class=\"wgl-infobox_title\"><span class=\"wgl-infobox_title-idle\">Jahr der Fertigstellung<\/span><\/h2><\/div><div class=\"wgl-infobox_content\"><p>2016<\/p><\/div><\/div><\/div><\/div>\t\t<\/div>\n\t\t\t\t<\/div>\n\t\t\t\t<\/div>\n\t\t\t\t<\/div>\n\t\t<div class=\"elementor-element elementor-element-a91560e e-flex e-con-boxed e-con e-child\" data-id=\"a91560e\" data-element_type=\"container\">\n\t\t\t\t\t<div class=\"e-con-inner\">\n\t\t<div class=\"elementor-element elementor-element-777c9b6 e-con-full e-flex e-con e-child\" data-id=\"777c9b6\" data-element_type=\"container\">\n\t\t\t\t<div class=\"elementor-element elementor-element-eb946a6 acenter elementor-widget-image-box wgl-image-box elementor-widget elementor-widget-wgl-info-box\" data-id=\"eb946a6\" data-element_type=\"widget\" data-widget_type=\"wgl-info-box.default\">\n\t\t\t\t<div class=\"elementor-widget-container\">\n\t\t\t<div class=\"wgl-infobox\"><div class=\"wgl-infobox_wrapper wgl-layout-top\"><div class=\"media-wrapper img-wrapper\"><figure class=\"wgl-image-box_img\"><span ><img decoding=\"async\" width=\"186\" height=\"186\" src=\"https:\/\/www.fundacionnahuel.org\/wp-content\/uploads\/2024\/11\/total-costs.png\" class=\"attachment-full size-full wp-image-15502\" alt=\"\" srcset=\"https:\/\/www.fundacionnahuel.org\/wp-content\/uploads\/2024\/11\/total-costs.png 186w, https:\/\/www.fundacionnahuel.org\/wp-content\/uploads\/2024\/11\/total-costs-150x150.png 150w\" sizes=\"(max-width: 186px) 100vw, 186px\" \/><\/span><\/figure><\/div><div class=\"content_wrapper\"><div class=\"wgl-infobox-title_wrapper\"><h2 class=\"wgl-infobox_title\"><span class=\"wgl-infobox_title-idle\">Gesamtkosten<\/span><\/h2><\/div><div class=\"wgl-infobox_content\"><p>Gesamtkosten: $75.200,00<br \/>Beitrag von Nahuel: 60.000,00 Beitrag der Gemeinde: $15.200,00<\/p><\/div><\/div><\/div><\/div>\t\t<\/div>\n\t\t\t\t<\/div>\n\t\t\t\t<\/div>\n\t\t\t\t\t<\/div>\n\t\t\t\t<\/div>\n\t\t<div class=\"elementor-element elementor-element-d6fa2a9 e-flex e-con-boxed e-con e-child\" data-id=\"d6fa2a9\" data-element_type=\"container\">\n\t\t\t\t\t<div class=\"e-con-inner\">\n\t\t<div class=\"elementor-element elementor-element-8d7c6f6 e-con-full e-flex e-con e-child\" data-id=\"8d7c6f6\" data-element_type=\"container\">\n\t\t\t\t<div class=\"elementor-element elementor-element-4836842 acenter elementor-widget-image-box wgl-image-box elementor-widget elementor-widget-wgl-info-box\" data-id=\"4836842\" data-element_type=\"widget\" data-widget_type=\"wgl-info-box.default\">\n\t\t\t\t<div class=\"elementor-widget-container\">\n\t\t\t<div class=\"wgl-infobox\"><div class=\"wgl-infobox_wrapper wgl-layout-top\"><div class=\"media-wrapper img-wrapper\"><figure class=\"wgl-image-box_img\"><span ><img loading=\"lazy\" decoding=\"async\" width=\"186\" height=\"186\" src=\"https:\/\/www.fundacionnahuel.org\/wp-content\/uploads\/2024\/11\/beneficiaries.png\" class=\"attachment-full size-full wp-image-15505\" alt=\"\" srcset=\"https:\/\/www.fundacionnahuel.org\/wp-content\/uploads\/2024\/11\/beneficiaries.png 186w, https:\/\/www.fundacionnahuel.org\/wp-content\/uploads\/2024\/11\/beneficiaries-150x150.png 150w\" sizes=\"(max-width: 186px) 100vw, 186px\" \/><\/span><\/figure><\/div><div class=\"content_wrapper\"><div class=\"wgl-infobox-title_wrapper\"><h2 class=\"wgl-infobox_title\"><span class=\"wgl-infobox_title-idle\">Beg\u00fcnstigte  <\/span><\/h2><\/div><div class=\"wgl-infobox_content\"><p>60 Kinder im Alter von 0-4 Jahren<\/p><\/div><\/div><\/div><\/div>\t\t<\/div>\n\t\t\t\t<\/div>\n\t\t\t\t<\/div>\n\t\t\t\t\t<\/div>\n\t\t\t\t<\/div>\n\t\t<div class=\"elementor-element elementor-element-e996f85 e-flex e-con-boxed e-con e-child\" data-id=\"e996f85\" data-element_type=\"container\">\n\t\t\t\t\t<div class=\"e-con-inner\">\n\t\t<div class=\"elementor-element elementor-element-3668cb2 e-con-full e-flex e-con e-child\" data-id=\"3668cb2\" data-element_type=\"container\">\n\t\t\t\t<div class=\"elementor-element elementor-element-b5a5f2d acenter elementor-widget-image-box wgl-image-box elementor-widget elementor-widget-wgl-info-box\" data-id=\"b5a5f2d\" data-element_type=\"widget\" data-widget_type=\"wgl-info-box.default\">\n\t\t\t\t<div class=\"elementor-widget-container\">\n\t\t\t<div class=\"wgl-infobox\"><div class=\"wgl-infobox_wrapper wgl-layout-top\"><div class=\"media-wrapper img-wrapper\"><figure class=\"wgl-image-box_img\"><span ><img loading=\"lazy\" decoding=\"async\" width=\"186\" height=\"186\" src=\"https:\/\/www.fundacionnahuel.org\/wp-content\/uploads\/2024\/11\/start-year.png\" class=\"attachment-full size-full wp-image-15496\" alt=\"\" srcset=\"https:\/\/www.fundacionnahuel.org\/wp-content\/uploads\/2024\/11\/start-year.png 186w, https:\/\/www.fundacionnahuel.org\/wp-content\/uploads\/2024\/11\/start-year-150x150.png 150w\" sizes=\"(max-width: 186px) 100vw, 186px\" \/><\/span><\/figure><\/div><div class=\"content_wrapper\"><div class=\"wgl-infobox-title_wrapper\"><h2 class=\"wgl-infobox_title\"><span class=\"wgl-infobox_title-idle\">Anfangsjahr<\/span><\/h2><\/div><div class=\"wgl-infobox_content\"><p><span>2015<\/span><\/p><\/div><\/div><\/div><\/div>\t\t<\/div>\n\t\t\t\t<\/div>\n\t\t\t\t<\/div>\n\t\t\t\t\t<\/div>\n\t\t\t\t<\/div>\n\t\t\t\t<\/div>\n\t\t<div class=\"elementor-element elementor-element-66fcf54c e-con-full e-flex e-con e-child\" data-id=\"66fcf54c\" data-element_type=\"container\">\n\t\t\t\t<div class=\"elementor-element elementor-element-7ffcec54 aleft elementor-widget elementor-widget-wgl-double-headings\" data-id=\"7ffcec54\" data-element_type=\"widget\" data-widget_type=\"wgl-double-headings.default\">\n\t\t\t\t<div class=\"elementor-widget-container\">\n\t\t\t        <div class=\"wgl-double_heading\">                <div class=\"dbl__subtitle\"><span>Fotogalerie:<\/span>                <\/div>        <\/div>\t\t<\/div>\n\t\t\t\t<\/div>\n\t\t\t\t<div class=\"elementor-element elementor-element-34848ba0 col-3 col-tablet-2 col-mobile-1 elementor-widget elementor-widget-wgl-gallery\" data-id=\"34848ba0\" data-element_type=\"widget\" data-widget_type=\"wgl-gallery.default\">\n\t\t\t\t<div class=\"elementor-widget-container\">\n\t\t\t<div class=\"wgl-gallery\"><div class=\"wgl-gallery_items gallery-carousel\"><div class=\"wgl-carousel_wrapper\"><div class=\"wgl-carousel pagination_line_circle pag_align_center\"><div class=\"wgl-carousel_slick\" data-slick='{\"slidesToShow\":3,\"slidesToScroll\":1,\"infinite\":true,\"variableWidth\":false,\"autoplay\":true,\"autoplaySpeed\":\"3000\",\"speed\":300,\"arrows\":true,\"dots\":true,\"adaptiveHeight\":false,\"responsive\":[{\"breakpoint\":0,\"settings\":{\"slidesToShow\":3,\"slidesToScroll\":1}},{\"breakpoint\":1024,\"settings\":{\"slidesToShow\":2,\"slidesToScroll\":1}},{\"breakpoint\":767,\"settings\":{\"slidesToShow\":1,\"slidesToScroll\":1}}]}'><div class=\"wgl-gallery_item-wrapper\"><a class=\"wgl-gallery_item\" data-elementor-open-lightbox=\"yes\" data-elementor-lightbox-slideshow=\"all-34848ba0\" data-elementor-lightbox-title=\"Guarder\u00eda In.Planchaloma\" data-e-action-hash=\"#elementor-action%3Aaction%3Dlightbox%26settings%3DeyJpZCI6MTY3NDMsInVybCI6Imh0dHBzOlwvXC93d3cuZnVuZGFjaW9ubmFodWVsLm9yZ1wvd3AtY29udGVudFwvdXBsb2Fkc1wvMjAyNFwvMTFcL0d1YXJkZXJpYS1Jbi5QbGFuY2hhbG9tYS1zY2FsZWQuanBnIiwic2xpZGVzaG93IjoiYWxsLTM0ODQ4YmEwIn0%3D\" href=\"https:\/\/www.fundacionnahuel.org\/wp-content\/uploads\/2024\/11\/Guarderia-In.Planchaloma-scaled.jpg\"><img decoding=\"async\" class=\"wgl-gallery_image\" src=\"https:\/\/www.fundacionnahuel.org\/wp-content\/uploads\/2024\/11\/Guarderia-In.Planchaloma-scaled-2560x2560.jpg\" alt=\"\"><\/a><\/div><div class=\"wgl-gallery_item-wrapper\"><a class=\"wgl-gallery_item\" data-elementor-open-lightbox=\"yes\" data-elementor-lightbox-slideshow=\"all-34848ba0\" data-elementor-lightbox-title=\"IMG_0084\" data-e-action-hash=\"#elementor-action%3Aaction%3Dlightbox%26settings%3DeyJpZCI6MTY3NDYsInVybCI6Imh0dHBzOlwvXC93d3cuZnVuZGFjaW9ubmFodWVsLm9yZ1wvd3AtY29udGVudFwvdXBsb2Fkc1wvMjAyNFwvMTFcL0lNR18wMDg0LXNjYWxlZC5qcGciLCJzbGlkZXNob3ciOiJhbGwtMzQ4NDhiYTAifQ%3D%3D\" href=\"https:\/\/www.fundacionnahuel.org\/wp-content\/uploads\/2024\/11\/IMG_0084-scaled.jpg\"><img decoding=\"async\" class=\"wgl-gallery_image\" src=\"https:\/\/www.fundacionnahuel.org\/wp-content\/uploads\/2024\/11\/IMG_0084-scaled-2560x2560.jpg\" alt=\"\"><\/a><\/div><div class=\"wgl-gallery_item-wrapper\"><a class=\"wgl-gallery_item\" data-elementor-open-lightbox=\"yes\" data-elementor-lightbox-slideshow=\"all-34848ba0\" data-elementor-lightbox-title=\"Ni\u00f1os Planchaloma\" data-e-action-hash=\"#elementor-action%3Aaction%3Dlightbox%26settings%3DeyJpZCI6MTY3MzcsInVybCI6Imh0dHBzOlwvXC93d3cuZnVuZGFjaW9ubmFodWVsLm9yZ1wvd3AtY29udGVudFwvdXBsb2Fkc1wvMjAyNFwvMTFcL05pbm9zLVBsYW5jaGFsb21hLXNjYWxlZC5qcGciLCJzbGlkZXNob3ciOiJhbGwtMzQ4NDhiYTAifQ%3D%3D\" href=\"https:\/\/www.fundacionnahuel.org\/wp-content\/uploads\/2024\/11\/Ninos-Planchaloma-scaled.jpg\"><img decoding=\"async\" class=\"wgl-gallery_image\" src=\"https:\/\/www.fundacionnahuel.org\/wp-content\/uploads\/2024\/11\/Ninos-Planchaloma-scaled-2560x2560.jpg\" alt=\"\"><\/a><\/div><div class=\"wgl-gallery_item-wrapper\"><a class=\"wgl-gallery_item\" data-elementor-open-lightbox=\"yes\" data-elementor-lightbox-slideshow=\"all-34848ba0\" data-elementor-lightbox-title=\"Planchaloma-Guarder\u00eda\" data-e-action-hash=\"#elementor-action%3Aaction%3Dlightbox%26settings%3DeyJpZCI6MTY3NDAsInVybCI6Imh0dHBzOlwvXC93d3cuZnVuZGFjaW9ubmFodWVsLm9yZ1wvd3AtY29udGVudFwvdXBsb2Fkc1wvMjAyNFwvMTFcL1BsYW5jaGFsb21hLUd1YXJkZXJpYS0xLXNjYWxlZC5qcGciLCJzbGlkZXNob3ciOiJhbGwtMzQ4NDhiYTAifQ%3D%3D\" href=\"https:\/\/www.fundacionnahuel.org\/wp-content\/uploads\/2024\/11\/Planchaloma-Guarderia-1-scaled.jpg\"><img decoding=\"async\" class=\"wgl-gallery_image\" src=\"https:\/\/www.fundacionnahuel.org\/wp-content\/uploads\/2024\/11\/Planchaloma-Guarderia-1-scaled-2560x2560.jpg\" alt=\"\"><\/a><\/div><\/div><\/div><\/div><\/div><\/div>\t\t<\/div>\n\t\t\t\t<\/div>\n\t\t\t\t<\/div>\n\t\t\t\t\t<\/div>\n\t\t\t\t<\/div>\n\t\t\t\t<\/div>\n\t\t","protected":false},"excerpt":{"rendered":"<p>Versorgung von Kindern im Alter von 0-4 Jahren in diesem Gebiet mit angemessener Infrastruktur und Ern\u00e4hrung.<\/p>\n","protected":false},"author":7,"featured_media":15930,"menu_order":0,"comment_status":"closed","ping_status":"closed","template":"","portfolio-category":[131,125],"portfolio-tag":[],"class_list":["post-16790","portfolio","type-portfolio","status-publish","has-post-thumbnail","hentry","portfolio-category-ausbildung","portfolio-category-gesundheit"],"yoast_head":"<!-- This site is optimized with the Yoast SEO plugin v27.5 - https:\/\/yoast.com\/product\/yoast-seo-wordpress\/ -->\n<title>Planchaloma-Kindergarten - Fundaci\u00f3n Nahuel<\/title>\n<meta name=\"robots\" content=\"index, follow, max-snippet:-1, max-image-preview:large, max-video-preview:-1\" \/>\n<link rel=\"canonical\" href=\"https:\/\/www.fundacionnahuel.org\/de\/portfolio\/planchaloma-kindergarten\/\" \/>\n<meta property=\"og:locale\" content=\"de_DE\" \/>\n<meta property=\"og:type\" content=\"article\" \/>\n<meta property=\"og:title\" content=\"Planchaloma-Kindergarten - Fundaci\u00f3n Nahuel\" \/>\n<meta property=\"og:description\" content=\"Versorgung von Kindern im Alter von 0-4 Jahren in diesem Gebiet mit angemessener Infrastruktur und Ern\u00e4hrung.\" \/>\n<meta property=\"og:url\" content=\"https:\/\/www.fundacionnahuel.org\/de\/portfolio\/planchaloma-kindergarten\/\" \/>\n<meta property=\"og:site_name\" content=\"Fundaci\u00f3n Nahuel\" \/>\n<meta property=\"article:modified_time\" content=\"2025-06-25T08:21:21+00:00\" \/>\n<meta property=\"og:image\" content=\"https:\/\/www.fundacionnahuel.org\/wp-content\/uploads\/2024\/11\/Planchaloma-Guarderia-scaled.jpg\" \/>\n\t<meta property=\"og:image:width\" content=\"2560\" \/>\n\t<meta property=\"og:image:height\" content=\"1707\" \/>\n\t<meta property=\"og:image:type\" content=\"image\/jpeg\" \/>\n<meta name=\"twitter:card\" content=\"summary_large_image\" \/>\n<meta name=\"twitter:label1\" content=\"Gesch\u00e4tzte Lesezeit\" \/>\n\t<meta name=\"twitter:data1\" content=\"6\u00a0Minuten\" \/>\n<script type=\"application\/ld+json\" class=\"yoast-schema-graph\">{\"@context\":\"https:\\\/\\\/schema.org\",\"@graph\":[{\"@type\":\"WebPage\",\"@id\":\"https:\\\/\\\/www.fundacionnahuel.org\\\/de\\\/portfolio\\\/planchaloma-kindergarten\\\/\",\"url\":\"https:\\\/\\\/www.fundacionnahuel.org\\\/de\\\/portfolio\\\/planchaloma-kindergarten\\\/\",\"name\":\"Planchaloma-Kindergarten - Fundaci\u00f3n Nahuel\",\"isPartOf\":{\"@id\":\"https:\\\/\\\/www.fundacionnahuel.org\\\/de\\\/#website\"},\"primaryImageOfPage\":{\"@id\":\"https:\\\/\\\/www.fundacionnahuel.org\\\/de\\\/portfolio\\\/planchaloma-kindergarten\\\/#primaryimage\"},\"image\":{\"@id\":\"https:\\\/\\\/www.fundacionnahuel.org\\\/de\\\/portfolio\\\/planchaloma-kindergarten\\\/#primaryimage\"},\"thumbnailUrl\":\"https:\\\/\\\/www.fundacionnahuel.org\\\/wp-content\\\/uploads\\\/2024\\\/11\\\/Planchaloma-Guarderia-scaled.jpg\",\"datePublished\":\"2024-11-13T09:43:47+00:00\",\"dateModified\":\"2025-06-25T08:21:21+00:00\",\"breadcrumb\":{\"@id\":\"https:\\\/\\\/www.fundacionnahuel.org\\\/de\\\/portfolio\\\/planchaloma-kindergarten\\\/#breadcrumb\"},\"inLanguage\":\"de\",\"potentialAction\":[{\"@type\":\"ReadAction\",\"target\":[\"https:\\\/\\\/www.fundacionnahuel.org\\\/de\\\/portfolio\\\/planchaloma-kindergarten\\\/\"]}]},{\"@type\":\"ImageObject\",\"inLanguage\":\"de\",\"@id\":\"https:\\\/\\\/www.fundacionnahuel.org\\\/de\\\/portfolio\\\/planchaloma-kindergarten\\\/#primaryimage\",\"url\":\"https:\\\/\\\/www.fundacionnahuel.org\\\/wp-content\\\/uploads\\\/2024\\\/11\\\/Planchaloma-Guarderia-scaled.jpg\",\"contentUrl\":\"https:\\\/\\\/www.fundacionnahuel.org\\\/wp-content\\\/uploads\\\/2024\\\/11\\\/Planchaloma-Guarderia-scaled.jpg\",\"width\":2560,\"height\":1707},{\"@type\":\"BreadcrumbList\",\"@id\":\"https:\\\/\\\/www.fundacionnahuel.org\\\/de\\\/portfolio\\\/planchaloma-kindergarten\\\/#breadcrumb\",\"itemListElement\":[{\"@type\":\"ListItem\",\"position\":1,\"name\":\"Home\",\"item\":\"https:\\\/\\\/www.fundacionnahuel.org\\\/de\\\/\"},{\"@type\":\"ListItem\",\"position\":2,\"name\":\"Portfolio\",\"item\":\"https:\\\/\\\/www.fundacionnahuel.org\\\/de\\\/portfolio\\\/\"},{\"@type\":\"ListItem\",\"position\":3,\"name\":\"Planchaloma-Kindergarten\"}]},{\"@type\":\"WebSite\",\"@id\":\"https:\\\/\\\/www.fundacionnahuel.org\\\/de\\\/#website\",\"url\":\"https:\\\/\\\/www.fundacionnahuel.org\\\/de\\\/\",\"name\":\"Fundaci\u00f3n Nahuel\",\"description\":\"Transforming Lives Through Education and Care\",\"publisher\":{\"@id\":\"https:\\\/\\\/www.fundacionnahuel.org\\\/de\\\/#organization\"},\"alternateName\":\"Nahuel\",\"inLanguage\":\"de\"},{\"@type\":\"Organization\",\"@id\":\"https:\\\/\\\/www.fundacionnahuel.org\\\/de\\\/#organization\",\"name\":\"Fundaci\u00f3n Nahuel\",\"alternateName\":\"Nahuel\",\"url\":\"https:\\\/\\\/www.fundacionnahuel.org\\\/de\\\/\",\"logo\":{\"@type\":\"ImageObject\",\"inLanguage\":\"de\",\"@id\":\"https:\\\/\\\/www.fundacionnahuel.org\\\/de\\\/#\\\/schema\\\/logo\\\/image\\\/\",\"url\":\"https:\\\/\\\/www.fundacionnahuel.org\\\/wp-content\\\/uploads\\\/2025\\\/03\\\/Nahuel_Logo.jpg\",\"contentUrl\":\"https:\\\/\\\/www.fundacionnahuel.org\\\/wp-content\\\/uploads\\\/2025\\\/03\\\/Nahuel_Logo.jpg\",\"width\":696,\"height\":696,\"caption\":\"Fundaci\u00f3n Nahuel\"},\"image\":{\"@id\":\"https:\\\/\\\/www.fundacionnahuel.org\\\/de\\\/#\\\/schema\\\/logo\\\/image\\\/\"}}]}<\/script>\n<!-- \/ Yoast SEO plugin. -->","yoast_head_json":{"title":"Planchaloma-Kindergarten - Fundaci\u00f3n Nahuel","robots":{"index":"index","follow":"follow","max-snippet":"max-snippet:-1","max-image-preview":"max-image-preview:large","max-video-preview":"max-video-preview:-1"},"canonical":"https:\/\/www.fundacionnahuel.org\/de\/portfolio\/planchaloma-kindergarten\/","og_locale":"de_DE","og_type":"article","og_title":"Planchaloma-Kindergarten - Fundaci\u00f3n Nahuel","og_description":"Versorgung von Kindern im Alter von 0-4 Jahren in diesem Gebiet mit angemessener Infrastruktur und Ern\u00e4hrung.","og_url":"https:\/\/www.fundacionnahuel.org\/de\/portfolio\/planchaloma-kindergarten\/","og_site_name":"Fundaci\u00f3n Nahuel","article_modified_time":"2025-06-25T08:21:21+00:00","og_image":[{"width":2560,"height":1707,"url":"https:\/\/www.fundacionnahuel.org\/wp-content\/uploads\/2024\/11\/Planchaloma-Guarderia-scaled.jpg","type":"image\/jpeg"}],"twitter_card":"summary_large_image","twitter_misc":{"Gesch\u00e4tzte Lesezeit":"6\u00a0Minuten"},"schema":{"@context":"https:\/\/schema.org","@graph":[{"@type":"WebPage","@id":"https:\/\/www.fundacionnahuel.org\/de\/portfolio\/planchaloma-kindergarten\/","url":"https:\/\/www.fundacionnahuel.org\/de\/portfolio\/planchaloma-kindergarten\/","name":"Planchaloma-Kindergarten - Fundaci\u00f3n Nahuel","isPartOf":{"@id":"https:\/\/www.fundacionnahuel.org\/de\/#website"},"primaryImageOfPage":{"@id":"https:\/\/www.fundacionnahuel.org\/de\/portfolio\/planchaloma-kindergarten\/#primaryimage"},"image":{"@id":"https:\/\/www.fundacionnahuel.org\/de\/portfolio\/planchaloma-kindergarten\/#primaryimage"},"thumbnailUrl":"https:\/\/www.fundacionnahuel.org\/wp-content\/uploads\/2024\/11\/Planchaloma-Guarderia-scaled.jpg","datePublished":"2024-11-13T09:43:47+00:00","dateModified":"2025-06-25T08:21:21+00:00","breadcrumb":{"@id":"https:\/\/www.fundacionnahuel.org\/de\/portfolio\/planchaloma-kindergarten\/#breadcrumb"},"inLanguage":"de","potentialAction":[{"@type":"ReadAction","target":["https:\/\/www.fundacionnahuel.org\/de\/portfolio\/planchaloma-kindergarten\/"]}]},{"@type":"ImageObject","inLanguage":"de","@id":"https:\/\/www.fundacionnahuel.org\/de\/portfolio\/planchaloma-kindergarten\/#primaryimage","url":"https:\/\/www.fundacionnahuel.org\/wp-content\/uploads\/2024\/11\/Planchaloma-Guarderia-scaled.jpg","contentUrl":"https:\/\/www.fundacionnahuel.org\/wp-content\/uploads\/2024\/11\/Planchaloma-Guarderia-scaled.jpg","width":2560,"height":1707},{"@type":"BreadcrumbList","@id":"https:\/\/www.fundacionnahuel.org\/de\/portfolio\/planchaloma-kindergarten\/#breadcrumb","itemListElement":[{"@type":"ListItem","position":1,"name":"Home","item":"https:\/\/www.fundacionnahuel.org\/de\/"},{"@type":"ListItem","position":2,"name":"Portfolio","item":"https:\/\/www.fundacionnahuel.org\/de\/portfolio\/"},{"@type":"ListItem","position":3,"name":"Planchaloma-Kindergarten"}]},{"@type":"WebSite","@id":"https:\/\/www.fundacionnahuel.org\/de\/#website","url":"https:\/\/www.fundacionnahuel.org\/de\/","name":"Fundaci\u00f3n Nahuel","description":"Transforming Lives Through Education and Care","publisher":{"@id":"https:\/\/www.fundacionnahuel.org\/de\/#organization"},"alternateName":"Nahuel","inLanguage":"de"},{"@type":"Organization","@id":"https:\/\/www.fundacionnahuel.org\/de\/#organization","name":"Fundaci\u00f3n Nahuel","alternateName":"Nahuel","url":"https:\/\/www.fundacionnahuel.org\/de\/","logo":{"@type":"ImageObject","inLanguage":"de","@id":"https:\/\/www.fundacionnahuel.org\/de\/#\/schema\/logo\/image\/","url":"https:\/\/www.fundacionnahuel.org\/wp-content\/uploads\/2025\/03\/Nahuel_Logo.jpg","contentUrl":"https:\/\/www.fundacionnahuel.org\/wp-content\/uploads\/2025\/03\/Nahuel_Logo.jpg","width":696,"height":696,"caption":"Fundaci\u00f3n Nahuel"},"image":{"@id":"https:\/\/www.fundacionnahuel.org\/de\/#\/schema\/logo\/image\/"}}]}},"_links":{"self":[{"href":"https:\/\/www.fundacionnahuel.org\/de\/wp-json\/wp\/v2\/portfolio\/16790","targetHints":{"allow":["GET"]}}],"collection":[{"href":"https:\/\/www.fundacionnahuel.org\/de\/wp-json\/wp\/v2\/portfolio"}],"about":[{"href":"https:\/\/www.fundacionnahuel.org\/de\/wp-json\/wp\/v2\/types\/portfolio"}],"author":[{"embeddable":true,"href":"https:\/\/www.fundacionnahuel.org\/de\/wp-json\/wp\/v2\/users\/7"}],"replies":[{"embeddable":true,"href":"https:\/\/www.fundacionnahuel.org\/de\/wp-json\/wp\/v2\/comments?post=16790"}],"version-history":[{"count":9,"href":"https:\/\/www.fundacionnahuel.org\/de\/wp-json\/wp\/v2\/portfolio\/16790\/revisions"}],"predecessor-version":[{"id":18877,"href":"https:\/\/www.fundacionnahuel.org\/de\/wp-json\/wp\/v2\/portfolio\/16790\/revisions\/18877"}],"wp:featuredmedia":[{"embeddable":true,"href":"https:\/\/www.fundacionnahuel.org\/de\/wp-json\/wp\/v2\/media\/15930"}],"wp:attachment":[{"href":"https:\/\/www.fundacionnahuel.org\/de\/wp-json\/wp\/v2\/media?parent=16790"}],"wp:term":[{"taxonomy":"portfolio-category","embeddable":true,"href":"https:\/\/www.fundacionnahuel.org\/de\/wp-json\/wp\/v2\/portfolio-category?post=16790"},{"taxonomy":"portfolio-tag","embeddable":true,"href":"https:\/\/www.fundacionnahuel.org\/de\/wp-json\/wp\/v2\/portfolio-tag?post=16790"}],"curies":[{"name":"wp","href":"https:\/\/api.w.org\/{rel}","templated":true}]}}