{"id":16794,"date":"2024-11-13T10:07:04","date_gmt":"2024-11-13T09:07:04","guid":{"rendered":"https:\/\/fundacionnahuel.org\/stage2\/portfolio\/kinderzimmer-chumillos\/"},"modified":"2025-06-25T10:04:58","modified_gmt":"2025-06-25T09:04:58","slug":"kinderzimmer-chumillos","status":"publish","type":"portfolio","link":"https:\/\/www.fundacionnahuel.org\/de\/portfolio\/kinderzimmer-chumillos\/","title":{"rendered":"Mensa und Kindergarten in Chumillos"},"content":{"rendered":"\t\t<div data-elementor-type=\"wp-post\" data-elementor-id=\"16794\" class=\"elementor elementor-16794 elementor-16792\" data-elementor-post-type=\"portfolio\">\n\t\t\t\t<div class=\"elementor-element elementor-element-31606ab7 e-con-full e-flex e-con e-parent\" data-id=\"31606ab7\" data-element_type=\"container\">\n\t\t<div class=\"elementor-element elementor-element-d71f2ad e-con-full e-flex e-con e-child\" data-id=\"d71f2ad\" data-element_type=\"container\" data-settings=\"{&quot;background_background&quot;:&quot;classic&quot;}\">\n\t\t<div class=\"elementor-element elementor-element-b386153 e-flex e-con-boxed e-con e-child\" data-id=\"b386153\" data-element_type=\"container\">\n\t\t\t\t\t<div class=\"e-con-inner\">\n\t\t\t\t<div class=\"elementor-element elementor-element-00cd10c elementor-widget__width-initial elementor-widget-tablet__width-initial elementor-widget elementor-widget-heading\" data-id=\"00cd10c\" data-element_type=\"widget\" data-widget_type=\"heading.default\">\n\t\t\t\t<div class=\"elementor-widget-container\">\n\t\t\t<h2 class=\"elementor-heading-title elementor-size-default\">Mensa und Kindergarten in Chumillos<\/h2>\t\t<\/div>\n\t\t\t\t<\/div>\n\t\t\t\t\t<\/div>\n\t\t\t\t<\/div>\n\t\t\t\t<\/div>\n\t\t<div class=\"elementor-element elementor-element-de1e7be e-flex e-con-boxed e-con e-child\" data-id=\"de1e7be\" data-element_type=\"container\">\n\t\t\t\t\t<div class=\"e-con-inner\">\n\t\t<div class=\"elementor-element elementor-element-6ef4f767 e-con-full e-flex e-con e-child\" data-id=\"6ef4f767\" data-element_type=\"container\">\n\t\t<div class=\"elementor-element elementor-element-7e3b5888 e-transform e-con-full e-flex e-con e-child\" data-id=\"7e3b5888\" data-element_type=\"container\" data-settings=\"{&quot;_transform_scaleX_effect&quot;:{&quot;unit&quot;:&quot;px&quot;,&quot;size&quot;:&quot;&quot;,&quot;sizes&quot;:[]},&quot;_transform_scaleX_effect_widescreen&quot;:{&quot;unit&quot;:&quot;px&quot;,&quot;size&quot;:&quot;&quot;,&quot;sizes&quot;:[]},&quot;_transform_scaleX_effect_tablet&quot;:{&quot;unit&quot;:&quot;px&quot;,&quot;size&quot;:&quot;&quot;,&quot;sizes&quot;:[]},&quot;_transform_scaleX_effect_mobile&quot;:{&quot;unit&quot;:&quot;px&quot;,&quot;size&quot;:&quot;&quot;,&quot;sizes&quot;:[]},&quot;_transform_scaleY_effect&quot;:{&quot;unit&quot;:&quot;px&quot;,&quot;size&quot;:&quot;&quot;,&quot;sizes&quot;:[]},&quot;_transform_scaleY_effect_widescreen&quot;:{&quot;unit&quot;:&quot;px&quot;,&quot;size&quot;:&quot;&quot;,&quot;sizes&quot;:[]},&quot;_transform_scaleY_effect_tablet&quot;:{&quot;unit&quot;:&quot;px&quot;,&quot;size&quot;:&quot;&quot;,&quot;sizes&quot;:[]},&quot;_transform_scaleY_effect_mobile&quot;:{&quot;unit&quot;:&quot;px&quot;,&quot;size&quot;:&quot;&quot;,&quot;sizes&quot;:[]}}\">\n\t\t\t\t<div class=\"elementor-element elementor-element-b11f035 elementor-widget elementor-widget-heading\" data-id=\"b11f035\" data-element_type=\"widget\" data-widget_type=\"heading.default\">\n\t\t\t\t<div class=\"elementor-widget-container\">\n\t\t\t<h4 class=\"elementor-heading-title elementor-size-default\">Allgemeines Ziel:  <\/h4>\t\t<\/div>\n\t\t\t\t<\/div>\n\t\t\t\t<div class=\"elementor-element elementor-element-44b1f456 elementor-widget elementor-widget-text-editor\" data-id=\"44b1f456\" data-element_type=\"widget\" data-widget_type=\"text-editor.default\">\n\t\t\t\t<div class=\"elementor-widget-container\">\n\t\t\t\t\t\t\t<p data-renderer-start-pos=\"1\"><strong>Standort: Chumillos, Cayambe, Ecuador<\/strong><\/p><p>Bereitstellung einer angemessenen Infrastruktur in den 4 Gemeinden,\u00a0 um die Gesundheit und Ern\u00e4hrungssicherheit der Kinder zu gew\u00e4hrleisten.<\/p>\t\t\t\t\t\t<\/div>\n\t\t\t\t<\/div>\n\t\t\t\t<\/div>\n\t\t<div class=\"elementor-element elementor-element-31ae0da e-transform e-con-full e-flex e-con e-child\" data-id=\"31ae0da\" data-element_type=\"container\" data-settings=\"{&quot;_transform_scaleX_effect&quot;:{&quot;unit&quot;:&quot;px&quot;,&quot;size&quot;:&quot;&quot;,&quot;sizes&quot;:[]},&quot;_transform_scaleX_effect_widescreen&quot;:{&quot;unit&quot;:&quot;px&quot;,&quot;size&quot;:&quot;&quot;,&quot;sizes&quot;:[]},&quot;_transform_scaleX_effect_tablet&quot;:{&quot;unit&quot;:&quot;px&quot;,&quot;size&quot;:&quot;&quot;,&quot;sizes&quot;:[]},&quot;_transform_scaleX_effect_mobile&quot;:{&quot;unit&quot;:&quot;px&quot;,&quot;size&quot;:&quot;&quot;,&quot;sizes&quot;:[]},&quot;_transform_scaleY_effect&quot;:{&quot;unit&quot;:&quot;px&quot;,&quot;size&quot;:&quot;&quot;,&quot;sizes&quot;:[]},&quot;_transform_scaleY_effect_widescreen&quot;:{&quot;unit&quot;:&quot;px&quot;,&quot;size&quot;:&quot;&quot;,&quot;sizes&quot;:[]},&quot;_transform_scaleY_effect_tablet&quot;:{&quot;unit&quot;:&quot;px&quot;,&quot;size&quot;:&quot;&quot;,&quot;sizes&quot;:[]},&quot;_transform_scaleY_effect_mobile&quot;:{&quot;unit&quot;:&quot;px&quot;,&quot;size&quot;:&quot;&quot;,&quot;sizes&quot;:[]}}\">\n\t\t\t\t<div class=\"elementor-element elementor-element-24f9930 elementor-widget elementor-widget-heading\" data-id=\"24f9930\" data-element_type=\"widget\" data-widget_type=\"heading.default\">\n\t\t\t\t<div class=\"elementor-widget-container\">\n\t\t\t<h4 class=\"elementor-heading-title elementor-size-default\">Spezifisches Ziel:  <\/h4>\t\t<\/div>\n\t\t\t\t<\/div>\n\t\t\t\t<div class=\"elementor-element elementor-element-472c83d8 elementor-widget elementor-widget-text-editor\" data-id=\"472c83d8\" data-element_type=\"widget\" data-widget_type=\"text-editor.default\">\n\t\t\t\t<div class=\"elementor-widget-container\">\n\t\t\t\t\t\t\t<ul><li>Bau eines Esszimmers, einer K\u00fcche, einer Speisekammer und eines Badezimmers unter Einhaltung grundlegender Gesundheitsnormen.<\/li><li>Bau der Kindertagesst\u00e4tte<\/li><li>Schulung in Lebensmittelsicherheit, Umgang mit Lebensmitteln und Ern\u00e4hrung.<\/li><li>Gesundheitsf\u00f6rderung und Krankheitspr\u00e4vention<\/li><li>Umwelt und Gesundheit.<\/li><\/ul>\t\t\t\t\t\t<\/div>\n\t\t\t\t<\/div>\n\t\t\t\t<\/div>\n\t\t<div class=\"elementor-element elementor-element-6865c3e4 e-con-full e-flex e-con e-child\" data-id=\"6865c3e4\" data-element_type=\"container\">\n\t\t\t\t<div class=\"elementor-element elementor-element-73c59b8d elementor-widget elementor-widget-heading\" data-id=\"73c59b8d\" data-element_type=\"widget\" data-widget_type=\"heading.default\">\n\t\t\t\t<div class=\"elementor-widget-container\">\n\t\t\t<h4 class=\"elementor-heading-title elementor-size-default\">Beschreibung des Projekts:<\/h4>\t\t<\/div>\n\t\t\t\t<\/div>\n\t\t\t\t<div class=\"elementor-element elementor-element-2f5b1405 elementor-widget elementor-widget-text-editor\" data-id=\"2f5b1405\" data-element_type=\"widget\" data-widget_type=\"text-editor.default\">\n\t\t\t\t<div class=\"elementor-widget-container\">\n\t\t\t\t\t\t\t<p>Dieses Projekt wird in der Gemeinde Chumillos in der interkulturellen zweisprachigen Schule Inti Pakari durchgef\u00fchrt, da sie strategisch g\u00fcnstig gelegen ist, um die Bed\u00fcrfnisse der Kinder von vier indigenen Gemeinden zu erf\u00fcllen.<\/p><p>Es umfasst den Bau eines Speisesaals, einer K\u00fcche, von Toiletten und eines Kindergartens, damit die Kinder einen bequemen, warmen und trockenen Platz zum Essen haben, an dem sie gut versorgt und vor Wetter und Krankheiten gesch\u00fctzt werden.<\/p><p>Das Konzept der <strong>&#8220;Gesunden Schule&#8221;<\/strong> wird in diese Infrastruktur integriert, einschlie\u00dflich:<\/p><ol><li>Gesundheitsf\u00f6rderung,<\/li><li>Pr\u00e4vention von Krankheiten,<\/li><li>Ern\u00e4hrungstraining,<\/li><li>Ausbildung in der Handhabung, Zubereitung, Handhabung und Konservierung von Lebensmitteln,<\/li><li>Abfallwirtschaft und -entsorgung,<\/li><li>Ausbildung von Gesundheits- und Ern\u00e4hrungspromotoren,<\/li><li>Erste-Hilfe-Ausbildung und Verwaltung von Verbandsk\u00e4sten und Erste-Hilfe-K\u00e4sten<\/li><li>Schulgarten und Zucht von Kleintieren f\u00fcr den Verzehr von Schul- und Kindergartenkindern.<\/li><\/ol><p>Die Schule ist eine Ein-Lehrer-Schule und verf\u00fcgt rechtm\u00e4\u00dfig \u00fcber ausreichend Land, um die oben genannten Geb\u00e4ude, den Schulgarten und den Kleintierstall zu errichten, die den t\u00e4glichen N\u00e4hrstoffbedarf der Kinder decken werden.<\/p><p>Die <strong>vier Gemeinden<\/strong>, insbesondere Chumillos mit all seinen Basisorganisationen, dem Lehrer und den Gemeindevorstehern, haben lokale Arbeitskr\u00e4fte als Gegenleistung f\u00fcr den Bau verpflichtet.<\/p><p>Die meisten M\u00e4nner in der Gemeinde haben als Maurer im Baugewerbe gearbeitet, was sich positiv auf die Geschwindigkeit und Qualit\u00e4t der Bauarbeiten auswirken wird.<\/p>\t\t\t\t\t\t<\/div>\n\t\t\t\t<\/div>\n\t\t\t\t<\/div>\n\t\t<div class=\"elementor-element elementor-element-d0b4755 e-con-full elementor-hidden-desktop elementor-hidden-tablet elementor-hidden-mobile elementor-hidden-widescreen e-flex e-con e-child\" data-id=\"d0b4755\" data-element_type=\"container\">\n\t\t\t\t<div class=\"elementor-element elementor-element-14016f3 elementor-widget elementor-widget-heading\" data-id=\"14016f3\" data-element_type=\"widget\" data-widget_type=\"heading.default\">\n\t\t\t\t<div class=\"elementor-widget-container\">\n\t\t\t<h4 class=\"elementor-heading-title elementor-size-default\">Ergebnisse des Projekts:<\/h4>\t\t<\/div>\n\t\t\t\t<\/div>\n\t\t\t\t<div class=\"elementor-element elementor-element-361f297 elementor-widget elementor-widget-text-editor\" data-id=\"361f297\" data-element_type=\"widget\" data-widget_type=\"text-editor.default\">\n\t\t\t\t<div class=\"elementor-widget-container\">\n\t\t\t\t\t\t\t<p>Verbesserung des Bildungswesens in diesem Sektor und Schaffung von mehr M\u00f6glichkeiten f\u00fcr Kinder, die nicht zur Schule gehen.<\/p>\t\t\t\t\t\t<\/div>\n\t\t\t\t<\/div>\n\t\t\t\t<\/div>\n\t\t\t\t<\/div>\n\t\t<div class=\"elementor-element elementor-element-3bfb179b e-con-full e-flex e-con e-child\" data-id=\"3bfb179b\" data-element_type=\"container\">\n\t\t<div class=\"elementor-element elementor-element-105d1dd8 e-flex e-con-boxed e-con e-child\" data-id=\"105d1dd8\" data-element_type=\"container\">\n\t\t\t\t\t<div class=\"e-con-inner\">\n\t\t\t\t<div class=\"elementor-element elementor-element-2a5faeb0 acenter elementor-widget elementor-widget-wgl-double-headings\" data-id=\"2a5faeb0\" data-element_type=\"widget\" data-widget_type=\"wgl-double-headings.default\">\n\t\t\t\t<div class=\"elementor-widget-container\">\n\t\t\t        <div class=\"wgl-double_heading\">                <div class=\"dbl__subtitle\"><span>Projektzusch\u00fcsse:<\/span>                <\/div>        <\/div>\t\t<\/div>\n\t\t\t\t<\/div>\n\t\t\t\t<div class=\"elementor-element elementor-element-b681db2 acenter elementor-widget-image-box wgl-image-box elementor-widget elementor-widget-wgl-info-box\" data-id=\"b681db2\" data-element_type=\"widget\" data-widget_type=\"wgl-info-box.default\">\n\t\t\t\t<div class=\"elementor-widget-container\">\n\t\t\t<a class=\"wgl-infobox__link\" href=\"https:\/\/www.fundacionnahuel.org\/de\/humanitaere-hilfe\/soziales-wohlfahrtsfonds\/\"><\/a><div class=\"wgl-infobox\"><div class=\"wgl-infobox_wrapper wgl-layout-top\"><div class=\"media-wrapper img-wrapper\"><figure class=\"wgl-image-box_img\"><span ><img decoding=\"async\" width=\"186\" height=\"186\" src=\"https:\/\/www.fundacionnahuel.org\/wp-content\/uploads\/2024\/12\/social_care-1.png\" class=\"attachment-full size-full wp-image-15180\" alt=\"\" srcset=\"https:\/\/www.fundacionnahuel.org\/wp-content\/uploads\/2024\/12\/social_care-1.png 186w, https:\/\/www.fundacionnahuel.org\/wp-content\/uploads\/2024\/12\/social_care-1-150x150.png 150w\" sizes=\"(max-width: 186px) 100vw, 186px\" \/><\/span><\/figure><\/div><div class=\"content_wrapper\"><div class=\"wgl-infobox-title_wrapper\"><h3 class=\"wgl-infobox_title\"><span class=\"wgl-infobox_title-idle\">Sozialer Wohlfahrtsfonds<\/span><\/h3><\/div><div class=\"wgl-infobox_content\"><p>Schutz von verwaisten, verlassenen und gef\u00e4hrdeten Kindern durch sozialen Schutz und psychologische Unterst\u00fctzung.<\/p><\/div><\/div><\/div><\/div>\t\t<\/div>\n\t\t\t\t<\/div>\n\t\t\t\t<div class=\"elementor-element elementor-element-c50fd4c e-transform elementor-widget elementor-widget-html\" data-id=\"c50fd4c\" data-element_type=\"widget\" data-settings=\"{&quot;_transform_rotateZ_effect&quot;:{&quot;unit&quot;:&quot;px&quot;,&quot;size&quot;:0,&quot;sizes&quot;:[]},&quot;_transform_rotateZ_effect_widescreen&quot;:{&quot;unit&quot;:&quot;deg&quot;,&quot;size&quot;:&quot;&quot;,&quot;sizes&quot;:[]},&quot;_transform_rotateZ_effect_tablet&quot;:{&quot;unit&quot;:&quot;deg&quot;,&quot;size&quot;:&quot;&quot;,&quot;sizes&quot;:[]},&quot;_transform_rotateZ_effect_mobile&quot;:{&quot;unit&quot;:&quot;deg&quot;,&quot;size&quot;:&quot;&quot;,&quot;sizes&quot;:[]}}\" data-widget_type=\"html.default\">\n\t\t\t\t<div class=\"elementor-widget-container\">\n\t\t\t<a class=\"btn-payrexx btn-payrexx-modal\" href=\"https:\/\/fundacionnahuel.payrexx.com\/de\/pay?cid=0afc8660&amp;hide_description=1&amp;donation%5Bpreselect_interval%5D=one_time\">\n<span>Jetzt spenden<\/span>\n<\/a>\n<script src=\"https:\/\/cdnjs.cloudflare.com\/ajax\/libs\/jquery\/3.5.1\/jquery.min.js\" integrity=\"sha512-bLT0Qm9VnAYZDflyKcBaQ2gg0hSYNQrJ8RilYldYQ1FxQYoCLtUjuuRuZo+fjqhx\/qtq\/1itJ0C2ejDxltZVFg==\" crossorigin=\"anonymous\"><\/script>\n<script type=\"text\/javascript\" src=\"https:\/\/media.payrexx.com\/modal\/v1\/modal.min.js\"><\/script>\n<script type=\"text\/javascript\">\n    jQuery(\".btn-payrexx-modal\").payrexxModal();\n<\/script>\n\t\t<\/div>\n\t\t\t\t<\/div>\n\t\t\t\t\t<\/div>\n\t\t\t\t<\/div>\n\t\t\t\t<div class=\"elementor-element elementor-element-310cb296 elementor-widget elementor-widget-spacer\" data-id=\"310cb296\" data-element_type=\"widget\" data-widget_type=\"spacer.default\">\n\t\t\t\t<div class=\"elementor-widget-container\">\n\t\t\t\t\t<div class=\"elementor-spacer\">\n\t\t\t<div class=\"elementor-spacer-inner\"><\/div>\n\t\t<\/div>\n\t\t\t\t<\/div>\n\t\t\t\t<\/div>\n\t\t\t\t<div class=\"elementor-element elementor-element-52ef02e9 acenter elementor-widget elementor-widget-wgl-double-headings\" data-id=\"52ef02e9\" data-element_type=\"widget\" data-widget_type=\"wgl-double-headings.default\">\n\t\t\t\t<div class=\"elementor-widget-container\">\n\t\t\t        <div class=\"wgl-double_heading\">                <div class=\"dbl__subtitle\"><span>Standort des Projekts:<\/span>                <\/div>        <\/div>\t\t<\/div>\n\t\t\t\t<\/div>\n\t\t\t\t<div class=\"elementor-element elementor-element-49e386e6 elementor-widget elementor-widget-google_maps\" data-id=\"49e386e6\" data-element_type=\"widget\" data-widget_type=\"google_maps.default\">\n\t\t\t\t<div class=\"elementor-widget-container\">\n\t\t\t\t\t<div class=\"elementor-custom-embed\">\n\t\t\t<iframe loading=\"lazy\"\n\t\t\t\t\tsrc=\"https:\/\/www.google.com\/maps\/embed\/v1\/place?key=AIzaSyBnCErbNirBcjMlSG7QXDWh4yna9ijxAJE&#038;q=-0.10141569483254141%2C%20-78.22731909080505&#038;zoom=6\"\n\t\t\t\t\ttitle=\"-0.10141569483254141, -78.22731909080505\"\n\t\t\t\t\taria-label=\"-0.10141569483254141, -78.22731909080505\"\n\t\t\t><\/iframe>\n\t\t<\/div>\n\t\t\t\t<\/div>\n\t\t\t\t<\/div>\n\t\t<div class=\"elementor-element elementor-element-1e02b503 elementor-hidden-desktop elementor-hidden-tablet elementor-hidden-mobile elementor-hidden-widescreen e-flex e-con-boxed e-con e-child\" data-id=\"1e02b503\" data-element_type=\"container\">\n\t\t\t\t\t<div class=\"e-con-inner\">\n\t\t\t\t<div class=\"elementor-element elementor-element-26a03aa4 elementor-widget elementor-widget-spacer\" data-id=\"26a03aa4\" data-element_type=\"widget\" data-widget_type=\"spacer.default\">\n\t\t\t\t<div class=\"elementor-widget-container\">\n\t\t\t\t\t<div class=\"elementor-spacer\">\n\t\t\t<div class=\"elementor-spacer-inner\"><\/div>\n\t\t<\/div>\n\t\t\t\t<\/div>\n\t\t\t\t<\/div>\n\t\t\t\t<div class=\"elementor-element elementor-element-4267a186 aleft elementor-widget elementor-widget-wgl-double-headings\" data-id=\"4267a186\" data-element_type=\"widget\" data-widget_type=\"wgl-double-headings.default\">\n\t\t\t\t<div class=\"elementor-widget-container\">\n\t\t\t        <div class=\"wgl-double_heading\">                <div class=\"dbl__subtitle\"><span>Video:<\/span>                <\/div>        <\/div>\t\t<\/div>\n\t\t\t\t<\/div>\n\t\t<div class=\"elementor-element elementor-element-132df3eb e-con-full e-flex e-con e-child\" data-id=\"132df3eb\" data-element_type=\"container\" data-settings=\"{&quot;background_background&quot;:&quot;slideshow&quot;,&quot;background_slideshow_gallery&quot;:[{&quot;id&quot;:9581,&quot;url&quot;:&quot;https:\\\/\\\/www.fundacionnahuel.org\\\/wp-content\\\/uploads\\\/2024\\\/01\\\/C.Marco-Nahuel-Modulo-2-scaled.jpg&quot;}],&quot;background_slideshow_loop&quot;:&quot;yes&quot;,&quot;background_slideshow_slide_duration&quot;:5000,&quot;background_slideshow_slide_transition&quot;:&quot;fade&quot;,&quot;background_slideshow_transition_duration&quot;:500}\">\n\t\t\t\t<div class=\"elementor-element elementor-element-698e7d19 align-left elementor-widget elementor-widget-wgl-video-popup\" data-id=\"698e7d19\" data-element_type=\"widget\" data-widget_type=\"wgl-video-popup.default\">\n\t\t\t\t<div class=\"elementor-widget-container\">\n\t\t\t<div class=\"wgl-video_popup  title_pos-right  \"><div class=\"videobox_content\"><h3 class=\"title\">Video ansehen<\/h3><div class=\"videobox_link videobox\" data-elementor-open-lightbox=\"yes\" data-elementor-lightbox=\"{&quot;type&quot;:&quot;video&quot;,&quot;url&quot;:null,&quot;modalOptions&quot;:{&quot;id&quot;:&quot;elementor-lightbox-698e7d19&quot;}}\"><svg class=\"videobox_icon\" viewBox=\"0 0 10 10\"><polygon points=\"1,0 1,10 8.5,5\"\/><\/svg><\/div><\/div><\/div>\t\t<\/div>\n\t\t\t\t<\/div>\n\t\t\t\t<\/div>\n\t\t\t\t\t<\/div>\n\t\t\t\t<\/div>\n\t\t<div class=\"elementor-element elementor-element-109e8b78 e-flex e-con-boxed e-con e-child\" data-id=\"109e8b78\" data-element_type=\"container\">\n\t\t\t\t\t<div class=\"e-con-inner\">\n\t\t\t\t\t<\/div>\n\t\t\t\t<\/div>\n\t\t\t\t<\/div>\n\t\t\t\t\t<\/div>\n\t\t\t\t<\/div>\n\t\t\t\t<\/div>\n\t\t<div class=\"elementor-element elementor-element-2e440b8 e-flex e-con-boxed e-con e-parent\" data-id=\"2e440b8\" data-element_type=\"container\">\n\t\t\t\t\t<div class=\"e-con-inner\">\n\t\t<div class=\"elementor-element elementor-element-be602ff e-con-full e-flex e-con e-child\" data-id=\"be602ff\" data-element_type=\"container\">\n\t\t<div class=\"elementor-element elementor-element-d482b28 e-con-full e-flex e-con e-child\" data-id=\"d482b28\" data-element_type=\"container\">\n\t\t<div class=\"elementor-element elementor-element-7ceb162 e-con-full e-flex e-con e-child\" data-id=\"7ceb162\" data-element_type=\"container\">\n\t\t\t\t<div class=\"elementor-element elementor-element-33d4113 acenter elementor-widget-image-box wgl-image-box elementor-widget elementor-widget-wgl-info-box\" data-id=\"33d4113\" data-element_type=\"widget\" data-widget_type=\"wgl-info-box.default\">\n\t\t\t\t<div class=\"elementor-widget-container\">\n\t\t\t<div class=\"wgl-infobox\"><div class=\"wgl-infobox_wrapper wgl-layout-top\"><div class=\"media-wrapper img-wrapper\"><figure class=\"wgl-image-box_img\"><span ><img decoding=\"async\" width=\"186\" height=\"186\" src=\"https:\/\/www.fundacionnahuel.org\/wp-content\/uploads\/2024\/11\/year-of-completion.png\" class=\"attachment-full size-full wp-image-15499\" alt=\"\" srcset=\"https:\/\/www.fundacionnahuel.org\/wp-content\/uploads\/2024\/11\/year-of-completion.png 186w, https:\/\/www.fundacionnahuel.org\/wp-content\/uploads\/2024\/11\/year-of-completion-150x150.png 150w\" sizes=\"(max-width: 186px) 100vw, 186px\" \/><\/span><\/figure><\/div><div class=\"content_wrapper\"><div class=\"wgl-infobox-title_wrapper\"><h2 class=\"wgl-infobox_title\"><span class=\"wgl-infobox_title-idle\">Jahr der Fertigstellung<\/span><\/h2><\/div><div class=\"wgl-infobox_content\"><p>2014<\/p><\/div><\/div><\/div><\/div>\t\t<\/div>\n\t\t\t\t<\/div>\n\t\t\t\t<\/div>\n\t\t\t\t<\/div>\n\t\t<div class=\"elementor-element elementor-element-ce905f0 e-flex e-con-boxed e-con e-child\" data-id=\"ce905f0\" data-element_type=\"container\">\n\t\t\t\t\t<div class=\"e-con-inner\">\n\t\t<div class=\"elementor-element elementor-element-f5c80c1 e-con-full e-flex e-con e-child\" data-id=\"f5c80c1\" data-element_type=\"container\">\n\t\t\t\t<div class=\"elementor-element elementor-element-4651acf acenter elementor-widget-image-box wgl-image-box elementor-widget elementor-widget-wgl-info-box\" data-id=\"4651acf\" data-element_type=\"widget\" data-widget_type=\"wgl-info-box.default\">\n\t\t\t\t<div class=\"elementor-widget-container\">\n\t\t\t<div class=\"wgl-infobox\"><div class=\"wgl-infobox_wrapper wgl-layout-top\"><div class=\"media-wrapper img-wrapper\"><figure class=\"wgl-image-box_img\"><span ><img decoding=\"async\" width=\"186\" height=\"186\" src=\"https:\/\/www.fundacionnahuel.org\/wp-content\/uploads\/2024\/11\/total-costs.png\" class=\"attachment-full size-full wp-image-15502\" alt=\"\" srcset=\"https:\/\/www.fundacionnahuel.org\/wp-content\/uploads\/2024\/11\/total-costs.png 186w, https:\/\/www.fundacionnahuel.org\/wp-content\/uploads\/2024\/11\/total-costs-150x150.png 150w\" sizes=\"(max-width: 186px) 100vw, 186px\" \/><\/span><\/figure><\/div><div class=\"content_wrapper\"><div class=\"wgl-infobox-title_wrapper\"><h2 class=\"wgl-infobox_title\"><span class=\"wgl-infobox_title-idle\">Gesamtkosten<\/span><\/h2><\/div><div class=\"wgl-infobox_content\"><p>$151,487.37<\/p><\/div><\/div><\/div><\/div>\t\t<\/div>\n\t\t\t\t<\/div>\n\t\t\t\t<\/div>\n\t\t\t\t\t<\/div>\n\t\t\t\t<\/div>\n\t\t<div class=\"elementor-element elementor-element-4da05ff e-flex e-con-boxed e-con e-child\" data-id=\"4da05ff\" data-element_type=\"container\">\n\t\t\t\t\t<div class=\"e-con-inner\">\n\t\t<div class=\"elementor-element elementor-element-653a02d e-con-full e-flex e-con e-child\" data-id=\"653a02d\" data-element_type=\"container\">\n\t\t\t\t<div class=\"elementor-element elementor-element-736d86b acenter elementor-widget-image-box wgl-image-box elementor-widget elementor-widget-wgl-info-box\" data-id=\"736d86b\" data-element_type=\"widget\" data-widget_type=\"wgl-info-box.default\">\n\t\t\t\t<div class=\"elementor-widget-container\">\n\t\t\t<div class=\"wgl-infobox\"><div class=\"wgl-infobox_wrapper wgl-layout-top\"><div class=\"media-wrapper img-wrapper\"><figure class=\"wgl-image-box_img\"><span ><img loading=\"lazy\" decoding=\"async\" width=\"186\" height=\"186\" src=\"https:\/\/www.fundacionnahuel.org\/wp-content\/uploads\/2024\/11\/beneficiaries.png\" class=\"attachment-full size-full wp-image-15505\" alt=\"\" srcset=\"https:\/\/www.fundacionnahuel.org\/wp-content\/uploads\/2024\/11\/beneficiaries.png 186w, https:\/\/www.fundacionnahuel.org\/wp-content\/uploads\/2024\/11\/beneficiaries-150x150.png 150w\" sizes=\"(max-width: 186px) 100vw, 186px\" \/><\/span><\/figure><\/div><div class=\"content_wrapper\"><div class=\"wgl-infobox-title_wrapper\"><h2 class=\"wgl-infobox_title\"><span class=\"wgl-infobox_title-idle\">Beg\u00fcnstigte  <\/span><\/h2><\/div><div class=\"wgl-infobox_content\"><p>250 Kinder  <\/p><\/div><\/div><\/div><\/div>\t\t<\/div>\n\t\t\t\t<\/div>\n\t\t\t\t<\/div>\n\t\t\t\t\t<\/div>\n\t\t\t\t<\/div>\n\t\t<div class=\"elementor-element elementor-element-860e932 e-flex e-con-boxed e-con e-child\" data-id=\"860e932\" data-element_type=\"container\">\n\t\t\t\t\t<div class=\"e-con-inner\">\n\t\t<div class=\"elementor-element elementor-element-76376f0 e-con-full e-flex e-con e-child\" data-id=\"76376f0\" data-element_type=\"container\">\n\t\t\t\t<div class=\"elementor-element elementor-element-c74c7c6 acenter elementor-widget-image-box wgl-image-box elementor-widget elementor-widget-wgl-info-box\" data-id=\"c74c7c6\" data-element_type=\"widget\" data-widget_type=\"wgl-info-box.default\">\n\t\t\t\t<div class=\"elementor-widget-container\">\n\t\t\t<div class=\"wgl-infobox\"><div class=\"wgl-infobox_wrapper wgl-layout-top\"><div class=\"media-wrapper img-wrapper\"><figure class=\"wgl-image-box_img\"><span ><img loading=\"lazy\" decoding=\"async\" width=\"186\" height=\"186\" src=\"https:\/\/www.fundacionnahuel.org\/wp-content\/uploads\/2024\/11\/start-year.png\" class=\"attachment-full size-full wp-image-15496\" alt=\"\" srcset=\"https:\/\/www.fundacionnahuel.org\/wp-content\/uploads\/2024\/11\/start-year.png 186w, https:\/\/www.fundacionnahuel.org\/wp-content\/uploads\/2024\/11\/start-year-150x150.png 150w\" sizes=\"(max-width: 186px) 100vw, 186px\" \/><\/span><\/figure><\/div><div class=\"content_wrapper\"><div class=\"wgl-infobox-title_wrapper\"><h2 class=\"wgl-infobox_title\"><span class=\"wgl-infobox_title-idle\">Anfangsjahr<\/span><\/h2><\/div><div class=\"wgl-infobox_content\"><p><span>2011<\/span><\/p><\/div><\/div><\/div><\/div>\t\t<\/div>\n\t\t\t\t<\/div>\n\t\t\t\t<\/div>\n\t\t\t\t\t<\/div>\n\t\t\t\t<\/div>\n\t\t\t\t<\/div>\n\t\t\t\t\t<\/div>\n\t\t\t\t<\/div>\n\t\t<div class=\"elementor-element elementor-element-cf61865 e-flex e-con-boxed e-con e-child\" data-id=\"cf61865\" data-element_type=\"container\">\n\t\t\t\t\t<div class=\"e-con-inner\">\n\t\t\t\t<div class=\"elementor-element elementor-element-c928184 aleft elementor-widget elementor-widget-wgl-double-headings\" data-id=\"c928184\" data-element_type=\"widget\" data-widget_type=\"wgl-double-headings.default\">\n\t\t\t\t<div class=\"elementor-widget-container\">\n\t\t\t        <div class=\"wgl-double_heading\">                <div class=\"dbl__subtitle\"><span>Fotogalerie:<\/span>                <\/div>        <\/div>\t\t<\/div>\n\t\t\t\t<\/div>\n\t\t\t\t<div class=\"elementor-element elementor-element-4e927c9 col-3 col-tablet-2 col-mobile-1 elementor-widget elementor-widget-wgl-gallery\" data-id=\"4e927c9\" data-element_type=\"widget\" data-widget_type=\"wgl-gallery.default\">\n\t\t\t\t<div class=\"elementor-widget-container\">\n\t\t\t<div class=\"wgl-gallery\"><div class=\"wgl-gallery_items gallery-carousel\"><div class=\"wgl-carousel_wrapper\"><div class=\"wgl-carousel pagination_line_circle pag_align_center\"><div class=\"wgl-carousel_slick\" data-slick='{\"slidesToShow\":3,\"slidesToScroll\":1,\"infinite\":true,\"variableWidth\":false,\"autoplay\":true,\"autoplaySpeed\":\"3000\",\"speed\":300,\"arrows\":true,\"dots\":true,\"adaptiveHeight\":false,\"responsive\":[{\"breakpoint\":0,\"settings\":{\"slidesToShow\":3,\"slidesToScroll\":1}},{\"breakpoint\":1024,\"settings\":{\"slidesToShow\":2,\"slidesToScroll\":1}},{\"breakpoint\":767,\"settings\":{\"slidesToShow\":1,\"slidesToScroll\":1}}]}'><div class=\"wgl-gallery_item-wrapper\"><a class=\"wgl-gallery_item\" data-elementor-open-lightbox=\"yes\" data-elementor-lightbox-slideshow=\"all-4e927c9\" data-elementor-lightbox-title=\"P1010724\" data-e-action-hash=\"#elementor-action%3Aaction%3Dlightbox%26settings%3DeyJpZCI6MTM2MTUsInVybCI6Imh0dHBzOlwvXC93d3cuZnVuZGFjaW9ubmFodWVsLm9yZ1wvd3AtY29udGVudFwvdXBsb2Fkc1wvMjAyNFwvMTFcL1AxMDEwNzI0LmpwZyIsInNsaWRlc2hvdyI6ImFsbC00ZTkyN2M5In0%3D\" href=\"https:\/\/www.fundacionnahuel.org\/wp-content\/uploads\/2024\/11\/P1010724.jpg\"><img decoding=\"async\" class=\"wgl-gallery_image\" src=\"https:\/\/www.fundacionnahuel.org\/wp-content\/uploads\/2024\/11\/P1010724-2560x2560.jpg\" alt=\"\"><\/a><\/div><div class=\"wgl-gallery_item-wrapper\"><a class=\"wgl-gallery_item\" data-elementor-open-lightbox=\"yes\" data-elementor-lightbox-slideshow=\"all-4e927c9\" data-elementor-lightbox-title=\"23.Proceso Constructivo\" data-e-action-hash=\"#elementor-action%3Aaction%3Dlightbox%26settings%3DeyJpZCI6MTM2NjYsInVybCI6Imh0dHBzOlwvXC93d3cuZnVuZGFjaW9ubmFodWVsLm9yZ1wvd3AtY29udGVudFwvdXBsb2Fkc1wvMjAyNFwvMTFcLzIzLlByb2Nlc28tQ29uc3RydWN0aXZvLmpwZyIsInNsaWRlc2hvdyI6ImFsbC00ZTkyN2M5In0%3D\" href=\"https:\/\/www.fundacionnahuel.org\/wp-content\/uploads\/2024\/11\/23.Proceso-Constructivo.jpg\"><img decoding=\"async\" class=\"wgl-gallery_image\" src=\"https:\/\/www.fundacionnahuel.org\/wp-content\/uploads\/2024\/11\/23.Proceso-Constructivo-2560x2560.jpg\" alt=\"\"><\/a><\/div><div class=\"wgl-gallery_item-wrapper\"><a class=\"wgl-gallery_item\" data-elementor-open-lightbox=\"yes\" data-elementor-lightbox-slideshow=\"all-4e927c9\" data-elementor-lightbox-title=\"P1010890\" data-e-action-hash=\"#elementor-action%3Aaction%3Dlightbox%26settings%3DeyJpZCI6MTM2MTIsInVybCI6Imh0dHBzOlwvXC93d3cuZnVuZGFjaW9ubmFodWVsLm9yZ1wvd3AtY29udGVudFwvdXBsb2Fkc1wvMjAyNFwvMTFcL1AxMDEwODkwLXNjYWxlZC5qcGciLCJzbGlkZXNob3ciOiJhbGwtNGU5MjdjOSJ9\" href=\"https:\/\/www.fundacionnahuel.org\/wp-content\/uploads\/2024\/11\/P1010890-scaled.jpg\"><img decoding=\"async\" class=\"wgl-gallery_image\" src=\"https:\/\/www.fundacionnahuel.org\/wp-content\/uploads\/2024\/11\/P1010890-scaled-2560x2560.jpg\" alt=\"\"><\/a><\/div><div class=\"wgl-gallery_item-wrapper\"><a class=\"wgl-gallery_item\" data-elementor-open-lightbox=\"yes\" data-elementor-lightbox-slideshow=\"all-4e927c9\" data-elementor-lightbox-title=\"P1020302\" data-e-action-hash=\"#elementor-action%3Aaction%3Dlightbox%26settings%3DeyJpZCI6MTM2MDYsInVybCI6Imh0dHBzOlwvXC93d3cuZnVuZGFjaW9ubmFodWVsLm9yZ1wvd3AtY29udGVudFwvdXBsb2Fkc1wvMjAyNFwvMTFcL1AxMDIwMzAyLmpwZyIsInNsaWRlc2hvdyI6ImFsbC00ZTkyN2M5In0%3D\" href=\"https:\/\/www.fundacionnahuel.org\/wp-content\/uploads\/2024\/11\/P1020302.jpg\"><img decoding=\"async\" class=\"wgl-gallery_image\" src=\"https:\/\/www.fundacionnahuel.org\/wp-content\/uploads\/2024\/11\/P1020302-2560x2560.jpg\" alt=\"\"><\/a><\/div><div class=\"wgl-gallery_item-wrapper\"><a class=\"wgl-gallery_item\" data-elementor-open-lightbox=\"yes\" data-elementor-lightbox-slideshow=\"all-4e927c9\" data-elementor-lightbox-title=\"26.Proceso Constructivo\" data-e-action-hash=\"#elementor-action%3Aaction%3Dlightbox%26settings%3DeyJpZCI6MTM2NjMsInVybCI6Imh0dHBzOlwvXC93d3cuZnVuZGFjaW9ubmFodWVsLm9yZ1wvd3AtY29udGVudFwvdXBsb2Fkc1wvMjAyNFwvMTFcLzI2LlByb2Nlc28tQ29uc3RydWN0aXZvLmpwZyIsInNsaWRlc2hvdyI6ImFsbC00ZTkyN2M5In0%3D\" href=\"https:\/\/www.fundacionnahuel.org\/wp-content\/uploads\/2024\/11\/26.Proceso-Constructivo.jpg\"><img decoding=\"async\" class=\"wgl-gallery_image\" src=\"https:\/\/www.fundacionnahuel.org\/wp-content\/uploads\/2024\/11\/26.Proceso-Constructivo-2560x2560.jpg\" alt=\"\"><\/a><\/div><div class=\"wgl-gallery_item-wrapper\"><a class=\"wgl-gallery_item\" data-elementor-open-lightbox=\"yes\" data-elementor-lightbox-slideshow=\"all-4e927c9\" data-elementor-lightbox-title=\"22.Proceso Constructivo\" data-e-action-hash=\"#elementor-action%3Aaction%3Dlightbox%26settings%3DeyJpZCI6MTM2NjksInVybCI6Imh0dHBzOlwvXC93d3cuZnVuZGFjaW9ubmFodWVsLm9yZ1wvd3AtY29udGVudFwvdXBsb2Fkc1wvMjAyNFwvMTFcLzIyLlByb2Nlc28tQ29uc3RydWN0aXZvLmpwZyIsInNsaWRlc2hvdyI6ImFsbC00ZTkyN2M5In0%3D\" href=\"https:\/\/www.fundacionnahuel.org\/wp-content\/uploads\/2024\/11\/22.Proceso-Constructivo.jpg\"><img decoding=\"async\" class=\"wgl-gallery_image\" src=\"https:\/\/www.fundacionnahuel.org\/wp-content\/uploads\/2024\/11\/22.Proceso-Constructivo-2560x2560.jpg\" alt=\"\"><\/a><\/div><div class=\"wgl-gallery_item-wrapper\"><a class=\"wgl-gallery_item\" data-elementor-open-lightbox=\"yes\" data-elementor-lightbox-slideshow=\"all-4e927c9\" data-elementor-lightbox-title=\"P1020277\" data-e-action-hash=\"#elementor-action%3Aaction%3Dlightbox%26settings%3DeyJpZCI6MTM2MDksInVybCI6Imh0dHBzOlwvXC93d3cuZnVuZGFjaW9ubmFodWVsLm9yZ1wvd3AtY29udGVudFwvdXBsb2Fkc1wvMjAyNFwvMTFcL1AxMDIwMjc3LmpwZyIsInNsaWRlc2hvdyI6ImFsbC00ZTkyN2M5In0%3D\" href=\"https:\/\/www.fundacionnahuel.org\/wp-content\/uploads\/2024\/11\/P1020277.jpg\"><img decoding=\"async\" class=\"wgl-gallery_image\" src=\"https:\/\/www.fundacionnahuel.org\/wp-content\/uploads\/2024\/11\/P1020277-2560x2560.jpg\" alt=\"\"><\/a><\/div><div class=\"wgl-gallery_item-wrapper\"><a class=\"wgl-gallery_item\" data-elementor-open-lightbox=\"yes\" data-elementor-lightbox-slideshow=\"all-4e927c9\" data-elementor-lightbox-title=\"P1020323\" data-e-action-hash=\"#elementor-action%3Aaction%3Dlightbox%26settings%3DeyJpZCI6MTM2MDMsInVybCI6Imh0dHBzOlwvXC93d3cuZnVuZGFjaW9ubmFodWVsLm9yZ1wvd3AtY29udGVudFwvdXBsb2Fkc1wvMjAyNFwvMTFcL1AxMDIwMzIzLmpwZyIsInNsaWRlc2hvdyI6ImFsbC00ZTkyN2M5In0%3D\" href=\"https:\/\/www.fundacionnahuel.org\/wp-content\/uploads\/2024\/11\/P1020323.jpg\"><img decoding=\"async\" class=\"wgl-gallery_image\" src=\"https:\/\/www.fundacionnahuel.org\/wp-content\/uploads\/2024\/11\/P1020323-2560x2560.jpg\" alt=\"\"><\/a><\/div><div class=\"wgl-gallery_item-wrapper\"><a class=\"wgl-gallery_item\" data-elementor-open-lightbox=\"yes\" data-elementor-lightbox-slideshow=\"all-4e927c9\" data-elementor-lightbox-title=\"20.Ubicaci\u00f3n del comedor en la Escuela\" data-e-action-hash=\"#elementor-action%3Aaction%3Dlightbox%26settings%3DeyJpZCI6MTM2NzIsInVybCI6Imh0dHBzOlwvXC93d3cuZnVuZGFjaW9ubmFodWVsLm9yZ1wvd3AtY29udGVudFwvdXBsb2Fkc1wvMjAyNFwvMTFcLzIwLlViaWNhY2lvbi1kZWwtY29tZWRvci1lbi1sYS1Fc2N1ZWxhLmpwZyIsInNsaWRlc2hvdyI6ImFsbC00ZTkyN2M5In0%3D\" href=\"https:\/\/www.fundacionnahuel.org\/wp-content\/uploads\/2024\/11\/20.Ubicacion-del-comedor-en-la-Escuela.jpg\"><img decoding=\"async\" class=\"wgl-gallery_image\" src=\"https:\/\/www.fundacionnahuel.org\/wp-content\/uploads\/2024\/11\/20.Ubicacion-del-comedor-en-la-Escuela-2560x2560.jpg\" alt=\"\"><\/a><\/div><div class=\"wgl-gallery_item-wrapper\"><a class=\"wgl-gallery_item\" data-elementor-open-lightbox=\"yes\" data-elementor-lightbox-slideshow=\"all-4e927c9\" data-elementor-lightbox-title=\"30.Proceso Constructivo\" data-e-action-hash=\"#elementor-action%3Aaction%3Dlightbox%26settings%3DeyJpZCI6MTM2NjAsInVybCI6Imh0dHBzOlwvXC93d3cuZnVuZGFjaW9ubmFodWVsLm9yZ1wvd3AtY29udGVudFwvdXBsb2Fkc1wvMjAyNFwvMTFcLzMwLlByb2Nlc28tQ29uc3RydWN0aXZvLmpwZyIsInNsaWRlc2hvdyI6ImFsbC00ZTkyN2M5In0%3D\" href=\"https:\/\/www.fundacionnahuel.org\/wp-content\/uploads\/2024\/11\/30.Proceso-Constructivo.jpg\"><img decoding=\"async\" class=\"wgl-gallery_image\" src=\"https:\/\/www.fundacionnahuel.org\/wp-content\/uploads\/2024\/11\/30.Proceso-Constructivo-2560x2560.jpg\" alt=\"\"><\/a><\/div><div class=\"wgl-gallery_item-wrapper\"><a class=\"wgl-gallery_item\" data-elementor-open-lightbox=\"yes\" data-elementor-lightbox-slideshow=\"all-4e927c9\" data-elementor-lightbox-title=\"31.Proceso Constructivo\" data-e-action-hash=\"#elementor-action%3Aaction%3Dlightbox%26settings%3DeyJpZCI6MTM2NTcsInVybCI6Imh0dHBzOlwvXC93d3cuZnVuZGFjaW9ubmFodWVsLm9yZ1wvd3AtY29udGVudFwvdXBsb2Fkc1wvMjAyNFwvMTFcLzMxLlByb2Nlc28tQ29uc3RydWN0aXZvLmpwZyIsInNsaWRlc2hvdyI6ImFsbC00ZTkyN2M5In0%3D\" href=\"https:\/\/www.fundacionnahuel.org\/wp-content\/uploads\/2024\/11\/31.Proceso-Constructivo.jpg\"><img decoding=\"async\" class=\"wgl-gallery_image\" src=\"https:\/\/www.fundacionnahuel.org\/wp-content\/uploads\/2024\/11\/31.Proceso-Constructivo-2560x2560.jpg\" alt=\"\"><\/a><\/div><div class=\"wgl-gallery_item-wrapper\"><a class=\"wgl-gallery_item\" data-elementor-open-lightbox=\"yes\" data-elementor-lightbox-slideshow=\"all-4e927c9\" data-elementor-lightbox-title=\"40.Comedor Escolar concluido\" data-e-action-hash=\"#elementor-action%3Aaction%3Dlightbox%26settings%3DeyJpZCI6MTM2NTQsInVybCI6Imh0dHBzOlwvXC93d3cuZnVuZGFjaW9ubmFodWVsLm9yZ1wvd3AtY29udGVudFwvdXBsb2Fkc1wvMjAyNFwvMTFcLzQwLkNvbWVkb3ItRXNjb2xhci1jb25jbHVpZG8tc2NhbGVkLmpwZyIsInNsaWRlc2hvdyI6ImFsbC00ZTkyN2M5In0%3D\" href=\"https:\/\/www.fundacionnahuel.org\/wp-content\/uploads\/2024\/11\/40.Comedor-Escolar-concluido-scaled.jpg\"><img decoding=\"async\" class=\"wgl-gallery_image\" src=\"https:\/\/www.fundacionnahuel.org\/wp-content\/uploads\/2024\/11\/40.Comedor-Escolar-concluido-scaled-2560x2560.jpg\" alt=\"\"><\/a><\/div><div class=\"wgl-gallery_item-wrapper\"><a class=\"wgl-gallery_item\" data-elementor-open-lightbox=\"yes\" data-elementor-lightbox-slideshow=\"all-4e927c9\" data-elementor-lightbox-title=\"50.Inaguraci\u00f3n Ni\u00f1os de la Escuela\" data-e-action-hash=\"#elementor-action%3Aaction%3Dlightbox%26settings%3DeyJpZCI6MTM2MzAsInVybCI6Imh0dHBzOlwvXC93d3cuZnVuZGFjaW9ubmFodWVsLm9yZ1wvd3AtY29udGVudFwvdXBsb2Fkc1wvMjAyNFwvMTFcLzUwLkluYWd1cmFjaW9uLU5pbm9zLWRlLWxhLUVzY3VlbGEtc2NhbGVkLmpwZyIsInNsaWRlc2hvdyI6ImFsbC00ZTkyN2M5In0%3D\" href=\"https:\/\/www.fundacionnahuel.org\/wp-content\/uploads\/2024\/11\/50.Inaguracion-Ninos-de-la-Escuela-scaled.jpg\"><img decoding=\"async\" class=\"wgl-gallery_image\" src=\"https:\/\/www.fundacionnahuel.org\/wp-content\/uploads\/2024\/11\/50.Inaguracion-Ninos-de-la-Escuela-scaled-2560x2560.jpg\" alt=\"\"><\/a><\/div><div class=\"wgl-gallery_item-wrapper\"><a class=\"wgl-gallery_item\" data-elementor-open-lightbox=\"yes\" data-elementor-lightbox-slideshow=\"all-4e927c9\" data-elementor-lightbox-title=\"49.Inaguraci\u00f3n Ni\u00f1os de la Escuela\" data-e-action-hash=\"#elementor-action%3Aaction%3Dlightbox%26settings%3DeyJpZCI6MTM2MzMsInVybCI6Imh0dHBzOlwvXC93d3cuZnVuZGFjaW9ubmFodWVsLm9yZ1wvd3AtY29udGVudFwvdXBsb2Fkc1wvMjAyNFwvMTFcLzQ5LkluYWd1cmFjaW9uLU5pbm9zLWRlLWxhLUVzY3VlbGEtc2NhbGVkLmpwZyIsInNsaWRlc2hvdyI6ImFsbC00ZTkyN2M5In0%3D\" href=\"https:\/\/www.fundacionnahuel.org\/wp-content\/uploads\/2024\/11\/49.Inaguracion-Ninos-de-la-Escuela-scaled.jpg\"><img decoding=\"async\" class=\"wgl-gallery_image\" src=\"https:\/\/www.fundacionnahuel.org\/wp-content\/uploads\/2024\/11\/49.Inaguracion-Ninos-de-la-Escuela-scaled-2560x2560.jpg\" alt=\"\"><\/a><\/div><div class=\"wgl-gallery_item-wrapper\"><a class=\"wgl-gallery_item\" data-elementor-open-lightbox=\"yes\" data-elementor-lightbox-slideshow=\"all-4e927c9\" data-elementor-lightbox-title=\"46. Bater\u00edas Sanitarias\" data-e-action-hash=\"#elementor-action%3Aaction%3Dlightbox%26settings%3DeyJpZCI6MTM2MzksInVybCI6Imh0dHBzOlwvXC93d3cuZnVuZGFjaW9ubmFodWVsLm9yZ1wvd3AtY29udGVudFwvdXBsb2Fkc1wvMjAyNFwvMTFcLzQ2Li1CYXRlcmlhcy1TYW5pdGFyaWFzLXNjYWxlZC5qcGciLCJzbGlkZXNob3ciOiJhbGwtNGU5MjdjOSJ9\" href=\"https:\/\/www.fundacionnahuel.org\/wp-content\/uploads\/2024\/11\/46.-Baterias-Sanitarias-scaled.jpg\"><img decoding=\"async\" class=\"wgl-gallery_image\" src=\"https:\/\/www.fundacionnahuel.org\/wp-content\/uploads\/2024\/11\/46.-Baterias-Sanitarias-scaled-2560x2560.jpg\" alt=\"\"><\/a><\/div><div class=\"wgl-gallery_item-wrapper\"><a class=\"wgl-gallery_item\" data-elementor-open-lightbox=\"yes\" data-elementor-lightbox-slideshow=\"all-4e927c9\" data-elementor-lightbox-title=\"45.Comedor Escolar concluido\" data-e-action-hash=\"#elementor-action%3Aaction%3Dlightbox%26settings%3DeyJpZCI6MTM2NDIsInVybCI6Imh0dHBzOlwvXC93d3cuZnVuZGFjaW9ubmFodWVsLm9yZ1wvd3AtY29udGVudFwvdXBsb2Fkc1wvMjAyNFwvMTFcLzQ1LkNvbWVkb3ItRXNjb2xhci1jb25jbHVpZG8tc2NhbGVkLmpwZyIsInNsaWRlc2hvdyI6ImFsbC00ZTkyN2M5In0%3D\" href=\"https:\/\/www.fundacionnahuel.org\/wp-content\/uploads\/2024\/11\/45.Comedor-Escolar-concluido-scaled.jpg\"><img decoding=\"async\" class=\"wgl-gallery_image\" src=\"https:\/\/www.fundacionnahuel.org\/wp-content\/uploads\/2024\/11\/45.Comedor-Escolar-concluido-scaled-2560x2560.jpg\" alt=\"\"><\/a><\/div><div class=\"wgl-gallery_item-wrapper\"><a class=\"wgl-gallery_item\" data-elementor-open-lightbox=\"yes\" data-elementor-lightbox-slideshow=\"all-4e927c9\" data-elementor-lightbox-title=\"19.MADRE ESC.CHUMILLOS\" data-e-action-hash=\"#elementor-action%3Aaction%3Dlightbox%26settings%3DeyJpZCI6MTM2NzUsInVybCI6Imh0dHBzOlwvXC93d3cuZnVuZGFjaW9ubmFodWVsLm9yZ1wvd3AtY29udGVudFwvdXBsb2Fkc1wvMjAyNFwvMTFcLzE5Lk1BRFJFLUVTQy5DSFVNSUxMT1Mtc2NhbGVkLmpwZyIsInNsaWRlc2hvdyI6ImFsbC00ZTkyN2M5In0%3D\" href=\"https:\/\/www.fundacionnahuel.org\/wp-content\/uploads\/2024\/11\/19.MADRE-ESC.CHUMILLOS-scaled.jpg\"><img decoding=\"async\" class=\"wgl-gallery_image\" src=\"https:\/\/www.fundacionnahuel.org\/wp-content\/uploads\/2024\/11\/19.MADRE-ESC.CHUMILLOS-scaled-1440x1440.jpg\" alt=\"\"><\/a><\/div><div class=\"wgl-gallery_item-wrapper\"><a class=\"wgl-gallery_item\" data-elementor-open-lightbox=\"yes\" data-elementor-lightbox-slideshow=\"all-4e927c9\" data-elementor-lightbox-title=\"DiningroomChumillos\" data-e-action-hash=\"#elementor-action%3Aaction%3Dlightbox%26settings%3DeyJpZCI6MTM2MjEsInVybCI6Imh0dHBzOlwvXC93d3cuZnVuZGFjaW9ubmFodWVsLm9yZ1wvd3AtY29udGVudFwvdXBsb2Fkc1wvMjAyNFwvMTFcL0RpbmluZ3Jvb21DaHVtaWxsb3Mtc2NhbGVkLmpwZyIsInNsaWRlc2hvdyI6ImFsbC00ZTkyN2M5In0%3D\" href=\"https:\/\/www.fundacionnahuel.org\/wp-content\/uploads\/2024\/11\/DiningroomChumillos-scaled.jpg\"><img decoding=\"async\" class=\"wgl-gallery_image\" src=\"https:\/\/www.fundacionnahuel.org\/wp-content\/uploads\/2024\/11\/DiningroomChumillos-scaled-2560x2560.jpg\" alt=\"\"><\/a><\/div><div class=\"wgl-gallery_item-wrapper\"><a class=\"wgl-gallery_item\" data-elementor-open-lightbox=\"yes\" data-elementor-lightbox-slideshow=\"all-4e927c9\" data-elementor-lightbox-title=\"43.Comedor Escolar concluido\" data-e-action-hash=\"#elementor-action%3Aaction%3Dlightbox%26settings%3DeyJpZCI6MTM2NDgsInVybCI6Imh0dHBzOlwvXC93d3cuZnVuZGFjaW9ubmFodWVsLm9yZ1wvd3AtY29udGVudFwvdXBsb2Fkc1wvMjAyNFwvMTFcLzQzLkNvbWVkb3ItRXNjb2xhci1jb25jbHVpZG8tc2NhbGVkLmpwZyIsInNsaWRlc2hvdyI6ImFsbC00ZTkyN2M5In0%3D\" href=\"https:\/\/www.fundacionnahuel.org\/wp-content\/uploads\/2024\/11\/43.Comedor-Escolar-concluido-scaled.jpg\"><img decoding=\"async\" class=\"wgl-gallery_image\" src=\"https:\/\/www.fundacionnahuel.org\/wp-content\/uploads\/2024\/11\/43.Comedor-Escolar-concluido-scaled-2560x2560.jpg\" alt=\"\"><\/a><\/div><div class=\"wgl-gallery_item-wrapper\"><a class=\"wgl-gallery_item\" data-elementor-open-lightbox=\"yes\" data-elementor-lightbox-slideshow=\"all-4e927c9\" data-elementor-lightbox-title=\"44.Cocina Escolar concluido\" data-e-action-hash=\"#elementor-action%3Aaction%3Dlightbox%26settings%3DeyJpZCI6MTM2NDUsInVybCI6Imh0dHBzOlwvXC93d3cuZnVuZGFjaW9ubmFodWVsLm9yZ1wvd3AtY29udGVudFwvdXBsb2Fkc1wvMjAyNFwvMTFcLzQ0LkNvY2luYS1Fc2NvbGFyLWNvbmNsdWlkby1zY2FsZWQuanBnIiwic2xpZGVzaG93IjoiYWxsLTRlOTI3YzkifQ%3D%3D\" href=\"https:\/\/www.fundacionnahuel.org\/wp-content\/uploads\/2024\/11\/44.Cocina-Escolar-concluido-scaled.jpg\"><img decoding=\"async\" class=\"wgl-gallery_image\" src=\"https:\/\/www.fundacionnahuel.org\/wp-content\/uploads\/2024\/11\/44.Cocina-Escolar-concluido-scaled-2560x2560.jpg\" alt=\"\"><\/a><\/div><div class=\"wgl-gallery_item-wrapper\"><a class=\"wgl-gallery_item\" data-elementor-open-lightbox=\"yes\" data-elementor-lightbox-slideshow=\"all-4e927c9\" data-elementor-lightbox-title=\"42.Comedor Escolar concluido\" data-e-action-hash=\"#elementor-action%3Aaction%3Dlightbox%26settings%3DeyJpZCI6MTM2NTEsInVybCI6Imh0dHBzOlwvXC93d3cuZnVuZGFjaW9ubmFodWVsLm9yZ1wvd3AtY29udGVudFwvdXBsb2Fkc1wvMjAyNFwvMTFcLzQyLkNvbWVkb3ItRXNjb2xhci1jb25jbHVpZG8tc2NhbGVkLmpwZyIsInNsaWRlc2hvdyI6ImFsbC00ZTkyN2M5In0%3D\" href=\"https:\/\/www.fundacionnahuel.org\/wp-content\/uploads\/2024\/11\/42.Comedor-Escolar-concluido-scaled.jpg\"><img decoding=\"async\" class=\"wgl-gallery_image\" src=\"https:\/\/www.fundacionnahuel.org\/wp-content\/uploads\/2024\/11\/42.Comedor-Escolar-concluido-scaled-2560x2560.jpg\" alt=\"\"><\/a><\/div><div class=\"wgl-gallery_item-wrapper\"><a class=\"wgl-gallery_item\" data-elementor-open-lightbox=\"yes\" data-elementor-lightbox-slideshow=\"all-4e927c9\" data-elementor-lightbox-title=\"Chumillos Dining room\" data-e-action-hash=\"#elementor-action%3Aaction%3Dlightbox%26settings%3DeyJpZCI6MTM2MjcsInVybCI6Imh0dHBzOlwvXC93d3cuZnVuZGFjaW9ubmFodWVsLm9yZ1wvd3AtY29udGVudFwvdXBsb2Fkc1wvMjAyNFwvMTFcL0NodW1pbGxvcy1EaW5pbmctcm9vbS1zY2FsZWQuanBnIiwic2xpZGVzaG93IjoiYWxsLTRlOTI3YzkifQ%3D%3D\" href=\"https:\/\/www.fundacionnahuel.org\/wp-content\/uploads\/2024\/11\/Chumillos-Dining-room-scaled.jpg\"><img decoding=\"async\" class=\"wgl-gallery_image\" src=\"https:\/\/www.fundacionnahuel.org\/wp-content\/uploads\/2024\/11\/Chumillos-Dining-room-scaled-2560x2560.jpg\" alt=\"\"><\/a><\/div><div class=\"wgl-gallery_item-wrapper\"><a class=\"wgl-gallery_item\" data-elementor-open-lightbox=\"yes\" data-elementor-lightbox-slideshow=\"all-4e927c9\" data-elementor-lightbox-title=\"Dining room Chumillos\" data-e-action-hash=\"#elementor-action%3Aaction%3Dlightbox%26settings%3DeyJpZCI6MTM2MjQsInVybCI6Imh0dHBzOlwvXC93d3cuZnVuZGFjaW9ubmFodWVsLm9yZ1wvd3AtY29udGVudFwvdXBsb2Fkc1wvMjAyNFwvMTFcL0RpbmluZy1yb29tLUNodW1pbGxvcy1zY2FsZWQuanBnIiwic2xpZGVzaG93IjoiYWxsLTRlOTI3YzkifQ%3D%3D\" href=\"https:\/\/www.fundacionnahuel.org\/wp-content\/uploads\/2024\/11\/Dining-room-Chumillos-scaled.jpg\"><img decoding=\"async\" class=\"wgl-gallery_image\" src=\"https:\/\/www.fundacionnahuel.org\/wp-content\/uploads\/2024\/11\/Dining-room-Chumillos-scaled-2560x2560.jpg\" alt=\"\"><\/a><\/div><div class=\"wgl-gallery_item-wrapper\"><a class=\"wgl-gallery_item\" data-elementor-open-lightbox=\"yes\" data-elementor-lightbox-slideshow=\"all-4e927c9\" data-elementor-lightbox-title=\"47.Inaguraci\u00f3n Ni\u00f1os de la Escuela\" data-e-action-hash=\"#elementor-action%3Aaction%3Dlightbox%26settings%3DeyJpZCI6MTM2MzYsInVybCI6Imh0dHBzOlwvXC93d3cuZnVuZGFjaW9ubmFodWVsLm9yZ1wvd3AtY29udGVudFwvdXBsb2Fkc1wvMjAyNFwvMTFcLzQ3LkluYWd1cmFjaW9uLU5pbm9zLWRlLWxhLUVzY3VlbGEtc2NhbGVkLmpwZyIsInNsaWRlc2hvdyI6ImFsbC00ZTkyN2M5In0%3D\" href=\"https:\/\/www.fundacionnahuel.org\/wp-content\/uploads\/2024\/11\/47.Inaguracion-Ninos-de-la-Escuela-scaled.jpg\"><img decoding=\"async\" class=\"wgl-gallery_image\" src=\"https:\/\/www.fundacionnahuel.org\/wp-content\/uploads\/2024\/11\/47.Inaguracion-Ninos-de-la-Escuela-scaled-2560x2560.jpg\" alt=\"\"><\/a><\/div><div class=\"wgl-gallery_item-wrapper\"><a class=\"wgl-gallery_item\" data-elementor-open-lightbox=\"yes\" data-elementor-lightbox-slideshow=\"all-4e927c9\" data-elementor-lightbox-title=\"INTERIOR CHUMILLOS DINING ROOMJPG\" data-e-action-hash=\"#elementor-action%3Aaction%3Dlightbox%26settings%3DeyJpZCI6MTM2MTgsInVybCI6Imh0dHBzOlwvXC93d3cuZnVuZGFjaW9ubmFodWVsLm9yZ1wvd3AtY29udGVudFwvdXBsb2Fkc1wvMjAyNFwvMTFcL0lOVEVSSU9SLUNIVU1JTExPUy1ESU5JTkctUk9PTUpQRy1zY2FsZWQuanBnIiwic2xpZGVzaG93IjoiYWxsLTRlOTI3YzkifQ%3D%3D\" href=\"https:\/\/www.fundacionnahuel.org\/wp-content\/uploads\/2024\/11\/INTERIOR-CHUMILLOS-DINING-ROOMJPG-scaled.jpg\"><img decoding=\"async\" class=\"wgl-gallery_image\" src=\"https:\/\/www.fundacionnahuel.org\/wp-content\/uploads\/2024\/11\/INTERIOR-CHUMILLOS-DINING-ROOMJPG-scaled-2560x2560.jpg\" alt=\"\"><\/a><\/div><\/div><\/div><\/div><\/div><\/div>\t\t<\/div>\n\t\t\t\t<\/div>\n\t\t\t\t\t<\/div>\n\t\t\t\t<\/div>\n\t\t\t\t<\/div>\n\t\t","protected":false},"excerpt":{"rendered":"<p>Ausstattung der 4 Gemeinden mit einer angemessenen Infrastruktur, um die Gesundheit und Ern\u00e4hrungssicherheit der Kinder zu gew\u00e4hrleisten.<\/p>\n","protected":false},"author":7,"featured_media":15948,"menu_order":0,"comment_status":"closed","ping_status":"closed","template":"","portfolio-category":[134],"portfolio-tag":[],"class_list":["post-16794","portfolio","type-portfolio","status-publish","has-post-thumbnail","hentry","portfolio-category-humanitaer"],"yoast_head":"<!-- This site is optimized with the Yoast SEO plugin v27.5 - https:\/\/yoast.com\/product\/yoast-seo-wordpress\/ -->\n<title>Mensa und Kindergarten in Chumillos - Fundaci\u00f3n Nahuel<\/title>\n<meta name=\"robots\" content=\"index, follow, max-snippet:-1, max-image-preview:large, max-video-preview:-1\" \/>\n<link rel=\"canonical\" href=\"https:\/\/www.fundacionnahuel.org\/de\/portfolio\/kinderzimmer-chumillos\/\" \/>\n<meta property=\"og:locale\" content=\"de_DE\" \/>\n<meta property=\"og:type\" content=\"article\" \/>\n<meta property=\"og:title\" content=\"Mensa und Kindergarten in Chumillos - Fundaci\u00f3n Nahuel\" \/>\n<meta property=\"og:description\" content=\"Ausstattung der 4 Gemeinden mit einer angemessenen Infrastruktur, um die Gesundheit und Ern\u00e4hrungssicherheit der Kinder zu gew\u00e4hrleisten.\" \/>\n<meta property=\"og:url\" content=\"https:\/\/www.fundacionnahuel.org\/de\/portfolio\/kinderzimmer-chumillos\/\" \/>\n<meta property=\"og:site_name\" content=\"Fundaci\u00f3n Nahuel\" \/>\n<meta property=\"article:modified_time\" content=\"2025-06-25T09:04:58+00:00\" \/>\n<meta property=\"og:image\" content=\"https:\/\/www.fundacionnahuel.org\/wp-content\/uploads\/2024\/11\/13_Dining-room-Chumillos-scaled.jpg\" \/>\n\t<meta property=\"og:image:width\" content=\"2560\" \/>\n\t<meta property=\"og:image:height\" content=\"1646\" \/>\n\t<meta property=\"og:image:type\" content=\"image\/jpeg\" \/>\n<meta name=\"twitter:card\" content=\"summary_large_image\" \/>\n<meta name=\"twitter:label1\" content=\"Gesch\u00e4tzte Lesezeit\" \/>\n\t<meta name=\"twitter:data1\" content=\"10\u00a0Minuten\" \/>\n<script type=\"application\/ld+json\" class=\"yoast-schema-graph\">{\"@context\":\"https:\\\/\\\/schema.org\",\"@graph\":[{\"@type\":\"WebPage\",\"@id\":\"https:\\\/\\\/www.fundacionnahuel.org\\\/de\\\/portfolio\\\/kinderzimmer-chumillos\\\/\",\"url\":\"https:\\\/\\\/www.fundacionnahuel.org\\\/de\\\/portfolio\\\/kinderzimmer-chumillos\\\/\",\"name\":\"Mensa und Kindergarten in Chumillos - Fundaci\u00f3n Nahuel\",\"isPartOf\":{\"@id\":\"https:\\\/\\\/www.fundacionnahuel.org\\\/de\\\/#website\"},\"primaryImageOfPage\":{\"@id\":\"https:\\\/\\\/www.fundacionnahuel.org\\\/de\\\/portfolio\\\/kinderzimmer-chumillos\\\/#primaryimage\"},\"image\":{\"@id\":\"https:\\\/\\\/www.fundacionnahuel.org\\\/de\\\/portfolio\\\/kinderzimmer-chumillos\\\/#primaryimage\"},\"thumbnailUrl\":\"https:\\\/\\\/www.fundacionnahuel.org\\\/wp-content\\\/uploads\\\/2024\\\/11\\\/13_Dining-room-Chumillos-scaled.jpg\",\"datePublished\":\"2024-11-13T09:07:04+00:00\",\"dateModified\":\"2025-06-25T09:04:58+00:00\",\"breadcrumb\":{\"@id\":\"https:\\\/\\\/www.fundacionnahuel.org\\\/de\\\/portfolio\\\/kinderzimmer-chumillos\\\/#breadcrumb\"},\"inLanguage\":\"de\",\"potentialAction\":[{\"@type\":\"ReadAction\",\"target\":[\"https:\\\/\\\/www.fundacionnahuel.org\\\/de\\\/portfolio\\\/kinderzimmer-chumillos\\\/\"]}]},{\"@type\":\"ImageObject\",\"inLanguage\":\"de\",\"@id\":\"https:\\\/\\\/www.fundacionnahuel.org\\\/de\\\/portfolio\\\/kinderzimmer-chumillos\\\/#primaryimage\",\"url\":\"https:\\\/\\\/www.fundacionnahuel.org\\\/wp-content\\\/uploads\\\/2024\\\/11\\\/13_Dining-room-Chumillos-scaled.jpg\",\"contentUrl\":\"https:\\\/\\\/www.fundacionnahuel.org\\\/wp-content\\\/uploads\\\/2024\\\/11\\\/13_Dining-room-Chumillos-scaled.jpg\",\"width\":2560,\"height\":1646},{\"@type\":\"BreadcrumbList\",\"@id\":\"https:\\\/\\\/www.fundacionnahuel.org\\\/de\\\/portfolio\\\/kinderzimmer-chumillos\\\/#breadcrumb\",\"itemListElement\":[{\"@type\":\"ListItem\",\"position\":1,\"name\":\"Home\",\"item\":\"https:\\\/\\\/www.fundacionnahuel.org\\\/de\\\/\"},{\"@type\":\"ListItem\",\"position\":2,\"name\":\"Portfolio\",\"item\":\"https:\\\/\\\/www.fundacionnahuel.org\\\/de\\\/portfolio\\\/\"},{\"@type\":\"ListItem\",\"position\":3,\"name\":\"Mensa und Kindergarten in Chumillos\"}]},{\"@type\":\"WebSite\",\"@id\":\"https:\\\/\\\/www.fundacionnahuel.org\\\/de\\\/#website\",\"url\":\"https:\\\/\\\/www.fundacionnahuel.org\\\/de\\\/\",\"name\":\"Fundaci\u00f3n Nahuel\",\"description\":\"Transforming Lives Through Education and Care\",\"publisher\":{\"@id\":\"https:\\\/\\\/www.fundacionnahuel.org\\\/de\\\/#organization\"},\"alternateName\":\"Nahuel\",\"inLanguage\":\"de\"},{\"@type\":\"Organization\",\"@id\":\"https:\\\/\\\/www.fundacionnahuel.org\\\/de\\\/#organization\",\"name\":\"Fundaci\u00f3n Nahuel\",\"alternateName\":\"Nahuel\",\"url\":\"https:\\\/\\\/www.fundacionnahuel.org\\\/de\\\/\",\"logo\":{\"@type\":\"ImageObject\",\"inLanguage\":\"de\",\"@id\":\"https:\\\/\\\/www.fundacionnahuel.org\\\/de\\\/#\\\/schema\\\/logo\\\/image\\\/\",\"url\":\"https:\\\/\\\/www.fundacionnahuel.org\\\/wp-content\\\/uploads\\\/2025\\\/03\\\/Nahuel_Logo.jpg\",\"contentUrl\":\"https:\\\/\\\/www.fundacionnahuel.org\\\/wp-content\\\/uploads\\\/2025\\\/03\\\/Nahuel_Logo.jpg\",\"width\":696,\"height\":696,\"caption\":\"Fundaci\u00f3n Nahuel\"},\"image\":{\"@id\":\"https:\\\/\\\/www.fundacionnahuel.org\\\/de\\\/#\\\/schema\\\/logo\\\/image\\\/\"}}]}<\/script>\n<!-- \/ Yoast SEO plugin. -->","yoast_head_json":{"title":"Mensa und Kindergarten in Chumillos - Fundaci\u00f3n Nahuel","robots":{"index":"index","follow":"follow","max-snippet":"max-snippet:-1","max-image-preview":"max-image-preview:large","max-video-preview":"max-video-preview:-1"},"canonical":"https:\/\/www.fundacionnahuel.org\/de\/portfolio\/kinderzimmer-chumillos\/","og_locale":"de_DE","og_type":"article","og_title":"Mensa und Kindergarten in Chumillos - Fundaci\u00f3n Nahuel","og_description":"Ausstattung der 4 Gemeinden mit einer angemessenen Infrastruktur, um die Gesundheit und Ern\u00e4hrungssicherheit der Kinder zu gew\u00e4hrleisten.","og_url":"https:\/\/www.fundacionnahuel.org\/de\/portfolio\/kinderzimmer-chumillos\/","og_site_name":"Fundaci\u00f3n Nahuel","article_modified_time":"2025-06-25T09:04:58+00:00","og_image":[{"width":2560,"height":1646,"url":"https:\/\/www.fundacionnahuel.org\/wp-content\/uploads\/2024\/11\/13_Dining-room-Chumillos-scaled.jpg","type":"image\/jpeg"}],"twitter_card":"summary_large_image","twitter_misc":{"Gesch\u00e4tzte Lesezeit":"10\u00a0Minuten"},"schema":{"@context":"https:\/\/schema.org","@graph":[{"@type":"WebPage","@id":"https:\/\/www.fundacionnahuel.org\/de\/portfolio\/kinderzimmer-chumillos\/","url":"https:\/\/www.fundacionnahuel.org\/de\/portfolio\/kinderzimmer-chumillos\/","name":"Mensa und Kindergarten in Chumillos - Fundaci\u00f3n Nahuel","isPartOf":{"@id":"https:\/\/www.fundacionnahuel.org\/de\/#website"},"primaryImageOfPage":{"@id":"https:\/\/www.fundacionnahuel.org\/de\/portfolio\/kinderzimmer-chumillos\/#primaryimage"},"image":{"@id":"https:\/\/www.fundacionnahuel.org\/de\/portfolio\/kinderzimmer-chumillos\/#primaryimage"},"thumbnailUrl":"https:\/\/www.fundacionnahuel.org\/wp-content\/uploads\/2024\/11\/13_Dining-room-Chumillos-scaled.jpg","datePublished":"2024-11-13T09:07:04+00:00","dateModified":"2025-06-25T09:04:58+00:00","breadcrumb":{"@id":"https:\/\/www.fundacionnahuel.org\/de\/portfolio\/kinderzimmer-chumillos\/#breadcrumb"},"inLanguage":"de","potentialAction":[{"@type":"ReadAction","target":["https:\/\/www.fundacionnahuel.org\/de\/portfolio\/kinderzimmer-chumillos\/"]}]},{"@type":"ImageObject","inLanguage":"de","@id":"https:\/\/www.fundacionnahuel.org\/de\/portfolio\/kinderzimmer-chumillos\/#primaryimage","url":"https:\/\/www.fundacionnahuel.org\/wp-content\/uploads\/2024\/11\/13_Dining-room-Chumillos-scaled.jpg","contentUrl":"https:\/\/www.fundacionnahuel.org\/wp-content\/uploads\/2024\/11\/13_Dining-room-Chumillos-scaled.jpg","width":2560,"height":1646},{"@type":"BreadcrumbList","@id":"https:\/\/www.fundacionnahuel.org\/de\/portfolio\/kinderzimmer-chumillos\/#breadcrumb","itemListElement":[{"@type":"ListItem","position":1,"name":"Home","item":"https:\/\/www.fundacionnahuel.org\/de\/"},{"@type":"ListItem","position":2,"name":"Portfolio","item":"https:\/\/www.fundacionnahuel.org\/de\/portfolio\/"},{"@type":"ListItem","position":3,"name":"Mensa und Kindergarten in Chumillos"}]},{"@type":"WebSite","@id":"https:\/\/www.fundacionnahuel.org\/de\/#website","url":"https:\/\/www.fundacionnahuel.org\/de\/","name":"Fundaci\u00f3n Nahuel","description":"Transforming Lives Through Education and Care","publisher":{"@id":"https:\/\/www.fundacionnahuel.org\/de\/#organization"},"alternateName":"Nahuel","inLanguage":"de"},{"@type":"Organization","@id":"https:\/\/www.fundacionnahuel.org\/de\/#organization","name":"Fundaci\u00f3n Nahuel","alternateName":"Nahuel","url":"https:\/\/www.fundacionnahuel.org\/de\/","logo":{"@type":"ImageObject","inLanguage":"de","@id":"https:\/\/www.fundacionnahuel.org\/de\/#\/schema\/logo\/image\/","url":"https:\/\/www.fundacionnahuel.org\/wp-content\/uploads\/2025\/03\/Nahuel_Logo.jpg","contentUrl":"https:\/\/www.fundacionnahuel.org\/wp-content\/uploads\/2025\/03\/Nahuel_Logo.jpg","width":696,"height":696,"caption":"Fundaci\u00f3n Nahuel"},"image":{"@id":"https:\/\/www.fundacionnahuel.org\/de\/#\/schema\/logo\/image\/"}}]}},"_links":{"self":[{"href":"https:\/\/www.fundacionnahuel.org\/de\/wp-json\/wp\/v2\/portfolio\/16794","targetHints":{"allow":["GET"]}}],"collection":[{"href":"https:\/\/www.fundacionnahuel.org\/de\/wp-json\/wp\/v2\/portfolio"}],"about":[{"href":"https:\/\/www.fundacionnahuel.org\/de\/wp-json\/wp\/v2\/types\/portfolio"}],"author":[{"embeddable":true,"href":"https:\/\/www.fundacionnahuel.org\/de\/wp-json\/wp\/v2\/users\/7"}],"replies":[{"embeddable":true,"href":"https:\/\/www.fundacionnahuel.org\/de\/wp-json\/wp\/v2\/comments?post=16794"}],"version-history":[{"count":11,"href":"https:\/\/www.fundacionnahuel.org\/de\/wp-json\/wp\/v2\/portfolio\/16794\/revisions"}],"predecessor-version":[{"id":18937,"href":"https:\/\/www.fundacionnahuel.org\/de\/wp-json\/wp\/v2\/portfolio\/16794\/revisions\/18937"}],"wp:featuredmedia":[{"embeddable":true,"href":"https:\/\/www.fundacionnahuel.org\/de\/wp-json\/wp\/v2\/media\/15948"}],"wp:attachment":[{"href":"https:\/\/www.fundacionnahuel.org\/de\/wp-json\/wp\/v2\/media?parent=16794"}],"wp:term":[{"taxonomy":"portfolio-category","embeddable":true,"href":"https:\/\/www.fundacionnahuel.org\/de\/wp-json\/wp\/v2\/portfolio-category?post=16794"},{"taxonomy":"portfolio-tag","embeddable":true,"href":"https:\/\/www.fundacionnahuel.org\/de\/wp-json\/wp\/v2\/portfolio-tag?post=16794"}],"curies":[{"name":"wp","href":"https:\/\/api.w.org\/{rel}","templated":true}]}}