{"id":16798,"date":"2024-11-07T17:29:25","date_gmt":"2024-11-07T16:29:25","guid":{"rendered":"https:\/\/fundacionnahuel.org\/stage2\/portfolio\/sierra-flor-schule\/"},"modified":"2025-06-25T09:22:08","modified_gmt":"2025-06-25T08:22:08","slug":"sierra-flor-schule","status":"publish","type":"portfolio","link":"https:\/\/www.fundacionnahuel.org\/de\/portfolio\/sierra-flor-schule\/","title":{"rendered":"Sierra Flor \u2013 Kindergarten und Schule"},"content":{"rendered":"\t\t<div data-elementor-type=\"wp-post\" data-elementor-id=\"16798\" class=\"elementor elementor-16798 elementor-16796\" data-elementor-post-type=\"portfolio\">\n\t\t\t\t<div class=\"elementor-element elementor-element-31606ab7 e-con-full e-flex e-con e-parent\" data-id=\"31606ab7\" data-element_type=\"container\">\n\t\t<div class=\"elementor-element elementor-element-bda54a0 e-con-full e-flex e-con e-child\" data-id=\"bda54a0\" data-element_type=\"container\" data-settings=\"{&quot;background_background&quot;:&quot;classic&quot;}\">\n\t\t<div class=\"elementor-element elementor-element-e34be34 e-flex e-con-boxed e-con e-child\" data-id=\"e34be34\" data-element_type=\"container\">\n\t\t\t\t\t<div class=\"e-con-inner\">\n\t\t\t\t<div class=\"elementor-element elementor-element-77b6ce5 elementor-widget__width-initial elementor-widget-tablet__width-initial elementor-widget elementor-widget-heading\" data-id=\"77b6ce5\" data-element_type=\"widget\" data-widget_type=\"heading.default\">\n\t\t\t\t<div class=\"elementor-widget-container\">\n\t\t\t<h2 class=\"elementor-heading-title elementor-size-default\">Sierra Flor \u2013 Kindergarten und Schule<\/h2>\t\t<\/div>\n\t\t\t\t<\/div>\n\t\t\t\t\t<\/div>\n\t\t\t\t<\/div>\n\t\t\t\t<\/div>\n\t\t<div class=\"elementor-element elementor-element-de1e7be e-flex e-con-boxed e-con e-child\" data-id=\"de1e7be\" data-element_type=\"container\">\n\t\t\t\t\t<div class=\"e-con-inner\">\n\t\t<div class=\"elementor-element elementor-element-6ef4f767 e-con-full e-flex e-con e-child\" data-id=\"6ef4f767\" data-element_type=\"container\">\n\t\t<div class=\"elementor-element elementor-element-7e3b5888 e-transform e-con-full e-flex e-con e-child\" data-id=\"7e3b5888\" data-element_type=\"container\" data-settings=\"{&quot;_transform_scaleX_effect&quot;:{&quot;unit&quot;:&quot;px&quot;,&quot;size&quot;:&quot;&quot;,&quot;sizes&quot;:[]},&quot;_transform_scaleX_effect_widescreen&quot;:{&quot;unit&quot;:&quot;px&quot;,&quot;size&quot;:&quot;&quot;,&quot;sizes&quot;:[]},&quot;_transform_scaleX_effect_tablet&quot;:{&quot;unit&quot;:&quot;px&quot;,&quot;size&quot;:&quot;&quot;,&quot;sizes&quot;:[]},&quot;_transform_scaleX_effect_mobile&quot;:{&quot;unit&quot;:&quot;px&quot;,&quot;size&quot;:&quot;&quot;,&quot;sizes&quot;:[]},&quot;_transform_scaleY_effect&quot;:{&quot;unit&quot;:&quot;px&quot;,&quot;size&quot;:&quot;&quot;,&quot;sizes&quot;:[]},&quot;_transform_scaleY_effect_widescreen&quot;:{&quot;unit&quot;:&quot;px&quot;,&quot;size&quot;:&quot;&quot;,&quot;sizes&quot;:[]},&quot;_transform_scaleY_effect_tablet&quot;:{&quot;unit&quot;:&quot;px&quot;,&quot;size&quot;:&quot;&quot;,&quot;sizes&quot;:[]},&quot;_transform_scaleY_effect_mobile&quot;:{&quot;unit&quot;:&quot;px&quot;,&quot;size&quot;:&quot;&quot;,&quot;sizes&quot;:[]}}\">\n\t\t\t\t<div class=\"elementor-element elementor-element-b11f035 elementor-widget elementor-widget-heading\" data-id=\"b11f035\" data-element_type=\"widget\" data-widget_type=\"heading.default\">\n\t\t\t\t<div class=\"elementor-widget-container\">\n\t\t\t<h4 class=\"elementor-heading-title elementor-size-default\">Allgemeines Ziel:  <\/h4>\t\t<\/div>\n\t\t\t\t<\/div>\n\t\t\t\t<div class=\"elementor-element elementor-element-44b1f456 elementor-widget elementor-widget-text-editor\" data-id=\"44b1f456\" data-element_type=\"widget\" data-widget_type=\"text-editor.default\">\n\t\t\t\t<div class=\"elementor-widget-container\">\n\t\t\t\t\t\t\t<p data-renderer-start-pos=\"1\"><strong>Standort: Mulal\u00f3, Cotopaxi, Ecuador<\/strong><\/p><p>Erweiterung der bestehenden Schule, um die umfassende Grundbildung zu vervollst\u00e4ndigen und in besserer Qualit\u00e4t anzubieten und so den Kreislauf der Armut zu durchbrechen. Cotopaxi ist eine der \u00e4rmsten l\u00e4ndlichen Regionen des Landes. <\/p>\t\t\t\t\t\t<\/div>\n\t\t\t\t<\/div>\n\t\t\t\t<\/div>\n\t\t<div class=\"elementor-element elementor-element-31ae0da e-transform e-con-full e-flex e-con e-child\" data-id=\"31ae0da\" data-element_type=\"container\" data-settings=\"{&quot;_transform_scaleX_effect&quot;:{&quot;unit&quot;:&quot;px&quot;,&quot;size&quot;:&quot;&quot;,&quot;sizes&quot;:[]},&quot;_transform_scaleX_effect_widescreen&quot;:{&quot;unit&quot;:&quot;px&quot;,&quot;size&quot;:&quot;&quot;,&quot;sizes&quot;:[]},&quot;_transform_scaleX_effect_tablet&quot;:{&quot;unit&quot;:&quot;px&quot;,&quot;size&quot;:&quot;&quot;,&quot;sizes&quot;:[]},&quot;_transform_scaleX_effect_mobile&quot;:{&quot;unit&quot;:&quot;px&quot;,&quot;size&quot;:&quot;&quot;,&quot;sizes&quot;:[]},&quot;_transform_scaleY_effect&quot;:{&quot;unit&quot;:&quot;px&quot;,&quot;size&quot;:&quot;&quot;,&quot;sizes&quot;:[]},&quot;_transform_scaleY_effect_widescreen&quot;:{&quot;unit&quot;:&quot;px&quot;,&quot;size&quot;:&quot;&quot;,&quot;sizes&quot;:[]},&quot;_transform_scaleY_effect_tablet&quot;:{&quot;unit&quot;:&quot;px&quot;,&quot;size&quot;:&quot;&quot;,&quot;sizes&quot;:[]},&quot;_transform_scaleY_effect_mobile&quot;:{&quot;unit&quot;:&quot;px&quot;,&quot;size&quot;:&quot;&quot;,&quot;sizes&quot;:[]}}\">\n\t\t\t\t<div class=\"elementor-element elementor-element-24f9930 elementor-widget elementor-widget-heading\" data-id=\"24f9930\" data-element_type=\"widget\" data-widget_type=\"heading.default\">\n\t\t\t\t<div class=\"elementor-widget-container\">\n\t\t\t<h4 class=\"elementor-heading-title elementor-size-default\">Spezifisches Ziel:  <\/h4>\t\t<\/div>\n\t\t\t\t<\/div>\n\t\t\t\t<div class=\"elementor-element elementor-element-472c83d8 elementor-widget elementor-widget-text-editor\" data-id=\"472c83d8\" data-element_type=\"widget\" data-widget_type=\"text-editor.default\">\n\t\t\t\t<div class=\"elementor-widget-container\">\n\t\t\t\t\t\t\t<p>Bau eines Geb\u00e4udes zur Erweiterung der Kinderkrippe und des Kindergartens und zur Verbesserung des Bildungsangebots f\u00fcr die Kinder der im Einflussbereich des Projekts lebenden Gemeinden. Vollst\u00e4ndige Ausstattung der im Rahmen des Projekts geschaffenen neuen Dienste mit Lehrmaterial, B\u00fcchern und einem Physiklabor, die f\u00fcr den Betrieb der im Rahmen des Projekts geschaffenen Dienste erforderlich sind. <\/p>\t\t\t\t\t\t<\/div>\n\t\t\t\t<\/div>\n\t\t\t\t<\/div>\n\t\t<div class=\"elementor-element elementor-element-6865c3e4 e-con-full e-flex e-con e-child\" data-id=\"6865c3e4\" data-element_type=\"container\">\n\t\t\t\t<div class=\"elementor-element elementor-element-73c59b8d elementor-widget elementor-widget-heading\" data-id=\"73c59b8d\" data-element_type=\"widget\" data-widget_type=\"heading.default\">\n\t\t\t\t<div class=\"elementor-widget-container\">\n\t\t\t<h4 class=\"elementor-heading-title elementor-size-default\">Beschreibung des Projekts:<\/h4>\t\t<\/div>\n\t\t\t\t<\/div>\n\t\t\t\t<div class=\"elementor-element elementor-element-2f5b1405 elementor-widget elementor-widget-text-editor\" data-id=\"2f5b1405\" data-element_type=\"widget\" data-widget_type=\"text-editor.default\">\n\t\t\t\t<div class=\"elementor-widget-container\">\n\t\t\t\t\t\t\t<p>Die bestehende Schule soll erweitert werden und mehr Kinder aus dem Sektor aufnehmen k\u00f6nnen, um ihnen eine Ausbildung in Reichweite zu erm\u00f6glichen.<\/p><p>In der Gemeinde <strong>Mulal\u00f3<\/strong> und in den anderen 5 Gemeinden des Einflussbereichs gibt es keine Kinderkrippen oder Kindertagesst\u00e4tten; die kleinen Kinder werden von \u00e4lteren Geschwistern betreut, ganz allein, oder die M\u00fctter tragen sie auf dem R\u00fccken.<\/p><p>Die Analyse der Bev\u00f6lkerung im schulpflichtigen Alter und des Angebots an bestehenden Bildungseinrichtungen im Einflussbereich des Projekts hat ergeben, dass es kein ausreichendes Angebot an Bildungsdienstleistungen gibt.<\/p><p>Der Einflussbereich des Projekts umfasst die Gemeinden Mulal\u00f3, San Juan de Pastocalle, Toacaso, Tanicuch\u00ed, Guaytacama, Jos\u00e9 Guango Bajo und Alaquez, in denen 14.000 Kinder leben, die keine Schule besuchen.<\/p>\t\t\t\t\t\t<\/div>\n\t\t\t\t<\/div>\n\t\t\t\t<\/div>\n\t\t<div class=\"elementor-element elementor-element-d0b4755 e-con-full e-flex e-con e-child\" data-id=\"d0b4755\" data-element_type=\"container\">\n\t\t\t\t<div class=\"elementor-element elementor-element-14016f3 elementor-widget elementor-widget-heading\" data-id=\"14016f3\" data-element_type=\"widget\" data-widget_type=\"heading.default\">\n\t\t\t\t<div class=\"elementor-widget-container\">\n\t\t\t<h4 class=\"elementor-heading-title elementor-size-default\">Ergebnisse des Projekts:<\/h4>\t\t<\/div>\n\t\t\t\t<\/div>\n\t\t\t\t<div class=\"elementor-element elementor-element-361f297 elementor-widget elementor-widget-text-editor\" data-id=\"361f297\" data-element_type=\"widget\" data-widget_type=\"text-editor.default\">\n\t\t\t\t<div class=\"elementor-widget-container\">\n\t\t\t\t\t\t\t<p>Verbesserung des Bildungswesens in diesem Sektor und Schaffung von mehr M\u00f6glichkeiten f\u00fcr Kinder, die nicht zur Schule gehen.<\/p>\t\t\t\t\t\t<\/div>\n\t\t\t\t<\/div>\n\t\t\t\t<\/div>\n\t\t\t\t<\/div>\n\t\t<div class=\"elementor-element elementor-element-3bfb179b e-con-full e-flex e-con e-child\" data-id=\"3bfb179b\" data-element_type=\"container\">\n\t\t<div class=\"elementor-element elementor-element-105d1dd8 e-flex e-con-boxed e-con e-child\" data-id=\"105d1dd8\" data-element_type=\"container\">\n\t\t\t\t\t<div class=\"e-con-inner\">\n\t\t\t\t<div class=\"elementor-element elementor-element-2a5faeb0 acenter elementor-widget elementor-widget-wgl-double-headings\" data-id=\"2a5faeb0\" data-element_type=\"widget\" data-widget_type=\"wgl-double-headings.default\">\n\t\t\t\t<div class=\"elementor-widget-container\">\n\t\t\t        <div class=\"wgl-double_heading\">                <div class=\"dbl__subtitle\"><span>Projektzusch\u00fcsse:<\/span>                <\/div>        <\/div>\t\t<\/div>\n\t\t\t\t<\/div>\n\t\t\t\t<div class=\"elementor-element elementor-element-7506e31 acenter elementor-widget-image-box wgl-image-box elementor-widget elementor-widget-wgl-info-box\" data-id=\"7506e31\" data-element_type=\"widget\" data-widget_type=\"wgl-info-box.default\">\n\t\t\t\t<div class=\"elementor-widget-container\">\n\t\t\t<a class=\"wgl-infobox__link\" href=\"https:\/\/www.fundacionnahuel.org\/de\/bildung\/allgemeiner-bildungsfonds\/\"><\/a><div class=\"wgl-infobox\"><div class=\"wgl-infobox_wrapper wgl-layout-top\"><div class=\"media-wrapper img-wrapper\"><figure class=\"wgl-image-box_img\"><span ><img decoding=\"async\" width=\"186\" height=\"186\" src=\"https:\/\/www.fundacionnahuel.org\/wp-content\/uploads\/2024\/12\/education_fund-1.png\" class=\"attachment-full size-full wp-image-15177\" alt=\"\" srcset=\"https:\/\/www.fundacionnahuel.org\/wp-content\/uploads\/2024\/12\/education_fund-1.png 186w, https:\/\/www.fundacionnahuel.org\/wp-content\/uploads\/2024\/12\/education_fund-1-150x150.png 150w\" sizes=\"(max-width: 186px) 100vw, 186px\" \/><\/span><\/figure><\/div><div class=\"content_wrapper\"><div class=\"wgl-infobox-title_wrapper\"><h3 class=\"wgl-infobox_title\"><span class=\"wgl-infobox_title-idle\">Allgemeiner Bildungsfonds<\/span><\/h3><\/div><div class=\"wgl-infobox_content\"><p><span>Wir f\u00f6rdern Bildungsstipendien f\u00fcr Kinder vom Kindergarten bis zur High School \u2013 um Kinderarbeit zu reduzieren und ihnen den Weg in eine bessere Zukunft zu ebnen.<\/span><\/p><\/div><\/div><\/div><\/div>\t\t<\/div>\n\t\t\t\t<\/div>\n\t\t\t\t<div class=\"elementor-element elementor-element-3705909 e-transform elementor-widget elementor-widget-html\" data-id=\"3705909\" data-element_type=\"widget\" data-settings=\"{&quot;_transform_rotateZ_effect&quot;:{&quot;unit&quot;:&quot;px&quot;,&quot;size&quot;:0,&quot;sizes&quot;:[]},&quot;_transform_rotateZ_effect_widescreen&quot;:{&quot;unit&quot;:&quot;deg&quot;,&quot;size&quot;:&quot;&quot;,&quot;sizes&quot;:[]},&quot;_transform_rotateZ_effect_tablet&quot;:{&quot;unit&quot;:&quot;deg&quot;,&quot;size&quot;:&quot;&quot;,&quot;sizes&quot;:[]},&quot;_transform_rotateZ_effect_mobile&quot;:{&quot;unit&quot;:&quot;deg&quot;,&quot;size&quot;:&quot;&quot;,&quot;sizes&quot;:[]}}\" data-widget_type=\"html.default\">\n\t\t\t\t<div class=\"elementor-widget-container\">\n\t\t\t<a class=\"btn-payrexx btn-payrexx-modal\" href=\"https:\/\/fundacionnahuel.payrexx.com\/de\/pay?cid=0afc8660&amp;hide_description=1&amp;donation%5Bpreselect_interval%5D=one_time\">\n<span>Jetzt spenden<\/span>\n<\/a>\n<script src=\"https:\/\/cdnjs.cloudflare.com\/ajax\/libs\/jquery\/3.5.1\/jquery.min.js\" integrity=\"sha512-bLT0Qm9VnAYZDflyKcBaQ2gg0hSYNQrJ8RilYldYQ1FxQYoCLtUjuuRuZo+fjqhx\/qtq\/1itJ0C2ejDxltZVFg==\" crossorigin=\"anonymous\"><\/script>\n<script type=\"text\/javascript\" src=\"https:\/\/media.payrexx.com\/modal\/v1\/modal.min.js\"><\/script>\n<script type=\"text\/javascript\">\n    jQuery(\".btn-payrexx-modal\").payrexxModal();\n<\/script>\n\t\t<\/div>\n\t\t\t\t<\/div>\n\t\t\t\t\t<\/div>\n\t\t\t\t<\/div>\n\t\t\t\t<div class=\"elementor-element elementor-element-310cb296 elementor-widget elementor-widget-spacer\" data-id=\"310cb296\" data-element_type=\"widget\" data-widget_type=\"spacer.default\">\n\t\t\t\t<div class=\"elementor-widget-container\">\n\t\t\t\t\t<div class=\"elementor-spacer\">\n\t\t\t<div class=\"elementor-spacer-inner\"><\/div>\n\t\t<\/div>\n\t\t\t\t<\/div>\n\t\t\t\t<\/div>\n\t\t\t\t<div class=\"elementor-element elementor-element-52ef02e9 acenter elementor-widget elementor-widget-wgl-double-headings\" data-id=\"52ef02e9\" data-element_type=\"widget\" data-widget_type=\"wgl-double-headings.default\">\n\t\t\t\t<div class=\"elementor-widget-container\">\n\t\t\t        <div class=\"wgl-double_heading\">                <div class=\"dbl__subtitle\"><span>Standort des Projekts:<\/span>                <\/div>        <\/div>\t\t<\/div>\n\t\t\t\t<\/div>\n\t\t\t\t<div class=\"elementor-element elementor-element-49e386e6 elementor-widget elementor-widget-google_maps\" data-id=\"49e386e6\" data-element_type=\"widget\" data-widget_type=\"google_maps.default\">\n\t\t\t\t<div class=\"elementor-widget-container\">\n\t\t\t\t\t<div class=\"elementor-custom-embed\">\n\t\t\t<iframe loading=\"lazy\"\n\t\t\t\t\tsrc=\"https:\/\/www.google.com\/maps\/embed\/v1\/place?key=AIzaSyBnCErbNirBcjMlSG7QXDWh4yna9ijxAJE&#038;q=-0.717747%2C-78.666813&#038;zoom=6\"\n\t\t\t\t\ttitle=\"-0.717747,-78.666813\"\n\t\t\t\t\taria-label=\"-0.717747,-78.666813\"\n\t\t\t><\/iframe>\n\t\t<\/div>\n\t\t\t\t<\/div>\n\t\t\t\t<\/div>\n\t\t\t\t<div class=\"elementor-element elementor-element-4b3e0247 elementor-widget elementor-widget-spacer\" data-id=\"4b3e0247\" data-element_type=\"widget\" data-widget_type=\"spacer.default\">\n\t\t\t\t<div class=\"elementor-widget-container\">\n\t\t\t\t\t<div class=\"elementor-spacer\">\n\t\t\t<div class=\"elementor-spacer-inner\"><\/div>\n\t\t<\/div>\n\t\t\t\t<\/div>\n\t\t\t\t<\/div>\n\t\t<div class=\"elementor-element elementor-element-1e02b503 elementor-hidden-desktop elementor-hidden-tablet elementor-hidden-mobile elementor-hidden-widescreen e-flex e-con-boxed e-con e-child\" data-id=\"1e02b503\" data-element_type=\"container\">\n\t\t\t\t\t<div class=\"e-con-inner\">\n\t\t\t\t<div class=\"elementor-element elementor-element-26a03aa4 elementor-widget elementor-widget-spacer\" data-id=\"26a03aa4\" data-element_type=\"widget\" data-widget_type=\"spacer.default\">\n\t\t\t\t<div class=\"elementor-widget-container\">\n\t\t\t\t\t<div class=\"elementor-spacer\">\n\t\t\t<div class=\"elementor-spacer-inner\"><\/div>\n\t\t<\/div>\n\t\t\t\t<\/div>\n\t\t\t\t<\/div>\n\t\t\t\t<div class=\"elementor-element elementor-element-4267a186 aleft elementor-widget elementor-widget-wgl-double-headings\" data-id=\"4267a186\" data-element_type=\"widget\" data-widget_type=\"wgl-double-headings.default\">\n\t\t\t\t<div class=\"elementor-widget-container\">\n\t\t\t        <div class=\"wgl-double_heading\">                <div class=\"dbl__subtitle\"><span>Video:<\/span>                <\/div>        <\/div>\t\t<\/div>\n\t\t\t\t<\/div>\n\t\t<div class=\"elementor-element elementor-element-132df3eb e-con-full e-flex e-con e-child\" data-id=\"132df3eb\" data-element_type=\"container\" data-settings=\"{&quot;background_background&quot;:&quot;slideshow&quot;,&quot;background_slideshow_gallery&quot;:[{&quot;id&quot;:9581,&quot;url&quot;:&quot;https:\\\/\\\/www.fundacionnahuel.org\\\/wp-content\\\/uploads\\\/2024\\\/01\\\/C.Marco-Nahuel-Modulo-2-scaled.jpg&quot;}],&quot;background_slideshow_loop&quot;:&quot;yes&quot;,&quot;background_slideshow_slide_duration&quot;:5000,&quot;background_slideshow_slide_transition&quot;:&quot;fade&quot;,&quot;background_slideshow_transition_duration&quot;:500}\">\n\t\t\t\t<div class=\"elementor-element elementor-element-698e7d19 align-left elementor-widget elementor-widget-wgl-video-popup\" data-id=\"698e7d19\" data-element_type=\"widget\" data-widget_type=\"wgl-video-popup.default\">\n\t\t\t\t<div class=\"elementor-widget-container\">\n\t\t\t<div class=\"wgl-video_popup  title_pos-right  \"><div class=\"videobox_content\"><h3 class=\"title\">Video ansehen<\/h3><div class=\"videobox_link videobox\" data-elementor-open-lightbox=\"yes\" data-elementor-lightbox=\"{&quot;type&quot;:&quot;video&quot;,&quot;url&quot;:null,&quot;modalOptions&quot;:{&quot;id&quot;:&quot;elementor-lightbox-698e7d19&quot;}}\"><svg class=\"videobox_icon\" viewBox=\"0 0 10 10\"><polygon points=\"1,0 1,10 8.5,5\"\/><\/svg><\/div><\/div><\/div>\t\t<\/div>\n\t\t\t\t<\/div>\n\t\t\t\t<\/div>\n\t\t\t\t\t<\/div>\n\t\t\t\t<\/div>\n\t\t<div class=\"elementor-element elementor-element-109e8b78 e-flex e-con-boxed e-con e-child\" data-id=\"109e8b78\" data-element_type=\"container\">\n\t\t\t\t\t<div class=\"e-con-inner\">\n\t\t\t\t\t<\/div>\n\t\t\t\t<\/div>\n\t\t\t\t<\/div>\n\t\t\t\t\t<\/div>\n\t\t\t\t<\/div>\n\t\t\t\t<\/div>\n\t\t<div class=\"elementor-element elementor-element-92399b2 e-flex e-con-boxed e-con e-parent\" data-id=\"92399b2\" data-element_type=\"container\">\n\t\t\t\t\t<div class=\"e-con-inner\">\n\t\t<div class=\"elementor-element elementor-element-4211268 e-con-full e-flex e-con e-child\" data-id=\"4211268\" data-element_type=\"container\">\n\t\t<div class=\"elementor-element elementor-element-b86fa4d e-con-full e-flex e-con e-child\" data-id=\"b86fa4d\" data-element_type=\"container\">\n\t\t<div class=\"elementor-element elementor-element-82ae58f e-con-full e-flex e-con e-child\" data-id=\"82ae58f\" data-element_type=\"container\">\n\t\t\t\t<div class=\"elementor-element elementor-element-4f7ea4e acenter elementor-widget-image-box wgl-image-box elementor-widget elementor-widget-wgl-info-box\" data-id=\"4f7ea4e\" data-element_type=\"widget\" data-widget_type=\"wgl-info-box.default\">\n\t\t\t\t<div class=\"elementor-widget-container\">\n\t\t\t<div class=\"wgl-infobox\"><div class=\"wgl-infobox_wrapper wgl-layout-top\"><div class=\"media-wrapper img-wrapper\"><figure class=\"wgl-image-box_img\"><span ><img decoding=\"async\" width=\"186\" height=\"186\" src=\"https:\/\/www.fundacionnahuel.org\/wp-content\/uploads\/2024\/11\/year-of-completion.png\" class=\"attachment-full size-full wp-image-15499\" alt=\"\" srcset=\"https:\/\/www.fundacionnahuel.org\/wp-content\/uploads\/2024\/11\/year-of-completion.png 186w, https:\/\/www.fundacionnahuel.org\/wp-content\/uploads\/2024\/11\/year-of-completion-150x150.png 150w\" sizes=\"(max-width: 186px) 100vw, 186px\" \/><\/span><\/figure><\/div><div class=\"content_wrapper\"><div class=\"wgl-infobox-title_wrapper\"><h2 class=\"wgl-infobox_title\"><span class=\"wgl-infobox_title-idle\">Jahr der Fertigstellung<\/span><\/h2><\/div><div class=\"wgl-infobox_content\"><p>2013<\/p><\/div><\/div><\/div><\/div>\t\t<\/div>\n\t\t\t\t<\/div>\n\t\t\t\t<\/div>\n\t\t\t\t<\/div>\n\t\t<div class=\"elementor-element elementor-element-c093541 e-flex e-con-boxed e-con e-child\" data-id=\"c093541\" data-element_type=\"container\">\n\t\t\t\t\t<div class=\"e-con-inner\">\n\t\t<div class=\"elementor-element elementor-element-0ded9b0 e-con-full e-flex e-con e-child\" data-id=\"0ded9b0\" data-element_type=\"container\">\n\t\t\t\t<div class=\"elementor-element elementor-element-9d0290a acenter elementor-widget-image-box wgl-image-box elementor-widget elementor-widget-wgl-info-box\" data-id=\"9d0290a\" data-element_type=\"widget\" data-widget_type=\"wgl-info-box.default\">\n\t\t\t\t<div class=\"elementor-widget-container\">\n\t\t\t<div class=\"wgl-infobox\"><div class=\"wgl-infobox_wrapper wgl-layout-top\"><div class=\"media-wrapper img-wrapper\"><figure class=\"wgl-image-box_img\"><span ><img decoding=\"async\" width=\"186\" height=\"186\" src=\"https:\/\/www.fundacionnahuel.org\/wp-content\/uploads\/2024\/11\/total-costs.png\" class=\"attachment-full size-full wp-image-15502\" alt=\"\" srcset=\"https:\/\/www.fundacionnahuel.org\/wp-content\/uploads\/2024\/11\/total-costs.png 186w, https:\/\/www.fundacionnahuel.org\/wp-content\/uploads\/2024\/11\/total-costs-150x150.png 150w\" sizes=\"(max-width: 186px) 100vw, 186px\" \/><\/span><\/figure><\/div><div class=\"content_wrapper\"><div class=\"wgl-infobox-title_wrapper\"><h2 class=\"wgl-infobox_title\"><span class=\"wgl-infobox_title-idle\">Gesamtkosten<\/span><\/h2><\/div><div class=\"wgl-infobox_content\"><p><strong>  $396,599.24<\/strong><\/p><\/div><\/div><\/div><\/div>\t\t<\/div>\n\t\t\t\t<\/div>\n\t\t\t\t<\/div>\n\t\t\t\t\t<\/div>\n\t\t\t\t<\/div>\n\t\t<div class=\"elementor-element elementor-element-7b69f9d e-flex e-con-boxed e-con e-child\" data-id=\"7b69f9d\" data-element_type=\"container\">\n\t\t\t\t\t<div class=\"e-con-inner\">\n\t\t<div class=\"elementor-element elementor-element-51a2316 e-con-full e-flex e-con e-child\" data-id=\"51a2316\" data-element_type=\"container\">\n\t\t\t\t<div class=\"elementor-element elementor-element-738538b acenter elementor-widget-image-box wgl-image-box elementor-widget elementor-widget-wgl-info-box\" data-id=\"738538b\" data-element_type=\"widget\" data-widget_type=\"wgl-info-box.default\">\n\t\t\t\t<div class=\"elementor-widget-container\">\n\t\t\t<div class=\"wgl-infobox\"><div class=\"wgl-infobox_wrapper wgl-layout-top\"><div class=\"media-wrapper img-wrapper\"><figure class=\"wgl-image-box_img\"><span ><img loading=\"lazy\" decoding=\"async\" width=\"186\" height=\"186\" src=\"https:\/\/www.fundacionnahuel.org\/wp-content\/uploads\/2024\/11\/beneficiaries.png\" class=\"attachment-full size-full wp-image-15505\" alt=\"\" srcset=\"https:\/\/www.fundacionnahuel.org\/wp-content\/uploads\/2024\/11\/beneficiaries.png 186w, https:\/\/www.fundacionnahuel.org\/wp-content\/uploads\/2024\/11\/beneficiaries-150x150.png 150w\" sizes=\"(max-width: 186px) 100vw, 186px\" \/><\/span><\/figure><\/div><div class=\"content_wrapper\"><div class=\"wgl-infobox-title_wrapper\"><h2 class=\"wgl-infobox_title\"><span class=\"wgl-infobox_title-idle\">Beg\u00fcnstigte  <\/span><\/h2><\/div><div class=\"wgl-infobox_content\"><p>216<\/p><\/div><\/div><\/div><\/div>\t\t<\/div>\n\t\t\t\t<\/div>\n\t\t\t\t<\/div>\n\t\t\t\t\t<\/div>\n\t\t\t\t<\/div>\n\t\t<div class=\"elementor-element elementor-element-a832851 e-flex e-con-boxed e-con e-child\" data-id=\"a832851\" data-element_type=\"container\">\n\t\t\t\t\t<div class=\"e-con-inner\">\n\t\t<div class=\"elementor-element elementor-element-15f5ad9 e-con-full e-flex e-con e-child\" data-id=\"15f5ad9\" data-element_type=\"container\">\n\t\t\t\t<div class=\"elementor-element elementor-element-98c7f84 acenter elementor-widget-image-box wgl-image-box elementor-widget elementor-widget-wgl-info-box\" data-id=\"98c7f84\" data-element_type=\"widget\" data-widget_type=\"wgl-info-box.default\">\n\t\t\t\t<div class=\"elementor-widget-container\">\n\t\t\t<div class=\"wgl-infobox\"><div class=\"wgl-infobox_wrapper wgl-layout-top\"><div class=\"media-wrapper img-wrapper\"><figure class=\"wgl-image-box_img\"><span ><img loading=\"lazy\" decoding=\"async\" width=\"186\" height=\"186\" src=\"https:\/\/www.fundacionnahuel.org\/wp-content\/uploads\/2024\/11\/start-year.png\" class=\"attachment-full size-full wp-image-15496\" alt=\"\" srcset=\"https:\/\/www.fundacionnahuel.org\/wp-content\/uploads\/2024\/11\/start-year.png 186w, https:\/\/www.fundacionnahuel.org\/wp-content\/uploads\/2024\/11\/start-year-150x150.png 150w\" sizes=\"(max-width: 186px) 100vw, 186px\" \/><\/span><\/figure><\/div><div class=\"content_wrapper\"><div class=\"wgl-infobox-title_wrapper\"><h2 class=\"wgl-infobox_title\"><span class=\"wgl-infobox_title-idle\">Anfangsjahr<\/span><\/h2><\/div><div class=\"wgl-infobox_content\"><p><span>2009<\/span><\/p><\/div><\/div><\/div><\/div>\t\t<\/div>\n\t\t\t\t<\/div>\n\t\t\t\t<\/div>\n\t\t\t\t\t<\/div>\n\t\t\t\t<\/div>\n\t\t\t\t<\/div>\n\t\t\t\t\t<\/div>\n\t\t\t\t<\/div>\n\t\t<div class=\"elementor-element elementor-element-ff2e0e3 e-flex e-con-boxed e-con e-child\" data-id=\"ff2e0e3\" data-element_type=\"container\">\n\t\t\t\t\t<div class=\"e-con-inner\">\n\t\t\t\t<div class=\"elementor-element elementor-element-2590e74 aleft elementor-widget elementor-widget-wgl-double-headings\" data-id=\"2590e74\" data-element_type=\"widget\" data-widget_type=\"wgl-double-headings.default\">\n\t\t\t\t<div class=\"elementor-widget-container\">\n\t\t\t        <div class=\"wgl-double_heading\">                <div class=\"dbl__subtitle\"><span>Fotogalerie:<\/span>                <\/div>        <\/div>\t\t<\/div>\n\t\t\t\t<\/div>\n\t\t\t\t<div class=\"elementor-element elementor-element-41af7f3 col-3 col-tablet-2 col-mobile-1 elementor-widget elementor-widget-wgl-gallery\" data-id=\"41af7f3\" data-element_type=\"widget\" data-widget_type=\"wgl-gallery.default\">\n\t\t\t\t<div class=\"elementor-widget-container\">\n\t\t\t<div class=\"wgl-gallery\"><div class=\"wgl-gallery_items gallery-carousel\"><div class=\"wgl-carousel_wrapper\"><div class=\"wgl-carousel pagination_line_circle pag_align_center\"><div class=\"wgl-carousel_slick\" data-slick='{\"slidesToShow\":3,\"slidesToScroll\":1,\"infinite\":true,\"variableWidth\":false,\"autoplay\":true,\"autoplaySpeed\":\"3000\",\"speed\":300,\"arrows\":true,\"dots\":true,\"adaptiveHeight\":false,\"responsive\":[{\"breakpoint\":0,\"settings\":{\"slidesToShow\":3,\"slidesToScroll\":1}},{\"breakpoint\":1024,\"settings\":{\"slidesToShow\":2,\"slidesToScroll\":1}},{\"breakpoint\":767,\"settings\":{\"slidesToShow\":1,\"slidesToScroll\":1}}]}'><div class=\"wgl-gallery_item-wrapper\"><a class=\"wgl-gallery_item\" data-elementor-open-lightbox=\"yes\" data-elementor-lightbox-slideshow=\"all-41af7f3\" data-elementor-lightbox-title=\"Nursery Expansion Sierra Flor\" data-e-action-hash=\"#elementor-action%3Aaction%3Dlightbox%26settings%3DeyJpZCI6MTM1ODcsInVybCI6Imh0dHBzOlwvXC93d3cuZnVuZGFjaW9ubmFodWVsLm9yZ1wvd3AtY29udGVudFwvdXBsb2Fkc1wvMjAyNFwvMTFcL051cnNlcnktRXhwYW5zaW9uLVNpZXJyYS1GbG9yLXNjYWxlZC5qcGciLCJzbGlkZXNob3ciOiJhbGwtNDFhZjdmMyJ9\" href=\"https:\/\/www.fundacionnahuel.org\/wp-content\/uploads\/2024\/11\/Nursery-Expansion-Sierra-Flor-scaled.jpg\"><img decoding=\"async\" class=\"wgl-gallery_image\" src=\"https:\/\/www.fundacionnahuel.org\/wp-content\/uploads\/2024\/11\/Nursery-Expansion-Sierra-Flor-scaled-2560x2560.jpg\" alt=\"\"><\/a><\/div><div class=\"wgl-gallery_item-wrapper\"><a class=\"wgl-gallery_item\" data-elementor-open-lightbox=\"yes\" data-elementor-lightbox-slideshow=\"all-41af7f3\" data-elementor-lightbox-title=\"Dining and Kitchen at Sierra Flor Nursery\" data-e-action-hash=\"#elementor-action%3Aaction%3Dlightbox%26settings%3DeyJpZCI6MTM1ODQsInVybCI6Imh0dHBzOlwvXC93d3cuZnVuZGFjaW9ubmFodWVsLm9yZ1wvd3AtY29udGVudFwvdXBsb2Fkc1wvMjAyNFwvMTFcL0RpbmluZy1hbmQtS2l0Y2hlbi1hdC1TaWVycmEtRmxvci1OdXJzZXJ5LXNjYWxlZC5qcGciLCJzbGlkZXNob3ciOiJhbGwtNDFhZjdmMyJ9\" href=\"https:\/\/www.fundacionnahuel.org\/wp-content\/uploads\/2024\/11\/Dining-and-Kitchen-at-Sierra-Flor-Nursery-scaled.jpg\"><img decoding=\"async\" class=\"wgl-gallery_image\" src=\"https:\/\/www.fundacionnahuel.org\/wp-content\/uploads\/2024\/11\/Dining-and-Kitchen-at-Sierra-Flor-Nursery-scaled-2560x2560.jpg\" alt=\"\"><\/a><\/div><div class=\"wgl-gallery_item-wrapper\"><a class=\"wgl-gallery_item\" data-elementor-open-lightbox=\"yes\" data-elementor-lightbox-slideshow=\"all-41af7f3\" data-elementor-lightbox-title=\"Colegio Sierra Flor (1)\" data-e-action-hash=\"#elementor-action%3Aaction%3Dlightbox%26settings%3DeyJpZCI6MTM1ODEsInVybCI6Imh0dHBzOlwvXC93d3cuZnVuZGFjaW9ubmFodWVsLm9yZ1wvd3AtY29udGVudFwvdXBsb2Fkc1wvMjAyNFwvMTFcL0NvbGVnaW8tU2llcnJhLUZsb3ItMS1zY2FsZWQuanBnIiwic2xpZGVzaG93IjoiYWxsLTQxYWY3ZjMifQ%3D%3D\" href=\"https:\/\/www.fundacionnahuel.org\/wp-content\/uploads\/2024\/11\/Colegio-Sierra-Flor-1-scaled.jpg\"><img decoding=\"async\" class=\"wgl-gallery_image\" src=\"https:\/\/www.fundacionnahuel.org\/wp-content\/uploads\/2024\/11\/Colegio-Sierra-Flor-1-scaled-2560x2560.jpg\" alt=\"\"><\/a><\/div><div class=\"wgl-gallery_item-wrapper\"><a class=\"wgl-gallery_item\" data-elementor-open-lightbox=\"yes\" data-elementor-lightbox-slideshow=\"all-41af7f3\" data-elementor-lightbox-title=\"Guarder\u00eda Sierra Flor\" data-e-action-hash=\"#elementor-action%3Aaction%3Dlightbox%26settings%3DeyJpZCI6MTM1NzgsInVybCI6Imh0dHBzOlwvXC93d3cuZnVuZGFjaW9ubmFodWVsLm9yZ1wvd3AtY29udGVudFwvdXBsb2Fkc1wvMjAyNFwvMTFcL0d1YXJkZXJpYS1TaWVycmEtRmxvci1zY2FsZWQuanBnIiwic2xpZGVzaG93IjoiYWxsLTQxYWY3ZjMifQ%3D%3D\" href=\"https:\/\/www.fundacionnahuel.org\/wp-content\/uploads\/2024\/11\/Guarderia-Sierra-Flor-scaled.jpg\"><img decoding=\"async\" class=\"wgl-gallery_image\" src=\"https:\/\/www.fundacionnahuel.org\/wp-content\/uploads\/2024\/11\/Guarderia-Sierra-Flor-scaled-2560x2560.jpg\" alt=\"\"><\/a><\/div><div class=\"wgl-gallery_item-wrapper\"><a class=\"wgl-gallery_item\" data-elementor-open-lightbox=\"yes\" data-elementor-lightbox-slideshow=\"all-41af7f3\" data-elementor-lightbox-title=\"General Play Room of Sierra Flor Nursery\" data-e-action-hash=\"#elementor-action%3Aaction%3Dlightbox%26settings%3DeyJpZCI6MTM1NzUsInVybCI6Imh0dHBzOlwvXC93d3cuZnVuZGFjaW9ubmFodWVsLm9yZ1wvd3AtY29udGVudFwvdXBsb2Fkc1wvMjAyNFwvMTFcL0dlbmVyYWwtUGxheS1Sb29tLW9mLVNpZXJyYS1GbG9yLU51cnNlcnktc2NhbGVkLmpwZyIsInNsaWRlc2hvdyI6ImFsbC00MWFmN2YzIn0%3D\" href=\"https:\/\/www.fundacionnahuel.org\/wp-content\/uploads\/2024\/11\/General-Play-Room-of-Sierra-Flor-Nursery-scaled.jpg\"><img decoding=\"async\" class=\"wgl-gallery_image\" src=\"https:\/\/www.fundacionnahuel.org\/wp-content\/uploads\/2024\/11\/General-Play-Room-of-Sierra-Flor-Nursery-scaled-2560x2560.jpg\" alt=\"\"><\/a><\/div><div class=\"wgl-gallery_item-wrapper\"><a class=\"wgl-gallery_item\" data-elementor-open-lightbox=\"yes\" data-elementor-lightbox-slideshow=\"all-41af7f3\" data-elementor-lightbox-title=\"Sanitary fscilities for Sierra Flor Nursery School\" data-e-action-hash=\"#elementor-action%3Aaction%3Dlightbox%26settings%3DeyJpZCI6MTM1NzIsInVybCI6Imh0dHBzOlwvXC93d3cuZnVuZGFjaW9ubmFodWVsLm9yZ1wvd3AtY29udGVudFwvdXBsb2Fkc1wvMjAyNFwvMTFcL1Nhbml0YXJ5LWZzY2lsaXRpZXMtZm9yLVNpZXJyYS1GbG9yLU51cnNlcnktU2Nob29sLXNjYWxlZC5qcGciLCJzbGlkZXNob3ciOiJhbGwtNDFhZjdmMyJ9\" href=\"https:\/\/www.fundacionnahuel.org\/wp-content\/uploads\/2024\/11\/Sanitary-fscilities-for-Sierra-Flor-Nursery-School-scaled.jpg\"><img decoding=\"async\" class=\"wgl-gallery_image\" src=\"https:\/\/www.fundacionnahuel.org\/wp-content\/uploads\/2024\/11\/Sanitary-fscilities-for-Sierra-Flor-Nursery-School-scaled-2560x2560.jpg\" alt=\"\"><\/a><\/div><\/div><\/div><\/div><\/div><\/div>\t\t<\/div>\n\t\t\t\t<\/div>\n\t\t\t\t\t<\/div>\n\t\t\t\t<\/div>\n\t\t\t\t<\/div>\n\t\t","protected":false},"excerpt":{"rendered":"<p>Die bestehende Schule soll erweitert werden und mehr Kinder aus dem Sektor aufnehmen k\u00f6nnen, um ihnen eine Ausbildung in Reichweite zu erm\u00f6glichen.<\/p>\n","protected":false},"author":7,"featured_media":13589,"menu_order":0,"comment_status":"closed","ping_status":"closed","template":"","portfolio-category":[131],"portfolio-tag":[],"class_list":["post-16798","portfolio","type-portfolio","status-publish","has-post-thumbnail","hentry","portfolio-category-ausbildung"],"yoast_head":"<!-- This site is optimized with the Yoast SEO plugin v27.5 - https:\/\/yoast.com\/product\/yoast-seo-wordpress\/ -->\n<title>Sierra Flor \u2013 Kindergarten und Schule - Fundaci\u00f3n Nahuel<\/title>\n<meta name=\"robots\" content=\"index, follow, max-snippet:-1, max-image-preview:large, max-video-preview:-1\" \/>\n<link rel=\"canonical\" href=\"https:\/\/www.fundacionnahuel.org\/de\/portfolio\/sierra-flor-schule\/\" \/>\n<meta property=\"og:locale\" content=\"de_DE\" \/>\n<meta property=\"og:type\" content=\"article\" \/>\n<meta property=\"og:title\" content=\"Sierra Flor \u2013 Kindergarten und Schule - Fundaci\u00f3n Nahuel\" \/>\n<meta property=\"og:description\" content=\"Die bestehende Schule soll erweitert werden und mehr Kinder aus dem Sektor aufnehmen k\u00f6nnen, um ihnen eine Ausbildung in Reichweite zu erm\u00f6glichen.\" \/>\n<meta property=\"og:url\" content=\"https:\/\/www.fundacionnahuel.org\/de\/portfolio\/sierra-flor-schule\/\" \/>\n<meta property=\"og:site_name\" content=\"Fundaci\u00f3n Nahuel\" \/>\n<meta property=\"article:modified_time\" content=\"2025-06-25T08:22:08+00:00\" \/>\n<meta property=\"og:image\" content=\"https:\/\/www.fundacionnahuel.org\/wp-content\/uploads\/2024\/11\/Nursery-Expansion-Sierra-Flor-scaled.jpg\" \/>\n\t<meta property=\"og:image:width\" content=\"2560\" \/>\n\t<meta property=\"og:image:height\" content=\"1708\" \/>\n\t<meta property=\"og:image:type\" content=\"image\/jpeg\" \/>\n<meta name=\"twitter:card\" content=\"summary_large_image\" \/>\n<meta name=\"twitter:label1\" content=\"Gesch\u00e4tzte Lesezeit\" \/>\n\t<meta name=\"twitter:data1\" content=\"6\u00a0Minuten\" \/>\n<script type=\"application\/ld+json\" class=\"yoast-schema-graph\">{\"@context\":\"https:\\\/\\\/schema.org\",\"@graph\":[{\"@type\":\"WebPage\",\"@id\":\"https:\\\/\\\/www.fundacionnahuel.org\\\/de\\\/portfolio\\\/sierra-flor-schule\\\/\",\"url\":\"https:\\\/\\\/www.fundacionnahuel.org\\\/de\\\/portfolio\\\/sierra-flor-schule\\\/\",\"name\":\"Sierra Flor \u2013 Kindergarten und Schule - Fundaci\u00f3n Nahuel\",\"isPartOf\":{\"@id\":\"https:\\\/\\\/www.fundacionnahuel.org\\\/de\\\/#website\"},\"primaryImageOfPage\":{\"@id\":\"https:\\\/\\\/www.fundacionnahuel.org\\\/de\\\/portfolio\\\/sierra-flor-schule\\\/#primaryimage\"},\"image\":{\"@id\":\"https:\\\/\\\/www.fundacionnahuel.org\\\/de\\\/portfolio\\\/sierra-flor-schule\\\/#primaryimage\"},\"thumbnailUrl\":\"https:\\\/\\\/www.fundacionnahuel.org\\\/wp-content\\\/uploads\\\/2024\\\/11\\\/Nursery-Expansion-Sierra-Flor-scaled.jpg\",\"datePublished\":\"2024-11-07T16:29:25+00:00\",\"dateModified\":\"2025-06-25T08:22:08+00:00\",\"breadcrumb\":{\"@id\":\"https:\\\/\\\/www.fundacionnahuel.org\\\/de\\\/portfolio\\\/sierra-flor-schule\\\/#breadcrumb\"},\"inLanguage\":\"de\",\"potentialAction\":[{\"@type\":\"ReadAction\",\"target\":[\"https:\\\/\\\/www.fundacionnahuel.org\\\/de\\\/portfolio\\\/sierra-flor-schule\\\/\"]}]},{\"@type\":\"ImageObject\",\"inLanguage\":\"de\",\"@id\":\"https:\\\/\\\/www.fundacionnahuel.org\\\/de\\\/portfolio\\\/sierra-flor-schule\\\/#primaryimage\",\"url\":\"https:\\\/\\\/www.fundacionnahuel.org\\\/wp-content\\\/uploads\\\/2024\\\/11\\\/Nursery-Expansion-Sierra-Flor-scaled.jpg\",\"contentUrl\":\"https:\\\/\\\/www.fundacionnahuel.org\\\/wp-content\\\/uploads\\\/2024\\\/11\\\/Nursery-Expansion-Sierra-Flor-scaled.jpg\",\"width\":2560,\"height\":1708},{\"@type\":\"BreadcrumbList\",\"@id\":\"https:\\\/\\\/www.fundacionnahuel.org\\\/de\\\/portfolio\\\/sierra-flor-schule\\\/#breadcrumb\",\"itemListElement\":[{\"@type\":\"ListItem\",\"position\":1,\"name\":\"Home\",\"item\":\"https:\\\/\\\/www.fundacionnahuel.org\\\/de\\\/\"},{\"@type\":\"ListItem\",\"position\":2,\"name\":\"Portfolio\",\"item\":\"https:\\\/\\\/www.fundacionnahuel.org\\\/de\\\/portfolio\\\/\"},{\"@type\":\"ListItem\",\"position\":3,\"name\":\"Sierra Flor \u2013 Kindergarten und Schule\"}]},{\"@type\":\"WebSite\",\"@id\":\"https:\\\/\\\/www.fundacionnahuel.org\\\/de\\\/#website\",\"url\":\"https:\\\/\\\/www.fundacionnahuel.org\\\/de\\\/\",\"name\":\"Fundaci\u00f3n Nahuel\",\"description\":\"Transforming Lives Through Education and Care\",\"publisher\":{\"@id\":\"https:\\\/\\\/www.fundacionnahuel.org\\\/de\\\/#organization\"},\"alternateName\":\"Nahuel\",\"inLanguage\":\"de\"},{\"@type\":\"Organization\",\"@id\":\"https:\\\/\\\/www.fundacionnahuel.org\\\/de\\\/#organization\",\"name\":\"Fundaci\u00f3n Nahuel\",\"alternateName\":\"Nahuel\",\"url\":\"https:\\\/\\\/www.fundacionnahuel.org\\\/de\\\/\",\"logo\":{\"@type\":\"ImageObject\",\"inLanguage\":\"de\",\"@id\":\"https:\\\/\\\/www.fundacionnahuel.org\\\/de\\\/#\\\/schema\\\/logo\\\/image\\\/\",\"url\":\"https:\\\/\\\/www.fundacionnahuel.org\\\/wp-content\\\/uploads\\\/2025\\\/03\\\/Nahuel_Logo.jpg\",\"contentUrl\":\"https:\\\/\\\/www.fundacionnahuel.org\\\/wp-content\\\/uploads\\\/2025\\\/03\\\/Nahuel_Logo.jpg\",\"width\":696,\"height\":696,\"caption\":\"Fundaci\u00f3n Nahuel\"},\"image\":{\"@id\":\"https:\\\/\\\/www.fundacionnahuel.org\\\/de\\\/#\\\/schema\\\/logo\\\/image\\\/\"}}]}<\/script>\n<!-- \/ Yoast SEO plugin. -->","yoast_head_json":{"title":"Sierra Flor \u2013 Kindergarten und Schule - Fundaci\u00f3n Nahuel","robots":{"index":"index","follow":"follow","max-snippet":"max-snippet:-1","max-image-preview":"max-image-preview:large","max-video-preview":"max-video-preview:-1"},"canonical":"https:\/\/www.fundacionnahuel.org\/de\/portfolio\/sierra-flor-schule\/","og_locale":"de_DE","og_type":"article","og_title":"Sierra Flor \u2013 Kindergarten und Schule - Fundaci\u00f3n Nahuel","og_description":"Die bestehende Schule soll erweitert werden und mehr Kinder aus dem Sektor aufnehmen k\u00f6nnen, um ihnen eine Ausbildung in Reichweite zu erm\u00f6glichen.","og_url":"https:\/\/www.fundacionnahuel.org\/de\/portfolio\/sierra-flor-schule\/","og_site_name":"Fundaci\u00f3n Nahuel","article_modified_time":"2025-06-25T08:22:08+00:00","og_image":[{"width":2560,"height":1708,"url":"https:\/\/www.fundacionnahuel.org\/wp-content\/uploads\/2024\/11\/Nursery-Expansion-Sierra-Flor-scaled.jpg","type":"image\/jpeg"}],"twitter_card":"summary_large_image","twitter_misc":{"Gesch\u00e4tzte Lesezeit":"6\u00a0Minuten"},"schema":{"@context":"https:\/\/schema.org","@graph":[{"@type":"WebPage","@id":"https:\/\/www.fundacionnahuel.org\/de\/portfolio\/sierra-flor-schule\/","url":"https:\/\/www.fundacionnahuel.org\/de\/portfolio\/sierra-flor-schule\/","name":"Sierra Flor \u2013 Kindergarten und Schule - Fundaci\u00f3n Nahuel","isPartOf":{"@id":"https:\/\/www.fundacionnahuel.org\/de\/#website"},"primaryImageOfPage":{"@id":"https:\/\/www.fundacionnahuel.org\/de\/portfolio\/sierra-flor-schule\/#primaryimage"},"image":{"@id":"https:\/\/www.fundacionnahuel.org\/de\/portfolio\/sierra-flor-schule\/#primaryimage"},"thumbnailUrl":"https:\/\/www.fundacionnahuel.org\/wp-content\/uploads\/2024\/11\/Nursery-Expansion-Sierra-Flor-scaled.jpg","datePublished":"2024-11-07T16:29:25+00:00","dateModified":"2025-06-25T08:22:08+00:00","breadcrumb":{"@id":"https:\/\/www.fundacionnahuel.org\/de\/portfolio\/sierra-flor-schule\/#breadcrumb"},"inLanguage":"de","potentialAction":[{"@type":"ReadAction","target":["https:\/\/www.fundacionnahuel.org\/de\/portfolio\/sierra-flor-schule\/"]}]},{"@type":"ImageObject","inLanguage":"de","@id":"https:\/\/www.fundacionnahuel.org\/de\/portfolio\/sierra-flor-schule\/#primaryimage","url":"https:\/\/www.fundacionnahuel.org\/wp-content\/uploads\/2024\/11\/Nursery-Expansion-Sierra-Flor-scaled.jpg","contentUrl":"https:\/\/www.fundacionnahuel.org\/wp-content\/uploads\/2024\/11\/Nursery-Expansion-Sierra-Flor-scaled.jpg","width":2560,"height":1708},{"@type":"BreadcrumbList","@id":"https:\/\/www.fundacionnahuel.org\/de\/portfolio\/sierra-flor-schule\/#breadcrumb","itemListElement":[{"@type":"ListItem","position":1,"name":"Home","item":"https:\/\/www.fundacionnahuel.org\/de\/"},{"@type":"ListItem","position":2,"name":"Portfolio","item":"https:\/\/www.fundacionnahuel.org\/de\/portfolio\/"},{"@type":"ListItem","position":3,"name":"Sierra Flor \u2013 Kindergarten und Schule"}]},{"@type":"WebSite","@id":"https:\/\/www.fundacionnahuel.org\/de\/#website","url":"https:\/\/www.fundacionnahuel.org\/de\/","name":"Fundaci\u00f3n Nahuel","description":"Transforming Lives Through Education and Care","publisher":{"@id":"https:\/\/www.fundacionnahuel.org\/de\/#organization"},"alternateName":"Nahuel","inLanguage":"de"},{"@type":"Organization","@id":"https:\/\/www.fundacionnahuel.org\/de\/#organization","name":"Fundaci\u00f3n Nahuel","alternateName":"Nahuel","url":"https:\/\/www.fundacionnahuel.org\/de\/","logo":{"@type":"ImageObject","inLanguage":"de","@id":"https:\/\/www.fundacionnahuel.org\/de\/#\/schema\/logo\/image\/","url":"https:\/\/www.fundacionnahuel.org\/wp-content\/uploads\/2025\/03\/Nahuel_Logo.jpg","contentUrl":"https:\/\/www.fundacionnahuel.org\/wp-content\/uploads\/2025\/03\/Nahuel_Logo.jpg","width":696,"height":696,"caption":"Fundaci\u00f3n Nahuel"},"image":{"@id":"https:\/\/www.fundacionnahuel.org\/de\/#\/schema\/logo\/image\/"}}]}},"_links":{"self":[{"href":"https:\/\/www.fundacionnahuel.org\/de\/wp-json\/wp\/v2\/portfolio\/16798","targetHints":{"allow":["GET"]}}],"collection":[{"href":"https:\/\/www.fundacionnahuel.org\/de\/wp-json\/wp\/v2\/portfolio"}],"about":[{"href":"https:\/\/www.fundacionnahuel.org\/de\/wp-json\/wp\/v2\/types\/portfolio"}],"author":[{"embeddable":true,"href":"https:\/\/www.fundacionnahuel.org\/de\/wp-json\/wp\/v2\/users\/7"}],"replies":[{"embeddable":true,"href":"https:\/\/www.fundacionnahuel.org\/de\/wp-json\/wp\/v2\/comments?post=16798"}],"version-history":[{"count":8,"href":"https:\/\/www.fundacionnahuel.org\/de\/wp-json\/wp\/v2\/portfolio\/16798\/revisions"}],"predecessor-version":[{"id":18880,"href":"https:\/\/www.fundacionnahuel.org\/de\/wp-json\/wp\/v2\/portfolio\/16798\/revisions\/18880"}],"wp:featuredmedia":[{"embeddable":true,"href":"https:\/\/www.fundacionnahuel.org\/de\/wp-json\/wp\/v2\/media\/13589"}],"wp:attachment":[{"href":"https:\/\/www.fundacionnahuel.org\/de\/wp-json\/wp\/v2\/media?parent=16798"}],"wp:term":[{"taxonomy":"portfolio-category","embeddable":true,"href":"https:\/\/www.fundacionnahuel.org\/de\/wp-json\/wp\/v2\/portfolio-category?post=16798"},{"taxonomy":"portfolio-tag","embeddable":true,"href":"https:\/\/www.fundacionnahuel.org\/de\/wp-json\/wp\/v2\/portfolio-tag?post=16798"}],"curies":[{"name":"wp","href":"https:\/\/api.w.org\/{rel}","templated":true}]}}