{"id":16810,"date":"2024-11-07T14:48:50","date_gmt":"2024-11-07T13:48:50","guid":{"rendered":"https:\/\/fundacionnahuel.org\/stage2\/portfolio\/pachijal-schule\/"},"modified":"2025-06-25T09:19:09","modified_gmt":"2025-06-25T08:19:09","slug":"pachijal-schule","status":"publish","type":"portfolio","link":"https:\/\/www.fundacionnahuel.org\/de\/portfolio\/pachijal-schule\/","title":{"rendered":"Schule &#8220;Rio Pachijal, Marco Nahuel&#8221;"},"content":{"rendered":"\t\t<div data-elementor-type=\"wp-post\" data-elementor-id=\"16810\" class=\"elementor elementor-16810 elementor-16808\" data-elementor-post-type=\"portfolio\">\n\t\t\t\t<div class=\"elementor-element elementor-element-31606ab7 e-con-full e-flex e-con e-parent\" data-id=\"31606ab7\" data-element_type=\"container\">\n\t\t<div class=\"elementor-element elementor-element-5234687 e-con-full e-flex e-con e-child\" data-id=\"5234687\" data-element_type=\"container\" data-settings=\"{&quot;background_background&quot;:&quot;classic&quot;}\">\n\t\t<div class=\"elementor-element elementor-element-764d7b3 e-flex e-con-boxed e-con e-child\" data-id=\"764d7b3\" data-element_type=\"container\">\n\t\t\t\t\t<div class=\"e-con-inner\">\n\t\t\t\t<div class=\"elementor-element elementor-element-014bb24 elementor-widget__width-initial elementor-widget-tablet__width-initial elementor-widget elementor-widget-heading\" data-id=\"014bb24\" data-element_type=\"widget\" data-widget_type=\"heading.default\">\n\t\t\t\t<div class=\"elementor-widget-container\">\n\t\t\t<h2 class=\"elementor-heading-title elementor-size-default\">Schule &#8220;Rio Pachijal, Marco Nahuel&#8221;<\/h2>\t\t<\/div>\n\t\t\t\t<\/div>\n\t\t\t\t\t<\/div>\n\t\t\t\t<\/div>\n\t\t\t\t<\/div>\n\t\t<div class=\"elementor-element elementor-element-de1e7be e-flex e-con-boxed e-con e-child\" data-id=\"de1e7be\" data-element_type=\"container\">\n\t\t\t\t\t<div class=\"e-con-inner\">\n\t\t<div class=\"elementor-element elementor-element-6ef4f767 e-con-full e-flex e-con e-child\" data-id=\"6ef4f767\" data-element_type=\"container\">\n\t\t<div class=\"elementor-element elementor-element-7e3b5888 e-transform e-con-full e-flex e-con e-child\" data-id=\"7e3b5888\" data-element_type=\"container\" data-settings=\"{&quot;_transform_scaleX_effect&quot;:{&quot;unit&quot;:&quot;px&quot;,&quot;size&quot;:&quot;&quot;,&quot;sizes&quot;:[]},&quot;_transform_scaleX_effect_widescreen&quot;:{&quot;unit&quot;:&quot;px&quot;,&quot;size&quot;:&quot;&quot;,&quot;sizes&quot;:[]},&quot;_transform_scaleX_effect_tablet&quot;:{&quot;unit&quot;:&quot;px&quot;,&quot;size&quot;:&quot;&quot;,&quot;sizes&quot;:[]},&quot;_transform_scaleX_effect_mobile&quot;:{&quot;unit&quot;:&quot;px&quot;,&quot;size&quot;:&quot;&quot;,&quot;sizes&quot;:[]},&quot;_transform_scaleY_effect&quot;:{&quot;unit&quot;:&quot;px&quot;,&quot;size&quot;:&quot;&quot;,&quot;sizes&quot;:[]},&quot;_transform_scaleY_effect_widescreen&quot;:{&quot;unit&quot;:&quot;px&quot;,&quot;size&quot;:&quot;&quot;,&quot;sizes&quot;:[]},&quot;_transform_scaleY_effect_tablet&quot;:{&quot;unit&quot;:&quot;px&quot;,&quot;size&quot;:&quot;&quot;,&quot;sizes&quot;:[]},&quot;_transform_scaleY_effect_mobile&quot;:{&quot;unit&quot;:&quot;px&quot;,&quot;size&quot;:&quot;&quot;,&quot;sizes&quot;:[]}}\">\n\t\t\t\t<div class=\"elementor-element elementor-element-b11f035 elementor-widget elementor-widget-heading\" data-id=\"b11f035\" data-element_type=\"widget\" data-widget_type=\"heading.default\">\n\t\t\t\t<div class=\"elementor-widget-container\">\n\t\t\t<h4 class=\"elementor-heading-title elementor-size-default\">Allgemeines Ziel:  <\/h4>\t\t<\/div>\n\t\t\t\t<\/div>\n\t\t\t\t<div class=\"elementor-element elementor-element-44b1f456 elementor-widget elementor-widget-text-editor\" data-id=\"44b1f456\" data-element_type=\"widget\" data-widget_type=\"text-editor.default\">\n\t\t\t\t<div class=\"elementor-widget-container\">\n\t\t\t\t\t\t\t<p data-renderer-start-pos=\"1\"><strong>Standort: Pachijal, Pichincha, Ecuador<\/strong><\/p><p>Bau einer Schule in der Gemeinde Pachijal, um die Lebensqualit\u00e4t der Kinder und ihrer Familien zu verbessern.<strong>\u00a0<\/strong><\/p><p><span><strong>R\u00edo Pachijal <em>&#8220;Marco Nahuel&#8221;<\/em><\/strong> ist eine<\/span><span> neue Bildungseinrichtung mit Sitz in<\/span><span> der Gemeinde P<\/span><span>achijal in der<\/span><span> Gemeinde von P<\/span><span>acto, Kanton Qu<\/span><span>ito, Provinz<\/span><span> von Pichincha, Ecu<\/span><span>dor. <\/span><\/p><p><span>Die Nahuel-Stiftung <\/span><span>hat eine<\/span><span> entscheidende Rolle<\/span><span> bei der Entwicklung der<\/span><span> dieser Schule und<\/span><span> bei der Unterst\u00fctzung<\/span><span> ihre Sch\u00fcler.<\/span><\/p>\t\t\t\t\t\t<\/div>\n\t\t\t\t<\/div>\n\t\t\t\t<\/div>\n\t\t<div class=\"elementor-element elementor-element-31ae0da e-transform e-con-full e-flex e-con e-child\" data-id=\"31ae0da\" data-element_type=\"container\" data-settings=\"{&quot;_transform_scaleX_effect&quot;:{&quot;unit&quot;:&quot;px&quot;,&quot;size&quot;:&quot;&quot;,&quot;sizes&quot;:[]},&quot;_transform_scaleX_effect_widescreen&quot;:{&quot;unit&quot;:&quot;px&quot;,&quot;size&quot;:&quot;&quot;,&quot;sizes&quot;:[]},&quot;_transform_scaleX_effect_tablet&quot;:{&quot;unit&quot;:&quot;px&quot;,&quot;size&quot;:&quot;&quot;,&quot;sizes&quot;:[]},&quot;_transform_scaleX_effect_mobile&quot;:{&quot;unit&quot;:&quot;px&quot;,&quot;size&quot;:&quot;&quot;,&quot;sizes&quot;:[]},&quot;_transform_scaleY_effect&quot;:{&quot;unit&quot;:&quot;px&quot;,&quot;size&quot;:&quot;&quot;,&quot;sizes&quot;:[]},&quot;_transform_scaleY_effect_widescreen&quot;:{&quot;unit&quot;:&quot;px&quot;,&quot;size&quot;:&quot;&quot;,&quot;sizes&quot;:[]},&quot;_transform_scaleY_effect_tablet&quot;:{&quot;unit&quot;:&quot;px&quot;,&quot;size&quot;:&quot;&quot;,&quot;sizes&quot;:[]},&quot;_transform_scaleY_effect_mobile&quot;:{&quot;unit&quot;:&quot;px&quot;,&quot;size&quot;:&quot;&quot;,&quot;sizes&quot;:[]}}\">\n\t\t\t\t<div class=\"elementor-element elementor-element-24f9930 elementor-widget elementor-widget-heading\" data-id=\"24f9930\" data-element_type=\"widget\" data-widget_type=\"heading.default\">\n\t\t\t\t<div class=\"elementor-widget-container\">\n\t\t\t<h4 class=\"elementor-heading-title elementor-size-default\">Spezifisches Ziel:  <\/h4>\t\t<\/div>\n\t\t\t\t<\/div>\n\t\t\t\t<div class=\"elementor-element elementor-element-472c83d8 elementor-widget elementor-widget-text-editor\" data-id=\"472c83d8\" data-element_type=\"widget\" data-widget_type=\"text-editor.default\">\n\t\t\t\t<div class=\"elementor-widget-container\">\n\t\t\t\t\t\t\t<ol><li data-renderer-start-pos=\"707\">Die Schule sollte die M\u00f6glichkeit haben, Kinder, die nur an den Wochenenden am Unterricht teilnehmen, ganzt\u00e4gig zu unterrichten und so die Qualit\u00e4t der Ausbildung zu verbessern.<\/li><li data-renderer-start-pos=\"707\">Schaffung der M\u00f6glichkeit, den Unterricht f\u00fcr die 101 Kinder aus den drei nahe gelegenen Gemeinden fortzusetzen, die derzeit in den bestehenden Grundschulen unterrichtet werden.<\/li><li data-renderer-start-pos=\"707\">Abschaffung oder Reduzierung der Kinderarbeit in diesen Gemeinden.<\/li><li data-renderer-start-pos=\"707\">Die Abwanderung junger Menschen in die St\u00e4dte und die Umsiedlung von Familien in diesem l\u00e4ndlichen Gebiet soll vermieden werden.<\/li><li data-renderer-start-pos=\"707\">Schulung der Bev\u00f6lkerung in der Vorbereitung, Verwendung, Bewirtschaftung, Erhaltung und nachhaltigen Bewahrung von Bambus mit der Strategie ACTION &#8211; LEARNING, damit sie anschlie\u00dfend ihre H\u00e4user verbessern k\u00f6nnen.<\/li><\/ol>\t\t\t\t\t\t<\/div>\n\t\t\t\t<\/div>\n\t\t\t\t<\/div>\n\t\t<div class=\"elementor-element elementor-element-6865c3e4 e-con-full e-flex e-con e-child\" data-id=\"6865c3e4\" data-element_type=\"container\">\n\t\t\t\t<div class=\"elementor-element elementor-element-73c59b8d elementor-widget elementor-widget-heading\" data-id=\"73c59b8d\" data-element_type=\"widget\" data-widget_type=\"heading.default\">\n\t\t\t\t<div class=\"elementor-widget-container\">\n\t\t\t<h4 class=\"elementor-heading-title elementor-size-default\">Beitrag der Nahuel-Stiftung<\/h4>\t\t<\/div>\n\t\t\t\t<\/div>\n\t\t\t\t<div class=\"elementor-element elementor-element-2f5b1405 elementor-widget elementor-widget-text-editor\" data-id=\"2f5b1405\" data-element_type=\"widget\" data-widget_type=\"text-editor.default\">\n\t\t\t\t<div class=\"elementor-widget-container\">\n\t\t\t\t\t\t\t<p class=\"my-0\">Die Nahuel-Stiftung hat die Entwicklung des Colegio Pachijal durch mehrere wichtige Initiativen massgeblich unterst\u00fctzt:<\/p><p class=\"my-0\">Die Stiftung finanzierte und f\u00f6rderte den Bau der Schule mit einem ganzheitlichen Ansatz zur menschlichen Entwicklung im Einklang mit der Umwelt. Das Projekt umfasste:<\/p><ul><li class=\"my-0\">Umbau und Sanierung von drei Klassenr\u00e4umen f\u00fcr die Schule &#8220;R\u00edo Pachijal&#8221;.<\/li><li class=\"my-0\">Bau einer K\u00fcche, einer Kantine und eines Lagerraums f\u00fcr Lebensmittel<\/li><li class=\"my-0\">Bau der Schule mit 1.016 m\u00b2 Infrastruktur<\/li><li class=\"my-0\">Vollst\u00e4ndige Ausstattung der Schule, einschliesslich eines Computerraums.<\/li><\/ul><p class=\"my-0\">Bei der architektonischen Gestaltung wurden lokale Materialien und Bautechniken verwendet, wobei die Beteiligung der Gemeinde ein wichtiger Aspekt des Projekts war. Der Entwurf umfasst:<\/p><ul><li>Ein auf S\u00e4ulen basierendes Konstruktionssystem<\/li><li>Ein zentraler Innenhof, der vier Bl\u00f6cke auf zwei Ebenen verbindet<\/li><li>Eine Gesamtprojektfl\u00e4che von 595 m\u00b2 mit integrierten Au\u00dfenanlagen, Fussg\u00e4nger- und Fahrzeugzugang und Bambuspflanzungen.<\/li><\/ul>\t\t\t\t\t\t<\/div>\n\t\t\t\t<\/div>\n\t\t\t\t<\/div>\n\t\t<div class=\"elementor-element elementor-element-d0b4755 e-con-full e-flex e-con e-child\" data-id=\"d0b4755\" data-element_type=\"container\">\n\t\t\t\t<div class=\"elementor-element elementor-element-14016f3 elementor-widget elementor-widget-heading\" data-id=\"14016f3\" data-element_type=\"widget\" data-widget_type=\"heading.default\">\n\t\t\t\t<div class=\"elementor-widget-container\">\n\t\t\t<h4 class=\"elementor-heading-title elementor-size-default\">Programme zur Unterst\u00fctzung der Bildung<\/h4>\t\t<\/div>\n\t\t\t\t<\/div>\n\t\t\t\t<div class=\"elementor-element elementor-element-361f297 elementor-widget elementor-widget-text-editor\" data-id=\"361f297\" data-element_type=\"widget\" data-widget_type=\"text-editor.default\">\n\t\t\t\t<div class=\"elementor-widget-container\">\n\t\t\t\t\t\t\t<p class=\"my-0\">Neben der Infrastruktur hat die Nahuel-Stiftung mehrere Programme zur Unterst\u00fctzung der Bildung durchgef\u00fchrt:<\/p><ul><li class=\"my-0\">Seit 2009 vergibt die Stiftung Bildungsstipendien an Kinder aus wirtschaftlich benachteiligten Familien, die sich die Kosten f\u00fcr eine Ausbildung nicht leisten k\u00f6nnen.<\/li><li class=\"my-0\">Diese Stipendien bieten den Kindern alles, was sie zum Lernen brauchen, und verhindern Kinderarbeit.<\/li><li class=\"my-0\">Von 2009 bis 2017 hat das Projekt 1.020 Kindern und Jugendlichen aus 11 Gemeinden Zugang zu Bildung verschafft.<\/li><li class=\"my-0\">Die Stiftung finanziert einige j\u00e4hrliche Stipendien, die von privaten Spenden abh\u00e4ngen.<\/li><li class=\"my-0\">Seit 2013 werden Lehrerfortbildungen durchgef\u00fchrt, um die Qualit\u00e4t der Bildung zu verbessern.<\/li><\/ul>\t\t\t\t\t\t<\/div>\n\t\t\t\t<\/div>\n\t\t\t\t<\/div>\n\t\t<div class=\"elementor-element elementor-element-b41fa24 e-con-full e-flex e-con e-child\" data-id=\"b41fa24\" data-element_type=\"container\">\n\t\t\t\t<div class=\"elementor-element elementor-element-660877e elementor-widget elementor-widget-heading\" data-id=\"660877e\" data-element_type=\"widget\" data-widget_type=\"heading.default\">\n\t\t\t\t<div class=\"elementor-widget-container\">\n\t\t\t<h4 class=\"elementor-heading-title elementor-size-default\">Ergebnisse des Projekts:<\/h4>\t\t<\/div>\n\t\t\t\t<\/div>\n\t\t\t\t<div class=\"elementor-element elementor-element-d8a4541 elementor-widget elementor-widget-text-editor\" data-id=\"d8a4541\" data-element_type=\"widget\" data-widget_type=\"text-editor.default\">\n\t\t\t\t<div class=\"elementor-widget-container\">\n\t\t\t\t\t\t\t<p class=\"my-0\">Das Projekt hat erhebliche positive Auswirkungen auf die Gemeinschaft:<\/p><ul><li class=\"my-0\">Im Jahr 2017 feierte die Schule ihren ersten Abschlussjahrgang mit jungen Menschen aus etwa zw\u00f6lf Gemeinden in der Region.<\/li><li class=\"my-0\">Einige Absolventen erhalten von Nahuel fortlaufende Unterst\u00fctzung beim Zugang zum ecuadorianischen Hochschulsystem.<\/li><li class=\"my-0\">Das Projekt hat die Kinderarbeit und die Abwanderung von Jugendlichen in die St\u00e4dte verringert und den Zerfall von Familien in diesem l\u00e4ndlichen Gebiet verhindert.<\/li><li class=\"my-0\">Die Gemeindemitglieder lernten, wie sie Bambus richtig nutzen und verwalten k\u00f6nnen, um ihre H\u00e4user zu verbessern.<\/li><li class=\"my-0\">Das Projekt f\u00f6rderte ein starkes Gef\u00fchl der Eigenverantwortung, das die Erhaltung und Wartung der Infrastruktur gew\u00e4hrleistet.<\/li><li class=\"my-0\">Auf individueller Ebene wurde das Selbstwertgef\u00fchl gest\u00e4rkt und insbesondere bei jungen Menschen Begeisterung und Hoffnung f\u00fcr die Zukunft geweckt.<\/li><\/ul><p>Das Projekt kam zwischen 2009 und 2017 mehr als 1 020 Kindern und Jugendlichen in 11 Gemeinden zugute. Neben der Verbesserung der formalen Bildung hat es dazu beigetragen, die Kinderarbeit und die Abwanderung junger Menschen in die St\u00e4dte zu verringern.   <\/p><p>Das Projekt stellt ein erfolgreiches Modell f\u00fcr nachhaltige Gemeindeentwicklung durch Bildung dar, wobei die Unterst\u00fctzung der Nahuel-Stiftung f\u00fcr die Umsetzung und den anhaltenden Erfolg des Projekts entscheidend ist.<\/p>\t\t\t\t\t\t<\/div>\n\t\t\t\t<\/div>\n\t\t\t\t<\/div>\n\t\t\t\t<\/div>\n\t\t<div class=\"elementor-element elementor-element-3bfb179b e-con-full e-flex e-con e-child\" data-id=\"3bfb179b\" data-element_type=\"container\">\n\t\t<div class=\"elementor-element elementor-element-105d1dd8 e-flex e-con-boxed e-con e-child\" data-id=\"105d1dd8\" data-element_type=\"container\">\n\t\t\t\t\t<div class=\"e-con-inner\">\n\t\t\t\t<div class=\"elementor-element elementor-element-2a5faeb0 acenter elementor-widget elementor-widget-wgl-double-headings\" data-id=\"2a5faeb0\" data-element_type=\"widget\" data-widget_type=\"wgl-double-headings.default\">\n\t\t\t\t<div class=\"elementor-widget-container\">\n\t\t\t        <div class=\"wgl-double_heading\">                <div class=\"dbl__subtitle\"><span>Projektzusch\u00fcsse:<\/span>                <\/div>        <\/div>\t\t<\/div>\n\t\t\t\t<\/div>\n\t\t\t\t<div class=\"elementor-element elementor-element-121e3e9 acenter elementor-widget-image-box wgl-image-box elementor-widget elementor-widget-wgl-info-box\" data-id=\"121e3e9\" data-element_type=\"widget\" data-widget_type=\"wgl-info-box.default\">\n\t\t\t\t<div class=\"elementor-widget-container\">\n\t\t\t<a class=\"wgl-infobox__link\" href=\"https:\/\/www.fundacionnahuel.org\/de\/bildung\/allgemeiner-bildungsfonds\/\"><\/a><div class=\"wgl-infobox\"><div class=\"wgl-infobox_wrapper wgl-layout-top\"><div class=\"media-wrapper img-wrapper\"><figure class=\"wgl-image-box_img\"><span ><img decoding=\"async\" width=\"186\" height=\"186\" src=\"https:\/\/www.fundacionnahuel.org\/wp-content\/uploads\/2024\/12\/education_fund-1.png\" class=\"attachment-full size-full wp-image-15177\" alt=\"\" srcset=\"https:\/\/www.fundacionnahuel.org\/wp-content\/uploads\/2024\/12\/education_fund-1.png 186w, https:\/\/www.fundacionnahuel.org\/wp-content\/uploads\/2024\/12\/education_fund-1-150x150.png 150w\" sizes=\"(max-width: 186px) 100vw, 186px\" \/><\/span><\/figure><\/div><div class=\"content_wrapper\"><div class=\"wgl-infobox-title_wrapper\"><h3 class=\"wgl-infobox_title\"><span class=\"wgl-infobox_title-idle\">Allgemeiner Bildungsfonds<\/span><\/h3><\/div><div class=\"wgl-infobox_content\"><p><span>Wir f\u00f6rdern Bildungsstipendien f\u00fcr Kinder vom Kindergarten bis zur High School \u2013 um Kinderarbeit zu reduzieren und ihnen den Weg in eine bessere Zukunft zu ebnen.<\/span><\/p><\/div><\/div><\/div><\/div>\t\t<\/div>\n\t\t\t\t<\/div>\n\t\t\t\t<div class=\"elementor-element elementor-element-754f1c2 e-transform elementor-widget elementor-widget-html\" data-id=\"754f1c2\" data-element_type=\"widget\" data-settings=\"{&quot;_transform_rotateZ_effect&quot;:{&quot;unit&quot;:&quot;px&quot;,&quot;size&quot;:0,&quot;sizes&quot;:[]},&quot;_transform_rotateZ_effect_widescreen&quot;:{&quot;unit&quot;:&quot;deg&quot;,&quot;size&quot;:&quot;&quot;,&quot;sizes&quot;:[]},&quot;_transform_rotateZ_effect_tablet&quot;:{&quot;unit&quot;:&quot;deg&quot;,&quot;size&quot;:&quot;&quot;,&quot;sizes&quot;:[]},&quot;_transform_rotateZ_effect_mobile&quot;:{&quot;unit&quot;:&quot;deg&quot;,&quot;size&quot;:&quot;&quot;,&quot;sizes&quot;:[]}}\" data-widget_type=\"html.default\">\n\t\t\t\t<div class=\"elementor-widget-container\">\n\t\t\t<a class=\"btn-payrexx btn-payrexx-modal\" href=\"https:\/\/fundacionnahuel.payrexx.com\/de\/pay?cid=0afc8660&amp;hide_description=1&amp;donation%5Bpreselect_interval%5D=one_time\">\n<span>Jetzt spenden<\/span>\n<\/a>\n<script src=\"https:\/\/cdnjs.cloudflare.com\/ajax\/libs\/jquery\/3.5.1\/jquery.min.js\" integrity=\"sha512-bLT0Qm9VnAYZDflyKcBaQ2gg0hSYNQrJ8RilYldYQ1FxQYoCLtUjuuRuZo+fjqhx\/qtq\/1itJ0C2ejDxltZVFg==\" crossorigin=\"anonymous\"><\/script>\n<script type=\"text\/javascript\" src=\"https:\/\/media.payrexx.com\/modal\/v1\/modal.min.js\"><\/script>\n<script type=\"text\/javascript\">\n    jQuery(\".btn-payrexx-modal\").payrexxModal();\n<\/script>\n\t\t<\/div>\n\t\t\t\t<\/div>\n\t\t\t\t\t<\/div>\n\t\t\t\t<\/div>\n\t\t\t\t<div class=\"elementor-element elementor-element-310cb296 elementor-widget elementor-widget-spacer\" data-id=\"310cb296\" data-element_type=\"widget\" data-widget_type=\"spacer.default\">\n\t\t\t\t<div class=\"elementor-widget-container\">\n\t\t\t\t\t<div class=\"elementor-spacer\">\n\t\t\t<div class=\"elementor-spacer-inner\"><\/div>\n\t\t<\/div>\n\t\t\t\t<\/div>\n\t\t\t\t<\/div>\n\t\t\t\t<div class=\"elementor-element elementor-element-52ef02e9 acenter elementor-widget elementor-widget-wgl-double-headings\" data-id=\"52ef02e9\" data-element_type=\"widget\" data-widget_type=\"wgl-double-headings.default\">\n\t\t\t\t<div class=\"elementor-widget-container\">\n\t\t\t        <div class=\"wgl-double_heading\">                <div class=\"dbl__subtitle\"><span>Standort des Projekts:<\/span>                <\/div>        <\/div>\t\t<\/div>\n\t\t\t\t<\/div>\n\t\t\t\t<div class=\"elementor-element elementor-element-49e386e6 elementor-widget elementor-widget-google_maps\" data-id=\"49e386e6\" data-element_type=\"widget\" data-widget_type=\"google_maps.default\">\n\t\t\t\t<div class=\"elementor-widget-container\">\n\t\t\t\t\t<div class=\"elementor-custom-embed\">\n\t\t\t<iframe loading=\"lazy\"\n\t\t\t\t\tsrc=\"https:\/\/www.google.com\/maps\/embed\/v1\/place?key=AIzaSyBnCErbNirBcjMlSG7QXDWh4yna9ijxAJE&#038;q=0.20761836810803094%2C%20-78.92991952530818&#038;zoom=6\"\n\t\t\t\t\ttitle=\"0.20761836810803094, -78.92991952530818\"\n\t\t\t\t\taria-label=\"0.20761836810803094, -78.92991952530818\"\n\t\t\t><\/iframe>\n\t\t<\/div>\n\t\t\t\t<\/div>\n\t\t\t\t<\/div>\n\t\t<div class=\"elementor-element elementor-element-1e02b503 e-flex e-con-boxed e-con e-child\" data-id=\"1e02b503\" data-element_type=\"container\">\n\t\t\t\t\t<div class=\"e-con-inner\">\n\t\t\t\t<div class=\"elementor-element elementor-element-26a03aa4 elementor-widget elementor-widget-spacer\" data-id=\"26a03aa4\" data-element_type=\"widget\" data-widget_type=\"spacer.default\">\n\t\t\t\t<div class=\"elementor-widget-container\">\n\t\t\t\t\t<div class=\"elementor-spacer\">\n\t\t\t<div class=\"elementor-spacer-inner\"><\/div>\n\t\t<\/div>\n\t\t\t\t<\/div>\n\t\t\t\t<\/div>\n\t\t\t\t<div class=\"elementor-element elementor-element-4267a186 acenter elementor-widget elementor-widget-wgl-double-headings\" data-id=\"4267a186\" data-element_type=\"widget\" data-widget_type=\"wgl-double-headings.default\">\n\t\t\t\t<div class=\"elementor-widget-container\">\n\t\t\t        <div class=\"wgl-double_heading\">                <div class=\"dbl__subtitle\"><span>Video:<\/span>                <\/div>        <\/div>\t\t<\/div>\n\t\t\t\t<\/div>\n\t\t<div class=\"elementor-element elementor-element-132df3eb e-con-full e-flex e-con e-child\" data-id=\"132df3eb\" data-element_type=\"container\" data-settings=\"{&quot;background_background&quot;:&quot;slideshow&quot;,&quot;background_slideshow_gallery&quot;:[{&quot;id&quot;:9581,&quot;url&quot;:&quot;https:\\\/\\\/www.fundacionnahuel.org\\\/wp-content\\\/uploads\\\/2024\\\/01\\\/C.Marco-Nahuel-Modulo-2-scaled.jpg&quot;}],&quot;background_slideshow_loop&quot;:&quot;yes&quot;,&quot;background_slideshow_slide_duration&quot;:5000,&quot;background_slideshow_slide_transition&quot;:&quot;fade&quot;,&quot;background_slideshow_transition_duration&quot;:500}\">\n\t\t\t\t<div class=\"elementor-element elementor-element-698e7d19 align-left elementor-widget elementor-widget-wgl-video-popup\" data-id=\"698e7d19\" data-element_type=\"widget\" data-widget_type=\"wgl-video-popup.default\">\n\t\t\t\t<div class=\"elementor-widget-container\">\n\t\t\t<div class=\"wgl-video_popup  title_pos-right  \"><div class=\"videobox_content\"><h3 class=\"title\">Video ansehen<\/h3><div class=\"videobox_link videobox\" data-elementor-open-lightbox=\"yes\" data-elementor-lightbox=\"{&quot;type&quot;:&quot;video&quot;,&quot;url&quot;:&quot;https:\\\/\\\/player.vimeo.com\\\/video\\\/899738471?loop=0#t=&quot;,&quot;modalOptions&quot;:{&quot;id&quot;:&quot;elementor-lightbox-698e7d19&quot;}}\"><svg class=\"videobox_icon\" viewBox=\"0 0 10 10\"><polygon points=\"1,0 1,10 8.5,5\"\/><\/svg><\/div><\/div><\/div>\t\t<\/div>\n\t\t\t\t<\/div>\n\t\t\t\t<\/div>\n\t\t\t\t\t<\/div>\n\t\t\t\t<\/div>\n\t\t<div class=\"elementor-element elementor-element-109e8b78 e-flex e-con-boxed e-con e-child\" data-id=\"109e8b78\" data-element_type=\"container\">\n\t\t\t\t\t<div class=\"e-con-inner\">\n\t\t\t\t<div class=\"elementor-element elementor-element-07b9726 e-transform elementor-widget elementor-widget-html\" data-id=\"07b9726\" data-element_type=\"widget\" data-settings=\"{&quot;_transform_rotateZ_effect&quot;:{&quot;unit&quot;:&quot;px&quot;,&quot;size&quot;:0,&quot;sizes&quot;:[]},&quot;_transform_rotateZ_effect_widescreen&quot;:{&quot;unit&quot;:&quot;deg&quot;,&quot;size&quot;:&quot;&quot;,&quot;sizes&quot;:[]},&quot;_transform_rotateZ_effect_tablet&quot;:{&quot;unit&quot;:&quot;deg&quot;,&quot;size&quot;:&quot;&quot;,&quot;sizes&quot;:[]},&quot;_transform_rotateZ_effect_mobile&quot;:{&quot;unit&quot;:&quot;deg&quot;,&quot;size&quot;:&quot;&quot;,&quot;sizes&quot;:[]}}\" data-widget_type=\"html.default\">\n\t\t\t\t<div class=\"elementor-widget-container\">\n\t\t\t<a class=\"btn-payrexx btn-payrexx-modal\" href=\"https:\/\/fundacionnahuel.payrexx.com\/de\/pay?cid=0afc8660&amp;hide_description=1&amp;donation%5Bpreselect_interval%5D=one_time\">\n<span>Jetzt spenden<\/span>\n<\/a>\n<script src=\"https:\/\/cdnjs.cloudflare.com\/ajax\/libs\/jquery\/3.5.1\/jquery.min.js\" integrity=\"sha512-bLT0Qm9VnAYZDflyKcBaQ2gg0hSYNQrJ8RilYldYQ1FxQYoCLtUjuuRuZo+fjqhx\/qtq\/1itJ0C2ejDxltZVFg==\" crossorigin=\"anonymous\"><\/script>\n<script type=\"text\/javascript\" src=\"https:\/\/media.payrexx.com\/modal\/v1\/modal.min.js\"><\/script>\n<script type=\"text\/javascript\">\n    jQuery(\".btn-payrexx-modal\").payrexxModal();\n<\/script>\n\t\t<\/div>\n\t\t\t\t<\/div>\n\t\t\t\t\t<\/div>\n\t\t\t\t<\/div>\n\t\t\t\t<\/div>\n\t\t\t\t\t<\/div>\n\t\t\t\t<\/div>\n\t\t\t\t<\/div>\n\t\t<div class=\"elementor-element elementor-element-7f21aa6 e-flex e-con-boxed e-con e-parent\" data-id=\"7f21aa6\" data-element_type=\"container\">\n\t\t\t\t\t<div class=\"e-con-inner\">\n\t\t<div class=\"elementor-element elementor-element-ccc7a15 e-con-full e-flex e-con e-child\" data-id=\"ccc7a15\" data-element_type=\"container\">\n\t\t<div class=\"elementor-element elementor-element-9c28c89 e-con-full e-flex e-con e-child\" data-id=\"9c28c89\" data-element_type=\"container\">\n\t\t<div class=\"elementor-element elementor-element-5dff861 e-con-full e-flex e-con e-child\" data-id=\"5dff861\" data-element_type=\"container\">\n\t\t<div class=\"elementor-element elementor-element-2d7dc7d e-con-full e-flex e-con e-child\" data-id=\"2d7dc7d\" data-element_type=\"container\">\n\t\t\t\t<div class=\"elementor-element elementor-element-fcdd4d1 acenter elementor-widget-image-box wgl-image-box elementor-widget elementor-widget-wgl-info-box\" data-id=\"fcdd4d1\" data-element_type=\"widget\" data-widget_type=\"wgl-info-box.default\">\n\t\t\t\t<div class=\"elementor-widget-container\">\n\t\t\t<div class=\"wgl-infobox\"><div class=\"wgl-infobox_wrapper wgl-layout-top\"><div class=\"media-wrapper img-wrapper\"><figure class=\"wgl-image-box_img\"><span ><img decoding=\"async\" width=\"186\" height=\"186\" src=\"https:\/\/www.fundacionnahuel.org\/wp-content\/uploads\/2024\/11\/year-of-completion.png\" class=\"attachment-full size-full wp-image-15499\" alt=\"\" srcset=\"https:\/\/www.fundacionnahuel.org\/wp-content\/uploads\/2024\/11\/year-of-completion.png 186w, https:\/\/www.fundacionnahuel.org\/wp-content\/uploads\/2024\/11\/year-of-completion-150x150.png 150w\" sizes=\"(max-width: 186px) 100vw, 186px\" \/><\/span><\/figure><\/div><div class=\"content_wrapper\"><div class=\"wgl-infobox-title_wrapper\"><h2 class=\"wgl-infobox_title\"><span class=\"wgl-infobox_title-idle\">Jahr der Fertigstellung<\/span><\/h2><\/div><div class=\"wgl-infobox_content\"><p>2014<\/p><\/div><\/div><\/div><\/div>\t\t<\/div>\n\t\t\t\t<\/div>\n\t\t\t\t<\/div>\n\t\t\t\t<\/div>\n\t\t<div class=\"elementor-element elementor-element-5be6dd1 e-flex e-con-boxed e-con e-child\" data-id=\"5be6dd1\" data-element_type=\"container\">\n\t\t\t\t\t<div class=\"e-con-inner\">\n\t\t<div class=\"elementor-element elementor-element-856e724 e-con-full e-flex e-con e-child\" data-id=\"856e724\" data-element_type=\"container\">\n\t\t\t\t<div class=\"elementor-element elementor-element-3f0f0dc acenter elementor-widget-image-box wgl-image-box elementor-widget elementor-widget-wgl-info-box\" data-id=\"3f0f0dc\" data-element_type=\"widget\" data-widget_type=\"wgl-info-box.default\">\n\t\t\t\t<div class=\"elementor-widget-container\">\n\t\t\t<div class=\"wgl-infobox\"><div class=\"wgl-infobox_wrapper wgl-layout-top\"><div class=\"media-wrapper img-wrapper\"><figure class=\"wgl-image-box_img\"><span ><img decoding=\"async\" width=\"186\" height=\"186\" src=\"https:\/\/www.fundacionnahuel.org\/wp-content\/uploads\/2024\/11\/total-costs.png\" class=\"attachment-full size-full wp-image-15502\" alt=\"\" srcset=\"https:\/\/www.fundacionnahuel.org\/wp-content\/uploads\/2024\/11\/total-costs.png 186w, https:\/\/www.fundacionnahuel.org\/wp-content\/uploads\/2024\/11\/total-costs-150x150.png 150w\" sizes=\"(max-width: 186px) 100vw, 186px\" \/><\/span><\/figure><\/div><div class=\"content_wrapper\"><div class=\"wgl-infobox-title_wrapper\"><h2 class=\"wgl-infobox_title\"><span class=\"wgl-infobox_title-idle\">Gesamtkosten<\/span><\/h2><\/div><div class=\"wgl-infobox_content\"><p>$ 214,175.46<\/p><\/div><\/div><\/div><\/div>\t\t<\/div>\n\t\t\t\t<\/div>\n\t\t\t\t<\/div>\n\t\t\t\t\t<\/div>\n\t\t\t\t<\/div>\n\t\t<div class=\"elementor-element elementor-element-3e2f110 e-flex e-con-boxed e-con e-child\" data-id=\"3e2f110\" data-element_type=\"container\">\n\t\t\t\t\t<div class=\"e-con-inner\">\n\t\t<div class=\"elementor-element elementor-element-9a5c153 e-con-full e-flex e-con e-child\" data-id=\"9a5c153\" data-element_type=\"container\">\n\t\t\t\t<div class=\"elementor-element elementor-element-a5fee60 acenter elementor-widget-image-box wgl-image-box elementor-widget elementor-widget-wgl-info-box\" data-id=\"a5fee60\" data-element_type=\"widget\" data-widget_type=\"wgl-info-box.default\">\n\t\t\t\t<div class=\"elementor-widget-container\">\n\t\t\t<div class=\"wgl-infobox\"><div class=\"wgl-infobox_wrapper wgl-layout-top\"><div class=\"media-wrapper img-wrapper\"><figure class=\"wgl-image-box_img\"><span ><img loading=\"lazy\" decoding=\"async\" width=\"186\" height=\"186\" src=\"https:\/\/www.fundacionnahuel.org\/wp-content\/uploads\/2024\/11\/beneficiaries.png\" class=\"attachment-full size-full wp-image-15505\" alt=\"\" srcset=\"https:\/\/www.fundacionnahuel.org\/wp-content\/uploads\/2024\/11\/beneficiaries.png 186w, https:\/\/www.fundacionnahuel.org\/wp-content\/uploads\/2024\/11\/beneficiaries-150x150.png 150w\" sizes=\"(max-width: 186px) 100vw, 186px\" \/><\/span><\/figure><\/div><div class=\"content_wrapper\"><div class=\"wgl-infobox-title_wrapper\"><h2 class=\"wgl-infobox_title\"><span class=\"wgl-infobox_title-idle\">Beg\u00fcnstigte  <\/span><\/h2><\/div><div class=\"wgl-infobox_content\"><p>300 pro Jahr<\/p><\/div><\/div><\/div><\/div>\t\t<\/div>\n\t\t\t\t<\/div>\n\t\t\t\t<\/div>\n\t\t\t\t\t<\/div>\n\t\t\t\t<\/div>\n\t\t<div class=\"elementor-element elementor-element-24653a3 e-flex e-con-boxed e-con e-child\" data-id=\"24653a3\" data-element_type=\"container\">\n\t\t\t\t\t<div class=\"e-con-inner\">\n\t\t<div class=\"elementor-element elementor-element-3eaee17 e-con-full e-flex e-con e-child\" data-id=\"3eaee17\" data-element_type=\"container\">\n\t\t\t\t<div class=\"elementor-element elementor-element-d266699 acenter elementor-widget-image-box wgl-image-box elementor-widget elementor-widget-wgl-info-box\" data-id=\"d266699\" data-element_type=\"widget\" data-widget_type=\"wgl-info-box.default\">\n\t\t\t\t<div class=\"elementor-widget-container\">\n\t\t\t<div class=\"wgl-infobox\"><div class=\"wgl-infobox_wrapper wgl-layout-top\"><div class=\"media-wrapper img-wrapper\"><figure class=\"wgl-image-box_img\"><span ><img loading=\"lazy\" decoding=\"async\" width=\"186\" height=\"186\" src=\"https:\/\/www.fundacionnahuel.org\/wp-content\/uploads\/2024\/11\/start-year.png\" class=\"attachment-full size-full wp-image-15496\" alt=\"\" srcset=\"https:\/\/www.fundacionnahuel.org\/wp-content\/uploads\/2024\/11\/start-year.png 186w, https:\/\/www.fundacionnahuel.org\/wp-content\/uploads\/2024\/11\/start-year-150x150.png 150w\" sizes=\"(max-width: 186px) 100vw, 186px\" \/><\/span><\/figure><\/div><div class=\"content_wrapper\"><div class=\"wgl-infobox-title_wrapper\"><h2 class=\"wgl-infobox_title\"><span class=\"wgl-infobox_title-idle\">Anfangsjahr<\/span><\/h2><\/div><div class=\"wgl-infobox_content\"><p><span>2009<\/span><\/p><\/div><\/div><\/div><\/div>\t\t<\/div>\n\t\t\t\t<\/div>\n\t\t\t\t<\/div>\n\t\t\t\t\t<\/div>\n\t\t\t\t<\/div>\n\t\t\t\t<\/div>\n\t\t\t\t<\/div>\n\t\t<div class=\"elementor-element elementor-element-66fcf54c e-con-full e-flex e-con e-child\" data-id=\"66fcf54c\" data-element_type=\"container\">\n\t\t\t\t<div class=\"elementor-element elementor-element-7ffcec54 aleft elementor-widget elementor-widget-wgl-double-headings\" data-id=\"7ffcec54\" data-element_type=\"widget\" data-widget_type=\"wgl-double-headings.default\">\n\t\t\t\t<div class=\"elementor-widget-container\">\n\t\t\t        <div class=\"wgl-double_heading\">                <div class=\"dbl__subtitle\"><span>Fotogalerie:<\/span>                <\/div>        <\/div>\t\t<\/div>\n\t\t\t\t<\/div>\n\t\t\t\t<div class=\"elementor-element elementor-element-34848ba0 col-3 col-tablet-2 col-mobile-1 elementor-widget elementor-widget-wgl-gallery\" data-id=\"34848ba0\" data-element_type=\"widget\" data-widget_type=\"wgl-gallery.default\">\n\t\t\t\t<div class=\"elementor-widget-container\">\n\t\t\t<div class=\"wgl-gallery\"><div class=\"wgl-gallery_items gallery-carousel\"><div class=\"wgl-carousel_wrapper\"><div class=\"wgl-carousel pagination_line_circle pag_align_center\"><div class=\"wgl-carousel_slick\" data-slick='{\"slidesToShow\":3,\"slidesToScroll\":1,\"infinite\":true,\"variableWidth\":false,\"autoplay\":true,\"autoplaySpeed\":\"3000\",\"speed\":300,\"arrows\":true,\"dots\":true,\"adaptiveHeight\":false,\"responsive\":[{\"breakpoint\":0,\"settings\":{\"slidesToShow\":3,\"slidesToScroll\":1}},{\"breakpoint\":1024,\"settings\":{\"slidesToShow\":2,\"slidesToScroll\":1}},{\"breakpoint\":767,\"settings\":{\"slidesToShow\":1,\"slidesToScroll\":1}}]}'><div class=\"wgl-gallery_item-wrapper\"><a class=\"wgl-gallery_item\" data-elementor-open-lightbox=\"yes\" data-elementor-lightbox-slideshow=\"all-34848ba0\" data-elementor-lightbox-title=\"C.Marco Nahuel-Vista General\" data-e-action-hash=\"#elementor-action%3Aaction%3Dlightbox%26settings%3DeyJpZCI6MTEyMTgsInVybCI6Imh0dHBzOlwvXC93d3cuZnVuZGFjaW9ubmFodWVsLm9yZ1wvd3AtY29udGVudFwvdXBsb2Fkc1wvMjAyNFwvMDFcL0MuTWFyY28tTmFodWVsLVZpc3RhLUdlbmVyYWwuanBnIiwic2xpZGVzaG93IjoiYWxsLTM0ODQ4YmEwIn0%3D\" href=\"https:\/\/www.fundacionnahuel.org\/wp-content\/uploads\/2024\/01\/C.Marco-Nahuel-Vista-General.jpg\"><img decoding=\"async\" class=\"wgl-gallery_image\" src=\"https:\/\/www.fundacionnahuel.org\/wp-content\/uploads\/2024\/01\/C.Marco-Nahuel-Vista-General-2560x2560.jpg\" alt=\"\"><\/a><\/div><div class=\"wgl-gallery_item-wrapper\"><a class=\"wgl-gallery_item\" data-elementor-open-lightbox=\"yes\" data-elementor-lightbox-slideshow=\"all-34848ba0\" data-elementor-lightbox-title=\"C.Marco Nahuel-Vista entorno\" data-e-action-hash=\"#elementor-action%3Aaction%3Dlightbox%26settings%3DeyJpZCI6MTEyMTYsInVybCI6Imh0dHBzOlwvXC93d3cuZnVuZGFjaW9ubmFodWVsLm9yZ1wvd3AtY29udGVudFwvdXBsb2Fkc1wvMjAyNFwvMDFcL0MuTWFyY28tTmFodWVsLVZpc3RhLWVudG9ybm8tc2NhbGVkLmpwZyIsInNsaWRlc2hvdyI6ImFsbC0zNDg0OGJhMCJ9\" href=\"https:\/\/www.fundacionnahuel.org\/wp-content\/uploads\/2024\/01\/C.Marco-Nahuel-Vista-entorno-scaled.jpg\"><img decoding=\"async\" class=\"wgl-gallery_image\" src=\"https:\/\/www.fundacionnahuel.org\/wp-content\/uploads\/2024\/01\/C.Marco-Nahuel-Vista-entorno-scaled-2560x2560.jpg\" alt=\"\"><\/a><\/div><div class=\"wgl-gallery_item-wrapper\"><a class=\"wgl-gallery_item\" data-elementor-open-lightbox=\"yes\" data-elementor-lightbox-slideshow=\"all-34848ba0\" data-elementor-lightbox-title=\"C.Marco Nahuel-Vista angulo posterior-M\u00f3dulo 1\" data-e-action-hash=\"#elementor-action%3Aaction%3Dlightbox%26settings%3DeyJpZCI6MTEyMTQsInVybCI6Imh0dHBzOlwvXC93d3cuZnVuZGFjaW9ubmFodWVsLm9yZ1wvd3AtY29udGVudFwvdXBsb2Fkc1wvMjAyNFwvMDFcL0MuTWFyY28tTmFodWVsLVZpc3RhLWFuZ3Vsby1wb3N0ZXJpb3ItTW9kdWxvLTEuanBnIiwic2xpZGVzaG93IjoiYWxsLTM0ODQ4YmEwIn0%3D\" href=\"https:\/\/www.fundacionnahuel.org\/wp-content\/uploads\/2024\/01\/C.Marco-Nahuel-Vista-angulo-posterior-Modulo-1.jpg\"><img decoding=\"async\" class=\"wgl-gallery_image\" src=\"https:\/\/www.fundacionnahuel.org\/wp-content\/uploads\/2024\/01\/C.Marco-Nahuel-Vista-angulo-posterior-Modulo-1-2560x2560.jpg\" alt=\"\"><\/a><\/div><div class=\"wgl-gallery_item-wrapper\"><a class=\"wgl-gallery_item\" data-elementor-open-lightbox=\"yes\" data-elementor-lightbox-slideshow=\"all-34848ba0\" data-elementor-lightbox-title=\"C.Marco Nahuel-Patio Central-Fiesta Inaguraci\u00f3n\" data-e-action-hash=\"#elementor-action%3Aaction%3Dlightbox%26settings%3DeyJpZCI6MTEyMTIsInVybCI6Imh0dHBzOlwvXC93d3cuZnVuZGFjaW9ubmFodWVsLm9yZ1wvd3AtY29udGVudFwvdXBsb2Fkc1wvMjAyNFwvMDFcL0MuTWFyY28tTmFodWVsLVBhdGlvLUNlbnRyYWwtRmllc3RhLUluYWd1cmFjaW9uLXNjYWxlZC5qcGciLCJzbGlkZXNob3ciOiJhbGwtMzQ4NDhiYTAifQ%3D%3D\" href=\"https:\/\/www.fundacionnahuel.org\/wp-content\/uploads\/2024\/01\/C.Marco-Nahuel-Patio-Central-Fiesta-Inaguracion-scaled.jpg\"><img decoding=\"async\" class=\"wgl-gallery_image\" src=\"https:\/\/www.fundacionnahuel.org\/wp-content\/uploads\/2024\/01\/C.Marco-Nahuel-Patio-Central-Fiesta-Inaguracion-scaled-2560x2560.jpg\" alt=\"\"><\/a><\/div><div class=\"wgl-gallery_item-wrapper\"><a class=\"wgl-gallery_item\" data-elementor-open-lightbox=\"yes\" data-elementor-lightbox-slideshow=\"all-34848ba0\" data-elementor-lightbox-title=\"C.Marco Nahuel-Patio Central\" data-e-action-hash=\"#elementor-action%3Aaction%3Dlightbox%26settings%3DeyJpZCI6MTEyMTAsInVybCI6Imh0dHBzOlwvXC93d3cuZnVuZGFjaW9ubmFodWVsLm9yZ1wvd3AtY29udGVudFwvdXBsb2Fkc1wvMjAyNFwvMDFcL0MuTWFyY28tTmFodWVsLVBhdGlvLUNlbnRyYWwuanBnIiwic2xpZGVzaG93IjoiYWxsLTM0ODQ4YmEwIn0%3D\" href=\"https:\/\/www.fundacionnahuel.org\/wp-content\/uploads\/2024\/01\/C.Marco-Nahuel-Patio-Central.jpg\"><img decoding=\"async\" class=\"wgl-gallery_image\" src=\"https:\/\/www.fundacionnahuel.org\/wp-content\/uploads\/2024\/01\/C.Marco-Nahuel-Patio-Central-2560x2560.jpg\" alt=\"\"><\/a><\/div><div class=\"wgl-gallery_item-wrapper\"><a class=\"wgl-gallery_item\" data-elementor-open-lightbox=\"yes\" data-elementor-lightbox-slideshow=\"all-34848ba0\" data-elementor-lightbox-title=\"C.Marco Nahuel-M\u00f3dulo 2\" data-e-action-hash=\"#elementor-action%3Aaction%3Dlightbox%26settings%3DeyJpZCI6MTEyMDgsInVybCI6Imh0dHBzOlwvXC93d3cuZnVuZGFjaW9ubmFodWVsLm9yZ1wvd3AtY29udGVudFwvdXBsb2Fkc1wvMjAyNFwvMDFcL0MuTWFyY28tTmFodWVsLU1vZHVsby0yLXNjYWxlZC5qcGciLCJzbGlkZXNob3ciOiJhbGwtMzQ4NDhiYTAifQ%3D%3D\" href=\"https:\/\/www.fundacionnahuel.org\/wp-content\/uploads\/2024\/01\/C.Marco-Nahuel-Modulo-2-scaled.jpg\"><img decoding=\"async\" class=\"wgl-gallery_image\" src=\"https:\/\/www.fundacionnahuel.org\/wp-content\/uploads\/2024\/01\/C.Marco-Nahuel-Modulo-2-scaled-2560x2560.jpg\" alt=\"\"><\/a><\/div><div class=\"wgl-gallery_item-wrapper\"><a class=\"wgl-gallery_item\" data-elementor-open-lightbox=\"yes\" data-elementor-lightbox-slideshow=\"all-34848ba0\" data-elementor-lightbox-title=\"1-abr-2011 279\" data-e-action-hash=\"#elementor-action%3Aaction%3Dlightbox%26settings%3DeyJpZCI6MTEyMDAsInVybCI6Imh0dHBzOlwvXC93d3cuZnVuZGFjaW9ubmFodWVsLm9yZ1wvd3AtY29udGVudFwvdXBsb2Fkc1wvMjAyNFwvMDFcLzEtYWJyLTIwMTEtMjc5LXNjYWxlZC5qcGciLCJzbGlkZXNob3ciOiJhbGwtMzQ4NDhiYTAifQ%3D%3D\" href=\"https:\/\/www.fundacionnahuel.org\/wp-content\/uploads\/2024\/01\/1-abr-2011-279-scaled.jpg\"><img decoding=\"async\" class=\"wgl-gallery_image\" src=\"https:\/\/www.fundacionnahuel.org\/wp-content\/uploads\/2024\/01\/1-abr-2011-279-scaled-2560x2560.jpg\" alt=\"\"><\/a><\/div><div class=\"wgl-gallery_item-wrapper\"><a class=\"wgl-gallery_item\" data-elementor-open-lightbox=\"yes\" data-elementor-lightbox-slideshow=\"all-34848ba0\" data-elementor-lightbox-title=\"C. Marco Nahuel-Vista Frontal\" data-e-action-hash=\"#elementor-action%3Aaction%3Dlightbox%26settings%3DeyJpZCI6MTEyMDIsInVybCI6Imh0dHBzOlwvXC93d3cuZnVuZGFjaW9ubmFodWVsLm9yZ1wvd3AtY29udGVudFwvdXBsb2Fkc1wvMjAyNFwvMDFcL0MuLU1hcmNvLU5haHVlbC1WaXN0YS1Gcm9udGFsLmpwZyIsInNsaWRlc2hvdyI6ImFsbC0zNDg0OGJhMCJ9\" href=\"https:\/\/www.fundacionnahuel.org\/wp-content\/uploads\/2024\/01\/C.-Marco-Nahuel-Vista-Frontal.jpg\"><img decoding=\"async\" class=\"wgl-gallery_image\" src=\"https:\/\/www.fundacionnahuel.org\/wp-content\/uploads\/2024\/01\/C.-Marco-Nahuel-Vista-Frontal-2560x2560.jpg\" alt=\"\"><\/a><\/div><div class=\"wgl-gallery_item-wrapper\"><a class=\"wgl-gallery_item\" data-elementor-open-lightbox=\"yes\" data-elementor-lightbox-slideshow=\"all-34848ba0\" data-elementor-lightbox-title=\"C.Marco Nahue-Detalle uni\u00f3n angulo-varios materiales\" data-e-action-hash=\"#elementor-action%3Aaction%3Dlightbox%26settings%3DeyJpZCI6MTEyMDQsInVybCI6Imh0dHBzOlwvXC93d3cuZnVuZGFjaW9ubmFodWVsLm9yZ1wvd3AtY29udGVudFwvdXBsb2Fkc1wvMjAyNFwvMDFcL0MuTWFyY28tTmFodWUtRGV0YWxsZS11bmlvbi1hbmd1bG8tdmFyaW9zLW1hdGVyaWFsZXMuanBnIiwic2xpZGVzaG93IjoiYWxsLTM0ODQ4YmEwIn0%3D\" href=\"https:\/\/www.fundacionnahuel.org\/wp-content\/uploads\/2024\/01\/C.Marco-Nahue-Detalle-union-angulo-varios-materiales.jpg\"><img decoding=\"async\" class=\"wgl-gallery_image\" src=\"https:\/\/www.fundacionnahuel.org\/wp-content\/uploads\/2024\/01\/C.Marco-Nahue-Detalle-union-angulo-varios-materiales-2560x2560.jpg\" alt=\"\"><\/a><\/div><div class=\"wgl-gallery_item-wrapper\"><a class=\"wgl-gallery_item\" data-elementor-open-lightbox=\"yes\" data-elementor-lightbox-slideshow=\"all-34848ba0\" data-elementor-lightbox-title=\"C.Marco Nahuel-Ba\u00f1os\" data-e-action-hash=\"#elementor-action%3Aaction%3Dlightbox%26settings%3DeyJpZCI6MTEyMDYsInVybCI6Imh0dHBzOlwvXC93d3cuZnVuZGFjaW9ubmFodWVsLm9yZ1wvd3AtY29udGVudFwvdXBsb2Fkc1wvMjAyNFwvMDFcL0MuTWFyY28tTmFodWVsLUJhbm9zLmpwZyIsInNsaWRlc2hvdyI6ImFsbC0zNDg0OGJhMCJ9\" href=\"https:\/\/www.fundacionnahuel.org\/wp-content\/uploads\/2024\/01\/C.Marco-Nahuel-Banos.jpg\"><img decoding=\"async\" class=\"wgl-gallery_image\" src=\"https:\/\/www.fundacionnahuel.org\/wp-content\/uploads\/2024\/01\/C.Marco-Nahuel-Banos-2560x2560.jpg\" alt=\"\"><\/a><\/div><div class=\"wgl-gallery_item-wrapper\"><a class=\"wgl-gallery_item\" data-elementor-open-lightbox=\"yes\" data-elementor-lightbox-slideshow=\"all-34848ba0\" data-elementor-lightbox-title=\"Brayan Timan\u00e1\" data-e-action-hash=\"#elementor-action%3Aaction%3Dlightbox%26settings%3DeyJpZCI6MTYwMDIsInVybCI6Imh0dHBzOlwvXC93d3cuZnVuZGFjaW9ubmFodWVsLm9yZ1wvd3AtY29udGVudFwvdXBsb2Fkc1wvMjAyNFwvMTFcL0JyYXlhbi1UaW1hbmEtc2NhbGVkLmpwZyIsInNsaWRlc2hvdyI6ImFsbC0zNDg0OGJhMCJ9\" href=\"https:\/\/www.fundacionnahuel.org\/wp-content\/uploads\/2024\/11\/Brayan-Timana-scaled.jpg\"><img decoding=\"async\" class=\"wgl-gallery_image\" src=\"https:\/\/www.fundacionnahuel.org\/wp-content\/uploads\/2024\/11\/Brayan-Timana-scaled-2560x2560.jpg\" alt=\"\"><\/a><\/div><div class=\"wgl-gallery_item-wrapper\"><a class=\"wgl-gallery_item\" data-elementor-open-lightbox=\"yes\" data-elementor-lightbox-slideshow=\"all-34848ba0\" data-elementor-lightbox-title=\"Pachijal_1\" data-e-action-hash=\"#elementor-action%3Aaction%3Dlightbox%26settings%3DeyJpZCI6MTYwMDUsInVybCI6Imh0dHBzOlwvXC93d3cuZnVuZGFjaW9ubmFodWVsLm9yZ1wvd3AtY29udGVudFwvdXBsb2Fkc1wvMjAyNFwvMTFcL1BhY2hpamFsXzEtc2NhbGVkLmpwZyIsInNsaWRlc2hvdyI6ImFsbC0zNDg0OGJhMCJ9\" href=\"https:\/\/www.fundacionnahuel.org\/wp-content\/uploads\/2024\/11\/Pachijal_1-scaled.jpg\"><img decoding=\"async\" class=\"wgl-gallery_image\" src=\"https:\/\/www.fundacionnahuel.org\/wp-content\/uploads\/2024\/11\/Pachijal_1-scaled-2560x2560.jpg\" alt=\"\"><\/a><\/div><\/div><\/div><\/div><\/div><\/div>\t\t<\/div>\n\t\t\t\t<\/div>\n\t\t\t\t<\/div>\n\t\t\t\t\t<\/div>\n\t\t\t\t<\/div>\n\t\t<div class=\"elementor-element elementor-element-edbe642 e-flex e-con-boxed e-con e-parent\" data-id=\"edbe642\" data-element_type=\"container\">\n\t\t\t\t\t<div class=\"e-con-inner\">\n\t\t\t\t<div class=\"elementor-element elementor-element-567e7b1 elementor-widget elementor-widget-spacer\" data-id=\"567e7b1\" data-element_type=\"widget\" data-widget_type=\"spacer.default\">\n\t\t\t\t<div class=\"elementor-widget-container\">\n\t\t\t\t\t<div class=\"elementor-spacer\">\n\t\t\t<div class=\"elementor-spacer-inner\"><\/div>\n\t\t<\/div>\n\t\t\t\t<\/div>\n\t\t\t\t<\/div>\n\t\t\t\t\t<\/div>\n\t\t\t\t<\/div>\n\t\t\t\t<\/div>\n\t\t","protected":false},"excerpt":{"rendered":"<p>Im Einvernehmen mit dem Pfarrgemeinderat von Pacto verpflichtete sich Nahuel, gemeinsam mit der Gemeinde 3 Klassenr\u00e4ume f\u00fcr die Schule zu bauen.<\/p>\n","protected":false},"author":7,"featured_media":13506,"menu_order":0,"comment_status":"closed","ping_status":"closed","template":"","portfolio-category":[131],"portfolio-tag":[],"class_list":["post-16810","portfolio","type-portfolio","status-publish","has-post-thumbnail","hentry","portfolio-category-ausbildung"],"yoast_head":"<!-- This site is optimized with the Yoast SEO plugin v27.5 - https:\/\/yoast.com\/product\/yoast-seo-wordpress\/ -->\n<title>Schule &quot;Rio Pachijal, Marco Nahuel&quot; - Fundaci\u00f3n Nahuel<\/title>\n<meta name=\"robots\" content=\"index, follow, max-snippet:-1, max-image-preview:large, max-video-preview:-1\" \/>\n<link rel=\"canonical\" href=\"https:\/\/www.fundacionnahuel.org\/de\/portfolio\/pachijal-schule\/\" \/>\n<meta property=\"og:locale\" content=\"de_DE\" \/>\n<meta property=\"og:type\" content=\"article\" \/>\n<meta property=\"og:title\" content=\"Schule &quot;Rio Pachijal, Marco Nahuel&quot; - Fundaci\u00f3n Nahuel\" \/>\n<meta property=\"og:description\" content=\"Im Einvernehmen mit dem Pfarrgemeinderat von Pacto verpflichtete sich Nahuel, gemeinsam mit der Gemeinde 3 Klassenr\u00e4ume f\u00fcr die Schule zu bauen.\" \/>\n<meta property=\"og:url\" content=\"https:\/\/www.fundacionnahuel.org\/de\/portfolio\/pachijal-schule\/\" \/>\n<meta property=\"og:site_name\" content=\"Fundaci\u00f3n Nahuel\" \/>\n<meta property=\"article:modified_time\" content=\"2025-06-25T08:19:09+00:00\" \/>\n<meta property=\"og:image\" content=\"https:\/\/www.fundacionnahuel.org\/wp-content\/uploads\/2024\/11\/C.Marco-Nahuel-Vista-General2-1024x581.jpg\" \/>\n\t<meta property=\"og:image:width\" content=\"1024\" \/>\n\t<meta property=\"og:image:height\" content=\"581\" \/>\n\t<meta property=\"og:image:type\" content=\"image\/jpeg\" \/>\n<meta name=\"twitter:card\" content=\"summary_large_image\" \/>\n<meta name=\"twitter:label1\" content=\"Gesch\u00e4tzte Lesezeit\" \/>\n\t<meta name=\"twitter:data1\" content=\"9\u00a0Minuten\" \/>\n<script type=\"application\/ld+json\" class=\"yoast-schema-graph\">{\"@context\":\"https:\\\/\\\/schema.org\",\"@graph\":[{\"@type\":\"WebPage\",\"@id\":\"https:\\\/\\\/www.fundacionnahuel.org\\\/de\\\/portfolio\\\/pachijal-schule\\\/\",\"url\":\"https:\\\/\\\/www.fundacionnahuel.org\\\/de\\\/portfolio\\\/pachijal-schule\\\/\",\"name\":\"Schule \\\"Rio Pachijal, Marco Nahuel\\\" - Fundaci\u00f3n Nahuel\",\"isPartOf\":{\"@id\":\"https:\\\/\\\/www.fundacionnahuel.org\\\/de\\\/#website\"},\"primaryImageOfPage\":{\"@id\":\"https:\\\/\\\/www.fundacionnahuel.org\\\/de\\\/portfolio\\\/pachijal-schule\\\/#primaryimage\"},\"image\":{\"@id\":\"https:\\\/\\\/www.fundacionnahuel.org\\\/de\\\/portfolio\\\/pachijal-schule\\\/#primaryimage\"},\"thumbnailUrl\":\"https:\\\/\\\/www.fundacionnahuel.org\\\/wp-content\\\/uploads\\\/2024\\\/11\\\/C.Marco-Nahuel-Vista-General2.jpg\",\"datePublished\":\"2024-11-07T13:48:50+00:00\",\"dateModified\":\"2025-06-25T08:19:09+00:00\",\"breadcrumb\":{\"@id\":\"https:\\\/\\\/www.fundacionnahuel.org\\\/de\\\/portfolio\\\/pachijal-schule\\\/#breadcrumb\"},\"inLanguage\":\"de\",\"potentialAction\":[{\"@type\":\"ReadAction\",\"target\":[\"https:\\\/\\\/www.fundacionnahuel.org\\\/de\\\/portfolio\\\/pachijal-schule\\\/\"]}]},{\"@type\":\"ImageObject\",\"inLanguage\":\"de\",\"@id\":\"https:\\\/\\\/www.fundacionnahuel.org\\\/de\\\/portfolio\\\/pachijal-schule\\\/#primaryimage\",\"url\":\"https:\\\/\\\/www.fundacionnahuel.org\\\/wp-content\\\/uploads\\\/2024\\\/11\\\/C.Marco-Nahuel-Vista-General2.jpg\",\"contentUrl\":\"https:\\\/\\\/www.fundacionnahuel.org\\\/wp-content\\\/uploads\\\/2024\\\/11\\\/C.Marco-Nahuel-Vista-General2.jpg\",\"width\":2432,\"height\":1380},{\"@type\":\"BreadcrumbList\",\"@id\":\"https:\\\/\\\/www.fundacionnahuel.org\\\/de\\\/portfolio\\\/pachijal-schule\\\/#breadcrumb\",\"itemListElement\":[{\"@type\":\"ListItem\",\"position\":1,\"name\":\"Home\",\"item\":\"https:\\\/\\\/www.fundacionnahuel.org\\\/de\\\/\"},{\"@type\":\"ListItem\",\"position\":2,\"name\":\"Portfolio\",\"item\":\"https:\\\/\\\/www.fundacionnahuel.org\\\/de\\\/portfolio\\\/\"},{\"@type\":\"ListItem\",\"position\":3,\"name\":\"Schule &#8220;Rio Pachijal, Marco Nahuel&#8221;\"}]},{\"@type\":\"WebSite\",\"@id\":\"https:\\\/\\\/www.fundacionnahuel.org\\\/de\\\/#website\",\"url\":\"https:\\\/\\\/www.fundacionnahuel.org\\\/de\\\/\",\"name\":\"Fundaci\u00f3n Nahuel\",\"description\":\"Transforming Lives Through Education and Care\",\"publisher\":{\"@id\":\"https:\\\/\\\/www.fundacionnahuel.org\\\/de\\\/#organization\"},\"alternateName\":\"Nahuel\",\"inLanguage\":\"de\"},{\"@type\":\"Organization\",\"@id\":\"https:\\\/\\\/www.fundacionnahuel.org\\\/de\\\/#organization\",\"name\":\"Fundaci\u00f3n Nahuel\",\"alternateName\":\"Nahuel\",\"url\":\"https:\\\/\\\/www.fundacionnahuel.org\\\/de\\\/\",\"logo\":{\"@type\":\"ImageObject\",\"inLanguage\":\"de\",\"@id\":\"https:\\\/\\\/www.fundacionnahuel.org\\\/de\\\/#\\\/schema\\\/logo\\\/image\\\/\",\"url\":\"https:\\\/\\\/www.fundacionnahuel.org\\\/wp-content\\\/uploads\\\/2025\\\/03\\\/Nahuel_Logo.jpg\",\"contentUrl\":\"https:\\\/\\\/www.fundacionnahuel.org\\\/wp-content\\\/uploads\\\/2025\\\/03\\\/Nahuel_Logo.jpg\",\"width\":696,\"height\":696,\"caption\":\"Fundaci\u00f3n Nahuel\"},\"image\":{\"@id\":\"https:\\\/\\\/www.fundacionnahuel.org\\\/de\\\/#\\\/schema\\\/logo\\\/image\\\/\"}}]}<\/script>\n<!-- \/ Yoast SEO plugin. -->","yoast_head_json":{"title":"Schule \"Rio Pachijal, Marco Nahuel\" - Fundaci\u00f3n Nahuel","robots":{"index":"index","follow":"follow","max-snippet":"max-snippet:-1","max-image-preview":"max-image-preview:large","max-video-preview":"max-video-preview:-1"},"canonical":"https:\/\/www.fundacionnahuel.org\/de\/portfolio\/pachijal-schule\/","og_locale":"de_DE","og_type":"article","og_title":"Schule \"Rio Pachijal, Marco Nahuel\" - Fundaci\u00f3n Nahuel","og_description":"Im Einvernehmen mit dem Pfarrgemeinderat von Pacto verpflichtete sich Nahuel, gemeinsam mit der Gemeinde 3 Klassenr\u00e4ume f\u00fcr die Schule zu bauen.","og_url":"https:\/\/www.fundacionnahuel.org\/de\/portfolio\/pachijal-schule\/","og_site_name":"Fundaci\u00f3n Nahuel","article_modified_time":"2025-06-25T08:19:09+00:00","og_image":[{"width":1024,"height":581,"url":"https:\/\/www.fundacionnahuel.org\/wp-content\/uploads\/2024\/11\/C.Marco-Nahuel-Vista-General2-1024x581.jpg","type":"image\/jpeg"}],"twitter_card":"summary_large_image","twitter_misc":{"Gesch\u00e4tzte Lesezeit":"9\u00a0Minuten"},"schema":{"@context":"https:\/\/schema.org","@graph":[{"@type":"WebPage","@id":"https:\/\/www.fundacionnahuel.org\/de\/portfolio\/pachijal-schule\/","url":"https:\/\/www.fundacionnahuel.org\/de\/portfolio\/pachijal-schule\/","name":"Schule \"Rio Pachijal, Marco Nahuel\" - Fundaci\u00f3n Nahuel","isPartOf":{"@id":"https:\/\/www.fundacionnahuel.org\/de\/#website"},"primaryImageOfPage":{"@id":"https:\/\/www.fundacionnahuel.org\/de\/portfolio\/pachijal-schule\/#primaryimage"},"image":{"@id":"https:\/\/www.fundacionnahuel.org\/de\/portfolio\/pachijal-schule\/#primaryimage"},"thumbnailUrl":"https:\/\/www.fundacionnahuel.org\/wp-content\/uploads\/2024\/11\/C.Marco-Nahuel-Vista-General2.jpg","datePublished":"2024-11-07T13:48:50+00:00","dateModified":"2025-06-25T08:19:09+00:00","breadcrumb":{"@id":"https:\/\/www.fundacionnahuel.org\/de\/portfolio\/pachijal-schule\/#breadcrumb"},"inLanguage":"de","potentialAction":[{"@type":"ReadAction","target":["https:\/\/www.fundacionnahuel.org\/de\/portfolio\/pachijal-schule\/"]}]},{"@type":"ImageObject","inLanguage":"de","@id":"https:\/\/www.fundacionnahuel.org\/de\/portfolio\/pachijal-schule\/#primaryimage","url":"https:\/\/www.fundacionnahuel.org\/wp-content\/uploads\/2024\/11\/C.Marco-Nahuel-Vista-General2.jpg","contentUrl":"https:\/\/www.fundacionnahuel.org\/wp-content\/uploads\/2024\/11\/C.Marco-Nahuel-Vista-General2.jpg","width":2432,"height":1380},{"@type":"BreadcrumbList","@id":"https:\/\/www.fundacionnahuel.org\/de\/portfolio\/pachijal-schule\/#breadcrumb","itemListElement":[{"@type":"ListItem","position":1,"name":"Home","item":"https:\/\/www.fundacionnahuel.org\/de\/"},{"@type":"ListItem","position":2,"name":"Portfolio","item":"https:\/\/www.fundacionnahuel.org\/de\/portfolio\/"},{"@type":"ListItem","position":3,"name":"Schule &#8220;Rio Pachijal, Marco Nahuel&#8221;"}]},{"@type":"WebSite","@id":"https:\/\/www.fundacionnahuel.org\/de\/#website","url":"https:\/\/www.fundacionnahuel.org\/de\/","name":"Fundaci\u00f3n Nahuel","description":"Transforming Lives Through Education and Care","publisher":{"@id":"https:\/\/www.fundacionnahuel.org\/de\/#organization"},"alternateName":"Nahuel","inLanguage":"de"},{"@type":"Organization","@id":"https:\/\/www.fundacionnahuel.org\/de\/#organization","name":"Fundaci\u00f3n Nahuel","alternateName":"Nahuel","url":"https:\/\/www.fundacionnahuel.org\/de\/","logo":{"@type":"ImageObject","inLanguage":"de","@id":"https:\/\/www.fundacionnahuel.org\/de\/#\/schema\/logo\/image\/","url":"https:\/\/www.fundacionnahuel.org\/wp-content\/uploads\/2025\/03\/Nahuel_Logo.jpg","contentUrl":"https:\/\/www.fundacionnahuel.org\/wp-content\/uploads\/2025\/03\/Nahuel_Logo.jpg","width":696,"height":696,"caption":"Fundaci\u00f3n Nahuel"},"image":{"@id":"https:\/\/www.fundacionnahuel.org\/de\/#\/schema\/logo\/image\/"}}]}},"_links":{"self":[{"href":"https:\/\/www.fundacionnahuel.org\/de\/wp-json\/wp\/v2\/portfolio\/16810","targetHints":{"allow":["GET"]}}],"collection":[{"href":"https:\/\/www.fundacionnahuel.org\/de\/wp-json\/wp\/v2\/portfolio"}],"about":[{"href":"https:\/\/www.fundacionnahuel.org\/de\/wp-json\/wp\/v2\/types\/portfolio"}],"author":[{"embeddable":true,"href":"https:\/\/www.fundacionnahuel.org\/de\/wp-json\/wp\/v2\/users\/7"}],"replies":[{"embeddable":true,"href":"https:\/\/www.fundacionnahuel.org\/de\/wp-json\/wp\/v2\/comments?post=16810"}],"version-history":[{"count":11,"href":"https:\/\/www.fundacionnahuel.org\/de\/wp-json\/wp\/v2\/portfolio\/16810\/revisions"}],"predecessor-version":[{"id":18868,"href":"https:\/\/www.fundacionnahuel.org\/de\/wp-json\/wp\/v2\/portfolio\/16810\/revisions\/18868"}],"wp:featuredmedia":[{"embeddable":true,"href":"https:\/\/www.fundacionnahuel.org\/de\/wp-json\/wp\/v2\/media\/13506"}],"wp:attachment":[{"href":"https:\/\/www.fundacionnahuel.org\/de\/wp-json\/wp\/v2\/media?parent=16810"}],"wp:term":[{"taxonomy":"portfolio-category","embeddable":true,"href":"https:\/\/www.fundacionnahuel.org\/de\/wp-json\/wp\/v2\/portfolio-category?post=16810"},{"taxonomy":"portfolio-tag","embeddable":true,"href":"https:\/\/www.fundacionnahuel.org\/de\/wp-json\/wp\/v2\/portfolio-tag?post=16810"}],"curies":[{"name":"wp","href":"https:\/\/api.w.org\/{rel}","templated":true}]}}