{"id":16814,"date":"2024-11-06T16:53:26","date_gmt":"2024-11-06T15:53:26","guid":{"rendered":"https:\/\/fundacionnahuel.org\/stage2\/portfolio\/umfassende-unterstuetzung-fuer-krebskranke-kinder\/"},"modified":"2025-06-25T10:06:45","modified_gmt":"2025-06-25T09:06:45","slug":"umfassende-unterstuetzung-fuer-krebskranke-kinder","status":"publish","type":"portfolio","link":"https:\/\/www.fundacionnahuel.org\/de\/portfolio\/umfassende-unterstuetzung-fuer-krebskranke-kinder\/","title":{"rendered":"Umfassende Unterst\u00fctzung f\u00fcr krebskranke Kinder"},"content":{"rendered":"\t\t<div data-elementor-type=\"wp-post\" data-elementor-id=\"16814\" class=\"elementor elementor-16814 elementor-16812\" data-elementor-post-type=\"portfolio\">\n\t\t\t\t<div class=\"elementor-element elementor-element-31606ab7 e-con-full e-flex e-con e-parent\" data-id=\"31606ab7\" data-element_type=\"container\">\n\t\t<div class=\"elementor-element elementor-element-f8ed6f7 e-con-full e-flex e-con e-child\" data-id=\"f8ed6f7\" data-element_type=\"container\" data-settings=\"{&quot;background_background&quot;:&quot;classic&quot;}\">\n\t\t<div class=\"elementor-element elementor-element-ea4f6c2 e-flex e-con-boxed e-con e-child\" data-id=\"ea4f6c2\" data-element_type=\"container\">\n\t\t\t\t\t<div class=\"e-con-inner\">\n\t\t\t\t<div class=\"elementor-element elementor-element-b8f6b95 elementor-widget__width-initial elementor-widget-tablet__width-initial elementor-widget elementor-widget-heading\" data-id=\"b8f6b95\" data-element_type=\"widget\" data-widget_type=\"heading.default\">\n\t\t\t\t<div class=\"elementor-widget-container\">\n\t\t\t<h2 class=\"elementor-heading-title elementor-size-default\">Umfassende Unterst\u00fctzung f\u00fcr krebskranke Kinder<\/h2>\t\t<\/div>\n\t\t\t\t<\/div>\n\t\t\t\t\t<\/div>\n\t\t\t\t<\/div>\n\t\t\t\t<\/div>\n\t\t<div class=\"elementor-element elementor-element-de1e7be e-flex e-con-boxed e-con e-child\" data-id=\"de1e7be\" data-element_type=\"container\">\n\t\t\t\t\t<div class=\"e-con-inner\">\n\t\t<div class=\"elementor-element elementor-element-6ef4f767 e-con-full e-flex e-con e-child\" data-id=\"6ef4f767\" data-element_type=\"container\">\n\t\t<div class=\"elementor-element elementor-element-7e3b5888 e-transform e-con-full e-flex e-con e-child\" data-id=\"7e3b5888\" data-element_type=\"container\" data-settings=\"{&quot;_transform_scaleX_effect&quot;:{&quot;unit&quot;:&quot;px&quot;,&quot;size&quot;:&quot;&quot;,&quot;sizes&quot;:[]},&quot;_transform_scaleX_effect_widescreen&quot;:{&quot;unit&quot;:&quot;px&quot;,&quot;size&quot;:&quot;&quot;,&quot;sizes&quot;:[]},&quot;_transform_scaleX_effect_tablet&quot;:{&quot;unit&quot;:&quot;px&quot;,&quot;size&quot;:&quot;&quot;,&quot;sizes&quot;:[]},&quot;_transform_scaleX_effect_mobile&quot;:{&quot;unit&quot;:&quot;px&quot;,&quot;size&quot;:&quot;&quot;,&quot;sizes&quot;:[]},&quot;_transform_scaleY_effect&quot;:{&quot;unit&quot;:&quot;px&quot;,&quot;size&quot;:&quot;&quot;,&quot;sizes&quot;:[]},&quot;_transform_scaleY_effect_widescreen&quot;:{&quot;unit&quot;:&quot;px&quot;,&quot;size&quot;:&quot;&quot;,&quot;sizes&quot;:[]},&quot;_transform_scaleY_effect_tablet&quot;:{&quot;unit&quot;:&quot;px&quot;,&quot;size&quot;:&quot;&quot;,&quot;sizes&quot;:[]},&quot;_transform_scaleY_effect_mobile&quot;:{&quot;unit&quot;:&quot;px&quot;,&quot;size&quot;:&quot;&quot;,&quot;sizes&quot;:[]}}\">\n\t\t\t\t<div class=\"elementor-element elementor-element-b11f035 elementor-widget elementor-widget-heading\" data-id=\"b11f035\" data-element_type=\"widget\" data-widget_type=\"heading.default\">\n\t\t\t\t<div class=\"elementor-widget-container\">\n\t\t\t<h4 class=\"elementor-heading-title elementor-size-default\">Allgemeines Ziel:  <\/h4>\t\t<\/div>\n\t\t\t\t<\/div>\n\t\t\t\t<div class=\"elementor-element elementor-element-44b1f456 elementor-widget elementor-widget-text-editor\" data-id=\"44b1f456\" data-element_type=\"widget\" data-widget_type=\"text-editor.default\">\n\t\t\t\t<div class=\"elementor-widget-container\">\n\t\t\t\t\t\t\t<p data-renderer-start-pos=\"1\"><strong>Standort: Quito, Ecuador<\/strong><\/p><p>Kinder und Jugendliche, die an Krebs erkrankt sind, sollen dabei unterst\u00fctzt werden, die Krankheit zu \u00fcberwinden und ihre Entwicklung und Ausbildung nicht zu verz\u00f6gern.<\/p>\t\t\t\t\t\t<\/div>\n\t\t\t\t<\/div>\n\t\t\t\t<\/div>\n\t\t<div class=\"elementor-element elementor-element-31ae0da e-transform e-con-full e-flex e-con e-child\" data-id=\"31ae0da\" data-element_type=\"container\" data-settings=\"{&quot;_transform_scaleX_effect&quot;:{&quot;unit&quot;:&quot;px&quot;,&quot;size&quot;:&quot;&quot;,&quot;sizes&quot;:[]},&quot;_transform_scaleX_effect_widescreen&quot;:{&quot;unit&quot;:&quot;px&quot;,&quot;size&quot;:&quot;&quot;,&quot;sizes&quot;:[]},&quot;_transform_scaleX_effect_tablet&quot;:{&quot;unit&quot;:&quot;px&quot;,&quot;size&quot;:&quot;&quot;,&quot;sizes&quot;:[]},&quot;_transform_scaleX_effect_mobile&quot;:{&quot;unit&quot;:&quot;px&quot;,&quot;size&quot;:&quot;&quot;,&quot;sizes&quot;:[]},&quot;_transform_scaleY_effect&quot;:{&quot;unit&quot;:&quot;px&quot;,&quot;size&quot;:&quot;&quot;,&quot;sizes&quot;:[]},&quot;_transform_scaleY_effect_widescreen&quot;:{&quot;unit&quot;:&quot;px&quot;,&quot;size&quot;:&quot;&quot;,&quot;sizes&quot;:[]},&quot;_transform_scaleY_effect_tablet&quot;:{&quot;unit&quot;:&quot;px&quot;,&quot;size&quot;:&quot;&quot;,&quot;sizes&quot;:[]},&quot;_transform_scaleY_effect_mobile&quot;:{&quot;unit&quot;:&quot;px&quot;,&quot;size&quot;:&quot;&quot;,&quot;sizes&quot;:[]}}\">\n\t\t\t\t<div class=\"elementor-element elementor-element-24f9930 elementor-widget elementor-widget-heading\" data-id=\"24f9930\" data-element_type=\"widget\" data-widget_type=\"heading.default\">\n\t\t\t\t<div class=\"elementor-widget-container\">\n\t\t\t<h4 class=\"elementor-heading-title elementor-size-default\">Spezifisches Ziel:  <\/h4>\t\t<\/div>\n\t\t\t\t<\/div>\n\t\t\t\t<div class=\"elementor-element elementor-element-472c83d8 elementor-widget elementor-widget-text-editor\" data-id=\"472c83d8\" data-element_type=\"widget\" data-widget_type=\"text-editor.default\">\n\t\t\t\t<div class=\"elementor-widget-container\">\n\t\t\t\t\t\t\t<ol>\n<li data-renderer-start-pos=\"707\">Es soll verhindert werden, dass Kinder aus Mangel an finanziellen Mitteln die Behandlung abbrechen und zu einem langsamen und schmerzhaften Tod verurteilt werden.<\/li>\n<li data-renderer-start-pos=\"707\">Vermeidung und Vorbeugung von Behinderungen, die durch Krebs im Kindesalter verursacht werden k\u00f6nnen.<\/li>\n<li data-renderer-start-pos=\"707\">Vermeidung von irreversiblen Sch\u00e4den oder Folgeerscheinungen, die die normale Entwicklung der Kinder beeintr\u00e4chtigen.<\/li>\n<li data-renderer-start-pos=\"707\">Verbesserung des Ern\u00e4hrungszustands kranker Kinder und Jugendlicher, um unn\u00f6tiges Leiden zu vermeiden.<\/li>\n<li data-renderer-start-pos=\"707\">Senkung der Kindersterblichkeit.<\/li>\n<\/ol>\n\t\t\t\t\t\t<\/div>\n\t\t\t\t<\/div>\n\t\t\t\t<\/div>\n\t\t<div class=\"elementor-element elementor-element-6865c3e4 e-con-full e-flex e-con e-child\" data-id=\"6865c3e4\" data-element_type=\"container\">\n\t\t\t\t<div class=\"elementor-element elementor-element-73c59b8d elementor-widget elementor-widget-heading\" data-id=\"73c59b8d\" data-element_type=\"widget\" data-widget_type=\"heading.default\">\n\t\t\t\t<div class=\"elementor-widget-container\">\n\t\t\t<h4 class=\"elementor-heading-title elementor-size-default\">Beschreibung des Projekts:<\/h4>\t\t<\/div>\n\t\t\t\t<\/div>\n\t\t\t\t<div class=\"elementor-element elementor-element-2f5b1405 elementor-widget elementor-widget-text-editor\" data-id=\"2f5b1405\" data-element_type=\"widget\" data-widget_type=\"text-editor.default\">\n\t\t\t\t<div class=\"elementor-widget-container\">\n\t\t\t\t\t\t\t<p><em>Die Nahuel-Stiftung wird das Projekt direkt von ihrem B\u00fcro in Quito aus leiten, wof\u00fcr sie eine gr\u00fcndliche Untersuchung der bestehenden \u00f6ffentlichen und privaten kinderonkologischen Dienste durchgef\u00fchrt hat.<\/em><\/p>\n<p>Aus diesem Grund zielt dieses Projekt in erster Linie darauf ab, die Auswirkungen der starken Therapie, die die Kinder erhalten, zu beheben oder zu lindern, den k\u00f6rperlichen Zustand zu verbessern, die Abwehrkr\u00e4fte des K\u00f6rpers zu st\u00e4rken und eine vollst\u00e4ndige Behandlung zu gew\u00e4hrleisten. All dies wird verhindern, dass die Kinder die Schule vers\u00e4umen und sich ihr Lernen und ihre Entwicklung verz\u00f6gern.   <\/p>\n<p>Dieses Projekt deckt die Kosten f\u00fcr das notwendige Material f\u00fcr die Anwendung der Chemotherapie (Implantate), Medikamente (falls erforderlich), Wiederherstellungsmedikamente und Nahrungserg\u00e4nzungsmittel, Transport, Verpflegung und Unterkunft f\u00fcr die Kinder, die nicht in Quito leben. Auf diese Weise gew\u00e4hrleistet das Projekt eine vollst\u00e4ndige Remission der Krankheit, verbessert die Lebensqualit\u00e4t der krebskranken Kinder und rettet letztlich das Leben der Kinder.   <\/p>\n\t\t\t\t\t\t<\/div>\n\t\t\t\t<\/div>\n\t\t\t\t<\/div>\n\t\t<div class=\"elementor-element elementor-element-d0b4755 e-con-full e-flex e-con e-child\" data-id=\"d0b4755\" data-element_type=\"container\">\n\t\t\t\t<div class=\"elementor-element elementor-element-14016f3 elementor-widget elementor-widget-heading\" data-id=\"14016f3\" data-element_type=\"widget\" data-widget_type=\"heading.default\">\n\t\t\t\t<div class=\"elementor-widget-container\">\n\t\t\t<h4 class=\"elementor-heading-title elementor-size-default\">Ergebnisse des Projekts:<\/h4>\t\t<\/div>\n\t\t\t\t<\/div>\n\t\t\t\t<div class=\"elementor-element elementor-element-b822c67 elementor-widget elementor-widget-video\" data-id=\"b822c67\" data-element_type=\"widget\" data-settings=\"{&quot;video_type&quot;:&quot;vimeo&quot;}\" data-widget_type=\"video.default\">\n\t\t\t\t<div class=\"elementor-widget-container\">\n\t\t\t\t\t<div class=\"elementor-wrapper elementor-open-inline\">\n\t\t\t<iframe class=\"elementor-video-iframe\" allowfullscreen allow=\"clipboard-write\" title=\"vimeo Video Player\" src=\"https:\/\/player.vimeo.com\/video\/1065611401?color&amp;autopause=0&amp;loop=0&amp;muted=0&amp;title=1&amp;portrait=1&amp;byline=1#t=\"><\/iframe>\t\t<\/div>\n\t\t\t\t<\/div>\n\t\t\t\t<\/div>\n\t\t\t\t<div class=\"elementor-element elementor-element-361f297 elementor-widget elementor-widget-text-editor\" data-id=\"361f297\" data-element_type=\"widget\" data-widget_type=\"text-editor.default\">\n\t\t\t\t<div class=\"elementor-widget-container\">\n\t\t\t\t\t\t\t<p>Retten Sie das Leben von Kindern mit der Unterst\u00fctzung von Nahrungserg\u00e4nzungsmitteln und erzielen Sie bessere Ergebnisse bei der Remission von Krankheiten.<\/p><p>Dank der vielen Spenden konnten wir seit 2013 Tausenden von Kindern helfen.  <\/p><p><strong style=\"font-size: 18px; color: var( --e-global-color-text ); text-align: var(--text-align);\">Das Projekt wurde 2013 in unseren Fonds f\u00fcr neue kleine Zusch\u00fcsse aufgenommen.  <span style=\"font-size: 18px; color: var( --e-global-color-text ); text-align: var(--text-align);\">Dieses Projekt wird fortgesetzt und ist auf Spenden angewiesen.  <\/span>Helfen Sie uns, Leben zu retten!  <\/strong><\/p>\t\t\t\t\t\t<\/div>\n\t\t\t\t<\/div>\n\t\t\t\t<\/div>\n\t\t\t\t<\/div>\n\t\t<div class=\"elementor-element elementor-element-3bfb179b e-con-full e-flex e-con e-child\" data-id=\"3bfb179b\" data-element_type=\"container\">\n\t\t<div class=\"elementor-element elementor-element-105d1dd8 e-flex e-con-boxed e-con e-child\" data-id=\"105d1dd8\" data-element_type=\"container\">\n\t\t\t\t\t<div class=\"e-con-inner\">\n\t\t\t\t<div class=\"elementor-element elementor-element-2a5faeb0 acenter elementor-widget elementor-widget-wgl-double-headings\" data-id=\"2a5faeb0\" data-element_type=\"widget\" data-widget_type=\"wgl-double-headings.default\">\n\t\t\t\t<div class=\"elementor-widget-container\">\n\t\t\t        <div class=\"wgl-double_heading\">                <div class=\"dbl__subtitle\"><span>Projektzusch\u00fcsse:<\/span>                <\/div>        <\/div>\t\t<\/div>\n\t\t\t\t<\/div>\n\t\t\t\t<div class=\"elementor-element elementor-element-98e9f93 acenter elementor-widget-image-box wgl-image-box elementor-widget elementor-widget-wgl-info-box\" data-id=\"98e9f93\" data-element_type=\"widget\" data-widget_type=\"wgl-info-box.default\">\n\t\t\t\t<div class=\"elementor-widget-container\">\n\t\t\t<a class=\"wgl-infobox__link\" href=\"https:\/\/www.fundacionnahuel.org\/de\/gesundheit\/gesundheit-notfallfonds\/\"><\/a><div class=\"wgl-infobox\"><div class=\"wgl-infobox_wrapper wgl-layout-top\"><div class=\"media-wrapper img-wrapper\"><figure class=\"wgl-image-box_img\"><span ><img decoding=\"async\" width=\"186\" height=\"186\" src=\"https:\/\/www.fundacionnahuel.org\/wp-content\/uploads\/2024\/12\/health_fund.png\" class=\"attachment-full size-full wp-image-15120\" alt=\"\" srcset=\"https:\/\/www.fundacionnahuel.org\/wp-content\/uploads\/2024\/12\/health_fund.png 186w, https:\/\/www.fundacionnahuel.org\/wp-content\/uploads\/2024\/12\/health_fund-150x150.png 150w\" sizes=\"(max-width: 186px) 100vw, 186px\" \/><\/span><\/figure><\/div><div class=\"content_wrapper\"><div class=\"wgl-infobox-title_wrapper\"><h3 class=\"wgl-infobox_title\"><span class=\"wgl-infobox_title-idle\">Gesundheit Notfallfonds<\/span><\/h3><\/div><div class=\"wgl-infobox_content\"><p>Medizinische Notfallversorgung in den Bereichen Kardiologie, Augenheilkunde und Mangelern\u00e4hrung, um Leben zu retten und Behinderungen zu verhindern<\/p><\/div><\/div><\/div><\/div>\t\t<\/div>\n\t\t\t\t<\/div>\n\t\t\t\t<div class=\"elementor-element elementor-element-9838ef8 e-transform elementor-widget elementor-widget-html\" data-id=\"9838ef8\" data-element_type=\"widget\" data-settings=\"{&quot;_transform_rotateZ_effect&quot;:{&quot;unit&quot;:&quot;px&quot;,&quot;size&quot;:0,&quot;sizes&quot;:[]},&quot;_transform_rotateZ_effect_widescreen&quot;:{&quot;unit&quot;:&quot;deg&quot;,&quot;size&quot;:&quot;&quot;,&quot;sizes&quot;:[]},&quot;_transform_rotateZ_effect_tablet&quot;:{&quot;unit&quot;:&quot;deg&quot;,&quot;size&quot;:&quot;&quot;,&quot;sizes&quot;:[]},&quot;_transform_rotateZ_effect_mobile&quot;:{&quot;unit&quot;:&quot;deg&quot;,&quot;size&quot;:&quot;&quot;,&quot;sizes&quot;:[]}}\" data-widget_type=\"html.default\">\n\t\t\t\t<div class=\"elementor-widget-container\">\n\t\t\t<a class=\"btn-payrexx btn-payrexx-modal\" href=\"https:\/\/fundacionnahuel.payrexx.com\/de\/pay?cid=860abe8a&amp;hide_description=1&amp;donation%5Bpreselect_interval%5D=one_time\">\n<span>Jetzt spenden<\/span>\n<\/a>\n<script src=\"https:\/\/cdnjs.cloudflare.com\/ajax\/libs\/jquery\/3.5.1\/jquery.min.js\" integrity=\"sha512-bLT0Qm9VnAYZDflyKcBaQ2gg0hSYNQrJ8RilYldYQ1FxQYoCLtUjuuRuZo+fjqhx\/qtq\/1itJ0C2ejDxltZVFg==\" crossorigin=\"anonymous\"><\/script>\n<script type=\"text\/javascript\" src=\"https:\/\/media.payrexx.com\/modal\/v1\/modal.min.js\"><\/script>\n<script type=\"text\/javascript\">\n    jQuery(\".btn-payrexx-modal\").payrexxModal();\n<\/script>\n\t\t<\/div>\n\t\t\t\t<\/div>\n\t\t\t\t\t<\/div>\n\t\t\t\t<\/div>\n\t\t\t\t<div class=\"elementor-element elementor-element-310cb296 elementor-widget elementor-widget-spacer\" data-id=\"310cb296\" data-element_type=\"widget\" data-widget_type=\"spacer.default\">\n\t\t\t\t<div class=\"elementor-widget-container\">\n\t\t\t\t\t<div class=\"elementor-spacer\">\n\t\t\t<div class=\"elementor-spacer-inner\"><\/div>\n\t\t<\/div>\n\t\t\t\t<\/div>\n\t\t\t\t<\/div>\n\t\t\t\t<div class=\"elementor-element elementor-element-52ef02e9 acenter elementor-widget elementor-widget-wgl-double-headings\" data-id=\"52ef02e9\" data-element_type=\"widget\" data-widget_type=\"wgl-double-headings.default\">\n\t\t\t\t<div class=\"elementor-widget-container\">\n\t\t\t        <div class=\"wgl-double_heading\">                <div class=\"dbl__subtitle\"><span>Standort des Projekts:<\/span>                <\/div>        <\/div>\t\t<\/div>\n\t\t\t\t<\/div>\n\t\t\t\t<div class=\"elementor-element elementor-element-49e386e6 elementor-widget elementor-widget-google_maps\" data-id=\"49e386e6\" data-element_type=\"widget\" data-widget_type=\"google_maps.default\">\n\t\t\t\t<div class=\"elementor-widget-container\">\n\t\t\t\t\t<div class=\"elementor-custom-embed\">\n\t\t\t<iframe loading=\"lazy\"\n\t\t\t\t\tsrc=\"https:\/\/www.google.com\/maps\/embed\/v1\/place?key=AIzaSyBnCErbNirBcjMlSG7QXDWh4yna9ijxAJE&#038;q=-0.1460824373943144%2C%20-78.4377479774083&#038;zoom=6\"\n\t\t\t\t\ttitle=\"-0.1460824373943144, -78.4377479774083\"\n\t\t\t\t\taria-label=\"-0.1460824373943144, -78.4377479774083\"\n\t\t\t><\/iframe>\n\t\t<\/div>\n\t\t\t\t<\/div>\n\t\t\t\t<\/div>\n\t\t\t\t<div class=\"elementor-element elementor-element-4b3e0247 elementor-widget elementor-widget-spacer\" data-id=\"4b3e0247\" data-element_type=\"widget\" data-widget_type=\"spacer.default\">\n\t\t\t\t<div class=\"elementor-widget-container\">\n\t\t\t\t\t<div class=\"elementor-spacer\">\n\t\t\t<div class=\"elementor-spacer-inner\"><\/div>\n\t\t<\/div>\n\t\t\t\t<\/div>\n\t\t\t\t<\/div>\n\t\t<div class=\"elementor-element elementor-element-1e02b503 elementor-hidden-desktop elementor-hidden-tablet elementor-hidden-mobile elementor-hidden-widescreen e-flex e-con-boxed e-con e-child\" data-id=\"1e02b503\" data-element_type=\"container\">\n\t\t\t\t\t<div class=\"e-con-inner\">\n\t\t\t\t<div class=\"elementor-element elementor-element-26a03aa4 elementor-widget elementor-widget-spacer\" data-id=\"26a03aa4\" data-element_type=\"widget\" data-widget_type=\"spacer.default\">\n\t\t\t\t<div class=\"elementor-widget-container\">\n\t\t\t\t\t<div class=\"elementor-spacer\">\n\t\t\t<div class=\"elementor-spacer-inner\"><\/div>\n\t\t<\/div>\n\t\t\t\t<\/div>\n\t\t\t\t<\/div>\n\t\t\t\t<div class=\"elementor-element elementor-element-4267a186 aleft elementor-widget elementor-widget-wgl-double-headings\" data-id=\"4267a186\" data-element_type=\"widget\" data-widget_type=\"wgl-double-headings.default\">\n\t\t\t\t<div class=\"elementor-widget-container\">\n\t\t\t        <div class=\"wgl-double_heading\">                <div class=\"dbl__subtitle\"><span>Video:<\/span>                <\/div>        <\/div>\t\t<\/div>\n\t\t\t\t<\/div>\n\t\t<div class=\"elementor-element elementor-element-132df3eb e-con-full e-flex e-con e-child\" data-id=\"132df3eb\" data-element_type=\"container\" data-settings=\"{&quot;background_background&quot;:&quot;slideshow&quot;,&quot;background_slideshow_gallery&quot;:[{&quot;id&quot;:9581,&quot;url&quot;:&quot;https:\\\/\\\/www.fundacionnahuel.org\\\/wp-content\\\/uploads\\\/2024\\\/01\\\/C.Marco-Nahuel-Modulo-2-scaled.jpg&quot;}],&quot;background_slideshow_loop&quot;:&quot;yes&quot;,&quot;background_slideshow_slide_duration&quot;:5000,&quot;background_slideshow_slide_transition&quot;:&quot;fade&quot;,&quot;background_slideshow_transition_duration&quot;:500}\">\n\t\t\t\t<div class=\"elementor-element elementor-element-698e7d19 align-left elementor-widget elementor-widget-wgl-video-popup\" data-id=\"698e7d19\" data-element_type=\"widget\" data-widget_type=\"wgl-video-popup.default\">\n\t\t\t\t<div class=\"elementor-widget-container\">\n\t\t\t<div class=\"wgl-video_popup  title_pos-right  \"><div class=\"videobox_content\"><h3 class=\"title\">Video ansehen<\/h3><div class=\"videobox_link videobox\" data-elementor-open-lightbox=\"yes\" data-elementor-lightbox=\"{&quot;type&quot;:&quot;video&quot;,&quot;url&quot;:&quot;https:\\\/\\\/player.vimeo.com\\\/video\\\/899738471?loop=0#t=&quot;,&quot;modalOptions&quot;:{&quot;id&quot;:&quot;elementor-lightbox-698e7d19&quot;}}\"><svg class=\"videobox_icon\" viewBox=\"0 0 10 10\"><polygon points=\"1,0 1,10 8.5,5\"\/><\/svg><\/div><\/div><\/div>\t\t<\/div>\n\t\t\t\t<\/div>\n\t\t\t\t<\/div>\n\t\t\t\t\t<\/div>\n\t\t\t\t<\/div>\n\t\t<div class=\"elementor-element elementor-element-109e8b78 e-flex e-con-boxed e-con e-child\" data-id=\"109e8b78\" data-element_type=\"container\">\n\t\t\t\t\t<div class=\"e-con-inner\">\n\t\t\t\t\t<\/div>\n\t\t\t\t<\/div>\n\t\t\t\t<\/div>\n\t\t\t\t\t<\/div>\n\t\t\t\t<\/div>\n\t\t\t\t<\/div>\n\t\t<div class=\"elementor-element elementor-element-6007137 e-flex e-con-boxed e-con e-parent\" data-id=\"6007137\" data-element_type=\"container\">\n\t\t\t\t\t<div class=\"e-con-inner\">\n\t\t<div class=\"elementor-element elementor-element-fec8324 e-con-full e-flex e-con e-child\" data-id=\"fec8324\" data-element_type=\"container\">\n\t\t<div class=\"elementor-element elementor-element-c00b770 e-con-full e-flex e-con e-child\" data-id=\"c00b770\" data-element_type=\"container\">\n\t\t<div class=\"elementor-element elementor-element-f6c41b9 e-con-full e-flex e-con e-child\" data-id=\"f6c41b9\" data-element_type=\"container\">\n\t\t<div class=\"elementor-element elementor-element-1bbcc45 e-con-full e-flex e-con e-child\" data-id=\"1bbcc45\" data-element_type=\"container\">\n\t\t\t\t<div class=\"elementor-element elementor-element-13259ff acenter elementor-widget-image-box wgl-image-box elementor-widget elementor-widget-wgl-info-box\" data-id=\"13259ff\" data-element_type=\"widget\" data-widget_type=\"wgl-info-box.default\">\n\t\t\t\t<div class=\"elementor-widget-container\">\n\t\t\t<div class=\"wgl-infobox\"><div class=\"wgl-infobox_wrapper wgl-layout-top\"><div class=\"media-wrapper img-wrapper\"><figure class=\"wgl-image-box_img\"><span ><img decoding=\"async\" width=\"186\" height=\"186\" src=\"https:\/\/www.fundacionnahuel.org\/wp-content\/uploads\/2024\/11\/year-of-completion.png\" class=\"attachment-full size-full wp-image-15499\" alt=\"\" srcset=\"https:\/\/www.fundacionnahuel.org\/wp-content\/uploads\/2024\/11\/year-of-completion.png 186w, https:\/\/www.fundacionnahuel.org\/wp-content\/uploads\/2024\/11\/year-of-completion-150x150.png 150w\" sizes=\"(max-width: 186px) 100vw, 186px\" \/><\/span><\/figure><\/div><div class=\"content_wrapper\"><div class=\"wgl-infobox-title_wrapper\"><h2 class=\"wgl-infobox_title\"><span class=\"wgl-infobox_title-idle\">Jahr der Fertigstellung<\/span><\/h2><\/div><div class=\"wgl-infobox_content\"><p>2015<\/p><\/div><\/div><\/div><\/div>\t\t<\/div>\n\t\t\t\t<\/div>\n\t\t\t\t<\/div>\n\t\t\t\t<\/div>\n\t\t<div class=\"elementor-element elementor-element-4803128 e-flex e-con-boxed e-con e-child\" data-id=\"4803128\" data-element_type=\"container\">\n\t\t\t\t\t<div class=\"e-con-inner\">\n\t\t<div class=\"elementor-element elementor-element-6760c67 e-con-full e-flex e-con e-child\" data-id=\"6760c67\" data-element_type=\"container\">\n\t\t\t\t<div class=\"elementor-element elementor-element-25bce41 acenter elementor-widget-tablet__width-initial elementor-widget-image-box wgl-image-box elementor-widget elementor-widget-wgl-info-box\" data-id=\"25bce41\" data-element_type=\"widget\" data-widget_type=\"wgl-info-box.default\">\n\t\t\t\t<div class=\"elementor-widget-container\">\n\t\t\t<div class=\"wgl-infobox\"><div class=\"wgl-infobox_wrapper wgl-layout-top\"><div class=\"media-wrapper img-wrapper\"><figure class=\"wgl-image-box_img\"><span ><img decoding=\"async\" width=\"186\" height=\"186\" src=\"https:\/\/www.fundacionnahuel.org\/wp-content\/uploads\/2024\/11\/total-costs.png\" class=\"attachment-full size-full wp-image-15502\" alt=\"\" srcset=\"https:\/\/www.fundacionnahuel.org\/wp-content\/uploads\/2024\/11\/total-costs.png 186w, https:\/\/www.fundacionnahuel.org\/wp-content\/uploads\/2024\/11\/total-costs-150x150.png 150w\" sizes=\"(max-width: 186px) 100vw, 186px\" \/><\/span><\/figure><\/div><div class=\"content_wrapper\"><div class=\"wgl-infobox-title_wrapper\"><h2 class=\"wgl-infobox_title\"><span class=\"wgl-infobox_title-idle\">Gesamtkosten<\/span><\/h2><\/div><div class=\"wgl-infobox_content\"><p>$88,000<\/p><\/div><\/div><\/div><\/div>\t\t<\/div>\n\t\t\t\t<\/div>\n\t\t\t\t<\/div>\n\t\t\t\t\t<\/div>\n\t\t\t\t<\/div>\n\t\t<div class=\"elementor-element elementor-element-2d189cd e-flex e-con-boxed e-con e-child\" data-id=\"2d189cd\" data-element_type=\"container\">\n\t\t\t\t\t<div class=\"e-con-inner\">\n\t\t<div class=\"elementor-element elementor-element-adedf34 e-con-full e-flex e-con e-child\" data-id=\"adedf34\" data-element_type=\"container\">\n\t\t\t\t<div class=\"elementor-element elementor-element-cef4309 acenter elementor-widget-image-box wgl-image-box elementor-widget elementor-widget-wgl-info-box\" data-id=\"cef4309\" data-element_type=\"widget\" data-widget_type=\"wgl-info-box.default\">\n\t\t\t\t<div class=\"elementor-widget-container\">\n\t\t\t<div class=\"wgl-infobox\"><div class=\"wgl-infobox_wrapper wgl-layout-top\"><div class=\"media-wrapper img-wrapper\"><figure class=\"wgl-image-box_img\"><span ><img loading=\"lazy\" decoding=\"async\" width=\"186\" height=\"186\" src=\"https:\/\/www.fundacionnahuel.org\/wp-content\/uploads\/2024\/11\/beneficiaries.png\" class=\"attachment-full size-full wp-image-15505\" alt=\"\" srcset=\"https:\/\/www.fundacionnahuel.org\/wp-content\/uploads\/2024\/11\/beneficiaries.png 186w, https:\/\/www.fundacionnahuel.org\/wp-content\/uploads\/2024\/11\/beneficiaries-150x150.png 150w\" sizes=\"(max-width: 186px) 100vw, 186px\" \/><\/span><\/figure><\/div><div class=\"content_wrapper\"><div class=\"wgl-infobox-title_wrapper\"><h2 class=\"wgl-infobox_title\"><span class=\"wgl-infobox_title-idle\">Beg\u00fcnstigte  <\/span><\/h2><\/div><div class=\"wgl-infobox_content\"><p>ca. 300<\/p><\/div><\/div><\/div><\/div>\t\t<\/div>\n\t\t\t\t<\/div>\n\t\t\t\t<\/div>\n\t\t\t\t\t<\/div>\n\t\t\t\t<\/div>\n\t\t<div class=\"elementor-element elementor-element-24043e8 e-flex e-con-boxed e-con e-child\" data-id=\"24043e8\" data-element_type=\"container\">\n\t\t\t\t\t<div class=\"e-con-inner\">\n\t\t<div class=\"elementor-element elementor-element-0cbf77c e-con-full e-flex e-con e-child\" data-id=\"0cbf77c\" data-element_type=\"container\">\n\t\t\t\t<div class=\"elementor-element elementor-element-7ac074a acenter elementor-widget-image-box wgl-image-box elementor-widget elementor-widget-wgl-info-box\" data-id=\"7ac074a\" data-element_type=\"widget\" data-widget_type=\"wgl-info-box.default\">\n\t\t\t\t<div class=\"elementor-widget-container\">\n\t\t\t<div class=\"wgl-infobox\"><div class=\"wgl-infobox_wrapper wgl-layout-top\"><div class=\"media-wrapper img-wrapper\"><figure class=\"wgl-image-box_img\"><span ><img loading=\"lazy\" decoding=\"async\" width=\"186\" height=\"186\" src=\"https:\/\/www.fundacionnahuel.org\/wp-content\/uploads\/2024\/11\/start-year.png\" class=\"attachment-full size-full wp-image-15496\" alt=\"\" srcset=\"https:\/\/www.fundacionnahuel.org\/wp-content\/uploads\/2024\/11\/start-year.png 186w, https:\/\/www.fundacionnahuel.org\/wp-content\/uploads\/2024\/11\/start-year-150x150.png 150w\" sizes=\"(max-width: 186px) 100vw, 186px\" \/><\/span><\/figure><\/div><div class=\"content_wrapper\"><div class=\"wgl-infobox-title_wrapper\"><h2 class=\"wgl-infobox_title\"><span class=\"wgl-infobox_title-idle\">Anfangsjahr<\/span><\/h2><\/div><div class=\"wgl-infobox_content\"><p><span>2013<\/span><\/p><\/div><\/div><\/div><\/div>\t\t<\/div>\n\t\t\t\t<\/div>\n\t\t\t\t<\/div>\n\t\t\t\t\t<\/div>\n\t\t\t\t<\/div>\n\t\t\t\t<\/div>\n\t\t\t\t<\/div>\n\t\t\t\t\t<\/div>\n\t\t\t\t<\/div>\n\t\t<div class=\"elementor-element elementor-element-bbb8c19 e-flex e-con-boxed e-con e-parent\" data-id=\"bbb8c19\" data-element_type=\"container\">\n\t\t\t\t\t<div class=\"e-con-inner\">\n\t\t<div class=\"elementor-element elementor-element-66fcf54c elementor-hidden-desktop elementor-hidden-tablet elementor-hidden-mobile e-con-full elementor-hidden-widescreen e-flex e-con e-child\" data-id=\"66fcf54c\" data-element_type=\"container\">\n\t\t\t\t<div class=\"elementor-element elementor-element-7ffcec54 aleft elementor-widget elementor-widget-wgl-double-headings\" data-id=\"7ffcec54\" data-element_type=\"widget\" data-widget_type=\"wgl-double-headings.default\">\n\t\t\t\t<div class=\"elementor-widget-container\">\n\t\t\t        <div class=\"wgl-double_heading\">                <div class=\"dbl__subtitle\"><span>Fotogalerie:<\/span>                <\/div>        <\/div>\t\t<\/div>\n\t\t\t\t<\/div>\n\t\t\t\t<div class=\"elementor-element elementor-element-34848ba0 col-3 col-tablet-2 col-mobile-1 elementor-widget elementor-widget-wgl-gallery\" data-id=\"34848ba0\" data-element_type=\"widget\" data-widget_type=\"wgl-gallery.default\">\n\t\t\t\t<div class=\"elementor-widget-container\">\n\t\t\t<div class=\"wgl-gallery\"><div class=\"wgl-gallery_items gallery-carousel\"><div class=\"wgl-carousel_wrapper\"><div class=\"wgl-carousel\"><div class=\"wgl-carousel_slick\" data-slick='{\"slidesToShow\":3,\"slidesToScroll\":3,\"infinite\":false,\"variableWidth\":false,\"autoplay\":true,\"autoplaySpeed\":\"3000\",\"speed\":300,\"arrows\":false,\"dots\":false,\"adaptiveHeight\":false,\"responsive\":[{\"breakpoint\":0,\"settings\":{\"slidesToShow\":3,\"slidesToScroll\":3}},{\"breakpoint\":1024,\"settings\":{\"slidesToShow\":2,\"slidesToScroll\":2}},{\"breakpoint\":767,\"settings\":{\"slidesToShow\":1,\"slidesToScroll\":1}}]}'><div class=\"wgl-gallery_item-wrapper\"><a class=\"wgl-gallery_item\" data-elementor-open-lightbox=\"yes\" data-elementor-lightbox-slideshow=\"all-34848ba0\" data-elementor-lightbox-title=\"C.Marco Nahuel-Vista General\" data-e-action-hash=\"#elementor-action%3Aaction%3Dlightbox%26settings%3DeyJpZCI6OTU4NiwidXJsIjoiaHR0cHM6XC9cL3d3dy5mdW5kYWNpb25uYWh1ZWwub3JnXC93cC1jb250ZW50XC91cGxvYWRzXC8yMDI0XC8wMVwvQy5NYXJjby1OYWh1ZWwtVmlzdGEtR2VuZXJhbC5qcGciLCJzbGlkZXNob3ciOiJhbGwtMzQ4NDhiYTAifQ%3D%3D\" href=\"https:\/\/www.fundacionnahuel.org\/wp-content\/uploads\/2024\/01\/C.Marco-Nahuel-Vista-General.jpg\"><img decoding=\"async\" class=\"wgl-gallery_image\" src=\"https:\/\/www.fundacionnahuel.org\/wp-content\/uploads\/2024\/01\/C.Marco-Nahuel-Vista-General-2560x2560.jpg\" alt=\"\"><\/a><\/div><div class=\"wgl-gallery_item-wrapper\"><a class=\"wgl-gallery_item\" data-elementor-open-lightbox=\"yes\" data-elementor-lightbox-slideshow=\"all-34848ba0\" data-elementor-lightbox-title=\"C.Marco Nahuel-Vista entorno\" data-e-action-hash=\"#elementor-action%3Aaction%3Dlightbox%26settings%3DeyJpZCI6OTU4NSwidXJsIjoiaHR0cHM6XC9cL3d3dy5mdW5kYWNpb25uYWh1ZWwub3JnXC93cC1jb250ZW50XC91cGxvYWRzXC8yMDI0XC8wMVwvQy5NYXJjby1OYWh1ZWwtVmlzdGEtZW50b3Juby1zY2FsZWQuanBnIiwic2xpZGVzaG93IjoiYWxsLTM0ODQ4YmEwIn0%3D\" href=\"https:\/\/www.fundacionnahuel.org\/wp-content\/uploads\/2024\/01\/C.Marco-Nahuel-Vista-entorno-scaled.jpg\"><img decoding=\"async\" class=\"wgl-gallery_image\" src=\"https:\/\/www.fundacionnahuel.org\/wp-content\/uploads\/2024\/01\/C.Marco-Nahuel-Vista-entorno-scaled-2560x2560.jpg\" alt=\"\"><\/a><\/div><div class=\"wgl-gallery_item-wrapper\"><a class=\"wgl-gallery_item\" data-elementor-open-lightbox=\"yes\" data-elementor-lightbox-slideshow=\"all-34848ba0\" data-elementor-lightbox-title=\"C.Marco Nahuel-Vista angulo posterior-M\u00f3dulo 1\" data-e-action-hash=\"#elementor-action%3Aaction%3Dlightbox%26settings%3DeyJpZCI6OTU4NCwidXJsIjoiaHR0cHM6XC9cL3d3dy5mdW5kYWNpb25uYWh1ZWwub3JnXC93cC1jb250ZW50XC91cGxvYWRzXC8yMDI0XC8wMVwvQy5NYXJjby1OYWh1ZWwtVmlzdGEtYW5ndWxvLXBvc3Rlcmlvci1Nb2R1bG8tMS5qcGciLCJzbGlkZXNob3ciOiJhbGwtMzQ4NDhiYTAifQ%3D%3D\" href=\"https:\/\/www.fundacionnahuel.org\/wp-content\/uploads\/2024\/01\/C.Marco-Nahuel-Vista-angulo-posterior-Modulo-1.jpg\"><img decoding=\"async\" class=\"wgl-gallery_image\" src=\"https:\/\/www.fundacionnahuel.org\/wp-content\/uploads\/2024\/01\/C.Marco-Nahuel-Vista-angulo-posterior-Modulo-1-2560x2560.jpg\" alt=\"\"><\/a><\/div><div class=\"wgl-gallery_item-wrapper\"><a class=\"wgl-gallery_item\" data-elementor-open-lightbox=\"yes\" data-elementor-lightbox-slideshow=\"all-34848ba0\" data-elementor-lightbox-title=\"C.Marco Nahuel-Patio Central-Fiesta Inaguraci\u00f3n\" data-e-action-hash=\"#elementor-action%3Aaction%3Dlightbox%26settings%3DeyJpZCI6OTU4MywidXJsIjoiaHR0cHM6XC9cL3d3dy5mdW5kYWNpb25uYWh1ZWwub3JnXC93cC1jb250ZW50XC91cGxvYWRzXC8yMDI0XC8wMVwvQy5NYXJjby1OYWh1ZWwtUGF0aW8tQ2VudHJhbC1GaWVzdGEtSW5hZ3VyYWNpb24tc2NhbGVkLmpwZyIsInNsaWRlc2hvdyI6ImFsbC0zNDg0OGJhMCJ9\" href=\"https:\/\/www.fundacionnahuel.org\/wp-content\/uploads\/2024\/01\/C.Marco-Nahuel-Patio-Central-Fiesta-Inaguracion-scaled.jpg\"><img decoding=\"async\" class=\"wgl-gallery_image\" src=\"https:\/\/www.fundacionnahuel.org\/wp-content\/uploads\/2024\/01\/C.Marco-Nahuel-Patio-Central-Fiesta-Inaguracion-scaled-2560x2560.jpg\" alt=\"\"><\/a><\/div><div class=\"wgl-gallery_item-wrapper\"><a class=\"wgl-gallery_item\" data-elementor-open-lightbox=\"yes\" data-elementor-lightbox-slideshow=\"all-34848ba0\" data-elementor-lightbox-title=\"C.Marco Nahuel-Patio Central\" data-e-action-hash=\"#elementor-action%3Aaction%3Dlightbox%26settings%3DeyJpZCI6OTU4MiwidXJsIjoiaHR0cHM6XC9cL3d3dy5mdW5kYWNpb25uYWh1ZWwub3JnXC93cC1jb250ZW50XC91cGxvYWRzXC8yMDI0XC8wMVwvQy5NYXJjby1OYWh1ZWwtUGF0aW8tQ2VudHJhbC5qcGciLCJzbGlkZXNob3ciOiJhbGwtMzQ4NDhiYTAifQ%3D%3D\" href=\"https:\/\/www.fundacionnahuel.org\/wp-content\/uploads\/2024\/01\/C.Marco-Nahuel-Patio-Central.jpg\"><img decoding=\"async\" class=\"wgl-gallery_image\" src=\"https:\/\/www.fundacionnahuel.org\/wp-content\/uploads\/2024\/01\/C.Marco-Nahuel-Patio-Central-2560x2560.jpg\" alt=\"\"><\/a><\/div><div class=\"wgl-gallery_item-wrapper\"><a class=\"wgl-gallery_item\" data-elementor-open-lightbox=\"yes\" data-elementor-lightbox-slideshow=\"all-34848ba0\" data-elementor-lightbox-title=\"C.Marco Nahuel-M\u00f3dulo 2\" data-e-action-hash=\"#elementor-action%3Aaction%3Dlightbox%26settings%3DeyJpZCI6OTU4MSwidXJsIjoiaHR0cHM6XC9cL3d3dy5mdW5kYWNpb25uYWh1ZWwub3JnXC93cC1jb250ZW50XC91cGxvYWRzXC8yMDI0XC8wMVwvQy5NYXJjby1OYWh1ZWwtTW9kdWxvLTItc2NhbGVkLmpwZyIsInNsaWRlc2hvdyI6ImFsbC0zNDg0OGJhMCJ9\" href=\"https:\/\/www.fundacionnahuel.org\/wp-content\/uploads\/2024\/01\/C.Marco-Nahuel-Modulo-2-scaled.jpg\"><img decoding=\"async\" class=\"wgl-gallery_image\" src=\"https:\/\/www.fundacionnahuel.org\/wp-content\/uploads\/2024\/01\/C.Marco-Nahuel-Modulo-2-scaled-2560x2560.jpg\" alt=\"\"><\/a><\/div><div class=\"wgl-gallery_item-wrapper\"><a class=\"wgl-gallery_item\" data-elementor-open-lightbox=\"yes\" data-elementor-lightbox-slideshow=\"all-34848ba0\" data-elementor-lightbox-title=\"1-abr-2011 279\" data-e-action-hash=\"#elementor-action%3Aaction%3Dlightbox%26settings%3DeyJpZCI6OTU3NywidXJsIjoiaHR0cHM6XC9cL3d3dy5mdW5kYWNpb25uYWh1ZWwub3JnXC93cC1jb250ZW50XC91cGxvYWRzXC8yMDI0XC8wMVwvMS1hYnItMjAxMS0yNzktc2NhbGVkLmpwZyIsInNsaWRlc2hvdyI6ImFsbC0zNDg0OGJhMCJ9\" href=\"https:\/\/www.fundacionnahuel.org\/wp-content\/uploads\/2024\/01\/1-abr-2011-279-scaled.jpg\"><img decoding=\"async\" class=\"wgl-gallery_image\" src=\"https:\/\/www.fundacionnahuel.org\/wp-content\/uploads\/2024\/01\/1-abr-2011-279-scaled-2560x2560.jpg\" alt=\"\"><\/a><\/div><div class=\"wgl-gallery_item-wrapper\"><a class=\"wgl-gallery_item\" data-elementor-open-lightbox=\"yes\" data-elementor-lightbox-slideshow=\"all-34848ba0\" data-elementor-lightbox-title=\"C. Marco Nahuel-Vista Frontal\" data-e-action-hash=\"#elementor-action%3Aaction%3Dlightbox%26settings%3DeyJpZCI6OTU3OCwidXJsIjoiaHR0cHM6XC9cL3d3dy5mdW5kYWNpb25uYWh1ZWwub3JnXC93cC1jb250ZW50XC91cGxvYWRzXC8yMDI0XC8wMVwvQy4tTWFyY28tTmFodWVsLVZpc3RhLUZyb250YWwuanBnIiwic2xpZGVzaG93IjoiYWxsLTM0ODQ4YmEwIn0%3D\" href=\"https:\/\/www.fundacionnahuel.org\/wp-content\/uploads\/2024\/01\/C.-Marco-Nahuel-Vista-Frontal.jpg\"><img decoding=\"async\" class=\"wgl-gallery_image\" src=\"https:\/\/www.fundacionnahuel.org\/wp-content\/uploads\/2024\/01\/C.-Marco-Nahuel-Vista-Frontal-2560x2560.jpg\" alt=\"\"><\/a><\/div><div class=\"wgl-gallery_item-wrapper\"><a class=\"wgl-gallery_item\" data-elementor-open-lightbox=\"yes\" data-elementor-lightbox-slideshow=\"all-34848ba0\" data-elementor-lightbox-title=\"C.Marco Nahue-Detalle uni\u00f3n angulo-varios materiales\" data-e-action-hash=\"#elementor-action%3Aaction%3Dlightbox%26settings%3DeyJpZCI6OTU3OSwidXJsIjoiaHR0cHM6XC9cL3d3dy5mdW5kYWNpb25uYWh1ZWwub3JnXC93cC1jb250ZW50XC91cGxvYWRzXC8yMDI0XC8wMVwvQy5NYXJjby1OYWh1ZS1EZXRhbGxlLXVuaW9uLWFuZ3Vsby12YXJpb3MtbWF0ZXJpYWxlcy5qcGciLCJzbGlkZXNob3ciOiJhbGwtMzQ4NDhiYTAifQ%3D%3D\" href=\"https:\/\/www.fundacionnahuel.org\/wp-content\/uploads\/2024\/01\/C.Marco-Nahue-Detalle-union-angulo-varios-materiales.jpg\"><img decoding=\"async\" class=\"wgl-gallery_image\" src=\"https:\/\/www.fundacionnahuel.org\/wp-content\/uploads\/2024\/01\/C.Marco-Nahue-Detalle-union-angulo-varios-materiales-2560x2560.jpg\" alt=\"\"><\/a><\/div><div class=\"wgl-gallery_item-wrapper\"><a class=\"wgl-gallery_item\" data-elementor-open-lightbox=\"yes\" data-elementor-lightbox-slideshow=\"all-34848ba0\" data-elementor-lightbox-title=\"C.Marco Nahuel-Ba\u00f1os\" data-e-action-hash=\"#elementor-action%3Aaction%3Dlightbox%26settings%3DeyJpZCI6OTU4MCwidXJsIjoiaHR0cHM6XC9cL3d3dy5mdW5kYWNpb25uYWh1ZWwub3JnXC93cC1jb250ZW50XC91cGxvYWRzXC8yMDI0XC8wMVwvQy5NYXJjby1OYWh1ZWwtQmFub3MuanBnIiwic2xpZGVzaG93IjoiYWxsLTM0ODQ4YmEwIn0%3D\" href=\"https:\/\/www.fundacionnahuel.org\/wp-content\/uploads\/2024\/01\/C.Marco-Nahuel-Banos.jpg\"><img decoding=\"async\" class=\"wgl-gallery_image\" src=\"https:\/\/www.fundacionnahuel.org\/wp-content\/uploads\/2024\/01\/C.Marco-Nahuel-Banos-2560x2560.jpg\" alt=\"\"><\/a><\/div><\/div><\/div><\/div><\/div><\/div>\t\t<\/div>\n\t\t\t\t<\/div>\n\t\t\t\t<\/div>\n\t\t\t\t<div class=\"elementor-element elementor-element-849af68 elementor-widget elementor-widget-spacer\" data-id=\"849af68\" data-element_type=\"widget\" data-widget_type=\"spacer.default\">\n\t\t\t\t<div class=\"elementor-widget-container\">\n\t\t\t\t\t<div class=\"elementor-spacer\">\n\t\t\t<div class=\"elementor-spacer-inner\"><\/div>\n\t\t<\/div>\n\t\t\t\t<\/div>\n\t\t\t\t<\/div>\n\t\t\t\t\t<\/div>\n\t\t\t\t<\/div>\n\t\t\t\t<\/div>\n\t\t","protected":false},"excerpt":{"rendered":"<p>Bereitstellung von Nahrungsmitteln und angemessene \u00dcberwachung des k\u00f6rperlichen Zustands des Kindes, damit es die zur Bek\u00e4mpfung des Krebses erforderlichen Chemotherapien \u00fcberstehen und fortsetzen kann.  <\/p>\n","protected":false},"author":7,"featured_media":16026,"menu_order":0,"comment_status":"closed","ping_status":"closed","template":"","portfolio-category":[125],"portfolio-tag":[],"class_list":["post-16814","portfolio","type-portfolio","status-publish","has-post-thumbnail","hentry","portfolio-category-gesundheit"],"yoast_head":"<!-- This site is optimized with the Yoast SEO plugin v27.5 - https:\/\/yoast.com\/product\/yoast-seo-wordpress\/ -->\n<title>Umfassende Unterst\u00fctzung f\u00fcr krebskranke Kinder - Fundaci\u00f3n Nahuel<\/title>\n<meta name=\"robots\" content=\"index, follow, max-snippet:-1, max-image-preview:large, max-video-preview:-1\" \/>\n<link rel=\"canonical\" href=\"https:\/\/www.fundacionnahuel.org\/de\/portfolio\/umfassende-unterstuetzung-fuer-krebskranke-kinder\/\" \/>\n<meta property=\"og:locale\" content=\"de_DE\" \/>\n<meta property=\"og:type\" content=\"article\" \/>\n<meta property=\"og:title\" content=\"Umfassende Unterst\u00fctzung f\u00fcr krebskranke Kinder - Fundaci\u00f3n Nahuel\" \/>\n<meta property=\"og:description\" content=\"Bereitstellung von Nahrungsmitteln und angemessene \u00dcberwachung des k\u00f6rperlichen Zustands des Kindes, damit es die zur Bek\u00e4mpfung des Krebses erforderlichen Chemotherapien \u00fcberstehen und fortsetzen kann.\" \/>\n<meta property=\"og:url\" content=\"https:\/\/www.fundacionnahuel.org\/de\/portfolio\/umfassende-unterstuetzung-fuer-krebskranke-kinder\/\" \/>\n<meta property=\"og:site_name\" content=\"Fundaci\u00f3n Nahuel\" \/>\n<meta property=\"article:modified_time\" content=\"2025-06-25T09:06:45+00:00\" \/>\n<meta property=\"og:image\" content=\"https:\/\/www.fundacionnahuel.org\/wp-content\/uploads\/2024\/11\/a10.jpg\" \/>\n\t<meta property=\"og:image:width\" content=\"850\" \/>\n\t<meta property=\"og:image:height\" content=\"567\" \/>\n\t<meta property=\"og:image:type\" content=\"image\/jpeg\" \/>\n<meta name=\"twitter:card\" content=\"summary_large_image\" \/>\n<meta name=\"twitter:label1\" content=\"Gesch\u00e4tzte Lesezeit\" \/>\n\t<meta name=\"twitter:data1\" content=\"5\u00a0Minuten\" \/>\n<script type=\"application\/ld+json\" class=\"yoast-schema-graph\">{\"@context\":\"https:\\\/\\\/schema.org\",\"@graph\":[{\"@type\":\"WebPage\",\"@id\":\"https:\\\/\\\/www.fundacionnahuel.org\\\/de\\\/portfolio\\\/umfassende-unterstuetzung-fuer-krebskranke-kinder\\\/\",\"url\":\"https:\\\/\\\/www.fundacionnahuel.org\\\/de\\\/portfolio\\\/umfassende-unterstuetzung-fuer-krebskranke-kinder\\\/\",\"name\":\"Umfassende Unterst\u00fctzung f\u00fcr krebskranke Kinder - Fundaci\u00f3n Nahuel\",\"isPartOf\":{\"@id\":\"https:\\\/\\\/www.fundacionnahuel.org\\\/de\\\/#website\"},\"primaryImageOfPage\":{\"@id\":\"https:\\\/\\\/www.fundacionnahuel.org\\\/de\\\/portfolio\\\/umfassende-unterstuetzung-fuer-krebskranke-kinder\\\/#primaryimage\"},\"image\":{\"@id\":\"https:\\\/\\\/www.fundacionnahuel.org\\\/de\\\/portfolio\\\/umfassende-unterstuetzung-fuer-krebskranke-kinder\\\/#primaryimage\"},\"thumbnailUrl\":\"https:\\\/\\\/www.fundacionnahuel.org\\\/wp-content\\\/uploads\\\/2024\\\/11\\\/a10.jpg\",\"datePublished\":\"2024-11-06T15:53:26+00:00\",\"dateModified\":\"2025-06-25T09:06:45+00:00\",\"breadcrumb\":{\"@id\":\"https:\\\/\\\/www.fundacionnahuel.org\\\/de\\\/portfolio\\\/umfassende-unterstuetzung-fuer-krebskranke-kinder\\\/#breadcrumb\"},\"inLanguage\":\"de\",\"potentialAction\":[{\"@type\":\"ReadAction\",\"target\":[\"https:\\\/\\\/www.fundacionnahuel.org\\\/de\\\/portfolio\\\/umfassende-unterstuetzung-fuer-krebskranke-kinder\\\/\"]}]},{\"@type\":\"ImageObject\",\"inLanguage\":\"de\",\"@id\":\"https:\\\/\\\/www.fundacionnahuel.org\\\/de\\\/portfolio\\\/umfassende-unterstuetzung-fuer-krebskranke-kinder\\\/#primaryimage\",\"url\":\"https:\\\/\\\/www.fundacionnahuel.org\\\/wp-content\\\/uploads\\\/2024\\\/11\\\/a10.jpg\",\"contentUrl\":\"https:\\\/\\\/www.fundacionnahuel.org\\\/wp-content\\\/uploads\\\/2024\\\/11\\\/a10.jpg\",\"width\":850,\"height\":567},{\"@type\":\"BreadcrumbList\",\"@id\":\"https:\\\/\\\/www.fundacionnahuel.org\\\/de\\\/portfolio\\\/umfassende-unterstuetzung-fuer-krebskranke-kinder\\\/#breadcrumb\",\"itemListElement\":[{\"@type\":\"ListItem\",\"position\":1,\"name\":\"Home\",\"item\":\"https:\\\/\\\/www.fundacionnahuel.org\\\/de\\\/\"},{\"@type\":\"ListItem\",\"position\":2,\"name\":\"Portfolio\",\"item\":\"https:\\\/\\\/www.fundacionnahuel.org\\\/de\\\/portfolio\\\/\"},{\"@type\":\"ListItem\",\"position\":3,\"name\":\"Umfassende Unterst\u00fctzung f\u00fcr krebskranke Kinder\"}]},{\"@type\":\"WebSite\",\"@id\":\"https:\\\/\\\/www.fundacionnahuel.org\\\/de\\\/#website\",\"url\":\"https:\\\/\\\/www.fundacionnahuel.org\\\/de\\\/\",\"name\":\"Fundaci\u00f3n Nahuel\",\"description\":\"Transforming Lives Through Education and Care\",\"publisher\":{\"@id\":\"https:\\\/\\\/www.fundacionnahuel.org\\\/de\\\/#organization\"},\"alternateName\":\"Nahuel\",\"inLanguage\":\"de\"},{\"@type\":\"Organization\",\"@id\":\"https:\\\/\\\/www.fundacionnahuel.org\\\/de\\\/#organization\",\"name\":\"Fundaci\u00f3n Nahuel\",\"alternateName\":\"Nahuel\",\"url\":\"https:\\\/\\\/www.fundacionnahuel.org\\\/de\\\/\",\"logo\":{\"@type\":\"ImageObject\",\"inLanguage\":\"de\",\"@id\":\"https:\\\/\\\/www.fundacionnahuel.org\\\/de\\\/#\\\/schema\\\/logo\\\/image\\\/\",\"url\":\"https:\\\/\\\/www.fundacionnahuel.org\\\/wp-content\\\/uploads\\\/2025\\\/03\\\/Nahuel_Logo.jpg\",\"contentUrl\":\"https:\\\/\\\/www.fundacionnahuel.org\\\/wp-content\\\/uploads\\\/2025\\\/03\\\/Nahuel_Logo.jpg\",\"width\":696,\"height\":696,\"caption\":\"Fundaci\u00f3n Nahuel\"},\"image\":{\"@id\":\"https:\\\/\\\/www.fundacionnahuel.org\\\/de\\\/#\\\/schema\\\/logo\\\/image\\\/\"}}]}<\/script>\n<!-- \/ Yoast SEO plugin. -->","yoast_head_json":{"title":"Umfassende Unterst\u00fctzung f\u00fcr krebskranke Kinder - Fundaci\u00f3n Nahuel","robots":{"index":"index","follow":"follow","max-snippet":"max-snippet:-1","max-image-preview":"max-image-preview:large","max-video-preview":"max-video-preview:-1"},"canonical":"https:\/\/www.fundacionnahuel.org\/de\/portfolio\/umfassende-unterstuetzung-fuer-krebskranke-kinder\/","og_locale":"de_DE","og_type":"article","og_title":"Umfassende Unterst\u00fctzung f\u00fcr krebskranke Kinder - Fundaci\u00f3n Nahuel","og_description":"Bereitstellung von Nahrungsmitteln und angemessene \u00dcberwachung des k\u00f6rperlichen Zustands des Kindes, damit es die zur Bek\u00e4mpfung des Krebses erforderlichen Chemotherapien \u00fcberstehen und fortsetzen kann.","og_url":"https:\/\/www.fundacionnahuel.org\/de\/portfolio\/umfassende-unterstuetzung-fuer-krebskranke-kinder\/","og_site_name":"Fundaci\u00f3n Nahuel","article_modified_time":"2025-06-25T09:06:45+00:00","og_image":[{"width":850,"height":567,"url":"https:\/\/www.fundacionnahuel.org\/wp-content\/uploads\/2024\/11\/a10.jpg","type":"image\/jpeg"}],"twitter_card":"summary_large_image","twitter_misc":{"Gesch\u00e4tzte Lesezeit":"5\u00a0Minuten"},"schema":{"@context":"https:\/\/schema.org","@graph":[{"@type":"WebPage","@id":"https:\/\/www.fundacionnahuel.org\/de\/portfolio\/umfassende-unterstuetzung-fuer-krebskranke-kinder\/","url":"https:\/\/www.fundacionnahuel.org\/de\/portfolio\/umfassende-unterstuetzung-fuer-krebskranke-kinder\/","name":"Umfassende Unterst\u00fctzung f\u00fcr krebskranke Kinder - Fundaci\u00f3n Nahuel","isPartOf":{"@id":"https:\/\/www.fundacionnahuel.org\/de\/#website"},"primaryImageOfPage":{"@id":"https:\/\/www.fundacionnahuel.org\/de\/portfolio\/umfassende-unterstuetzung-fuer-krebskranke-kinder\/#primaryimage"},"image":{"@id":"https:\/\/www.fundacionnahuel.org\/de\/portfolio\/umfassende-unterstuetzung-fuer-krebskranke-kinder\/#primaryimage"},"thumbnailUrl":"https:\/\/www.fundacionnahuel.org\/wp-content\/uploads\/2024\/11\/a10.jpg","datePublished":"2024-11-06T15:53:26+00:00","dateModified":"2025-06-25T09:06:45+00:00","breadcrumb":{"@id":"https:\/\/www.fundacionnahuel.org\/de\/portfolio\/umfassende-unterstuetzung-fuer-krebskranke-kinder\/#breadcrumb"},"inLanguage":"de","potentialAction":[{"@type":"ReadAction","target":["https:\/\/www.fundacionnahuel.org\/de\/portfolio\/umfassende-unterstuetzung-fuer-krebskranke-kinder\/"]}]},{"@type":"ImageObject","inLanguage":"de","@id":"https:\/\/www.fundacionnahuel.org\/de\/portfolio\/umfassende-unterstuetzung-fuer-krebskranke-kinder\/#primaryimage","url":"https:\/\/www.fundacionnahuel.org\/wp-content\/uploads\/2024\/11\/a10.jpg","contentUrl":"https:\/\/www.fundacionnahuel.org\/wp-content\/uploads\/2024\/11\/a10.jpg","width":850,"height":567},{"@type":"BreadcrumbList","@id":"https:\/\/www.fundacionnahuel.org\/de\/portfolio\/umfassende-unterstuetzung-fuer-krebskranke-kinder\/#breadcrumb","itemListElement":[{"@type":"ListItem","position":1,"name":"Home","item":"https:\/\/www.fundacionnahuel.org\/de\/"},{"@type":"ListItem","position":2,"name":"Portfolio","item":"https:\/\/www.fundacionnahuel.org\/de\/portfolio\/"},{"@type":"ListItem","position":3,"name":"Umfassende Unterst\u00fctzung f\u00fcr krebskranke Kinder"}]},{"@type":"WebSite","@id":"https:\/\/www.fundacionnahuel.org\/de\/#website","url":"https:\/\/www.fundacionnahuel.org\/de\/","name":"Fundaci\u00f3n Nahuel","description":"Transforming Lives Through Education and Care","publisher":{"@id":"https:\/\/www.fundacionnahuel.org\/de\/#organization"},"alternateName":"Nahuel","inLanguage":"de"},{"@type":"Organization","@id":"https:\/\/www.fundacionnahuel.org\/de\/#organization","name":"Fundaci\u00f3n Nahuel","alternateName":"Nahuel","url":"https:\/\/www.fundacionnahuel.org\/de\/","logo":{"@type":"ImageObject","inLanguage":"de","@id":"https:\/\/www.fundacionnahuel.org\/de\/#\/schema\/logo\/image\/","url":"https:\/\/www.fundacionnahuel.org\/wp-content\/uploads\/2025\/03\/Nahuel_Logo.jpg","contentUrl":"https:\/\/www.fundacionnahuel.org\/wp-content\/uploads\/2025\/03\/Nahuel_Logo.jpg","width":696,"height":696,"caption":"Fundaci\u00f3n Nahuel"},"image":{"@id":"https:\/\/www.fundacionnahuel.org\/de\/#\/schema\/logo\/image\/"}}]}},"_links":{"self":[{"href":"https:\/\/www.fundacionnahuel.org\/de\/wp-json\/wp\/v2\/portfolio\/16814","targetHints":{"allow":["GET"]}}],"collection":[{"href":"https:\/\/www.fundacionnahuel.org\/de\/wp-json\/wp\/v2\/portfolio"}],"about":[{"href":"https:\/\/www.fundacionnahuel.org\/de\/wp-json\/wp\/v2\/types\/portfolio"}],"author":[{"embeddable":true,"href":"https:\/\/www.fundacionnahuel.org\/de\/wp-json\/wp\/v2\/users\/7"}],"replies":[{"embeddable":true,"href":"https:\/\/www.fundacionnahuel.org\/de\/wp-json\/wp\/v2\/comments?post=16814"}],"version-history":[{"count":9,"href":"https:\/\/www.fundacionnahuel.org\/de\/wp-json\/wp\/v2\/portfolio\/16814\/revisions"}],"predecessor-version":[{"id":18943,"href":"https:\/\/www.fundacionnahuel.org\/de\/wp-json\/wp\/v2\/portfolio\/16814\/revisions\/18943"}],"wp:featuredmedia":[{"embeddable":true,"href":"https:\/\/www.fundacionnahuel.org\/de\/wp-json\/wp\/v2\/media\/16026"}],"wp:attachment":[{"href":"https:\/\/www.fundacionnahuel.org\/de\/wp-json\/wp\/v2\/media?parent=16814"}],"wp:term":[{"taxonomy":"portfolio-category","embeddable":true,"href":"https:\/\/www.fundacionnahuel.org\/de\/wp-json\/wp\/v2\/portfolio-category?post=16814"},{"taxonomy":"portfolio-tag","embeddable":true,"href":"https:\/\/www.fundacionnahuel.org\/de\/wp-json\/wp\/v2\/portfolio-tag?post=16814"}],"curies":[{"name":"wp","href":"https:\/\/api.w.org\/{rel}","templated":true}]}}