{"id":13149,"date":"2020-10-07T14:25:43","date_gmt":"2020-10-07T13:25:43","guid":{"rendered":"https:\/\/fundacionnahuel.org\/stage2\/en-desarrollo\/"},"modified":"2025-06-25T09:39:13","modified_gmt":"2025-06-25T08:39:13","slug":"en-desarrollo","status":"publish","type":"page","link":"https:\/\/www.fundacionnahuel.org\/es\/en-desarrollo\/","title":{"rendered":"Nuestro trabajo"},"content":{"rendered":"\t\t<div data-elementor-type=\"wp-page\" data-elementor-id=\"13149\" class=\"elementor elementor-13149 elementor-2840\" data-elementor-post-type=\"page\">\n\t\t\t\t\t\t<section class=\"elementor-section elementor-top-section elementor-element elementor-element-497f956 elementor-section-boxed elementor-section-height-default elementor-section-height-default\" data-id=\"497f956\" data-element_type=\"section\">\n\t\t\t\t\t\t<div class=\"elementor-container elementor-column-gap-default\">\n\t\t\t\t\t<div class=\"elementor-column elementor-col-100 elementor-top-column elementor-element elementor-element-2be0ced\" data-id=\"2be0ced\" data-element_type=\"column\">\n\t\t\t<div class=\"elementor-widget-wrap elementor-element-populated\">\n\t\t\t\t\t\t<div class=\"elementor-element elementor-element-95df984 acenter elementor-widget elementor-widget-wgl-double-headings\" data-id=\"95df984\" data-element_type=\"widget\" data-widget_type=\"wgl-double-headings.default\">\n\t\t\t\t<div class=\"elementor-widget-container\">\n\t\t\t        <div class=\"wgl-double_heading\">                <div class=\"dbl__subtitle\"><span>Nuestro impacto en acci\u00f3n<\/span>                <\/div><h3 class=\"dbl__title-wrapper\"><span class=\"dbl__title dbl-title_1\">Transformar vidas mediante proyectos diversos<\/span><\/h3>        <\/div>\t\t<\/div>\n\t\t\t\t<\/div>\n\t\t\t\t<div class=\"elementor-element elementor-element-eddbf21 elementor-widget elementor-widget-spacer\" data-id=\"eddbf21\" data-element_type=\"widget\" data-widget_type=\"spacer.default\">\n\t\t\t\t<div class=\"elementor-widget-container\">\n\t\t\t\t\t<div class=\"elementor-spacer\">\n\t\t\t<div class=\"elementor-spacer-inner\"><\/div>\n\t\t<\/div>\n\t\t\t\t<\/div>\n\t\t\t\t<\/div>\n\t\t\t\t\t<\/div>\n\t\t<\/div>\n\t\t\t\t\t<\/div>\n\t\t<\/section>\n\t\t<div class=\"elementor-element elementor-element-bc0f609 e-grid e-con-boxed e-con e-parent\" data-id=\"bc0f609\" data-element_type=\"container\">\n\t\t\t\t\t<div class=\"e-con-inner\">\n\t\t\t\t<div class=\"elementor-element elementor-element-8a2dc0f elementor-widget elementor-widget-text-editor\" data-id=\"8a2dc0f\" data-element_type=\"widget\" data-widget_type=\"text-editor.default\">\n\t\t\t\t<div class=\"elementor-widget-container\">\n\t\t\t\t\t\t\t<p><strong>Desde 2006<\/strong>, la Fundaci\u00f3n Nahuel se dedica a marcar una diferencia significativa en la vida de los ni\u00f1os y las comunidades.<\/p><p>Estos son <strong>s\u00f3lo algunos de los proyectos que hemos llevado a cabo<\/strong>, reflejo del amplio alcance de nuestro trabajo y del impacto de nuestros fondos.<\/p><p><strong>Juntos estamos forjando un futuro mejor, proyecto a proyecto.<\/strong><\/p>\t\t\t\t\t\t<\/div>\n\t\t\t\t<\/div>\n\t\t\t\t<div class=\"elementor-element elementor-element-ff3e279 elementor-widget elementor-widget-text-editor\" data-id=\"ff3e279\" data-element_type=\"widget\" data-widget_type=\"text-editor.default\">\n\t\t\t\t<div class=\"elementor-widget-container\">\n\t\t\t\t\t\t\t<p>Desde proporcionar apoyo individual para problemas de salud y cirug\u00edas que cambian la vida hasta ofrecer becas que potencian las mentes j\u00f3venes, nos comprometemos a fomentar el crecimiento y las oportunidades.<\/p><p>Nuestros esfuerzos se extienden tambi\u00e9n a la construcci\u00f3n de escuelas e infraestructuras, creando beneficios duraderos para comunidades enteras.<\/p>\t\t\t\t\t\t<\/div>\n\t\t\t\t<\/div>\n\t\t\t\t\t<\/div>\n\t\t\t\t<\/div>\n\t\t\t\t<section class=\"elementor-section elementor-top-section elementor-element elementor-element-4be8f62 elementor-section-boxed elementor-section-height-default elementor-section-height-default\" data-id=\"4be8f62\" data-element_type=\"section\">\n\t\t\t\t\t\t<div class=\"elementor-container elementor-column-gap-default\">\n\t\t\t\t\t<div class=\"elementor-column elementor-col-100 elementor-top-column elementor-element elementor-element-86f605b\" data-id=\"86f605b\" data-element_type=\"column\">\n\t\t\t<div class=\"elementor-widget-wrap elementor-element-populated\">\n\t\t\t\t\t\t<div class=\"elementor-element elementor-element-5c0c8ba elementor-widget elementor-widget-spacer\" data-id=\"5c0c8ba\" data-element_type=\"widget\" data-widget_type=\"spacer.default\">\n\t\t\t\t<div class=\"elementor-widget-container\">\n\t\t\t\t\t<div class=\"elementor-spacer\">\n\t\t\t<div class=\"elementor-spacer-inner\"><\/div>\n\t\t<\/div>\n\t\t\t\t<\/div>\n\t\t\t\t<\/div>\n\t\t\t\t\t<\/div>\n\t\t<\/div>\n\t\t\t\t\t<\/div>\n\t\t<\/section>\n\t\t<div class=\"elementor-element elementor-element-c87352e e-flex e-con-boxed e-con e-parent\" data-id=\"c87352e\" data-element_type=\"container\">\n\t\t\t\t\t<div class=\"e-con-inner\">\n\t\t\t\t<div class=\"elementor-element elementor-element-ce9bba5 elementor-widget elementor-widget-wgl-portfolio\" data-id=\"ce9bba5\" data-element_type=\"widget\" data-widget_type=\"wgl-portfolio.default\">\n\t\t\t\t<div class=\"elementor-widget-container\">\n\t\t\t<section class=\"wgl_cpt_section\"><div class=\"wgl-portfolio\" id=\"portfolio_module_69f1b81acc4ad\"><div class=\"portfolio__filter isotope-filter filter-center\"><a href=\"#\" data-filter=\".item\" class=\"active\">All works<span class=\"number_filter\"><\/span><\/a><a href=\"https:\/\/www.fundacionnahuel.org\/es\/portfolio-category\/educacion-es\/\" data-filter=\".educacion-es\">Educaci\u00f3n<span class=\"number_filter\"><\/span><\/a><a href=\"https:\/\/www.fundacionnahuel.org\/es\/portfolio-category\/humanitario\/\" data-filter=\".humanitario\">Humanitario<span class=\"number_filter\"><\/span><\/a><a href=\"https:\/\/www.fundacionnahuel.org\/es\/portfolio-category\/salud\/\" data-filter=\".salud\">Salud<span class=\"number_filter\"><\/span><\/a><\/div><div class=\"wgl-portfolio_wrapper\"><div class=\"wgl-portfolio_container container-grid row isotope col-3 appear-animation anim-fade-in\"  style=\"margin-right:-15px; margin-left:-15px; margin-bottom:-30px;\"><article class=\"wgl-portfolio-list_item item  educacion-es\"  style=\"padding-right:15px; padding-left:15px; padding-bottom:30px\"><div class=\"wgl-portfolio-item_wrapper under_image\"><div class=\"wgl-portfolio-item_image\"><img\n             class=\"isotope-img pf-img\"src=\"https:\/\/www.fundacionnahuel.org\/wp-content\/uploads\/2024\/08\/18_Pacto_becados-1-7.jpg\" alt=\"\"><div class=\"overlay\"><\/div><a href=\"https:\/\/www.fundacionnahuel.org\/es\/portfolio\/becas-escolares-en-pacto-y-gualea\/\" class=\"single_link portfolio_link\"><\/a><\/div><div class=\"wgl-portfolio-item_description\"><div class=\"portfolio__description\"><div class=\"portfolio__item-meta\"><span class=\"post_cats\"><a href=https:\/\/www.fundacionnahuel.org\/es\/portfolio-category\/educacion-es\/ class=\"portfolio-category\">#Educaci\u00f3n<\/a><\/span><\/div><div class=\"portfolio-item__title\"><h4 class=\"title\"><a href=\"https:\/\/www.fundacionnahuel.org\/es\/portfolio\/becas-escolares-en-pacto-y-gualea\/\" class=\"single_link\">Becas Escolares en Pacto y Gualea<\/a><\/h4><\/div><div class=\"wgl-portfolio-item_content\"><div class=\"content\">En esta zona rural, se logr\u00f3 recuperar a ni\u00f1os que estaban trabajando y con la ayuda economica pudieron volver a estudiar, as\u00ed evitando el trabajo infantil.<\/div><\/div><\/div><\/div><\/div><\/article><article class=\"wgl-portfolio-list_item item  salud\"  style=\"padding-right:15px; padding-left:15px; padding-bottom:30px\"><div class=\"wgl-portfolio-item_wrapper under_image\"><div class=\"wgl-portfolio-item_image\"><img\n             class=\"isotope-img pf-img\"src=\"https:\/\/www.fundacionnahuel.org\/wp-content\/uploads\/2024\/11\/a10.jpg\" alt=\"\"><div class=\"overlay\"><\/div><a href=\"https:\/\/www.fundacionnahuel.org\/es\/portfolio\/cancer-apoyo-a-ninos\/\" class=\"single_link portfolio_link\"><\/a><\/div><div class=\"wgl-portfolio-item_description\"><div class=\"portfolio__description\"><div class=\"portfolio__item-meta\"><span class=\"post_cats\"><a href=https:\/\/www.fundacionnahuel.org\/es\/portfolio-category\/salud\/ class=\"portfolio-category\">#Salud<\/a><\/span><\/div><div class=\"portfolio-item__title\"><h4 class=\"title\"><a href=\"https:\/\/www.fundacionnahuel.org\/es\/portfolio\/cancer-apoyo-a-ninos\/\" class=\"single_link\">Apoyo Integral para Ni\u00f1os con C\u00e1ncer<\/a><\/h4><\/div><div class=\"wgl-portfolio-item_content\"><div class=\"content\">Proporcionar insumos nutricionales y un adecuado control del estado f\u00edsico del ni\u00f1o para que pueda resistir y seguir con los tratamientos de quimioterapia necesarios para combatir el c\u00e1ncer. <\/div><\/div><\/div><\/div><\/div><\/article><article class=\"wgl-portfolio-list_item item  educacion-es\"  style=\"padding-right:15px; padding-left:15px; padding-bottom:30px\"><div class=\"wgl-portfolio-item_wrapper under_image\"><div class=\"wgl-portfolio-item_image\"><img\n             class=\"isotope-img pf-img\"src=\"https:\/\/www.fundacionnahuel.org\/wp-content\/uploads\/2024\/11\/C.Marco-Nahuel-Vista-General2.jpg\" alt=\"\"><div class=\"overlay\"><\/div><a href=\"https:\/\/www.fundacionnahuel.org\/es\/portfolio\/colegio-pachijal\/\" class=\"single_link portfolio_link\"><\/a><\/div><div class=\"wgl-portfolio-item_description\"><div class=\"portfolio__description\"><div class=\"portfolio__item-meta\"><span class=\"post_cats\"><a href=https:\/\/www.fundacionnahuel.org\/es\/portfolio-category\/educacion-es\/ class=\"portfolio-category\">#Educaci\u00f3n<\/a><\/span><\/div><div class=\"portfolio-item__title\"><h4 class=\"title\"><a href=\"https:\/\/www.fundacionnahuel.org\/es\/portfolio\/colegio-pachijal\/\" class=\"single_link\">Colegio Rio Pachijal, &#8220;Marco Nahuel&#8221;<\/a><\/h4><\/div><div class=\"wgl-portfolio-item_content\"><div class=\"content\">En convenio con la Junta Parroquial de Pacto, Nahuel se comprometi\u00f3 a construir con la comunidad 3 aulas propias para el colegio.<\/div><\/div><\/div><\/div><\/div><\/article><article class=\"wgl-portfolio-list_item item  educacion-es\"  style=\"padding-right:15px; padding-left:15px; padding-bottom:30px\"><div class=\"wgl-portfolio-item_wrapper under_image\"><div class=\"wgl-portfolio-item_image\"><img\n             class=\"isotope-img pf-img\"src=\"https:\/\/www.fundacionnahuel.org\/wp-content\/uploads\/2024\/11\/Two-more-Classrooms-are-neeeded-scaled.jpg\" alt=\"\"><div class=\"overlay\"><\/div><a href=\"https:\/\/www.fundacionnahuel.org\/es\/portfolio\/escuela-fiscal-fabian-jaramillo-davila\/\" class=\"single_link portfolio_link\"><\/a><\/div><div class=\"wgl-portfolio-item_description\"><div class=\"portfolio__description\"><div class=\"portfolio__item-meta\"><span class=\"post_cats\"><a href=https:\/\/www.fundacionnahuel.org\/es\/portfolio-category\/educacion-es\/ class=\"portfolio-category\">#Educaci\u00f3n<\/a><\/span><\/div><div class=\"portfolio-item__title\"><h4 class=\"title\"><a href=\"https:\/\/www.fundacionnahuel.org\/es\/portfolio\/escuela-fiscal-fabian-jaramillo-davila\/\" class=\"single_link\">Escuela Fiscal Fabi\u00e1n Jaramillo D\u00e1vila<\/a><\/h4><\/div><div class=\"wgl-portfolio-item_content\"><div class=\"content\">Mejorar la infraestructura hasta dejarla apta para los 10 a\u00f1os de educaci\u00f3n b\u00e1sica, biblioteca, sala de computaci\u00f3n y bater\u00edas sanitarias adecuadas en cantidad y calidad,  hasta el 2014.<\/div><\/div><\/div><\/div><\/div><\/article><article class=\"wgl-portfolio-list_item item  educacion-es\"  style=\"padding-right:15px; padding-left:15px; padding-bottom:30px\"><div class=\"wgl-portfolio-item_wrapper under_image\"><div class=\"wgl-portfolio-item_image\"><img\n             class=\"isotope-img pf-img\"src=\"https:\/\/www.fundacionnahuel.org\/wp-content\/uploads\/2024\/11\/Esc.Jacinto-Gordillo-scaled.jpg\" alt=\"\"><div class=\"overlay\"><\/div><a href=\"https:\/\/www.fundacionnahuel.org\/es\/portfolio\/escuela-jacinto-gordillo\/\" class=\"single_link portfolio_link\"><\/a><\/div><div class=\"wgl-portfolio-item_description\"><div class=\"portfolio__description\"><div class=\"portfolio__item-meta\"><span class=\"post_cats\"><a href=https:\/\/www.fundacionnahuel.org\/es\/portfolio-category\/educacion-es\/ class=\"portfolio-category\">#Educaci\u00f3n<\/a><\/span><\/div><div class=\"portfolio-item__title\"><h4 class=\"title\"><a href=\"https:\/\/www.fundacionnahuel.org\/es\/portfolio\/escuela-jacinto-gordillo\/\" class=\"single_link\">Escuela \u201cJacinto Gordillo\u201c<\/a><\/h4><\/div><div class=\"wgl-portfolio-item_content\"><div class=\"content\">Construir una aula y una biblioteca para mejorar h\u00e1bitos de lectura y el desarrollo intelectual y cultural de la juventud.<\/div><\/div><\/div><\/div><\/div><\/article><article class=\"wgl-portfolio-list_item item  educacion-es\"  style=\"padding-right:15px; padding-left:15px; padding-bottom:30px\"><div class=\"wgl-portfolio-item_wrapper under_image\"><div class=\"wgl-portfolio-item_image\"><img\n             class=\"isotope-img pf-img\"src=\"https:\/\/www.fundacionnahuel.org\/wp-content\/uploads\/2024\/11\/Nursery-Expansion-Sierra-Flor-scaled.jpg\" alt=\"\"><div class=\"overlay\"><\/div><a href=\"https:\/\/www.fundacionnahuel.org\/es\/portfolio\/escuela-sierra-flor\/\" class=\"single_link portfolio_link\"><\/a><\/div><div class=\"wgl-portfolio-item_description\"><div class=\"portfolio__description\"><div class=\"portfolio__item-meta\"><span class=\"post_cats\"><a href=https:\/\/www.fundacionnahuel.org\/es\/portfolio-category\/educacion-es\/ class=\"portfolio-category\">#Educaci\u00f3n<\/a><\/span><\/div><div class=\"portfolio-item__title\"><h4 class=\"title\"><a href=\"https:\/\/www.fundacionnahuel.org\/es\/portfolio\/escuela-sierra-flor\/\" class=\"single_link\">Escuela Sierra Flor<\/a><\/h4><\/div><div class=\"wgl-portfolio-item_content\"><div class=\"content\">Hacer la ampliaci\u00f3n de la escuela existente y poder acoger a m\u00e1s ni\u00f1os del sector para que tengan una educaci\u00f3n a su alcance.<\/div><\/div><\/div><\/div><\/div><\/article><article class=\"wgl-portfolio-list_item item  humanitario\"  style=\"padding-right:15px; padding-left:15px; padding-bottom:30px\"><div class=\"wgl-portfolio-item_wrapper under_image\"><div class=\"wgl-portfolio-item_image\"><img\n             class=\"isotope-img pf-img\"src=\"https:\/\/www.fundacionnahuel.org\/wp-content\/uploads\/2024\/11\/13_Dining-room-Chumillos-scaled.jpg\" alt=\"\"><div class=\"overlay\"><\/div><a href=\"https:\/\/www.fundacionnahuel.org\/es\/portfolio\/guarderia-chumillos\/\" class=\"single_link portfolio_link\"><\/a><\/div><div class=\"wgl-portfolio-item_description\"><div class=\"portfolio__description\"><div class=\"portfolio__item-meta\"><span class=\"post_cats\"><a href=https:\/\/www.fundacionnahuel.org\/es\/portfolio-category\/humanitario\/ class=\"portfolio-category\">#Humanitario<\/a><\/span><\/div><div class=\"portfolio-item__title\"><h4 class=\"title\"><a href=\"https:\/\/www.fundacionnahuel.org\/es\/portfolio\/guarderia-chumillos\/\" class=\"single_link\">Comedor y Guarderia en Chumillos<\/a><\/h4><\/div><div class=\"wgl-portfolio-item_content\"><div class=\"content\">Brindar a las 4 comunidades una infraestructura adecuada garantizando la salud integral y seguridad alimentaria de los ni\u00f1os.\n<\/div><\/div><\/div><\/div><\/div><\/article><article class=\"wgl-portfolio-list_item item  educacion-es salud\"  style=\"padding-right:15px; padding-left:15px; padding-bottom:30px\"><div class=\"wgl-portfolio-item_wrapper under_image\"><div class=\"wgl-portfolio-item_image\"><img\n             class=\"isotope-img pf-img\"src=\"https:\/\/www.fundacionnahuel.org\/wp-content\/uploads\/2024\/11\/Planchaloma-Guarderia-scaled.jpg\" alt=\"\"><div class=\"overlay\"><\/div><a href=\"https:\/\/www.fundacionnahuel.org\/es\/portfolio\/guarderia-planchaloma\/\" class=\"single_link portfolio_link\"><\/a><\/div><div class=\"wgl-portfolio-item_description\"><div class=\"portfolio__description\"><div class=\"portfolio__item-meta\"><span class=\"post_cats\"><a href=https:\/\/www.fundacionnahuel.org\/es\/portfolio-category\/educacion-es\/ class=\"portfolio-category\">#Educaci\u00f3n<\/a><a href=https:\/\/www.fundacionnahuel.org\/es\/portfolio-category\/salud\/ class=\"portfolio-category\">#Salud<\/a><\/span><\/div><div class=\"portfolio-item__title\"><h4 class=\"title\"><a href=\"https:\/\/www.fundacionnahuel.org\/es\/portfolio\/guarderia-planchaloma\/\" class=\"single_link\">Guarderia Planchaloma<\/a><\/h4><\/div><div class=\"wgl-portfolio-item_content\"><div class=\"content\">Brindar a los ni\u00f1os de 0-4 a\u00f1os de esta zona, una infraestructura y alimentaci\u00f3n adecuada<\/div><\/div><\/div><\/div><\/div><\/article><article class=\"wgl-portfolio-list_item item  humanitario salud\"  style=\"padding-right:15px; padding-left:15px; padding-bottom:30px\"><div class=\"wgl-portfolio-item_wrapper under_image\"><div class=\"wgl-portfolio-item_image\"><img\n             class=\"isotope-img pf-img\"src=\"https:\/\/www.fundacionnahuel.org\/wp-content\/uploads\/2024\/11\/Bildschirmfoto-2011-01-14-um-16.30.29.png\" alt=\"\"><div class=\"overlay\"><\/div><a href=\"https:\/\/www.fundacionnahuel.org\/es\/portfolio\/isha\/\" class=\"single_link portfolio_link\"><\/a><\/div><div class=\"wgl-portfolio-item_description\"><div class=\"portfolio__description\"><div class=\"portfolio__item-meta\"><span class=\"post_cats\"><a href=https:\/\/www.fundacionnahuel.org\/es\/portfolio-category\/humanitario\/ class=\"portfolio-category\">#Humanitario<\/a><a href=https:\/\/www.fundacionnahuel.org\/es\/portfolio-category\/salud\/ class=\"portfolio-category\">#Salud<\/a><\/span><\/div><div class=\"portfolio-item__title\"><h4 class=\"title\"><a href=\"https:\/\/www.fundacionnahuel.org\/es\/portfolio\/isha\/\" class=\"single_link\">Isha<\/a><\/h4><\/div><div class=\"wgl-portfolio-item_content\"><div class=\"content\">Este  proyecto fue creado tomando en cuenta la necesidad existente de lograr que las j\u00f3venes en el Ecuador tengan todas las herramientas y comprendan la importancia de llevar una sexualidad saludable y responsable. <\/div><\/div><\/div><\/div><\/div><\/article><article class=\"wgl-portfolio-list_item item  educacion-es\"  style=\"padding-right:15px; padding-left:15px; padding-bottom:30px\"><div class=\"wgl-portfolio-item_wrapper under_image\"><div class=\"wgl-portfolio-item_image\"><img\n             class=\"isotope-img pf-img\"src=\"https:\/\/www.fundacionnahuel.org\/wp-content\/uploads\/2024\/11\/a9.jpg\" alt=\"\"><div class=\"overlay\"><\/div><a href=\"https:\/\/www.fundacionnahuel.org\/es\/portfolio\/proyecto-fundacion-juan-carlos-vela\/\" class=\"single_link portfolio_link\"><\/a><\/div><div class=\"wgl-portfolio-item_description\"><div class=\"portfolio__description\"><div class=\"portfolio__item-meta\"><span class=\"post_cats\"><a href=https:\/\/www.fundacionnahuel.org\/es\/portfolio-category\/educacion-es\/ class=\"portfolio-category\">#Educaci\u00f3n<\/a><\/span><\/div><div class=\"portfolio-item__title\"><h4 class=\"title\"><a href=\"https:\/\/www.fundacionnahuel.org\/es\/portfolio\/proyecto-fundacion-juan-carlos-vela\/\" class=\"single_link\">Proyecto Fundaci\u00f3n Juan Carlos Vela<\/a><\/h4><\/div><div class=\"wgl-portfolio-item_content\"><div class=\"content\">Financiar la compra de equipos necesarios para que la Fundaci\u00f3n Juan Carlos Vela pueda brindar m\u00e1s terapias a sus pacientes.<\/div><\/div><\/div><\/div><\/div><\/article><\/div><\/div><\/div><\/section>\t\t<\/div>\n\t\t\t\t<\/div>\n\t\t\t\t\t<\/div>\n\t\t\t\t<\/div>\n\t\t<div class=\"elementor-element elementor-element-7a8855b e-flex e-con-boxed e-con e-parent\" data-id=\"7a8855b\" data-element_type=\"container\">\n\t\t\t\t\t<div class=\"e-con-inner\">\n\t\t\t\t\t<\/div>\n\t\t\t\t<\/div>\n\t\t\t\t<section class=\"elementor-section elementor-top-section elementor-element elementor-element-652e91f0 elementor-section-boxed elementor-section-height-default elementor-section-height-default\" data-id=\"652e91f0\" data-element_type=\"section\" data-settings=\"{&quot;background_background&quot;:&quot;classic&quot;}\">\n\t\t\t\t\t\t<div class=\"elementor-container elementor-column-gap-default\">\n\t\t\t\t\t<div class=\"elementor-column elementor-col-100 elementor-top-column elementor-element elementor-element-237c8225\" data-id=\"237c8225\" data-element_type=\"column\">\n\t\t\t<div class=\"elementor-widget-wrap elementor-element-populated\">\n\t\t\t\t\t\t<div class=\"elementor-element elementor-element-4006b887 elementor-widget elementor-widget-spacer\" data-id=\"4006b887\" data-element_type=\"widget\" data-widget_type=\"spacer.default\">\n\t\t\t\t<div class=\"elementor-widget-container\">\n\t\t\t\t\t<div class=\"elementor-spacer\">\n\t\t\t<div class=\"elementor-spacer-inner\"><\/div>\n\t\t<\/div>\n\t\t\t\t<\/div>\n\t\t\t\t<\/div>\n\t\t\t\t<div class=\"elementor-element elementor-element-53f07792 acenter elementor-widget elementor-widget-wgl-double-headings\" data-id=\"53f07792\" data-element_type=\"widget\" data-widget_type=\"wgl-double-headings.default\">\n\t\t\t\t<div class=\"elementor-widget-container\">\n\t\t\t        <div class=\"wgl-double_heading\">                <div class=\"dbl__subtitle\"><span>Financiaci\u00f3n orientada a programas<\/span>                <\/div><h3 class=\"dbl__title-wrapper\"><span class=\"dbl__title dbl-title_1\">Nuestros cinco fondos clave<\/span><\/h3>        <\/div>\t\t<\/div>\n\t\t\t\t<\/div>\n\t\t\t\t<div class=\"elementor-element elementor-element-7ad5cba3 elementor-widget elementor-widget-spacer\" data-id=\"7ad5cba3\" data-element_type=\"widget\" data-widget_type=\"spacer.default\">\n\t\t\t\t<div class=\"elementor-widget-container\">\n\t\t\t\t\t<div class=\"elementor-spacer\">\n\t\t\t<div class=\"elementor-spacer-inner\"><\/div>\n\t\t<\/div>\n\t\t\t\t<\/div>\n\t\t\t\t<\/div>\n\t\t<div class=\"elementor-element elementor-element-67d49b51 e-flex e-con-boxed e-con e-parent\" data-id=\"67d49b51\" data-element_type=\"container\">\n\t\t\t\t\t<div class=\"e-con-inner\">\n\t\t<div class=\"elementor-element elementor-element-233bf64b e-con-full e-flex e-con e-child\" data-id=\"233bf64b\" data-element_type=\"container\">\n\t\t\t\t<div class=\"elementor-element elementor-element-7f2403d9 acenter elementor-widget-image-box wgl-image-box elementor-widget elementor-widget-wgl-info-box\" data-id=\"7f2403d9\" data-element_type=\"widget\" data-widget_type=\"wgl-info-box.default\">\n\t\t\t\t<div class=\"elementor-widget-container\">\n\t\t\t<a class=\"wgl-infobox__link\" href=\"https:\/\/www.fundacionnahuel.org\/es\/salud\/fondo-de-salud\/\"><\/a><div class=\"wgl-infobox\"><div class=\"wgl-infobox_wrapper wgl-layout-top\"><div class=\"media-wrapper img-wrapper\"><figure class=\"wgl-image-box_img\"><span ><img decoding=\"async\" width=\"186\" height=\"186\" src=\"https:\/\/www.fundacionnahuel.org\/wp-content\/uploads\/2024\/12\/health_fund-1.png\" class=\"attachment-full size-full wp-image-15169\" alt=\"\" srcset=\"https:\/\/www.fundacionnahuel.org\/wp-content\/uploads\/2024\/12\/health_fund-1.png 186w, https:\/\/www.fundacionnahuel.org\/wp-content\/uploads\/2024\/12\/health_fund-1-150x150.png 150w\" sizes=\"(max-width: 186px) 100vw, 186px\" \/><\/span><\/figure><\/div><div class=\"content_wrapper\"><div class=\"wgl-infobox-title_wrapper\"><h3 class=\"wgl-infobox_title\"><span class=\"wgl-infobox_title-idle\">Fondo de Emergencia Sanitaria<\/span><\/h3><\/div><div class=\"wgl-infobox_content\"><p><span style=\"font-weight: 400;\">  Prestar atenci\u00f3n m\u00e9dica urgente en cardiolog\u00eda, oftalmolog\u00eda y desnutrici\u00f3n para salvar vidas y prevenir discapacidades.<\/span><\/p><\/div><div class=\"wgl-infobox-button_wrapper\"><div  class=\"wgl-infobox_button button-read-more\"><span>Leer m\u00e1s<\/span><\/div><\/div><\/div><\/div><\/div>\t\t<\/div>\n\t\t\t\t<\/div>\n\t\t\t\t<\/div>\n\t\t<div class=\"elementor-element elementor-element-5138b237 e-con-full e-flex e-con e-child\" data-id=\"5138b237\" data-element_type=\"container\">\n\t\t\t\t<div class=\"elementor-element elementor-element-46a62aae acenter elementor-widget-image-box wgl-image-box elementor-widget elementor-widget-wgl-info-box\" data-id=\"46a62aae\" data-element_type=\"widget\" data-widget_type=\"wgl-info-box.default\">\n\t\t\t\t<div class=\"elementor-widget-container\">\n\t\t\t<a class=\"wgl-infobox__link\" href=\"https:\/\/www.fundacionnahuel.org\/es\/educacion\/hola-mundo\/\"><\/a><div class=\"wgl-infobox\"><div class=\"wgl-infobox_wrapper wgl-layout-top\"><div class=\"media-wrapper img-wrapper\"><figure class=\"wgl-image-box_img\"><span ><img decoding=\"async\" width=\"186\" height=\"186\" src=\"https:\/\/www.fundacionnahuel.org\/wp-content\/uploads\/2024\/12\/scholarships_fund-1.png\" class=\"attachment-full size-full wp-image-15172\" alt=\"\" srcset=\"https:\/\/www.fundacionnahuel.org\/wp-content\/uploads\/2024\/12\/scholarships_fund-1.png 186w, https:\/\/www.fundacionnahuel.org\/wp-content\/uploads\/2024\/12\/scholarships_fund-1-150x150.png 150w\" sizes=\"(max-width: 186px) 100vw, 186px\" \/><\/span><\/figure><\/div><div class=\"content_wrapper\"><div class=\"wgl-infobox-title_wrapper\"><h3 class=\"wgl-infobox_title\"><span class=\"wgl-infobox_title-idle\">Fondo de Becas de Educaci\u00f3n Superior<\/span><\/h3><\/div><div class=\"wgl-infobox_content\"><p><span style=\"font-weight: 400;\">Capacitar a j\u00f3venes con talento mediante becas para carreras universitarias y t\u00e9cnicas, rompiendo las barreras que impiden acceder a la educaci\u00f3n superior.<\/span><\/p><\/div><div class=\"wgl-infobox-button_wrapper\"><div  class=\"wgl-infobox_button button-read-more\"><span>Leer m\u00e1s<\/span><\/div><\/div><\/div><\/div><\/div>\t\t<\/div>\n\t\t\t\t<\/div>\n\t\t\t\t<\/div>\n\t\t<div class=\"elementor-element elementor-element-47913cec e-con-full e-flex e-con e-child\" data-id=\"47913cec\" data-element_type=\"container\">\n\t\t\t\t<div class=\"elementor-element elementor-element-78d5c9f4 acenter elementor-widget-image-box wgl-image-box elementor-widget elementor-widget-wgl-info-box\" data-id=\"78d5c9f4\" data-element_type=\"widget\" data-widget_type=\"wgl-info-box.default\">\n\t\t\t\t<div class=\"elementor-widget-container\">\n\t\t\t<a class=\"wgl-infobox__link\" href=\"https:\/\/www.fundacionnahuel.org\/es\/educacion\/fondo-general-de-educacion\/\"><\/a><div class=\"wgl-infobox\"><div class=\"wgl-infobox_wrapper wgl-layout-top\"><div class=\"media-wrapper img-wrapper\"><figure class=\"wgl-image-box_img\"><span ><img decoding=\"async\" width=\"186\" height=\"186\" src=\"https:\/\/www.fundacionnahuel.org\/wp-content\/uploads\/2024\/12\/education_fund-1.png\" class=\"attachment-full size-full wp-image-15175\" alt=\"\" srcset=\"https:\/\/www.fundacionnahuel.org\/wp-content\/uploads\/2024\/12\/education_fund-1.png 186w, https:\/\/www.fundacionnahuel.org\/wp-content\/uploads\/2024\/12\/education_fund-1-150x150.png 150w\" sizes=\"(max-width: 186px) 100vw, 186px\" \/><\/span><\/figure><\/div><div class=\"content_wrapper\"><div class=\"wgl-infobox-title_wrapper\"><h3 class=\"wgl-infobox_title\"><span class=\"wgl-infobox_title-idle\">Fondo General de Educaci\u00f3n<\/span><\/h3><\/div><div class=\"wgl-infobox_content\"><p><span style=\"font-weight: 400;\">Apoyar becas de educaci\u00f3n para ni\u00f1os desde la guarder\u00eda hasta la escuela secundaria, reduciendo el trabajo infantil y posibilitando futuros m\u00e1s brillantes.<\/span><\/p><\/div><div class=\"wgl-infobox-button_wrapper\"><div  class=\"wgl-infobox_button button-read-more\"><span>Leer m\u00e1s<\/span><\/div><\/div><\/div><\/div><\/div>\t\t<\/div>\n\t\t\t\t<\/div>\n\t\t\t\t<\/div>\n\t\t\t\t\t<\/div>\n\t\t\t\t<\/div>\n\t\t<div class=\"elementor-element elementor-element-6ce7716b e-flex e-con-boxed e-con e-parent\" data-id=\"6ce7716b\" data-element_type=\"container\">\n\t\t\t\t\t<div class=\"e-con-inner\">\n\t\t<div class=\"elementor-element elementor-element-6c7e47e4 e-con-full e-flex e-con e-child\" data-id=\"6c7e47e4\" data-element_type=\"container\">\n\t\t\t\t<div class=\"elementor-element elementor-element-5045b01e acenter elementor-widget-image-box wgl-image-box elementor-widget elementor-widget-wgl-info-box\" data-id=\"5045b01e\" data-element_type=\"widget\" data-widget_type=\"wgl-info-box.default\">\n\t\t\t\t<div class=\"elementor-widget-container\">\n\t\t\t<a class=\"wgl-infobox__link\" href=\"https:\/\/www.fundacionnahuel.org\/es\/humanitario\/fondo-de-bienestar-social\/\"><\/a><div class=\"wgl-infobox\"><div class=\"wgl-infobox_wrapper wgl-layout-top\"><div class=\"media-wrapper img-wrapper\"><figure class=\"wgl-image-box_img\"><span ><img loading=\"lazy\" decoding=\"async\" width=\"186\" height=\"186\" src=\"https:\/\/www.fundacionnahuel.org\/wp-content\/uploads\/2024\/12\/social_care-1.png\" class=\"attachment-full size-full wp-image-15178\" alt=\"\" srcset=\"https:\/\/www.fundacionnahuel.org\/wp-content\/uploads\/2024\/12\/social_care-1.png 186w, https:\/\/www.fundacionnahuel.org\/wp-content\/uploads\/2024\/12\/social_care-1-150x150.png 150w\" sizes=\"(max-width: 186px) 100vw, 186px\" \/><\/span><\/figure><\/div><div class=\"content_wrapper\"><div class=\"wgl-infobox-title_wrapper\"><h3 class=\"wgl-infobox_title\"><span class=\"wgl-infobox_title-idle\">Fondo de Bienestar Social<\/span><\/h3><\/div><div class=\"wgl-infobox_content\"><p><span style=\"font-weight: 400;\">Proteger a los ni\u00f1os hu\u00e9rfanos, abandonados y en situaci\u00f3n de riesgo proporcion\u00e1ndoles protecci\u00f3n social y apoyo psicol\u00f3gico.<\/span><\/p><\/div><div class=\"wgl-infobox-button_wrapper\"><div  class=\"wgl-infobox_button button-read-more\"><span>Leer m\u00e1s<\/span><\/div><\/div><\/div><\/div><\/div>\t\t<\/div>\n\t\t\t\t<\/div>\n\t\t\t\t<\/div>\n\t\t<div class=\"elementor-element elementor-element-63ee39c8 e-con-full e-flex e-con e-child\" data-id=\"63ee39c8\" data-element_type=\"container\">\n\t\t\t\t<div class=\"elementor-element elementor-element-1b8af1b9 acenter elementor-widget-image-box wgl-image-box elementor-widget elementor-widget-wgl-info-box\" data-id=\"1b8af1b9\" data-element_type=\"widget\" data-widget_type=\"wgl-info-box.default\">\n\t\t\t\t<div class=\"elementor-widget-container\">\n\t\t\t<a class=\"wgl-infobox__link\" href=\"https:\/\/www.fundacionnahuel.org\/es\/involucrate\/fondo-general\/\"><\/a><div class=\"wgl-infobox\"><div class=\"wgl-infobox_wrapper wgl-layout-top\"><div class=\"media-wrapper img-wrapper\"><figure class=\"wgl-image-box_img\"><span ><img loading=\"lazy\" decoding=\"async\" width=\"186\" height=\"186\" src=\"https:\/\/www.fundacionnahuel.org\/wp-content\/uploads\/2024\/12\/growth-1.png\" class=\"attachment-full size-full wp-image-15181\" alt=\"\" srcset=\"https:\/\/www.fundacionnahuel.org\/wp-content\/uploads\/2024\/12\/growth-1.png 186w, https:\/\/www.fundacionnahuel.org\/wp-content\/uploads\/2024\/12\/growth-1-150x150.png 150w\" sizes=\"(max-width: 186px) 100vw, 186px\" \/><\/span><\/figure><\/div><div class=\"content_wrapper\"><div class=\"wgl-infobox-title_wrapper\"><h3 class=\"wgl-infobox_title\"><span class=\"wgl-infobox_title-idle\">Fondo General<\/span><\/h3><\/div><div class=\"wgl-infobox_content\"><p><span style=\"font-weight: 400;\">Un fondo flexible asignado a los proyectos m\u00e1s necesitados, que apoya el crecimiento y la resistencia de la labor de la fundaci\u00f3n.<\/span><\/p><\/div><div class=\"wgl-infobox-button_wrapper\"><div  class=\"wgl-infobox_button button-read-more\"><span>Leer m\u00e1s<\/span><\/div><\/div><\/div><\/div><\/div>\t\t<\/div>\n\t\t\t\t<\/div>\n\t\t\t\t<\/div>\n\t\t\t\t\t<\/div>\n\t\t\t\t<\/div>\n\t\t\t\t\t<\/div>\n\t\t<\/div>\n\t\t\t\t\t<\/div>\n\t\t<\/section>\n\t\t\t\t<\/div>\n\t\t","protected":false},"excerpt":{"rendered":"<p>Desde 2006, la Fundaci\u00f3n Nahuel ha llevado a cabo diversos proyectos, que van desde el apoyo individual a la salud y la educaci\u00f3n hasta la construcci\u00f3n de escuelas e infraestructuras. Cada iniciativa pone de relieve nuestro compromiso con el empoderamiento de los ni\u00f1os y la creaci\u00f3n de un cambio duradero para las comunidades. <\/p>\n","protected":false},"author":7,"featured_media":17741,"parent":0,"menu_order":0,"comment_status":"closed","ping_status":"closed","template":"","meta":{"inline_featured_image":false,"footnotes":""},"class_list":["post-13149","page","type-page","status-publish","has-post-thumbnail","hentry"],"yoast_head":"<!-- This site is optimized with the Yoast SEO plugin v27.5 - https:\/\/yoast.com\/product\/yoast-seo-wordpress\/ -->\n<title>Nuestro trabajo - Fundaci\u00f3n Nahuel<\/title>\n<meta name=\"description\" content=\"Desde 2006, la Fundaci\u00f3n Nahuel ha llevado a cabo diversos proyectos, que van desde el apoyo individual a la salud y la educaci\u00f3n hasta la construcci\u00f3n de escuelas e infraestructuras. Cada iniciativa pone de relieve nuestro compromiso con el empoderamiento de los ni\u00f1os y la creaci\u00f3n de un cambio duradero para las comunidades.\" \/>\n<meta name=\"robots\" content=\"index, follow, max-snippet:-1, max-image-preview:large, max-video-preview:-1\" \/>\n<link rel=\"canonical\" href=\"https:\/\/www.fundacionnahuel.org\/es\/en-desarrollo\/\" \/>\n<meta property=\"og:locale\" content=\"es_ES\" \/>\n<meta property=\"og:type\" content=\"article\" \/>\n<meta property=\"og:title\" content=\"Nuestro trabajo - Fundaci\u00f3n Nahuel\" \/>\n<meta property=\"og:description\" content=\"Desde 2006, la Fundaci\u00f3n Nahuel ha llevado a cabo diversos proyectos, que van desde el apoyo individual a la salud y la educaci\u00f3n hasta la construcci\u00f3n de escuelas e infraestructuras. Cada iniciativa pone de relieve nuestro compromiso con el empoderamiento de los ni\u00f1os y la creaci\u00f3n de un cambio duradero para las comunidades.\" \/>\n<meta property=\"og:url\" content=\"https:\/\/www.fundacionnahuel.org\/es\/en-desarrollo\/\" \/>\n<meta property=\"og:site_name\" content=\"Fundaci\u00f3n Nahuel\" \/>\n<meta property=\"article:modified_time\" content=\"2025-06-25T08:39:13+00:00\" \/>\n<meta property=\"og:image\" content=\"https:\/\/www.fundacionnahuel.org\/wp-content\/uploads\/2025\/03\/Nahuel_openPgraph.jpg\" \/>\n\t<meta property=\"og:image:width\" content=\"1200\" \/>\n\t<meta property=\"og:image:height\" content=\"675\" \/>\n\t<meta property=\"og:image:type\" content=\"image\/jpeg\" \/>\n<meta name=\"twitter:card\" content=\"summary_large_image\" \/>\n<meta name=\"twitter:label1\" content=\"Tiempo de lectura\" \/>\n\t<meta name=\"twitter:data1\" content=\"6 minutos\" \/>\n<script type=\"application\/ld+json\" class=\"yoast-schema-graph\">{\"@context\":\"https:\\\/\\\/schema.org\",\"@graph\":[{\"@type\":\"WebPage\",\"@id\":\"https:\\\/\\\/www.fundacionnahuel.org\\\/es\\\/en-desarrollo\\\/\",\"url\":\"https:\\\/\\\/www.fundacionnahuel.org\\\/es\\\/en-desarrollo\\\/\",\"name\":\"Nuestro trabajo - Fundaci\u00f3n Nahuel\",\"isPartOf\":{\"@id\":\"https:\\\/\\\/www.fundacionnahuel.org\\\/es\\\/#website\"},\"primaryImageOfPage\":{\"@id\":\"https:\\\/\\\/www.fundacionnahuel.org\\\/es\\\/en-desarrollo\\\/#primaryimage\"},\"image\":{\"@id\":\"https:\\\/\\\/www.fundacionnahuel.org\\\/es\\\/en-desarrollo\\\/#primaryimage\"},\"thumbnailUrl\":\"https:\\\/\\\/www.fundacionnahuel.org\\\/wp-content\\\/uploads\\\/2025\\\/03\\\/Nahuel_openPgraph.jpg\",\"datePublished\":\"2020-10-07T13:25:43+00:00\",\"dateModified\":\"2025-06-25T08:39:13+00:00\",\"description\":\"Desde 2006, la Fundaci\u00f3n Nahuel ha llevado a cabo diversos proyectos, que van desde el apoyo individual a la salud y la educaci\u00f3n hasta la construcci\u00f3n de escuelas e infraestructuras. Cada iniciativa pone de relieve nuestro compromiso con el empoderamiento de los ni\u00f1os y la creaci\u00f3n de un cambio duradero para las comunidades.\",\"breadcrumb\":{\"@id\":\"https:\\\/\\\/www.fundacionnahuel.org\\\/es\\\/en-desarrollo\\\/#breadcrumb\"},\"inLanguage\":\"es\",\"potentialAction\":[{\"@type\":\"ReadAction\",\"target\":[\"https:\\\/\\\/www.fundacionnahuel.org\\\/es\\\/en-desarrollo\\\/\"]}]},{\"@type\":\"ImageObject\",\"inLanguage\":\"es\",\"@id\":\"https:\\\/\\\/www.fundacionnahuel.org\\\/es\\\/en-desarrollo\\\/#primaryimage\",\"url\":\"https:\\\/\\\/www.fundacionnahuel.org\\\/wp-content\\\/uploads\\\/2025\\\/03\\\/Nahuel_openPgraph.jpg\",\"contentUrl\":\"https:\\\/\\\/www.fundacionnahuel.org\\\/wp-content\\\/uploads\\\/2025\\\/03\\\/Nahuel_openPgraph.jpg\",\"width\":1200,\"height\":675},{\"@type\":\"BreadcrumbList\",\"@id\":\"https:\\\/\\\/www.fundacionnahuel.org\\\/es\\\/en-desarrollo\\\/#breadcrumb\",\"itemListElement\":[{\"@type\":\"ListItem\",\"position\":1,\"name\":\"Home\",\"item\":\"https:\\\/\\\/www.fundacionnahuel.org\\\/es\\\/\"},{\"@type\":\"ListItem\",\"position\":2,\"name\":\"Nuestro trabajo\"}]},{\"@type\":\"WebSite\",\"@id\":\"https:\\\/\\\/www.fundacionnahuel.org\\\/es\\\/#website\",\"url\":\"https:\\\/\\\/www.fundacionnahuel.org\\\/es\\\/\",\"name\":\"Fundaci\u00f3n Nahuel\",\"description\":\"Transforming Lives Through Education and Care\",\"publisher\":{\"@id\":\"https:\\\/\\\/www.fundacionnahuel.org\\\/es\\\/#organization\"},\"alternateName\":\"Nahuel\",\"inLanguage\":\"es\"},{\"@type\":\"Organization\",\"@id\":\"https:\\\/\\\/www.fundacionnahuel.org\\\/es\\\/#organization\",\"name\":\"Fundaci\u00f3n Nahuel\",\"alternateName\":\"Nahuel\",\"url\":\"https:\\\/\\\/www.fundacionnahuel.org\\\/es\\\/\",\"logo\":{\"@type\":\"ImageObject\",\"inLanguage\":\"es\",\"@id\":\"https:\\\/\\\/www.fundacionnahuel.org\\\/es\\\/#\\\/schema\\\/logo\\\/image\\\/\",\"url\":\"https:\\\/\\\/www.fundacionnahuel.org\\\/wp-content\\\/uploads\\\/2025\\\/03\\\/Nahuel_Logo.jpg\",\"contentUrl\":\"https:\\\/\\\/www.fundacionnahuel.org\\\/wp-content\\\/uploads\\\/2025\\\/03\\\/Nahuel_Logo.jpg\",\"width\":696,\"height\":696,\"caption\":\"Fundaci\u00f3n Nahuel\"},\"image\":{\"@id\":\"https:\\\/\\\/www.fundacionnahuel.org\\\/es\\\/#\\\/schema\\\/logo\\\/image\\\/\"}}]}<\/script>\n<!-- \/ Yoast SEO plugin. -->","yoast_head_json":{"title":"Nuestro trabajo - Fundaci\u00f3n Nahuel","description":"Desde 2006, la Fundaci\u00f3n Nahuel ha llevado a cabo diversos proyectos, que van desde el apoyo individual a la salud y la educaci\u00f3n hasta la construcci\u00f3n de escuelas e infraestructuras. Cada iniciativa pone de relieve nuestro compromiso con el empoderamiento de los ni\u00f1os y la creaci\u00f3n de un cambio duradero para las comunidades.","robots":{"index":"index","follow":"follow","max-snippet":"max-snippet:-1","max-image-preview":"max-image-preview:large","max-video-preview":"max-video-preview:-1"},"canonical":"https:\/\/www.fundacionnahuel.org\/es\/en-desarrollo\/","og_locale":"es_ES","og_type":"article","og_title":"Nuestro trabajo - Fundaci\u00f3n Nahuel","og_description":"Desde 2006, la Fundaci\u00f3n Nahuel ha llevado a cabo diversos proyectos, que van desde el apoyo individual a la salud y la educaci\u00f3n hasta la construcci\u00f3n de escuelas e infraestructuras. Cada iniciativa pone de relieve nuestro compromiso con el empoderamiento de los ni\u00f1os y la creaci\u00f3n de un cambio duradero para las comunidades.","og_url":"https:\/\/www.fundacionnahuel.org\/es\/en-desarrollo\/","og_site_name":"Fundaci\u00f3n Nahuel","article_modified_time":"2025-06-25T08:39:13+00:00","og_image":[{"width":1200,"height":675,"url":"https:\/\/www.fundacionnahuel.org\/wp-content\/uploads\/2025\/03\/Nahuel_openPgraph.jpg","type":"image\/jpeg"}],"twitter_card":"summary_large_image","twitter_misc":{"Tiempo de lectura":"6 minutos"},"schema":{"@context":"https:\/\/schema.org","@graph":[{"@type":"WebPage","@id":"https:\/\/www.fundacionnahuel.org\/es\/en-desarrollo\/","url":"https:\/\/www.fundacionnahuel.org\/es\/en-desarrollo\/","name":"Nuestro trabajo - Fundaci\u00f3n Nahuel","isPartOf":{"@id":"https:\/\/www.fundacionnahuel.org\/es\/#website"},"primaryImageOfPage":{"@id":"https:\/\/www.fundacionnahuel.org\/es\/en-desarrollo\/#primaryimage"},"image":{"@id":"https:\/\/www.fundacionnahuel.org\/es\/en-desarrollo\/#primaryimage"},"thumbnailUrl":"https:\/\/www.fundacionnahuel.org\/wp-content\/uploads\/2025\/03\/Nahuel_openPgraph.jpg","datePublished":"2020-10-07T13:25:43+00:00","dateModified":"2025-06-25T08:39:13+00:00","description":"Desde 2006, la Fundaci\u00f3n Nahuel ha llevado a cabo diversos proyectos, que van desde el apoyo individual a la salud y la educaci\u00f3n hasta la construcci\u00f3n de escuelas e infraestructuras. Cada iniciativa pone de relieve nuestro compromiso con el empoderamiento de los ni\u00f1os y la creaci\u00f3n de un cambio duradero para las comunidades.","breadcrumb":{"@id":"https:\/\/www.fundacionnahuel.org\/es\/en-desarrollo\/#breadcrumb"},"inLanguage":"es","potentialAction":[{"@type":"ReadAction","target":["https:\/\/www.fundacionnahuel.org\/es\/en-desarrollo\/"]}]},{"@type":"ImageObject","inLanguage":"es","@id":"https:\/\/www.fundacionnahuel.org\/es\/en-desarrollo\/#primaryimage","url":"https:\/\/www.fundacionnahuel.org\/wp-content\/uploads\/2025\/03\/Nahuel_openPgraph.jpg","contentUrl":"https:\/\/www.fundacionnahuel.org\/wp-content\/uploads\/2025\/03\/Nahuel_openPgraph.jpg","width":1200,"height":675},{"@type":"BreadcrumbList","@id":"https:\/\/www.fundacionnahuel.org\/es\/en-desarrollo\/#breadcrumb","itemListElement":[{"@type":"ListItem","position":1,"name":"Home","item":"https:\/\/www.fundacionnahuel.org\/es\/"},{"@type":"ListItem","position":2,"name":"Nuestro trabajo"}]},{"@type":"WebSite","@id":"https:\/\/www.fundacionnahuel.org\/es\/#website","url":"https:\/\/www.fundacionnahuel.org\/es\/","name":"Fundaci\u00f3n Nahuel","description":"Transforming Lives Through Education and Care","publisher":{"@id":"https:\/\/www.fundacionnahuel.org\/es\/#organization"},"alternateName":"Nahuel","inLanguage":"es"},{"@type":"Organization","@id":"https:\/\/www.fundacionnahuel.org\/es\/#organization","name":"Fundaci\u00f3n Nahuel","alternateName":"Nahuel","url":"https:\/\/www.fundacionnahuel.org\/es\/","logo":{"@type":"ImageObject","inLanguage":"es","@id":"https:\/\/www.fundacionnahuel.org\/es\/#\/schema\/logo\/image\/","url":"https:\/\/www.fundacionnahuel.org\/wp-content\/uploads\/2025\/03\/Nahuel_Logo.jpg","contentUrl":"https:\/\/www.fundacionnahuel.org\/wp-content\/uploads\/2025\/03\/Nahuel_Logo.jpg","width":696,"height":696,"caption":"Fundaci\u00f3n Nahuel"},"image":{"@id":"https:\/\/www.fundacionnahuel.org\/es\/#\/schema\/logo\/image\/"}}]}},"_links":{"self":[{"href":"https:\/\/www.fundacionnahuel.org\/es\/wp-json\/wp\/v2\/pages\/13149","targetHints":{"allow":["GET"]}}],"collection":[{"href":"https:\/\/www.fundacionnahuel.org\/es\/wp-json\/wp\/v2\/pages"}],"about":[{"href":"https:\/\/www.fundacionnahuel.org\/es\/wp-json\/wp\/v2\/types\/page"}],"author":[{"embeddable":true,"href":"https:\/\/www.fundacionnahuel.org\/es\/wp-json\/wp\/v2\/users\/7"}],"replies":[{"embeddable":true,"href":"https:\/\/www.fundacionnahuel.org\/es\/wp-json\/wp\/v2\/comments?post=13149"}],"version-history":[{"count":22,"href":"https:\/\/www.fundacionnahuel.org\/es\/wp-json\/wp\/v2\/pages\/13149\/revisions"}],"predecessor-version":[{"id":18893,"href":"https:\/\/www.fundacionnahuel.org\/es\/wp-json\/wp\/v2\/pages\/13149\/revisions\/18893"}],"wp:featuredmedia":[{"embeddable":true,"href":"https:\/\/www.fundacionnahuel.org\/es\/wp-json\/wp\/v2\/media\/17741"}],"wp:attachment":[{"href":"https:\/\/www.fundacionnahuel.org\/es\/wp-json\/wp\/v2\/media?parent=13149"}],"curies":[{"name":"wp","href":"https:\/\/api.w.org\/{rel}","templated":true}]}}