{"id":18531,"date":"2025-06-16T15:07:16","date_gmt":"2025-06-16T14:07:16","guid":{"rendered":"https:\/\/www.fundacionnahuel.org\/associacion-nahuel-suiza\/"},"modified":"2025-08-22T12:27:29","modified_gmt":"2025-08-22T11:27:29","slug":"associacion-nahuel-suiza","status":"publish","type":"page","link":"https:\/\/www.fundacionnahuel.org\/es\/quienes-somos\/associacion-nahuel-suiza\/","title":{"rendered":"Associacion Nahuel (Suiza)"},"content":{"rendered":"\t\t<div data-elementor-type=\"wp-page\" data-elementor-id=\"18531\" class=\"elementor elementor-18531 elementor-18504\" data-elementor-post-type=\"page\">\n\t\t\t\t<div class=\"elementor-element elementor-element-8b3288b e-con-full e-flex e-con e-child\" data-id=\"8b3288b\" data-element_type=\"container\" data-settings=\"{&quot;background_background&quot;:&quot;classic&quot;}\">\n\t\t<div class=\"elementor-element elementor-element-66a08ea e-flex e-con-boxed e-con e-child\" data-id=\"66a08ea\" data-element_type=\"container\">\n\t\t\t\t\t<div class=\"e-con-inner\">\n\t\t\t\t<div class=\"elementor-element elementor-element-a2276d2 elementor-widget-tablet__width-initial elementor-widget__width-initial elementor-widget elementor-widget-heading\" data-id=\"a2276d2\" data-element_type=\"widget\" data-widget_type=\"heading.default\">\n\t\t\t\t<div class=\"elementor-widget-container\">\n\t\t\t<h2 class=\"elementor-heading-title elementor-size-default\">Invertir en el cambio, inspirar vidas<\/h2>\t\t<\/div>\n\t\t\t\t<\/div>\n\t\t\t\t\t<\/div>\n\t\t\t\t<\/div>\n\t\t\t\t<\/div>\n\t\t\t\t<section class=\"elementor-section elementor-top-section elementor-element elementor-element-04f3b73 elementor-section-boxed elementor-section-height-default elementor-section-height-default\" data-id=\"04f3b73\" data-element_type=\"section\">\n\t\t\t\t\t\t<div class=\"elementor-container elementor-column-gap-default\">\n\t\t\t\t\t<div class=\"elementor-column elementor-col-100 elementor-top-column elementor-element elementor-element-f6ced66\" data-id=\"f6ced66\" data-element_type=\"column\">\n\t\t\t<div class=\"elementor-widget-wrap elementor-element-populated\">\n\t\t\t\t\t\t<div class=\"elementor-element elementor-element-39405d9 elementor-widget elementor-widget-spacer\" data-id=\"39405d9\" data-element_type=\"widget\" data-widget_type=\"spacer.default\">\n\t\t\t\t<div class=\"elementor-widget-container\">\n\t\t\t\t\t<div class=\"elementor-spacer\">\n\t\t\t<div class=\"elementor-spacer-inner\"><\/div>\n\t\t<\/div>\n\t\t\t\t<\/div>\n\t\t\t\t<\/div>\n\t\t\t\t\t<\/div>\n\t\t<\/div>\n\t\t\t\t\t<\/div>\n\t\t<\/section>\n\t\t\t\t<section class=\"elementor-section elementor-top-section elementor-element elementor-element-a490e06 elementor-section-boxed elementor-section-height-default elementor-section-height-default\" data-id=\"a490e06\" data-element_type=\"section\">\n\t\t\t\t\t\t<div class=\"elementor-container elementor-column-gap-default\">\n\t\t\t\t\t<div class=\"elementor-column elementor-col-100 elementor-top-column elementor-element elementor-element-6210322\" data-id=\"6210322\" data-element_type=\"column\">\n\t\t\t<div class=\"elementor-widget-wrap elementor-element-populated\">\n\t\t\t\t\t\t<div class=\"elementor-element elementor-element-c593a7c elementor-widget elementor-widget-menu-anchor\" data-id=\"c593a7c\" data-element_type=\"widget\" data-widget_type=\"menu-anchor.default\">\n\t\t\t\t<div class=\"elementor-widget-container\">\n\t\t\t\t\t<div class=\"elementor-menu-anchor\" id=\"vision\"><\/div>\n\t\t\t\t<\/div>\n\t\t\t\t<\/div>\n\t\t\t\t<div class=\"elementor-element elementor-element-07ec738 acenter elementor-widget elementor-widget-wgl-double-headings\" data-id=\"07ec738\" data-element_type=\"widget\" data-widget_type=\"wgl-double-headings.default\">\n\t\t\t\t<div class=\"elementor-widget-container\">\n\t\t\t        <div class=\"wgl-double_heading\"><h3 class=\"dbl__title-wrapper\"><span class=\"dbl__title dbl-title_1\">Associacion Nahuel (Suiza)<\/span><\/h3>        <\/div>\t\t<\/div>\n\t\t\t\t<\/div>\n\t\t\t\t<div class=\"elementor-element elementor-element-cae1c15 elementor-widget__width-auto elementor-widget elementor-widget-text-editor\" data-id=\"cae1c15\" data-element_type=\"widget\" data-widget_type=\"text-editor.default\">\n\t\t\t\t<div class=\"elementor-widget-container\">\n\t\t\t\t\t\t\t<p data-renderer-start-pos=\"2323\">La <strong data-renderer-mark=\"true\">Asociaci\u00f3n Nahuel<\/strong> (AN) fue fundada en Suiza en 2024. El objetivo de la AN es asegurar una financiaci\u00f3n sostenible para la <strong data-renderer-mark=\"true\">Fundaci\u00f3n Nahuel<\/strong> (FN) en Quito, Ecuador, garantizando as\u00ed la continuidad del trabajo ben\u00e9fico que la FN ha desarrollado durante muchos a\u00f1os. Las donaciones recaudadas por la AN se destinan exclusivamente al apoyo y financiaci\u00f3n de proyectos sin fines de lucro que son administrados y gestionados por la FN.<\/p><p data-renderer-start-pos=\"2756\">Estos proyectos se enfocan en las \u00e1reas de <strong data-renderer-mark=\"true\">educaci\u00f3n, salud<\/strong> y <strong data-renderer-mark=\"true\">ayuda humanitaria<\/strong>, con especial atenci\u00f3n en mejorar las condiciones de vida de personas desfavorecidas y necesitadas, en particular ni\u00f1os y j\u00f3venes. Todos los miembros de los \u00f3rganos directivos de la asociaci\u00f3n trabajan de forma voluntaria.<\/p><p data-renderer-start-pos=\"3060\">La asociaci\u00f3n est\u00e1 inscrita en el Registro Mercantil Suizo bajo el n\u00famero UID <a title=\"https:\/\/www.zefix.ch\/de\/search\/entity\/list\/firm\/1670871\" data-renderer-mark=\"true\" href=\"https:\/\/www.zefix.ch\/de\/search\/entity\/list\/firm\/1670871\" data-is-router-link=\"false\" class=\"_mizu194a _1ah31bk5 _ra3xnqa1 _128m1bk5 _1cvmnqa1 _4davt94y _4bfu18uv _1hms8stv _ajmmnqa1 _vchhusvi _kqswh2mm _syaz14q2 _ect41gqc _1a3b18uv _4fpr8stv _5goinqa1 _f8pj14q2 _9oik18uv _1bnxglyw _jf4cnqa1 _30l314q2 _1nrm18uv _c2waglyw _1iohnqa1 _9h8h16c2 _1053w7te _1ienw7te _n0fxw7te _1vhvg3x0\" data-testid=\"link-with-safety\">CHE\u2011250.058.824<\/a>.<\/p><p data-renderer-start-pos=\"3156\">\u00a0<\/p><p data-renderer-start-pos=\"3156\"><strong data-renderer-mark=\"true\">Informaci\u00f3n importante para los donantes<\/strong><\/p><p data-renderer-start-pos=\"3156\">Cada donante puede decidir, al momento de realizar la contribuci\u00f3n, en qu\u00e9 fondo se aplicar\u00e1 su donaci\u00f3n. Los comprobantes de donaci\u00f3n, cuando sean solicitados, se env\u00edan electr\u00f3nicamente despu\u00e9s del pago. Adem\u00e1s, los contribuyentes en Suiza pueden deducir sus donaciones de los impuestos.<\/p>\t\t\t\t\t\t<\/div>\n\t\t\t\t<\/div>\n\t\t\t\t\t<\/div>\n\t\t<\/div>\n\t\t\t\t\t<\/div>\n\t\t<\/section>\n\t\t\t\t<section class=\"elementor-section elementor-top-section elementor-element elementor-element-3e2116e elementor-section-boxed elementor-section-height-default elementor-section-height-default\" data-id=\"3e2116e\" data-element_type=\"section\">\n\t\t\t\t\t\t<div class=\"elementor-container elementor-column-gap-default\">\n\t\t\t\t\t<div class=\"elementor-column elementor-col-100 elementor-top-column elementor-element elementor-element-a42ef94\" data-id=\"a42ef94\" data-element_type=\"column\">\n\t\t\t<div class=\"elementor-widget-wrap elementor-element-populated\">\n\t\t\t\t\t\t<div class=\"elementor-element elementor-element-2310c6b elementor-widget elementor-widget-menu-anchor\" data-id=\"2310c6b\" data-element_type=\"widget\" data-widget_type=\"menu-anchor.default\">\n\t\t\t\t<div class=\"elementor-widget-container\">\n\t\t\t\t\t<div class=\"elementor-menu-anchor\" id=\"Team\"><\/div>\n\t\t\t\t<\/div>\n\t\t\t\t<\/div>\n\t\t\t\t<div class=\"elementor-element elementor-element-01e5692 acenter elementor-widget elementor-widget-wgl-double-headings\" data-id=\"01e5692\" data-element_type=\"widget\" data-widget_type=\"wgl-double-headings.default\">\n\t\t\t\t<div class=\"elementor-widget-container\">\n\t\t\t        <div class=\"wgl-double_heading\">                <div class=\"dbl__subtitle\"><span>Equipo Associacion Nahuel (Suiza)<\/span>                <\/div><h3 class=\"dbl__title-wrapper\"><span class=\"dbl__title dbl-title_1\">Junta directiva<\/span><\/h3>        <\/div>\t\t<\/div>\n\t\t\t\t<\/div>\n\t\t\t\t\t<\/div>\n\t\t<\/div>\n\t\t\t\t\t<\/div>\n\t\t<\/section>\n\t\t<div class=\"elementor-element elementor-element-b1e2664 e-flex e-con-boxed e-con e-parent\" data-id=\"b1e2664\" data-element_type=\"container\">\n\t\t\t\t\t<div class=\"e-con-inner\">\n\t\t<div class=\"elementor-element elementor-element-35603ac e-con-full e-grid e-con e-child\" data-id=\"35603ac\" data-element_type=\"container\">\n\t\t<div class=\"elementor-element elementor-element-9634037 e-con-full e-flex e-con e-child\" data-id=\"9634037\" data-element_type=\"container\">\n\t\t\t\t<div class=\"elementor-element elementor-element-fac98a2 elementor-widget elementor-widget-image\" data-id=\"fac98a2\" data-element_type=\"widget\" data-widget_type=\"image.default\">\n\t\t\t\t<div class=\"elementor-widget-container\">\n\t\t\t\t\t\t\t\t\t\t\t\t\t<img fetchpriority=\"high\" decoding=\"async\" width=\"768\" height=\"961\" src=\"https:\/\/www.fundacionnahuel.org\/wp-content\/uploads\/2024\/12\/christian-paredes-768x961.jpg\" class=\"attachment-medium_large size-medium_large wp-image-15026\" alt=\"\" srcset=\"https:\/\/www.fundacionnahuel.org\/wp-content\/uploads\/2024\/12\/christian-paredes-768x961.jpg 768w, https:\/\/www.fundacionnahuel.org\/wp-content\/uploads\/2024\/12\/christian-paredes-240x300.jpg 240w, https:\/\/www.fundacionnahuel.org\/wp-content\/uploads\/2024\/12\/christian-paredes-818x1024.jpg 818w, https:\/\/www.fundacionnahuel.org\/wp-content\/uploads\/2024\/12\/christian-paredes.jpg 1152w\" sizes=\"(max-width: 768px) 100vw, 768px\" \/>\t\t\t\t\t\t\t\t\t\t\t\t\t<\/div>\n\t\t\t\t<\/div>\n\t\t\t\t<div class=\"elementor-element elementor-element-d431297 elementor-widget__width-inherit elementor-widget elementor-widget-text-editor\" data-id=\"d431297\" data-element_type=\"widget\" data-widget_type=\"text-editor.default\">\n\t\t\t\t<div class=\"elementor-widget-container\">\n\t\t\t\t\t\t\t<p><strong><span>Christian Paredes<\/span><\/strong><\/p>\t\t\t\t\t\t<\/div>\n\t\t\t\t<\/div>\n\t\t\t\t<div class=\"elementor-element elementor-element-0c8bf44 elementor-widget elementor-widget-text-editor\" data-id=\"0c8bf44\" data-element_type=\"widget\" data-widget_type=\"text-editor.default\">\n\t\t\t\t<div class=\"elementor-widget-container\">\n\t\t\t\t\t\t\t<p><strong>Presidente <\/strong><\/p>\t\t\t\t\t\t<\/div>\n\t\t\t\t<\/div>\n\t\t\t\t<\/div>\n\t\t<div class=\"elementor-element elementor-element-1e68698 e-con-full e-flex e-con e-child\" data-id=\"1e68698\" data-element_type=\"container\">\n\t\t\t\t<div class=\"elementor-element elementor-element-31345d6 elementor-widget elementor-widget-image\" data-id=\"31345d6\" data-element_type=\"widget\" data-widget_type=\"image.default\">\n\t\t\t\t<div class=\"elementor-widget-container\">\n\t\t\t\t\t\t\t\t\t\t\t\t\t<img decoding=\"async\" width=\"818\" height=\"1024\" src=\"https:\/\/www.fundacionnahuel.org\/wp-content\/uploads\/2025\/06\/remy-de-brun-818x1024.jpg\" class=\"attachment-large size-large wp-image-18587\" alt=\"\" srcset=\"https:\/\/www.fundacionnahuel.org\/wp-content\/uploads\/2025\/06\/remy-de-brun-818x1024.jpg 818w, https:\/\/www.fundacionnahuel.org\/wp-content\/uploads\/2025\/06\/remy-de-brun-240x300.jpg 240w, https:\/\/www.fundacionnahuel.org\/wp-content\/uploads\/2025\/06\/remy-de-brun-768x961.jpg 768w, https:\/\/www.fundacionnahuel.org\/wp-content\/uploads\/2025\/06\/remy-de-brun.jpg 1152w\" sizes=\"(max-width: 818px) 100vw, 818px\" \/>\t\t\t\t\t\t\t\t\t\t\t\t\t<\/div>\n\t\t\t\t<\/div>\n\t\t\t\t<div class=\"elementor-element elementor-element-72b976b elementor-widget__width-inherit elementor-widget elementor-widget-text-editor\" data-id=\"72b976b\" data-element_type=\"widget\" data-widget_type=\"text-editor.default\">\n\t\t\t\t<div class=\"elementor-widget-container\">\n\t\t\t\t\t\t\t<p><strong><span>Remigius de Bruyn<\/span><\/strong><\/p>\t\t\t\t\t\t<\/div>\n\t\t\t\t<\/div>\n\t\t\t\t<div class=\"elementor-element elementor-element-e267e34 elementor-widget elementor-widget-text-editor\" data-id=\"e267e34\" data-element_type=\"widget\" data-widget_type=\"text-editor.default\">\n\t\t\t\t<div class=\"elementor-widget-container\">\n\t\t\t\t\t\t\t<p><strong>Miembro<\/strong><br><br><\/p>\t\t\t\t\t\t<\/div>\n\t\t\t\t<\/div>\n\t\t\t\t<\/div>\n\t\t<div class=\"elementor-element elementor-element-849fe5b e-con-full e-flex e-con e-child\" data-id=\"849fe5b\" data-element_type=\"container\">\n\t\t\t\t<div class=\"elementor-element elementor-element-375df4b elementor-widget elementor-widget-image\" data-id=\"375df4b\" data-element_type=\"widget\" data-widget_type=\"image.default\">\n\t\t\t\t<div class=\"elementor-widget-container\">\n\t\t\t\t\t\t\t\t\t\t\t\t\t<img decoding=\"async\" width=\"1000\" height=\"1000\" src=\"https:\/\/www.fundacionnahuel.org\/wp-content\/uploads\/2025\/06\/Team-Member-Male-Placeholder.png\" class=\"attachment-full size-full wp-image-18509\" alt=\"\" srcset=\"https:\/\/www.fundacionnahuel.org\/wp-content\/uploads\/2025\/06\/Team-Member-Male-Placeholder.png 1000w, https:\/\/www.fundacionnahuel.org\/wp-content\/uploads\/2025\/06\/Team-Member-Male-Placeholder-300x300.png 300w, https:\/\/www.fundacionnahuel.org\/wp-content\/uploads\/2025\/06\/Team-Member-Male-Placeholder-150x150.png 150w, https:\/\/www.fundacionnahuel.org\/wp-content\/uploads\/2025\/06\/Team-Member-Male-Placeholder-768x768.png 768w\" sizes=\"(max-width: 1000px) 100vw, 1000px\" \/>\t\t\t\t\t\t\t\t\t\t\t\t\t<\/div>\n\t\t\t\t<\/div>\n\t\t\t\t<div class=\"elementor-element elementor-element-ee3d88d elementor-widget__width-inherit elementor-widget elementor-widget-text-editor\" data-id=\"ee3d88d\" data-element_type=\"widget\" data-widget_type=\"text-editor.default\">\n\t\t\t\t<div class=\"elementor-widget-container\">\n\t\t\t\t\t\t\t<p><strong><span>Filomeno Calabretto<\/span><\/strong><\/p>\t\t\t\t\t\t<\/div>\n\t\t\t\t<\/div>\n\t\t\t\t<div class=\"elementor-element elementor-element-5677d58 elementor-widget elementor-widget-text-editor\" data-id=\"5677d58\" data-element_type=\"widget\" data-widget_type=\"text-editor.default\">\n\t\t\t\t<div class=\"elementor-widget-container\">\n\t\t\t\t\t\t\t<p><strong>Miembro<\/strong><\/p>\t\t\t\t\t\t<\/div>\n\t\t\t\t<\/div>\n\t\t\t\t<\/div>\n\t\t<div class=\"elementor-element elementor-element-dc1fdbd e-con-full e-flex e-con e-child\" data-id=\"dc1fdbd\" data-element_type=\"container\">\n\t\t\t\t<div class=\"elementor-element elementor-element-307fc64 elementor-widget elementor-widget-image\" data-id=\"307fc64\" data-element_type=\"widget\" data-widget_type=\"image.default\">\n\t\t\t\t<div class=\"elementor-widget-container\">\n\t\t\t\t\t\t\t\t\t\t\t\t\t<img loading=\"lazy\" decoding=\"async\" width=\"818\" height=\"1024\" src=\"https:\/\/www.fundacionnahuel.org\/wp-content\/uploads\/2025\/07\/marco-nauli-818x1024.jpg\" class=\"attachment-large size-large wp-image-19037\" alt=\"\" srcset=\"https:\/\/www.fundacionnahuel.org\/wp-content\/uploads\/2025\/07\/marco-nauli-818x1024.jpg 818w, https:\/\/www.fundacionnahuel.org\/wp-content\/uploads\/2025\/07\/marco-nauli-240x300.jpg 240w, https:\/\/www.fundacionnahuel.org\/wp-content\/uploads\/2025\/07\/marco-nauli-768x961.jpg 768w, https:\/\/www.fundacionnahuel.org\/wp-content\/uploads\/2025\/07\/marco-nauli.jpg 1152w\" sizes=\"(max-width: 818px) 100vw, 818px\" \/>\t\t\t\t\t\t\t\t\t\t\t\t\t<\/div>\n\t\t\t\t<\/div>\n\t\t\t\t<div class=\"elementor-element elementor-element-3c6679a elementor-widget__width-inherit elementor-widget elementor-widget-text-editor\" data-id=\"3c6679a\" data-element_type=\"widget\" data-widget_type=\"text-editor.default\">\n\t\t\t\t<div class=\"elementor-widget-container\">\n\t\t\t\t\t\t\t<p><strong><span>Marco Nauli <\/span><\/strong><\/p>\t\t\t\t\t\t<\/div>\n\t\t\t\t<\/div>\n\t\t\t\t<div class=\"elementor-element elementor-element-96c6833 elementor-widget elementor-widget-text-editor\" data-id=\"96c6833\" data-element_type=\"widget\" data-widget_type=\"text-editor.default\">\n\t\t\t\t<div class=\"elementor-widget-container\">\n\t\t\t\t\t\t\t<p><strong>Miembro<\/strong><\/p>\t\t\t\t\t\t<\/div>\n\t\t\t\t<\/div>\n\t\t\t\t<\/div>\n\t\t<div class=\"elementor-element elementor-element-be5af6b e-con-full elementor-hidden-widescreen elementor-hidden-desktop elementor-hidden-tablet elementor-hidden-mobile e-flex e-con e-child\" data-id=\"be5af6b\" data-element_type=\"container\">\n\t\t\t\t<div class=\"elementor-element elementor-element-b975bf3 elementor-widget elementor-widget-image\" data-id=\"b975bf3\" data-element_type=\"widget\" data-widget_type=\"image.default\">\n\t\t\t\t<div class=\"elementor-widget-container\">\n\t\t\t\t\t\t\t\t\t\t\t\t\t<img loading=\"lazy\" decoding=\"async\" width=\"818\" height=\"1024\" src=\"https:\/\/www.fundacionnahuel.org\/wp-content\/uploads\/2024\/12\/vicky-troja-818x1024.jpg\" class=\"attachment-large size-large wp-image-15035\" alt=\"\" srcset=\"https:\/\/www.fundacionnahuel.org\/wp-content\/uploads\/2024\/12\/vicky-troja-818x1024.jpg 818w, https:\/\/www.fundacionnahuel.org\/wp-content\/uploads\/2024\/12\/vicky-troja-240x300.jpg 240w, https:\/\/www.fundacionnahuel.org\/wp-content\/uploads\/2024\/12\/vicky-troja-768x961.jpg 768w, https:\/\/www.fundacionnahuel.org\/wp-content\/uploads\/2024\/12\/vicky-troja.jpg 1152w\" sizes=\"(max-width: 818px) 100vw, 818px\" \/>\t\t\t\t\t\t\t\t\t\t\t\t\t<\/div>\n\t\t\t\t<\/div>\n\t\t\t\t<div class=\"elementor-element elementor-element-e83211d elementor-widget__width-inherit elementor-widget elementor-widget-text-editor\" data-id=\"e83211d\" data-element_type=\"widget\" data-widget_type=\"text-editor.default\">\n\t\t\t\t<div class=\"elementor-widget-container\">\n\t\t\t\t\t\t\t<p><strong>Vicky Troya<\/strong><\/p>\t\t\t\t\t\t<\/div>\n\t\t\t\t<\/div>\n\t\t\t\t<div class=\"elementor-element elementor-element-43e7fc2 elementor-widget elementor-widget-text-editor\" data-id=\"43e7fc2\" data-element_type=\"widget\" data-widget_type=\"text-editor.default\">\n\t\t\t\t<div class=\"elementor-widget-container\">\n\t\t\t\t\t\t\t<p><strong>Miembro del Consejo<\/strong><br>Assistente de Proyectos <\/p>\t\t\t\t\t\t<\/div>\n\t\t\t\t<\/div>\n\t\t\t\t<\/div>\n\t\t\t\t<\/div>\n\t\t\t\t\t<\/div>\n\t\t\t\t<\/div>\n\t\t\t\t<\/div>\n\t\t","protected":false},"excerpt":{"rendered":"<p>Nuestro principal objetivo es mejorar el bienestar y la calidad de vida de estos grupos vulnerables, proporcion\u00e1ndoles apoyo y oportunidades para su crecimiento y desarrollo en la sociedad.<\/p>\n","protected":false},"author":7,"featured_media":17779,"parent":17244,"menu_order":0,"comment_status":"closed","ping_status":"closed","template":"","meta":{"inline_featured_image":false,"footnotes":""},"class_list":["post-18531","page","type-page","status-publish","has-post-thumbnail","hentry"],"yoast_head":"<!-- This site is optimized with the Yoast SEO plugin v27.4 - https:\/\/yoast.com\/product\/yoast-seo-wordpress\/ -->\n<title>Associacion Nahuel (Suiza) - Fundaci\u00f3n Nahuel<\/title>\n<meta name=\"description\" content=\"Nuestro principal objetivo es mejorar el bienestar y la calidad de vida de estos grupos vulnerables, proporcion\u00e1ndoles apoyo y oportunidades para su crecimiento y desarrollo en la sociedad.\" \/>\n<meta name=\"robots\" content=\"index, follow, max-snippet:-1, max-image-preview:large, max-video-preview:-1\" \/>\n<link rel=\"canonical\" href=\"https:\/\/www.fundacionnahuel.org\/es\/quienes-somos\/associacion-nahuel-suiza\/\" \/>\n<meta property=\"og:locale\" content=\"es_ES\" \/>\n<meta property=\"og:type\" content=\"article\" \/>\n<meta property=\"og:title\" content=\"Associacion Nahuel (Suiza) - Fundaci\u00f3n Nahuel\" \/>\n<meta property=\"og:description\" content=\"Nuestro principal objetivo es mejorar el bienestar y la calidad de vida de estos grupos vulnerables, proporcion\u00e1ndoles apoyo y oportunidades para su crecimiento y desarrollo en la sociedad.\" \/>\n<meta property=\"og:url\" content=\"https:\/\/www.fundacionnahuel.org\/es\/quienes-somos\/associacion-nahuel-suiza\/\" \/>\n<meta property=\"og:site_name\" content=\"Fundaci\u00f3n Nahuel\" \/>\n<meta property=\"article:modified_time\" content=\"2025-08-22T11:27:29+00:00\" \/>\n<meta property=\"og:image\" content=\"https:\/\/www.fundacionnahuel.org\/wp-content\/uploads\/2025\/03\/Nahuel_Logo_1200.jpg\" \/>\n\t<meta property=\"og:image:width\" content=\"1200\" \/>\n\t<meta property=\"og:image:height\" content=\"675\" \/>\n\t<meta property=\"og:image:type\" content=\"image\/jpeg\" \/>\n<meta name=\"twitter:card\" content=\"summary_large_image\" \/>\n<meta name=\"twitter:label1\" content=\"Tiempo de lectura\" \/>\n\t<meta name=\"twitter:data1\" content=\"2 minutos\" \/>\n<script type=\"application\/ld+json\" class=\"yoast-schema-graph\">{\"@context\":\"https:\\\/\\\/schema.org\",\"@graph\":[{\"@type\":\"WebPage\",\"@id\":\"https:\\\/\\\/www.fundacionnahuel.org\\\/es\\\/quienes-somos\\\/associacion-nahuel-suiza\\\/\",\"url\":\"https:\\\/\\\/www.fundacionnahuel.org\\\/es\\\/quienes-somos\\\/associacion-nahuel-suiza\\\/\",\"name\":\"Associacion Nahuel (Suiza) - Fundaci\u00f3n Nahuel\",\"isPartOf\":{\"@id\":\"https:\\\/\\\/www.fundacionnahuel.org\\\/es\\\/#website\"},\"primaryImageOfPage\":{\"@id\":\"https:\\\/\\\/www.fundacionnahuel.org\\\/es\\\/quienes-somos\\\/associacion-nahuel-suiza\\\/#primaryimage\"},\"image\":{\"@id\":\"https:\\\/\\\/www.fundacionnahuel.org\\\/es\\\/quienes-somos\\\/associacion-nahuel-suiza\\\/#primaryimage\"},\"thumbnailUrl\":\"https:\\\/\\\/www.fundacionnahuel.org\\\/wp-content\\\/uploads\\\/2025\\\/03\\\/Nahuel_Logo_1200.jpg\",\"datePublished\":\"2025-06-16T14:07:16+00:00\",\"dateModified\":\"2025-08-22T11:27:29+00:00\",\"description\":\"Nuestro principal objetivo es mejorar el bienestar y la calidad de vida de estos grupos vulnerables, proporcion\u00e1ndoles apoyo y oportunidades para su crecimiento y desarrollo en la sociedad.\",\"breadcrumb\":{\"@id\":\"https:\\\/\\\/www.fundacionnahuel.org\\\/es\\\/quienes-somos\\\/associacion-nahuel-suiza\\\/#breadcrumb\"},\"inLanguage\":\"es\",\"potentialAction\":[{\"@type\":\"ReadAction\",\"target\":[\"https:\\\/\\\/www.fundacionnahuel.org\\\/es\\\/quienes-somos\\\/associacion-nahuel-suiza\\\/\"]}]},{\"@type\":\"ImageObject\",\"inLanguage\":\"es\",\"@id\":\"https:\\\/\\\/www.fundacionnahuel.org\\\/es\\\/quienes-somos\\\/associacion-nahuel-suiza\\\/#primaryimage\",\"url\":\"https:\\\/\\\/www.fundacionnahuel.org\\\/wp-content\\\/uploads\\\/2025\\\/03\\\/Nahuel_Logo_1200.jpg\",\"contentUrl\":\"https:\\\/\\\/www.fundacionnahuel.org\\\/wp-content\\\/uploads\\\/2025\\\/03\\\/Nahuel_Logo_1200.jpg\",\"width\":1200,\"height\":675,\"caption\":\"Fundacion Nahuel - Logo\"},{\"@type\":\"BreadcrumbList\",\"@id\":\"https:\\\/\\\/www.fundacionnahuel.org\\\/es\\\/quienes-somos\\\/associacion-nahuel-suiza\\\/#breadcrumb\",\"itemListElement\":[{\"@type\":\"ListItem\",\"position\":1,\"name\":\"Home\",\"item\":\"https:\\\/\\\/www.fundacionnahuel.org\\\/es\\\/\"},{\"@type\":\"ListItem\",\"position\":2,\"name\":\"Qui\u00e9nes somos\",\"item\":\"https:\\\/\\\/www.fundacionnahuel.org\\\/es\\\/about-us\\\/\"},{\"@type\":\"ListItem\",\"position\":3,\"name\":\"Associacion Nahuel (Suiza)\"}]},{\"@type\":\"WebSite\",\"@id\":\"https:\\\/\\\/www.fundacionnahuel.org\\\/es\\\/#website\",\"url\":\"https:\\\/\\\/www.fundacionnahuel.org\\\/es\\\/\",\"name\":\"Fundaci\u00f3n Nahuel\",\"description\":\"Transforming Lives Through Education and Care\",\"publisher\":{\"@id\":\"https:\\\/\\\/www.fundacionnahuel.org\\\/es\\\/#organization\"},\"alternateName\":\"Nahuel\",\"inLanguage\":\"es\"},{\"@type\":\"Organization\",\"@id\":\"https:\\\/\\\/www.fundacionnahuel.org\\\/es\\\/#organization\",\"name\":\"Fundaci\u00f3n Nahuel\",\"alternateName\":\"Nahuel\",\"url\":\"https:\\\/\\\/www.fundacionnahuel.org\\\/es\\\/\",\"logo\":{\"@type\":\"ImageObject\",\"inLanguage\":\"es\",\"@id\":\"https:\\\/\\\/www.fundacionnahuel.org\\\/es\\\/#\\\/schema\\\/logo\\\/image\\\/\",\"url\":\"https:\\\/\\\/www.fundacionnahuel.org\\\/wp-content\\\/uploads\\\/2025\\\/03\\\/Nahuel_Logo.jpg\",\"contentUrl\":\"https:\\\/\\\/www.fundacionnahuel.org\\\/wp-content\\\/uploads\\\/2025\\\/03\\\/Nahuel_Logo.jpg\",\"width\":696,\"height\":696,\"caption\":\"Fundaci\u00f3n Nahuel\"},\"image\":{\"@id\":\"https:\\\/\\\/www.fundacionnahuel.org\\\/es\\\/#\\\/schema\\\/logo\\\/image\\\/\"}}]}<\/script>\n<!-- \/ Yoast SEO plugin. -->","yoast_head_json":{"title":"Associacion Nahuel (Suiza) - Fundaci\u00f3n Nahuel","description":"Nuestro principal objetivo es mejorar el bienestar y la calidad de vida de estos grupos vulnerables, proporcion\u00e1ndoles apoyo y oportunidades para su crecimiento y desarrollo en la sociedad.","robots":{"index":"index","follow":"follow","max-snippet":"max-snippet:-1","max-image-preview":"max-image-preview:large","max-video-preview":"max-video-preview:-1"},"canonical":"https:\/\/www.fundacionnahuel.org\/es\/quienes-somos\/associacion-nahuel-suiza\/","og_locale":"es_ES","og_type":"article","og_title":"Associacion Nahuel (Suiza) - Fundaci\u00f3n Nahuel","og_description":"Nuestro principal objetivo es mejorar el bienestar y la calidad de vida de estos grupos vulnerables, proporcion\u00e1ndoles apoyo y oportunidades para su crecimiento y desarrollo en la sociedad.","og_url":"https:\/\/www.fundacionnahuel.org\/es\/quienes-somos\/associacion-nahuel-suiza\/","og_site_name":"Fundaci\u00f3n Nahuel","article_modified_time":"2025-08-22T11:27:29+00:00","og_image":[{"width":1200,"height":675,"url":"https:\/\/www.fundacionnahuel.org\/wp-content\/uploads\/2025\/03\/Nahuel_Logo_1200.jpg","type":"image\/jpeg"}],"twitter_card":"summary_large_image","twitter_misc":{"Tiempo de lectura":"2 minutos"},"schema":{"@context":"https:\/\/schema.org","@graph":[{"@type":"WebPage","@id":"https:\/\/www.fundacionnahuel.org\/es\/quienes-somos\/associacion-nahuel-suiza\/","url":"https:\/\/www.fundacionnahuel.org\/es\/quienes-somos\/associacion-nahuel-suiza\/","name":"Associacion Nahuel (Suiza) - Fundaci\u00f3n Nahuel","isPartOf":{"@id":"https:\/\/www.fundacionnahuel.org\/es\/#website"},"primaryImageOfPage":{"@id":"https:\/\/www.fundacionnahuel.org\/es\/quienes-somos\/associacion-nahuel-suiza\/#primaryimage"},"image":{"@id":"https:\/\/www.fundacionnahuel.org\/es\/quienes-somos\/associacion-nahuel-suiza\/#primaryimage"},"thumbnailUrl":"https:\/\/www.fundacionnahuel.org\/wp-content\/uploads\/2025\/03\/Nahuel_Logo_1200.jpg","datePublished":"2025-06-16T14:07:16+00:00","dateModified":"2025-08-22T11:27:29+00:00","description":"Nuestro principal objetivo es mejorar el bienestar y la calidad de vida de estos grupos vulnerables, proporcion\u00e1ndoles apoyo y oportunidades para su crecimiento y desarrollo en la sociedad.","breadcrumb":{"@id":"https:\/\/www.fundacionnahuel.org\/es\/quienes-somos\/associacion-nahuel-suiza\/#breadcrumb"},"inLanguage":"es","potentialAction":[{"@type":"ReadAction","target":["https:\/\/www.fundacionnahuel.org\/es\/quienes-somos\/associacion-nahuel-suiza\/"]}]},{"@type":"ImageObject","inLanguage":"es","@id":"https:\/\/www.fundacionnahuel.org\/es\/quienes-somos\/associacion-nahuel-suiza\/#primaryimage","url":"https:\/\/www.fundacionnahuel.org\/wp-content\/uploads\/2025\/03\/Nahuel_Logo_1200.jpg","contentUrl":"https:\/\/www.fundacionnahuel.org\/wp-content\/uploads\/2025\/03\/Nahuel_Logo_1200.jpg","width":1200,"height":675,"caption":"Fundacion Nahuel - Logo"},{"@type":"BreadcrumbList","@id":"https:\/\/www.fundacionnahuel.org\/es\/quienes-somos\/associacion-nahuel-suiza\/#breadcrumb","itemListElement":[{"@type":"ListItem","position":1,"name":"Home","item":"https:\/\/www.fundacionnahuel.org\/es\/"},{"@type":"ListItem","position":2,"name":"Qui\u00e9nes somos","item":"https:\/\/www.fundacionnahuel.org\/es\/about-us\/"},{"@type":"ListItem","position":3,"name":"Associacion Nahuel (Suiza)"}]},{"@type":"WebSite","@id":"https:\/\/www.fundacionnahuel.org\/es\/#website","url":"https:\/\/www.fundacionnahuel.org\/es\/","name":"Fundaci\u00f3n Nahuel","description":"Transforming Lives Through Education and Care","publisher":{"@id":"https:\/\/www.fundacionnahuel.org\/es\/#organization"},"alternateName":"Nahuel","inLanguage":"es"},{"@type":"Organization","@id":"https:\/\/www.fundacionnahuel.org\/es\/#organization","name":"Fundaci\u00f3n Nahuel","alternateName":"Nahuel","url":"https:\/\/www.fundacionnahuel.org\/es\/","logo":{"@type":"ImageObject","inLanguage":"es","@id":"https:\/\/www.fundacionnahuel.org\/es\/#\/schema\/logo\/image\/","url":"https:\/\/www.fundacionnahuel.org\/wp-content\/uploads\/2025\/03\/Nahuel_Logo.jpg","contentUrl":"https:\/\/www.fundacionnahuel.org\/wp-content\/uploads\/2025\/03\/Nahuel_Logo.jpg","width":696,"height":696,"caption":"Fundaci\u00f3n Nahuel"},"image":{"@id":"https:\/\/www.fundacionnahuel.org\/es\/#\/schema\/logo\/image\/"}}]}},"_links":{"self":[{"href":"https:\/\/www.fundacionnahuel.org\/es\/wp-json\/wp\/v2\/pages\/18531","targetHints":{"allow":["GET"]}}],"collection":[{"href":"https:\/\/www.fundacionnahuel.org\/es\/wp-json\/wp\/v2\/pages"}],"about":[{"href":"https:\/\/www.fundacionnahuel.org\/es\/wp-json\/wp\/v2\/types\/page"}],"author":[{"embeddable":true,"href":"https:\/\/www.fundacionnahuel.org\/es\/wp-json\/wp\/v2\/users\/7"}],"replies":[{"embeddable":true,"href":"https:\/\/www.fundacionnahuel.org\/es\/wp-json\/wp\/v2\/comments?post=18531"}],"version-history":[{"count":11,"href":"https:\/\/www.fundacionnahuel.org\/es\/wp-json\/wp\/v2\/pages\/18531\/revisions"}],"predecessor-version":[{"id":19063,"href":"https:\/\/www.fundacionnahuel.org\/es\/wp-json\/wp\/v2\/pages\/18531\/revisions\/19063"}],"up":[{"embeddable":true,"href":"https:\/\/www.fundacionnahuel.org\/es\/wp-json\/wp\/v2\/pages\/17244"}],"wp:featuredmedia":[{"embeddable":true,"href":"https:\/\/www.fundacionnahuel.org\/es\/wp-json\/wp\/v2\/media\/17779"}],"wp:attachment":[{"href":"https:\/\/www.fundacionnahuel.org\/es\/wp-json\/wp\/v2\/media?parent=18531"}],"curies":[{"name":"wp","href":"https:\/\/api.w.org\/{rel}","templated":true}]}}